{"id":32475,"date":"2026-01-07T14:50:53","date_gmt":"2026-01-07T13:50:53","guid":{"rendered":"https:\/\/vedruna.org\/bicentenari-provincia-europa\/"},"modified":"2026-04-20T10:42:44","modified_gmt":"2026-04-20T08:42:44","slug":"bicentenari-provincia-europa","status":"publish","type":"page","link":"https:\/\/vedruna.org\/ca\/bicentenari-provincia-europa\/","title":{"rendered":"Bicentenari Prov\u00edncia d&#8217;Europa"},"content":{"rendered":"<p>[et_pb_section fb_built=&#8221;1&#8243; next_background_color=&#8221;#ffffff&#8221; _builder_version=&#8221;4.27.5&#8243; _module_preset=&#8221;default&#8221; use_background_color_gradient=&#8221;on&#8221; background_color_gradient_direction=&#8221;90deg&#8221; background_color_gradient_stops=&#8221;rgba(0,0,0,0.4) 0%|rgba(0,0,0,0) 100%&#8221; background_image=&#8221;https:\/\/vedruna.org\/wp-content\/uploads\/2026\/01\/53108669014_4001bc8f81_b.jpg&#8221; background_blend=&#8221;overlay&#8221; min_height=&#8221;438.6px&#8221; custom_padding=&#8221;13vw||4vw||false|false&#8221; bottom_divider_style=&#8221;ramp&#8221; bottom_divider_flip=&#8221;horizontal&#8221; da_disable_devices=&#8221;off|off|off&#8221; global_colors_info=&#8221;{}&#8221; da_is_popup=&#8221;off&#8221; da_exit_intent=&#8221;off&#8221; da_has_close=&#8221;on&#8221; da_alt_close=&#8221;off&#8221; da_dark_close=&#8221;off&#8221; da_not_modal=&#8221;on&#8221; da_is_singular=&#8221;off&#8221; da_with_loader=&#8221;off&#8221; da_has_shadow=&#8221;on&#8221;][et_pb_row _builder_version=&#8221;4.17.0&#8243; _module_preset=&#8221;default&#8221; min_height=&#8221;62px&#8221; global_colors_info=&#8221;{}&#8221;][et_pb_column type=&#8221;4_4&#8243; _builder_version=&#8221;4.17.0&#8243; _module_preset=&#8221;default&#8221; global_colors_info=&#8221;{}&#8221;][et_pb_text _builder_version=&#8221;4.27.4&#8243; _module_preset=&#8221;default&#8221; header_font=&#8221;|700|||||||&#8221; header_text_color=&#8221;#FFFFFF&#8221; header_font_size=&#8221;42px&#8221; header_2_font=&#8221;|700||on|||||&#8221; header_2_text_color=&#8221;#FFFFFF&#8221; header_2_font_size=&#8221;42px&#8221; min_height=&#8221;40px&#8221; header_font_size_tablet=&#8221;36px&#8221; header_font_size_phone=&#8221;30px&#8221; header_font_size_last_edited=&#8221;on|phone&#8221; global_colors_info=&#8221;{}&#8221;]<\/p>\n<h1><strong>Bicentenari a la Prov\u00edncia d&#8217;Europa<\/strong><\/h1>\n<h2><\/h2>\n<p>[\/et_pb_text][\/et_pb_column][\/et_pb_row][\/et_pb_section][et_pb_section fb_built=&#8221;1&#8243; admin_label=&#8221;About&#8221; _builder_version=&#8221;4.17.0&#8243; background_color_gradient_start=&#8221;#ffffff&#8221; background_color_gradient_end=&#8221;#f4f4f4&#8243; min_height=&#8221;504px&#8221; custom_margin=&#8221;||-60px||false|false&#8221; custom_padding=&#8221;3vw||3vw||true|false&#8221; bottom_divider_color=&#8221;#ffffff&#8221; bottom_divider_height=&#8221;10vw&#8221; da_disable_devices=&#8221;off|off|off&#8221; locked=&#8221;off&#8221; global_colors_info=&#8221;{}&#8221; da_is_popup=&#8221;off&#8221; da_exit_intent=&#8221;off&#8221; da_has_close=&#8221;on&#8221; da_alt_close=&#8221;off&#8221; da_dark_close=&#8221;off&#8221; da_not_modal=&#8221;on&#8221; da_is_singular=&#8221;off&#8221; da_with_loader=&#8221;off&#8221; da_has_shadow=&#8221;on&#8221;][et_pb_row _builder_version=&#8221;4.27.5&#8243; _module_preset=&#8221;default&#8221; custom_padding=&#8221;|||1px||&#8221; global_colors_info=&#8221;{}&#8221;][et_pb_column type=&#8221;4_4&#8243; _builder_version=&#8221;4.21.0&#8243; _module_preset=&#8221;default&#8221; global_colors_info=&#8221;{}&#8221;][et_pb_text _builder_version=&#8221;4.27.4&#8243; text_font=&#8221;|300|||||||&#8221; text_text_color=&#8221;#D64123&#8243; text_font_size=&#8221;22px&#8221; text_line_height=&#8221;1.8em&#8221; header_2_font=&#8221;|700|||||||&#8221; header_2_text_color=&#8221;#D64123&#8243; header_2_font_size=&#8221;36px&#8221; header_2_line_height=&#8221;0.8em&#8221; header_5_font=&#8221;|300|||||||&#8221; header_5_text_color=&#8221;#7F2629&#8243; header_5_font_size=&#8221;21px&#8221; text_orientation=&#8221;center&#8221; text_font_size_tablet=&#8221;&#8221; text_font_size_phone=&#8221;14px&#8221; text_font_size_last_edited=&#8221;on|desktop&#8221; global_colors_info=&#8221;{}&#8221;]<\/p>\n<h2><span style=\"color: #d63449;\">Objectiu<\/span><\/h2>\n<p>[\/et_pb_text][et_pb_text _builder_version=&#8221;4.27.5&#8243; text_font=&#8221;||||||||&#8221; text_text_color=&#8221;#7F2629&#8243; text_line_height=&#8221;1.8em&#8221; header_2_font=&#8221;|700|||||||&#8221; header_2_text_color=&#8221;#7F2629&#8243; header_2_font_size=&#8221;36px&#8221; header_5_font=&#8221;|300|||||||&#8221; header_5_text_color=&#8221;#7F2629&#8243; header_5_font_size=&#8221;21px&#8221; text_font_size_tablet=&#8221;&#8221; text_font_size_phone=&#8221;14px&#8221; text_font_size_last_edited=&#8221;on|desktop&#8221; global_colors_info=&#8221;{}&#8221;]<\/p>\n<h4 style=\"text-align: center;\"><span style=\"font-weight: 400; color: #7f2629;\">Conscienciar sobre la rica aportaci\u00f3 de Santa Joaquina Vedruna i visibilitzar all\u00f2 que Vedruna ha significat des dels or\u00edgens, el cam\u00ed recorregut en 200 anys i l&#8217;actualitzaci\u00f3 del Carisma, amb projecci\u00f3 de futur.  <\/span><\/h4>\n<p><span style=\"font-weight: 400; color: #7f2629;\"><\/span><\/p>\n<h4 style=\"text-align: center;\"><span style=\"font-weight: 400; color: #7f2629;\">Totes les propostes s\u00f3n fruit del treball conjunt de:<\/span><\/h4>\n<p>[\/et_pb_text][\/et_pb_column][\/et_pb_row][et_pb_row column_structure=&#8221;1_5,1_5,1_5,1_5,1_5&#8243; _builder_version=&#8221;4.27.5&#8243; _module_preset=&#8221;default&#8221; min_height=&#8221;140.3px&#8221; custom_margin=&#8221;11px|auto||auto||&#8221; global_colors_info=&#8221;{}&#8221;][et_pb_column type=&#8221;1_5&#8243; _builder_version=&#8221;4.27.5&#8243; _module_preset=&#8221;default&#8221; global_colors_info=&#8221;{}&#8221;][et_pb_image src=&#8221;https:\/\/vedruna.org\/wp-content\/uploads\/2026\/01\/vedruna-logo.png&#8221; title_text=&#8221;vedruna-logo&#8221; url=&#8221;https:\/\/vedruna.eu\/&#8221; _builder_version=&#8221;4.27.5&#8243; _module_preset=&#8221;default&#8221; global_colors_info=&#8221;{}&#8221;][\/et_pb_image][\/et_pb_column][et_pb_column type=&#8221;1_5&#8243; _builder_version=&#8221;4.27.5&#8243; _module_preset=&#8221;default&#8221; global_colors_info=&#8221;{}&#8221;][et_pb_image src=&#8221;https:\/\/vedruna.org\/wp-content\/uploads\/2026\/01\/unnamed-4-e1767791701472.jpg&#8221; title_text=&#8221;unnamed-4&#8243; url=&#8221;https:\/\/vedruna.cat\/&#8221; _builder_version=&#8221;4.27.5&#8243; _module_preset=&#8221;default&#8221; global_colors_info=&#8221;{}&#8221;][\/et_pb_image][\/et_pb_column][et_pb_column type=&#8221;1_5&#8243; _builder_version=&#8221;4.27.5&#8243; _module_preset=&#8221;default&#8221; global_colors_info=&#8221;{}&#8221;][et_pb_image src=&#8221;https:\/\/vedruna.org\/wp-content\/uploads\/2026\/01\/logo-FVE_Oficial-color.webp&#8221; title_text=&#8221;logo-FVE_Oficial-color&#8221; url=&#8221;https:\/\/fundacionvedrunaeducacion.org\/&#8221; _builder_version=&#8221;4.27.5&#8243; _module_preset=&#8221;default&#8221; global_colors_info=&#8221;{}&#8221;][\/et_pb_image][\/et_pb_column][et_pb_column type=&#8221;1_5&#8243; _builder_version=&#8221;4.27.5&#8243; _module_preset=&#8221;default&#8221; global_colors_info=&#8221;{}&#8221;][et_pb_image src=&#8221;https:\/\/vedruna.org\/wp-content\/uploads\/2026\/01\/logo-pjv-vedruna-oficial-degradado-mediano.png&#8221; title_text=&#8221;logo-pjv-vedruna-oficial-degradat-mitj\u00e0&#8221; url=&#8221;https:\/\/www.pjvvedruna.es\/&#8221; _builder_version=&#8221;4.27.5&#8243; _module_preset=&#8221;default&#8221; global_colors_info=&#8221;{}&#8221;][\/et_pb_image][\/et_pb_column][et_pb_column type=&#8221;1_5&#8243; _builder_version=&#8221;4.27.5&#8243; _module_preset=&#8221;default&#8221; global_colors_info=&#8221;{}&#8221;][et_pb_image src=&#8221;https:\/\/vedruna.org\/wp-content\/uploads\/2026\/01\/ain-karem-02-scaled.jpg&#8221; title_text=&#8221;ain karem-02&#8243; url=&#8221;https:\/\/ainkarem.es\/&#8221; _builder_version=&#8221;4.27.5&#8243; _module_preset=&#8221;default&#8221; global_colors_info=&#8221;{}&#8221;][\/et_pb_image][\/et_pb_column][\/et_pb_row][\/et_pb_section][et_pb_section fb_built=&#8221;1&#8243; next_background_color=&#8221;#FFFFFF&#8221; _builder_version=&#8221;4.27.5&#8243; _module_preset=&#8221;default&#8221; min_height=&#8221;85px&#8221; custom_margin=&#8221;0px||||false|false&#8221; custom_padding=&#8221;0px||0px||false|false&#8221; bottom_divider_style=&#8221;curve&#8221; bottom_divider_arrangement=&#8221;above_content&#8221; da_disable_devices=&#8221;off|off|off&#8221; global_colors_info=&#8221;{}&#8221; da_is_popup=&#8221;off&#8221; da_exit_intent=&#8221;off&#8221; da_has_close=&#8221;on&#8221; da_alt_close=&#8221;off&#8221; da_dark_close=&#8221;off&#8221; da_not_modal=&#8221;on&#8221; da_is_singular=&#8221;off&#8221; da_with_loader=&#8221;off&#8221; da_has_shadow=&#8221;on&#8221;][\/et_pb_section][et_pb_section fb_built=&#8221;1&#8243; next_background_color=&#8221;#E0D0A6&#8243; _builder_version=&#8221;4.27.5&#8243; _module_preset=&#8221;default&#8221; background_color=&#8221;#FFFFFF&#8221; min_height=&#8221;602.5px&#8221; custom_margin=&#8221;||0px||false|false&#8221; custom_padding=&#8221;0px||91px||false|false&#8221; bottom_divider_style=&#8221;curve&#8221; bottom_divider_arrangement=&#8221;above_content&#8221; da_disable_devices=&#8221;off|off|off&#8221; global_colors_info=&#8221;{}&#8221; da_is_popup=&#8221;off&#8221; da_exit_intent=&#8221;off&#8221; da_has_close=&#8221;on&#8221; da_alt_close=&#8221;off&#8221; da_dark_close=&#8221;off&#8221; da_not_modal=&#8221;on&#8221; da_is_singular=&#8221;off&#8221; da_with_loader=&#8221;off&#8221; da_has_shadow=&#8221;on&#8221;][et_pb_row module_id=&#8221;Noticias&#8221; _builder_version=&#8221;4.27.4&#8243; _module_preset=&#8221;default&#8221; global_colors_info=&#8221;{}&#8221;][et_pb_column type=&#8221;4_4&#8243; _builder_version=&#8221;4.27.4&#8243; _module_preset=&#8221;default&#8221; global_colors_info=&#8221;{}&#8221;][et_pb_text _builder_version=&#8221;4.27.5&#8243; text_font=&#8221;|300|||||||&#8221; text_text_color=&#8221;#D64123&#8243; text_font_size=&#8221;22px&#8221; text_line_height=&#8221;1.8em&#8221; header_2_font=&#8221;|700|||||||&#8221; header_2_text_color=&#8221;#D64123&#8243; header_2_font_size=&#8221;36px&#8221; header_2_line_height=&#8221;0.8em&#8221; header_5_font=&#8221;|300|||||||&#8221; header_5_text_color=&#8221;#7F2629&#8243; header_5_font_size=&#8221;21px&#8221; text_orientation=&#8221;center&#8221; text_font_size_tablet=&#8221;&#8221; text_font_size_phone=&#8221;14px&#8221; text_font_size_last_edited=&#8221;on|desktop&#8221; global_colors_info=&#8221;{}&#8221;]<\/p>\n<h2><span style=\"color: #d63449;\">2026<\/span><\/h2>\n<p><strong><span style=\"color: #d63449;\">Celebraci\u00f3 del Bicentenari<\/span><\/strong><quillbot-extension-portal><\/quillbot-extension-portal><\/p>\n<p>[\/et_pb_text][et_pb_toggle title=&#8221;6 de gener 2026 &#8211; Oraci\u00f3 recordant la professi\u00f3 de vots de Joaquina&#8221; open_toggle_text_color=&#8221;#FFFFFF&#8221; open_toggle_background_color=&#8221;#7F2629&#8243; closed_toggle_text_color=&#8221;#FFFFFF&#8221; closed_toggle_background_color=&#8221;#d63449&#8243; icon_color=&#8221;#E0D0A6&#8243; toggle_icon=&#8221;&#x37;||divi||400&#8243; use_icon_font_size=&#8221;on&#8221; icon_font_size=&#8221;30px&#8221; open_icon_color=&#8221;#FFFFFF&#8221; open_toggle_icon=&#8221;&#x36;||divi||400&#8243; open_use_icon_font_size=&#8221;on&#8221; open_icon_font_size=&#8221;30px&#8221; _builder_version=&#8221;4.27.5&#8243; _module_preset=&#8221;default&#8221; global_colors_info=&#8221;{}&#8221;]<\/p>\n<p><span style=\"color: #ffffff;\">El dia de l&#8217;Epifania, per a la nostra Fam\u00edlia Vedruna, \u00e9s una gran festa, especialment l&#8217;any 2026, perqu\u00e8 es compleixen <strong>200 anys del mat\u00ed en qu\u00e8 Joaquima va pronunciar els seus vots<\/strong> davant del bisbe Don Pablo de Jes\u00fas Corcuera.<\/span><\/p>\n<ul>\n<li style=\"list-style-type: none;\">\n<ul>\n<li><span style=\"text-decoration: underline; color: #ffffff;\"><a href=\"https:\/\/drive.google.com\/file\/d\/1b_5wehmfnIjq-QfDli_jEwtJWyoVs2N0\/view?usp=sharing\" style=\"color: #ffffff; text-decoration: underline;\">Oraci\u00f3 en espanyol<\/a><\/span><\/li>\n<li><span style=\"text-decoration: underline; color: #ffffff;\"><a href=\"https:\/\/drive.google.com\/file\/d\/1vD9A_ilJWFvriKW6NjMXMMZjxuS3ZdF7\/view?usp=drive_link\" style=\"color: #ffffff; text-decoration: underline;\">Preg\u00e0ria en catal\u00e0<\/a><\/span><\/li>\n<li><span style=\"text-decoration: underline; color: #ffffff;\"><a href=\"https:\/\/drive.google.com\/file\/d\/1HfTgJRho8Ktm08ThP1r7DcDbnP76vsIS\/view?usp=drive_link\" style=\"color: #ffffff; text-decoration: underline;\">Oraci\u00f3 en itali\u00e0<\/a><\/span><\/li>\n<\/ul>\n<\/li>\n<\/ul>\n<p>[\/et_pb_toggle][et_pb_toggle title=&#8221;17 i 18 de gener 2026 &#8211; Trobada %22Mem\u00f2ria agra\u00efda%22&#8243; open_toggle_text_color=&#8221;#FFFFFF&#8221; open_toggle_background_color=&#8221;#7F2629&#8243; closed_toggle_text_color=&#8221;#FFFFFF&#8221; closed_toggle_background_color=&#8221;#d63449&#8243; icon_color=&#8221;#E0D0A6&#8243; toggle_icon=&#8221;&#x37;||divi||400&#8243; use_icon_font_size=&#8221;on&#8221; icon_font_size=&#8221;30px&#8221; open_icon_color=&#8221;#FFFFFF&#8221; open_toggle_icon=&#8221;&#x36;||divi||400&#8243; open_use_icon_font_size=&#8221;on&#8221; open_icon_font_size=&#8221;30px&#8221; _builder_version=&#8221;4.27.5&#8243; _module_preset=&#8221;default&#8221; global_colors_info=&#8221;{}&#8221;]<\/p>\n<p><span style=\"color: #ffffff;\">Al Centre Vedruna de Valladolid, s&#8217;organitza aquesta trobada celebrativa, que inclou el compartir de diverses experi\u00e8ncies de com es viu el carisma Vedruna, la interpretaci\u00f3 de m\u00fasics de la Fundaci\u00f3 Eutherpe, i la presentaci\u00f3 del llibre Viure anys, perdurar segles, escrit per Mabel Burgell, ccv, i Ramon Rial.  <\/span><\/p>\n<p><span style=\"color: #ffffff;\">El llibre va ser publicat originalment en llengua catalana l&#8217;any 2023 i, amb motiu de les celebracions del Bicentenari, se n&#8217;ha dut a terme la traducci\u00f3 al castell\u00e0, ampliant-ne aix\u00ed l&#8217;abast i facilitant-ne la lectura a un p\u00fablic m\u00e9s ampli.<\/span><\/p>\n<ul>\n<li style=\"list-style-type: none;\">\n<ul>\n<li><span style=\"color: #ffffff;\"><a href=\"https:\/\/vedruna.eu\/portfolio-item\/doscientos-anos-despues-seguimos-%20viviendo-al-estilo-de-joaquina-el-cristianismo-siempre-con-creatividad\/\" style=\"color: #ffffff;\"><span style=\"text-decoration: underline;\">Not\u00edcia de la trobada a vedruna.eu<\/span><\/a><\/span><\/li>\n<li><span style=\"text-decoration: underline; color: #ffffff;\"><a href=\"https:\/\/youtu.be\/lkM5cDlg9Mw\" style=\"color: #ffffff; text-decoration: underline;\">V\u00eddeo: presentaci\u00f3 online<\/a><\/span><\/li>\n<li><span style=\"color: #ffffff;\"><span style=\"text-decoration: underline;\"><a href=\"https:\/\/vedruna.eu\/portfolio-item\/un-libro-sobre-joaquina-en-el-que-el-protagonismo-es-para-la-providencia\/\" style=\"color: #ffffff; text-decoration: underline;\">Entrevista a Mabel Burguell a vedruna.eu<\/a><\/span><span style=\"text-decoration: underline;\"><\/span><\/span><\/li>\n<li><span style=\"text-decoration: underline; color: #333333;\"><a href=\"https:\/\/vedruna.cat\/docs\/publicacions\/viure-anys-i-durar-segles.pdf\" style=\"color: #333333; text-decoration: underline;\"><span style=\"color: #ffffff; text-decoration: underline;\">Llibre en Catal\u00e0: &#8220;Viure anys i durar segles&#8221;<\/span><\/a><\/span><\/li>\n<\/ul>\n<\/li>\n<\/ul>\n<p>[\/et_pb_toggle][et_pb_toggle title=&#8221;19 de febrer 2026 &#8211; Webinar \u201cDones que van guiar el cam\u00ed, 200 anys d&#039;hist\u00f2ria Vedruna\u201d  &#8221; open_toggle_text_color=&#8221;#FFFFFF&#8221; open_toggle_background_color=&#8221;#7F2629&#8243; closed_toggle_text_color=&#8221;#FFFFFF&#8221; closed_toggle_background_color=&#8221;#d63449&#8243; icon_color=&#8221;#E0D0A6&#8243; toggle_icon=&#8221;&#x37;||divi||400&#8243; use_icon_font_size=&#8221;on&#8221; icon_font_size=&#8221;30px&#8221; open_icon_color=&#8221;#FFFFFF&#8221; open_toggle_icon=&#8221;&#x36;||divi||400&#8243; open_use_icon_font_size=&#8221;on&#8221; open_icon_font_size=&#8221;30px&#8221; _builder_version=&#8221;4.27.5&#8243; _module_preset=&#8221;default&#8221; global_colors_info=&#8221;{}&#8221;]<\/p>\n<p><span style=\"font-weight: 400; color: #ffffff;\">Organitzat per la Fundaci\u00f3 Vedruna Educaci\u00f3n, consistir\u00e0 en un recorregut, fent mem\u00f2ria agra\u00efda, per la hist\u00f2ria de la congregaci\u00f3 de les mans de les germanes que han servit com a generals de la fam\u00edlia Vedruna.  <\/span><\/p>\n<p><span style=\"font-weight: 400; color: #ffffff;\">A c\u00e0rrec de Rita Arag\u00f3n L\u00f3pez, ccv, i Loli Fern\u00e1ndez Colmenarejo, ccv.  <\/span><\/p>\n<ul>\n<li style=\"list-style-type: none;\">\n<ul>\n<li><span style=\"text-decoration: underline;\"><span style=\"color: #ffffff;\"><a href=\"https:\/\/meet.google.com\/dou-avqu-exc?hs=122&amp;authuser=0\" style=\"color: #ffffff; text-decoration: underline;\">Acc\u00e9s al webinar &#8211; Google Meet<\/a><\/span><\/span><\/li>\n<\/ul>\n<\/li>\n<\/ul>\n<p>[\/et_pb_toggle][et_pb_toggle title=&#8221;24 de febrer de 2026 &#8211; Oraci\u00f3 conjunta \u201cEl regal de Joaquina%22 &#8211; Fundaci\u00f3 Vedruna Educaci\u00f3&#8221; open_toggle_text_color=&#8221;#FFFFFF&#8221; open_toggle_background_color=&#8221;#7F2629&#8243; closed_toggle_text_color=&#8221;#FFFFFF&#8221; closed_toggle_background_color=&#8221;#ef7b3c&#8221; icon_color=&#8221;#E0D0A6&#8243; toggle_icon=&#8221;&#x37;||divi||400&#8243; use_icon_font_size=&#8221;on&#8221; icon_font_size=&#8221;30px&#8221; open_icon_color=&#8221;#FFFFFF&#8221; open_toggle_icon=&#8221;&#x36;||divi||400&#8243; open_use_icon_font_size=&#8221;on&#8221; open_icon_font_size=&#8221;30px&#8221; _builder_version=&#8221;4.27.5&#8243; _module_preset=&#8221;default&#8221; global_colors_info=&#8221;{}&#8221;]<\/p>\n<p><span style=\"color: #ffffff;\">Preg\u00e0ria conjunta en l\u00ednia de tots els alumnes de sis\u00e8 de les escoles Vedruna de la FVE. Detalls per concretar.<\/span><\/p>\n<p>[\/et_pb_toggle][et_pb_toggle title=&#8221;28 de febrer 2026 &#8211; Celebraci\u00f3 200 anys, Fundaci\u00f3 Vedruna Catalunya Educaci\u00f3&#8221; open_toggle_text_color=&#8221;#FFFFFF&#8221; open_toggle_background_color=&#8221;#7F2629&#8243; closed_toggle_text_color=&#8221;#FFFFFF&#8221; closed_toggle_background_color=&#8221;#ef7d3b&#8221; icon_color=&#8221;#E0D0A6&#8243; toggle_icon=&#8221;&#x37;||divi||400&#8243; use_icon_font_size=&#8221;on&#8221; icon_font_size=&#8221;30px&#8221; open_icon_color=&#8221;#FFFFFF&#8221; open_toggle_icon=&#8221;&#x36;||divi||400&#8243; open_use_icon_font_size=&#8221;on&#8221; open_icon_font_size=&#8221;30px&#8221; _builder_version=&#8221;4.27.5&#8243; _module_preset=&#8221;default&#8221; min_height=&#8221;56.4px&#8221; global_colors_info=&#8221;{}&#8221;]<\/p>\n<p><span style=\"color: #ffffff;\">Al T\u00e0rraco Arena de Tarragona, tindr\u00e0 lloc aquest acte central dels 200 anys de la Congregaci\u00f3 Germanes Carmelites de la Caritat Vedruna, organitzat per la Fundaci\u00f3 Vedruna Catalunya Educaci\u00f3. Es preveu la participaci\u00f3 de 5.000 assistents.   <\/span><\/p>\n<p><span style=\"color: #ffffff;\">Entre ells, 1000 alumnes compartiran la &#8220;Cantata dels<\/span> <span style=\"color: #ffffff;\">200 anys&#8221;, que es replicar\u00e0 en 28 edicions a les diferents escoles, entre els mesos de mar\u00e7 i juny de 2026.<\/span> <\/p>\n<p>[\/et_pb_toggle][et_pb_toggle title=&#8221;Mar\u00e7 a juny 2026 &#8211; Cantata dels 200 anys Fundaci\u00f3 Vedruna Catalunya Educaci\u00f3&#8221; open_toggle_text_color=&#8221;#FFFFFF&#8221; open_toggle_background_color=&#8221;#7F2629&#8243; closed_toggle_text_color=&#8221;#7F2629&#8243; closed_toggle_background_color=&#8221;#d3d849&#8243; icon_color=&#8221;#E0D0A6&#8243; toggle_icon=&#8221;&#x37;||divi||400&#8243; use_icon_font_size=&#8221;on&#8221; icon_font_size=&#8221;30px&#8221; open_icon_color=&#8221;#FFFFFF&#8221; open_toggle_icon=&#8221;&#x36;||divi||400&#8243; open_use_icon_font_size=&#8221;on&#8221; open_icon_font_size=&#8221;30px&#8221; _builder_version=&#8221;4.27.5&#8243; _module_preset=&#8221;default&#8221; global_colors_info=&#8221;{}&#8221;]<\/p>\n<p><span style=\"color: #ffffff;\">Alumnes dels col\u00b7legis Vedruna de la Fundaci\u00f3 Vedruna Catalunya Educaci\u00f3 compartiran la &#8220;Cantata dels 200 anys&#8221;, presentada originalment a l&#8217;acte del 28 de febrer. La cantata es replicar\u00e0 en 28 edicions a les diferents escoles, entre els mesos de mar\u00e7 i juny de 2026.   <\/span><\/p>\n<p>[\/et_pb_toggle][et_pb_toggle title=&#8221;16 d&#039;abril: trobada online %22Teixidores de la nostra hist\u00f2ria%22&#8243; open_toggle_text_color=&#8221;#FFFFFF&#8221; open_toggle_background_color=&#8221;#7F2629&#8243; closed_toggle_text_color=&#8221;#7F2629&#8243; closed_toggle_background_color=&#8221;#d3d849&#8243; icon_color=&#8221;#E0D0A6&#8243; toggle_icon=&#8221;&#x37;||divi||400&#8243; use_icon_font_size=&#8221;on&#8221; icon_font_size=&#8221;30px&#8221; open_icon_color=&#8221;#FFFFFF&#8221; open_toggle_icon=&#8221;&#x36;||divi||400&#8243; open_use_icon_font_size=&#8221;on&#8221; open_icon_font_size=&#8221;30px&#8221; _builder_version=&#8221;4.27.5&#8243; _module_preset=&#8221;default&#8221; global_colors_info=&#8221;{}&#8221;]<\/p>\n<p><span style=\"color: #ffffff;\">Una proposta des de la Comissi\u00f3 Bicentenari de la PVE, per celebrar el record agra\u00eft del naixement de Joaquina.<\/span><\/p>\n<p><span style=\"color: #ffffff;\">Aquesta trobada online, titulada &#8220;Tejedores de la nostra hist\u00f2ria&#8221;, \u00e9s un panell d&#8217;experi\u00e8ncies de diferents germanes que, amb els seus escrits i les seves vides, ens han ajudat a con\u00e8ixer millor Joaquina.<\/span><\/p>\n<ul>\n<li><span style=\"color: #ffffff;\">Ana M\u00aa Alonso<\/span><\/li>\n<li><span style=\"color: #ffffff;\">Maria Teresa Llach<\/span><\/li>\n<li><span style=\"color: #ffffff;\">Maria Ant\u00f2nia Gilibets  <\/span><\/li>\n<li><span style=\"color: #ffffff;\">Yolanda Moreno<\/span><\/li>\n<li><span style=\"color: #ffffff;\">Mabel Burguell<\/span><\/li>\n<\/ul>\n<p><span style=\"color: #ffffff;\">La trobada ser\u00e0 moderada per Hna. Sisita Fiol.   <\/span><\/p>\n<p><span style=\"color: #ffffff;\">Se celebrar\u00e0 a trav\u00e9s d&#8217;aquest enlla\u00e7:<\/span><br \/> <span style=\"text-decoration: underline; color: #ffffff;\"><a href=\"https:\/\/us06web.zoom.us\/j\/86132933820?pwd=JXGWnLRWwaSPwRnBg3pK1ehuDiO80z.1\" style=\"color: #ffffff; text-decoration: underline;\">https:\/\/us06web.zoom.us\/j\/86132933820?pwd=JXGWnLRWwaSPwRnBg3pK1ehuDiO80z.1<\/a><\/span><\/p>\n<p>[\/et_pb_toggle][et_pb_toggle title=&#8221;9 i 10 de maig 2026 &#8211; Formaci\u00f3 en carisma: Trobada membres de Xarxa SEL&#8221; open_toggle_text_color=&#8221;#FFFFFF&#8221; open_toggle_background_color=&#8221;#7F2629&#8243; closed_toggle_text_color=&#8221;#FFFFFF&#8221; closed_toggle_background_color=&#8221;#a5bce3&#8243; icon_color=&#8221;#E0D0A6&#8243; toggle_icon=&#8221;&#x37;||divi||400&#8243; use_icon_font_size=&#8221;on&#8221; icon_font_size=&#8221;30px&#8221; open_icon_color=&#8221;#FFFFFF&#8221; open_toggle_icon=&#8221;&#x36;||divi||400&#8243; open_use_icon_font_size=&#8221;on&#8221; open_icon_font_size=&#8221;30px&#8221; _builder_version=&#8221;4.27.5&#8243; _module_preset=&#8221;default&#8221; global_colors_info=&#8221;{}&#8221;]<\/p>\n<p><span style=\"color: #ffffff;\">La trobada presencial de la Xarxa SEL \u00e9s un espai per aturar-nos, trobar-nos i recon\u00e8ixer-nos com a xarxa, compartint vida, cam\u00ed i missi\u00f3. Aquest any especial del Bicentenari Vedruna, ens convida a tornar a les arrels del carisma -Sanar, Educar i Alliberar- ia deixar-nos inspirar juntes i junts per seguir acompanyant amb sentit i esperan\u00e7a les realitats on la vida est\u00e0 m\u00e9s amena\u00e7ada. <\/span><\/p>\n<p>[\/et_pb_toggle][et_pb_toggle title=&#8221;23 de maig 2026 &#8211; Trobada oracional d&#039;Ain Karem, Vit\u00f2ria&#8221; open_toggle_text_color=&#8221;#FFFFFF&#8221; open_toggle_background_color=&#8221;#7F2629&#8243; closed_toggle_text_color=&#8221;#FFFFFF&#8221; closed_toggle_background_color=&#8221;#a5bce3&#8243; icon_color=&#8221;#E0D0A6&#8243; toggle_icon=&#8221;&#x37;||divi||400&#8243; use_icon_font_size=&#8221;on&#8221; icon_font_size=&#8221;30px&#8221; open_icon_color=&#8221;#FFFFFF&#8221; open_toggle_icon=&#8221;&#x36;||divi||400&#8243; open_use_icon_font_size=&#8221;on&#8221; open_icon_font_size=&#8221;30px&#8221; _builder_version=&#8221;4.27.5&#8243; _module_preset=&#8221;default&#8221; global_colors_info=&#8221;{}&#8221;]<\/p>\n<p><span style=\"color: #ffffff;\">Detalls per concretar.  <\/span><\/p>\n<p>[\/et_pb_toggle][et_pb_toggle title=&#8221;26 al 28 de juny del 2026 &#8211; Trobada d&#039;educadors, Fundaci\u00f3 Vedruna Educaci\u00f3&#8221; open_toggle_text_color=&#8221;#FFFFFF&#8221; open_toggle_background_color=&#8221;#7F2629&#8243; closed_toggle_text_color=&#8221;#FFFFFF&#8221; closed_toggle_background_color=&#8221;#a5bce3&#8243; icon_color=&#8221;#E0D0A6&#8243; toggle_icon=&#8221;&#x37;||divi||400&#8243; use_icon_font_size=&#8221;on&#8221; icon_font_size=&#8221;30px&#8221; open_icon_color=&#8221;#FFFFFF&#8221; open_toggle_icon=&#8221;&#x36;||divi||400&#8243; open_use_icon_font_size=&#8221;on&#8221; open_icon_font_size=&#8221;30px&#8221; _builder_version=&#8221;4.27.5&#8243; _module_preset=&#8221;default&#8221; global_colors_info=&#8221;{}&#8221;]<\/p>\n<p><span style=\"color: #ffffff;\">Detalls per concretar.  <\/span><\/p>\n<p>[\/et_pb_toggle][et_pb_text _builder_version=&#8221;4.27.5&#8243; text_font=&#8221;|300|||||||&#8221; text_text_color=&#8221;#D64123&#8243; text_font_size=&#8221;22px&#8221; text_line_height=&#8221;1.8em&#8221; header_2_font=&#8221;|700|||||||&#8221; header_2_text_color=&#8221;#D64123&#8243; header_2_font_size=&#8221;36px&#8221; header_2_line_height=&#8221;0.8em&#8221; header_5_font=&#8221;|300|||||||&#8221; header_5_text_color=&#8221;#7F2629&#8243; header_5_font_size=&#8221;21px&#8221; text_orientation=&#8221;center&#8221; text_font_size_tablet=&#8221;&#8221; text_font_size_phone=&#8221;14px&#8221; text_font_size_last_edited=&#8221;on|desktop&#8221; global_colors_info=&#8221;{}&#8221;]<\/p>\n<h2><span style=\"color: #d63449;\">Altres iniciatives<\/span><\/h2>\n<p>[\/et_pb_text][et_pb_toggle title=&#8221;Novembre 2025 a Maig 2026 &#8211; Concurs de clips PJV&#8221; open_toggle_text_color=&#8221;#FFFFFF&#8221; open_toggle_background_color=&#8221;#7F2629&#8243; closed_toggle_text_color=&#8221;#FFFFFF&#8221; closed_toggle_background_color=&#8221;#d63449&#8243; icon_color=&#8221;#E0D0A6&#8243; toggle_icon=&#8221;&#x37;||divi||400&#8243; use_icon_font_size=&#8221;on&#8221; icon_font_size=&#8221;30px&#8221; open_icon_color=&#8221;#FFFFFF&#8221; open_toggle_icon=&#8221;&#x36;||divi||400&#8243; open_use_icon_font_size=&#8221;on&#8221; open_icon_font_size=&#8221;30px&#8221; _builder_version=&#8221;4.27.5&#8243; _module_preset=&#8221;default&#8221; global_colors_info=&#8221;{}&#8221;]<\/p>\n<p dir=\"ltr\"><span style=\"color: #ffffff;\">Amb motiu del Bicentenari Vedruna iniciem el 1er concurs de curts amb la tem\u00e0tica: \u201cJoaquina ahir i avui\u201d: recon\u00e8ixer actualment trets de la vida de Joaquima de Vedruna que ens puguin inspirar avui.<\/span><\/p>\n<p><span style=\"color: #ffffff;\">El clipmetratge es podr\u00e0 presentar en dues modalitats: individual o grupal, amb una durada m\u00e0xima de 1min 10seg. T&#8217;animes a participar-hi?<\/span><\/p>\n<p><span style=\"font-weight: 400; color: #ffffff;\"><strong>Terminis: del 26 d&#8217;octubre al 26 de febrer del 2026 a les 23:59h<br \/> Inscripci\u00f3: comunicacion.pjveu@vedruna.org<\/strong><\/span><\/p>\n<ul>\n<li style=\"list-style-type: none;\">\n<ul>\n<li style=\"font-weight: 400;\" aria-level=\"2\"><span style=\"color: #ffffff;\"><a href=\"https:\/\/www.pjvvedruna.es\/wp-content\/uploads\/2025\/12\/bases-del-concurso-de-clipmetraje-pjv.pdf\" style=\"color: #ffffff;\"><span style=\"text-decoration: underline;\">Bases del concurs<\/span><\/a><\/span><\/li>\n<li style=\"font-weight: 400;\" aria-level=\"2\"><span style=\"text-decoration: underline; color: #ffffff;\"><a href=\"https:\/\/www.pjvvedruna.es\/experiencias-anuales\/\" style=\"color: #ffffff; text-decoration: underline;\"><span style=\"font-weight: 400;\">PJV Vedruna<\/span><\/a><\/span><\/li>\n<li style=\"font-weight: 400;\" aria-level=\"2\"><span style=\"text-decoration: underline;\"><span style=\"color: #333333; text-decoration: underline;\"><a href=\"https:\/\/www.facebook.com\/reel\/850644073981365\" style=\"color: #333333; text-decoration: underline;\"><span style=\"font-weight: 400;\"><span style=\"color: #ffffff; text-decoration: underline;\">Anunci<\/span><\/span><\/a><\/span><\/span><\/li>\n<\/ul>\n<\/li>\n<\/ul>\n<p>[\/et_pb_toggle][et_pb_toggle title=&#8221;V\u00eddeos d&#039;hist\u00f2ria oral: %22Qui \u00e9s, per a mi, Joaquima? Aix\u00ed segueix viu avui el carisma de la fundadora. &#8221; open_toggle_text_color=&#8221;#FFFFFF&#8221; open_toggle_background_color=&#8221;#7F2629&#8243; closed_toggle_text_color=&#8221;#FFFFFF&#8221; closed_toggle_background_color=&#8221;#ef7d3b&#8221; icon_color=&#8221;#E0D0A6&#8243; toggle_icon=&#8221;&#x37;||divi||400&#8243; use_icon_font_size=&#8221;on&#8221; icon_font_size=&#8221;30px&#8221; open_icon_color=&#8221;#FFFFFF&#8221; open_toggle_icon=&#8221;&#x36;||divi||400&#8243; open_use_icon_font_size=&#8221;on&#8221; open_icon_font_size=&#8221;30px&#8221; _builder_version=&#8221;4.27.5&#8243; _module_preset=&#8221;default&#8221; global_colors_info=&#8221;{}&#8221;]<\/p>\n<p><span style=\"color: #ffffff;\">A l&#8217;acte d&#8217;homenatge celebrat el 17 de maig del 2025, es van compartir els testimonis de germanes de les antigues prov\u00edncies d&#8217;Europa, avui unificades, que van explicar qu\u00e8 els va seduir del carisma de Joaquima, qu\u00e8 els inspira i com imaginen el futur d&#8217;aquest carisma.<\/span><\/p>\n<ul>\n<li style=\"list-style-type: none;\">\n<ul>\n<li><span style=\"color: #ffffff;\"><a href=\"https:\/\/vedruna.eu\/portfolio-item\/quien-es-para-mi-joaquina\/\" style=\"color: #ffffff;\"><span style=\"text-decoration: underline;\">Veure v\u00eddeo i llegir testimonis a vedruna.eu<\/span><\/a><\/span><\/li>\n<\/ul>\n<\/li>\n<\/ul>\n<p>[\/et_pb_toggle][et_pb_toggle title=&#8221;Taller per a educadors: %22Cuidar l&#039;escola Vedruna%22, Fundaci\u00f3 Vedruna Educaci\u00f3&#8221; open_toggle_text_color=&#8221;#FFFFFF&#8221; open_toggle_background_color=&#8221;#7F2629&#8243; closed_toggle_text_color=&#8221;#7F2629&#8243; closed_toggle_background_color=&#8221;#d3d849&#8243; icon_color=&#8221;#E0D0A6&#8243; toggle_icon=&#8221;&#x37;||divi||400&#8243; use_icon_font_size=&#8221;on&#8221; icon_font_size=&#8221;30px&#8221; open_icon_color=&#8221;#FFFFFF&#8221; open_toggle_icon=&#8221;&#x36;||divi||400&#8243; open_use_icon_font_size=&#8221;on&#8221; open_icon_font_size=&#8221;30px&#8221; _builder_version=&#8221;4.27.5&#8243; _module_preset=&#8221;default&#8221; global_colors_info=&#8221;{}&#8221;]<\/p>\n<p><span style=\"color: #ffffff;\">Aquest taller proposa als educadors un espai de reflexi\u00f3 i acci\u00f3 per revisar el present de l&#8217;Escola Vedruna, del nostre centre i projectar-ne amb sentit el futur. Despr\u00e9s de 200 anys educant per a la vida, el context actual ens interpel\u00b7la amb una pregunta tan necess\u00e0ria com desafiant: &#8220;I ara qu\u00e8?&#8221; <\/span><\/p>\n<p><span style=\"color: #ffffff;\">Est\u00e0 dirigit als educadors, cridats a cuidar i actualitzar la missi\u00f3 pedag\u00f2gica Vedruna davant dels desafiaments del segle XXI. Aquesta formaci\u00f3 convida a repensar, amb mirada cr\u00edtica i esperan\u00e7a activa, com continuar sent fidels al carisma de Joaquima en un m\u00f3n en transformaci\u00f3.   <\/span><br \/><span style=\"color: #ffffff;\">Les conclusions finals d&#8217;aquest treball es presentaran a la trobada d&#8217;educadors per celebrar el Bicentenari que tindr\u00e0 lloc a Madrid (Col\u00b7legis de Villaverde i Carabanchel) del 26 al 28 de juny.<\/span><\/p>\n<p>[\/et_pb_toggle][et_pb_toggle title=&#8221;Actes oficials de Bicentenari a col\u00b7legis Vedruna de Fundaci\u00f3 Vedruna Educaci\u00f3&#8221; open_toggle_text_color=&#8221;#FFFFFF&#8221; open_toggle_background_color=&#8221;#7F2629&#8243; closed_toggle_text_color=&#8221;#FFFFFF&#8221; closed_toggle_background_color=&#8221;#a5bce3&#8243; icon_color=&#8221;#E0D0A6&#8243; toggle_icon=&#8221;&#x37;||divi||400&#8243; use_icon_font_size=&#8221;on&#8221; icon_font_size=&#8221;30px&#8221; open_icon_color=&#8221;#FFFFFF&#8221; open_toggle_icon=&#8221;&#x36;||divi||400&#8243; open_use_icon_font_size=&#8221;on&#8221; open_icon_font_size=&#8221;30px&#8221; _builder_version=&#8221;4.27.5&#8243; _module_preset=&#8221;default&#8221; global_colors_info=&#8221;{}&#8221;]<\/p>\n<p><span style=\"color: #ffffff;\">Els col\u00b7legis Vedruna de la Fundaci\u00f3 Vedruna Educaci\u00f3 celebren de manera individual o conjunta amb altres col\u00b7legis propers un acte oficial per presentar el Bicentenari.  <\/span><\/p>\n<ul>\n<li style=\"list-style-type: none;\">\n<ul>\n<li style=\"font-weight: 400;\" aria-level=\"4\"><span style=\"text-decoration: underline;\"><span style=\"color: #ffffff; text-decoration: underline;\"><a href=\"https:\/\/vedruna.eu\/portfolio-item\/acto-apertura-del-bicentenario-en-el-colegio-sagrado-corazon-de-valencia\/\" style=\"color: #ffffff; text-decoration: underline;\"><span style=\"font-weight: 400;\">Val\u00e8ncia<\/span><\/a><\/span><\/span><\/li>\n<li style=\"font-weight: 400;\" aria-level=\"4\"><span style=\"text-decoration: underline;\"><span style=\"color: #ffffff; text-decoration: underline;\"><a href=\"https:\/\/vedruna.eu\/portfolio-item\/el-colegio-de-isla-se-suma-al-bicentenario-recibiendo-un-homenaje-publico-a-sus-141-anos-de-historia\/\" style=\"color: #ffffff; text-decoration: underline;\"><span style=\"font-weight: 400;\">Illa (Cant\u00e0bria)<\/span><\/a><\/span><\/span><\/li>\n<li style=\"font-weight: 400;\" aria-level=\"4\"><span style=\"text-decoration: underline;\"><span style=\"color: #ffffff; text-decoration: underline;\"><a href=\"https:\/\/vedruna.eu\/portfolio-item\/alcoy-celebra-la-presentacion-local-del-bicentenario-de-las-hermanas-carmelitas-de-la-caridad-vedruna\/\" style=\"color: #ffffff; text-decoration: underline;\"><span style=\"font-weight: 400;\">Alcoi<\/span><\/a><\/span><\/span><\/li>\n<li style=\"font-weight: 400;\" aria-level=\"4\"><span style=\"text-decoration: underline;\"><span style=\"color: #ffffff; text-decoration: underline;\"><a href=\"https:\/\/vedruna.eu\/portfolio-item\/rumbo-al-bicentenario-en-villena\/\" style=\"color: #ffffff; text-decoration: underline;\"><span style=\"font-weight: 400;\">Villena (Alacant)<\/span><\/a><\/span><\/span><\/li>\n<li style=\"font-weight: 400;\" aria-level=\"4\"><span style=\"text-decoration: underline;\"><span style=\"color: #ffffff; text-decoration: underline;\"><a href=\"https:\/\/vedruna.eu\/portfolio-item\/luis-arguello-pide-a-laicos-y-religiosas-vedruna-que-mantengan-vivo-el-carisma-de-joaquina\/\" style=\"color: #ffffff; text-decoration: underline;\"><span style=\"font-weight: 400;\">Obertura del Bicentenari a Valladolid<\/span><\/a><\/span><\/span> <span style=\"color: #ffffff;\"><a href=\"https:\/\/vedruna.eu\/portfolio-item\/luis-arguello-pide-a-laicos-y-religiosas-vedruna-que-mantengan-vivo-el-carisma-de-joaquina\/\" style=\"color: #ffffff; text-decoration: underline;\"><span style=\"font-weight: 400;\">|<\/span><\/a><\/span> <span style=\"text-decoration: underline;\"><span style=\"color: #ffffff; text-decoration: underline;\"><a href=\"https:\/\/vedruna.eu\/portfolio-item\/luis-arguello-pide-a-laicos-y-religiosas-vedruna-que-mantengan-vivo-el-carisma-de-joaquina\/\" style=\"color: #ffffff; text-decoration: underline;\"><span style=\"font-weight: 400;\">Celebraci\u00f3 del 26 de febrer<\/span><\/a><\/span><\/span><\/li>\n<li style=\"font-weight: 400;\" aria-level=\"4\"><span style=\"text-decoration: underline;\"><span style=\"color: #ffffff; text-decoration: underline;\"><a href=\"https:\/\/vedruna.eu\/portfolio-item\/inauguracion-de-los-actos-del-bicentenario-en-leon\/\" style=\"color: #ffffff; text-decoration: underline;\"><span style=\"font-weight: 400;\">Lle\u00f3<\/span><\/a><span style=\"font-weight: 400;\"> <\/span><\/span><\/span><\/li>\n<li style=\"font-weight: 400;\" aria-level=\"4\"><span style=\"text-decoration: underline;\"><span style=\"color: #ffffff; text-decoration: underline;\"><a href=\"https:\/\/vedruna.eu\/portfolio-item\/celebracion-en-san-fernando-200-anos-de-una-obra-hermosa\/\" style=\"color: #ffffff; text-decoration: underline;\"><span style=\"font-weight: 400;\">Sant Ferran<\/span><\/a><\/span><\/span><\/li>\n<li style=\"font-weight: 400;\" aria-level=\"4\"><span style=\"text-decoration: underline;\"><span style=\"color: #333333; text-decoration: underline;\"><a href=\"https:\/\/vedruna.eu\/portfolio-item\/asturias-celebra-el-bicentenario-y-los-130-anos-de-presencia-vedruna-en-el-principado\/\" style=\"color: #333333; text-decoration: underline;\"><span style=\"font-weight: 400;\"><span style=\"color: #ffffff; text-decoration: underline;\">Ast\u00faries<\/span><\/span><\/a><\/span><\/span><span style=\"color: #333333;\"><\/span><\/li>\n<li style=\"font-weight: 400;\" aria-level=\"4\"><span style=\"text-decoration: underline;\"><span style=\"color: #ffffff; text-decoration: underline;\"><a href=\"https:\/\/www.instagram.com\/p\/DUqrPFPDWoE\/?igsh=MWd0Mm1ubzlvYzUxNg%3D%3D\" style=\"color: #ffffff; text-decoration: underline;\">Villena<\/a><\/span><span style=\"color: #333333; text-decoration: underline;\"><span style=\"font-weight: 400;\"><span style=\"color: #ffffff; text-decoration: underline;\"><\/span><\/span><\/span><\/span><\/li>\n<li style=\"font-weight: 400;\" aria-level=\"4\"><span style=\"text-decoration: underline;\"><span style=\"color: #ffffff;\"><a href=\"https:\/\/vedruna.eu\/portfolio-item\/200-anos-siendo-familia-celebracion-del-bicentenario-en-la-baneza-y-leon\/\" style=\"color: #ffffff; text-decoration: underline;\">La Ba\u00f1eza i Le\u00f3n<\/a><\/span><span style=\"color: #ffffff; text-decoration: underline;\"><\/span><\/span><\/li>\n<li style=\"font-weight: 400;\" aria-level=\"4\"><span style=\"text-decoration: underline;\"><span style=\"color: #ffffff; text-decoration: underline;\"><a href=\"https:\/\/vedruna.eu\/portfolio-item\/vitoria-celebra-la-huella-imborrable-de-joaquina-desde-el-compromiso-vedruna-de-seguir-siendo-motor-de-transformacion\/\" style=\"color: #ffffff; text-decoration: underline;\">Vit\u00f2ria<\/a><\/span><span style=\"color: #ffffff; text-decoration: underline;\"><\/span><\/span><\/li>\n<li style=\"font-weight: 400;\" aria-level=\"4\"><a href=\"https:\/\/vedruna.eu\/portfolio-item\/el-colegio-la-purisima-saca-a-joaquina-en-procesion-extraordinaria-por-jaen-para-celebrar-el-bicentenario\/\"><span style=\"text-decoration: underline;\"><span style=\"color: #ffffff; text-decoration: underline;\">Ja\u00e9n<\/span><\/span><\/a><\/li>\n<li style=\"font-weight: 400;\" aria-level=\"4\"><span style=\"text-decoration: underline;\"><span style=\"color: #ffffff; text-decoration: underline;\">El Palmell del Comtat (Huelva)<\/span><\/span><\/li>\n<\/ul>\n<\/li>\n<\/ul>\n<p>[\/et_pb_toggle][\/et_pb_column][\/et_pb_row][et_pb_row column_structure=&#8221;1_2,1_2&#8243; _builder_version=&#8221;4.17.0&#8243; _module_preset=&#8221;default&#8221; min_height=&#8221;242.1px&#8221; custom_padding=&#8221;50px||50px||true|&#8221; global_colors_info=&#8221;{}&#8221;][et_pb_column type=&#8221;1_2&#8243; _builder_version=&#8221;4.17.0&#8243; _module_preset=&#8221;default&#8221; global_colors_info=&#8221;{}&#8221;][et_pb_text _builder_version=&#8221;4.27.5&#8243; text_font=&#8221;|300|||||||&#8221; text_text_color=&#8221;#D64123&#8243; text_font_size=&#8221;22px&#8221; text_line_height=&#8221;1.8em&#8221; header_2_font=&#8221;|700|||||||&#8221; header_2_text_color=&#8221;#D64123&#8243; header_2_font_size=&#8221;36px&#8221; header_2_line_height=&#8221;0.8em&#8221; header_5_font=&#8221;|300|||||||&#8221; header_5_text_color=&#8221;#7F2629&#8243; header_5_font_size=&#8221;21px&#8221; text_orientation=&#8221;center&#8221; text_font_size_tablet=&#8221;&#8221; text_font_size_phone=&#8221;14px&#8221; text_font_size_last_edited=&#8221;on|desktop&#8221; global_colors_info=&#8221;{}&#8221;]<\/p>\n<h2><span style=\"color: #d63449;\">Ruta per Vic i Barcelona<\/span><\/h2>\n<p>[\/et_pb_text][et_pb_text _builder_version=&#8221;4.27.5&#8243; _module_preset=&#8221;default&#8221; text_orientation=&#8221;center&#8221; width=&#8221;100%&#8221; global_colors_info=&#8221;{}&#8221;]<\/p>\n<p><span style=\"color: #800000;\">La Fundaci\u00f3 Vedruna Catalunya Educaci\u00f3, juntament amb l&#8217;Oficina de Turisme de Vic, ha fet un recorregut per la ciutat de Vic, on<\/span><span style=\"color: #800000;\"> <span dir=\"auto\">Joaquina de Vedruna va fundar la Congregaci\u00f3 de Germanes Carmelites de la Caritat Vedruna<span> <\/span><\/span><span><span dir=\"auto\">el 1826, fa dos-cents anys<\/span><\/span><span><span dir=\"auto\">. Tamb\u00e9 hi ha el recorregut pels llocs del barri de naixement de Joaquina a Barcelona.  <\/span><\/span><\/span><\/p>\n<p><span style=\"color: #800000;\"><span><span dir=\"auto\">Avui, Vic s&#8217;ha convertit en visita obligada per a aquesta nostra fam\u00edlia religiosa<\/span><\/span> <span><span dir=\"auto\">present a 25 pa\u00efsos del m\u00f3n, per\u00f2 tamb\u00e9 per a<\/span><\/span> <span><span dir=\"auto\">tots aquells que col\u00b7laboren en la seva missi\u00f3 educativa, hospital\u00e0ria i social.<\/span><\/span> <\/span><\/p>\n<ul>\n<li style=\"list-style-type: none;\">\n<ul>\n<li style=\"list-style-type: none;\">\n<ul>\n<li style=\"list-style-type: none;\">\n<ul>\n<li style=\"text-align: left;\"><span style=\"text-decoration: underline; color: #800000;\"><a href=\"https:\/\/200vedruna.cat\/rutes\/ruta-vic\/\" style=\"color: #800000; text-decoration: underline;\"><span dir=\"auto\">Ruta Vic<\/span><\/a><\/span><\/li>\n<li style=\"text-align: left;\"><span style=\"color: #800000;\"><a href=\"https:\/\/200vedruna.cat\/rutes\/ruta-barcelona\/\" style=\"color: #800000;\"><span style=\"text-decoration: underline;\"><span dir=\"auto\">Ruta Barcelona<\/span><\/span><\/a><\/span><\/li>\n<\/ul>\n<\/li>\n<\/ul>\n<\/li>\n<\/ul>\n<\/li>\n<\/ul>\n<p>[\/et_pb_text][\/et_pb_column][et_pb_column type=&#8221;1_2&#8243; _builder_version=&#8221;4.17.0&#8243; _module_preset=&#8221;default&#8221; global_colors_info=&#8221;{}&#8221;][et_pb_image src=&#8221;https:\/\/vedruna.org\/wp-content\/uploads\/2026\/01\/mapa-ruta-vedruna-vic-Q.webp&#8221; title_text=&#8221;mapa-ruta-vedruna-vic-Q&#8221; align=&#8221;center&#8221; _builder_version=&#8221;4.27.5&#8243; _module_preset=&#8221;default&#8221; width=&#8221;65%&#8221; global_colors_info=&#8221;{}&#8221;][\/et_pb_image][\/et_pb_column][\/et_pb_row][et_pb_row _builder_version=&#8221;4.27.5&#8243; _module_preset=&#8221;default&#8221; custom_padding=&#8221;61px|||||&#8221; global_colors_info=&#8221;{}&#8221;][et_pb_column type=&#8221;4_4&#8243; _builder_version=&#8221;4.27.5&#8243; _module_preset=&#8221;default&#8221; global_colors_info=&#8221;{}&#8221;][et_pb_text _builder_version=&#8221;4.27.5&#8243; text_font=&#8221;|300|||||||&#8221; text_text_color=&#8221;#D64123&#8243; text_font_size=&#8221;22px&#8221; text_line_height=&#8221;1.8em&#8221; header_2_font=&#8221;|700|||||||&#8221; header_2_text_color=&#8221;#D64123&#8243; header_2_font_size=&#8221;36px&#8221; header_2_line_height=&#8221;0.8em&#8221; header_5_font=&#8221;|300|||||||&#8221; header_5_text_color=&#8221;#7F2629&#8243; header_5_font_size=&#8221;21px&#8221; text_orientation=&#8221;center&#8221; text_font_size_tablet=&#8221;&#8221; text_font_size_phone=&#8221;14px&#8221; text_font_size_last_edited=&#8221;on|desktop&#8221; global_colors_info=&#8221;{}&#8221;]<\/p>\n<h2><span style=\"color: #d63449;\">Endinsar-nos al cor de Joaquima<\/span><\/h2>\n<p>[\/et_pb_text][et_pb_text _builder_version=&#8221;4.27.5&#8243; text_font=&#8221;|300|||||||&#8221; text_text_color=&#8221;#D64123&#8243; text_font_size=&#8221;22px&#8221; text_line_height=&#8221;1.8em&#8221; header_2_font=&#8221;|700|||||||&#8221; header_2_text_color=&#8221;#D64123&#8243; header_2_font_size=&#8221;36px&#8221; header_2_line_height=&#8221;0.8em&#8221; header_5_font=&#8221;|300|||||||&#8221; header_5_text_color=&#8221;#7F2629&#8243; header_5_font_size=&#8221;21px&#8221; text_orientation=&#8221;center&#8221; custom_padding=&#8221;||0px|||&#8221; text_font_size_tablet=&#8221;&#8221; text_font_size_phone=&#8221;14px&#8221; text_font_size_last_edited=&#8221;on|desktop&#8221; global_colors_info=&#8221;{}&#8221;]<\/p>\n<p style=\"text-align: center;\"><span style=\"font-weight: 400; color: #993300;\"><span style=\"font-weight: 400;\">A trav\u00e9s de la lectura pausada d&#8217;algunes de les cartes. S&#8217;envien el dia 12 de cada mes amb la contextualitzaci\u00f3 de la carta i unes pautes per a la preg\u00e0ria i aprofundiment en la vida de Joaquima que ens faciliti el<br \/> compartir-les comunit\u00e0riament i fer-les nostres. <\/span><\/span><\/p>\n<p>[\/et_pb_text][\/et_pb_column][\/et_pb_row][et_pb_row column_structure=&#8221;1_6,1_6,1_6,1_6,1_6,1_6&#8243; _builder_version=&#8221;4.27.5&#8243; _module_preset=&#8221;default&#8221; min_height=&#8221;163.2px&#8221; global_colors_info=&#8221;{}&#8221;][et_pb_column type=&#8221;1_6&#8243; _builder_version=&#8221;4.27.5&#8243; _module_preset=&#8221;default&#8221; global_colors_info=&#8221;{}&#8221;][et_pb_image src=&#8221;https:\/\/vedruna.org\/wp-content\/uploads\/2026\/01\/WhatsApp-Image-2025-08-19-at-17.04.50-1.jpeg&#8221; title_text=&#8221;WhatsApp Image 2025-08-19 at 17.04.50 (1)&#8221; _builder_version=&#8221;4.27.5&#8243; _module_preset=&#8221;default&#8221; global_colors_info=&#8221;{}&#8221;][\/et_pb_image][et_pb_text _builder_version=&#8221;4.27.5&#8243; _module_preset=&#8221;default&#8221; global_colors_info=&#8221;{}&#8221;]<\/p>\n<p style=\"text-align: center;\"><span style=\"color: #800000;\">Febrer, 2025<\/span><\/p>\n<p>[\/et_pb_text][et_pb_button button_url=&#8221;https:\/\/vedruna.eu\/carta-81\/&#8221; button_text=&#8221;Carta 81&#8243; button_alignment=&#8221;center&#8221; _builder_version=&#8221;4.27.5&#8243; _module_preset=&#8221;default&#8221; custom_button=&#8221;on&#8221; button_text_size=&#8221;20px&#8221; button_text_color=&#8221;#FFFFFF&#8221; button_bg_color=&#8221;#7F2629&#8243; button_border_width=&#8221;0px&#8221; button_border_radius=&#8221;100px&#8221; global_colors_info=&#8221;{}&#8221;][\/et_pb_button][\/et_pb_column][et_pb_column type=&#8221;1_6&#8243; _builder_version=&#8221;4.27.5&#8243; _module_preset=&#8221;default&#8221; global_colors_info=&#8221;{}&#8221;][et_pb_image src=&#8221;https:\/\/vedruna.org\/wp-content\/uploads\/2026\/01\/WhatsApp-Image-2025-08-19-at-17.04.50-1.jpeg&#8221; title_text=&#8221;WhatsApp Image 2025-08-19 at 17.04.50 (1)&#8221; _builder_version=&#8221;4.27.5&#8243; _module_preset=&#8221;default&#8221; global_colors_info=&#8221;{}&#8221;][\/et_pb_image][et_pb_text _builder_version=&#8221;4.27.5&#8243; _module_preset=&#8221;default&#8221; global_colors_info=&#8221;{}&#8221;]<\/p>\n<p style=\"text-align: center;\"><span style=\"color: #800000;\">Mar\u00e7, 2025<\/span><\/p>\n<p>[\/et_pb_text][et_pb_button button_url=&#8221;https:\/\/vedruna.eu\/marzo-de-2025\/&#8221; button_text=&#8221;Carta 77&#8243; button_alignment=&#8221;center&#8221; _builder_version=&#8221;4.27.5&#8243; _module_preset=&#8221;default&#8221; custom_button=&#8221;on&#8221; button_text_size=&#8221;20px&#8221; button_text_color=&#8221;#FFFFFF&#8221; button_bg_color=&#8221;#7F2629&#8243; button_border_width=&#8221;0px&#8221; button_border_radius=&#8221;100px&#8221; global_colors_info=&#8221;{}&#8221;][\/et_pb_button][\/et_pb_column][et_pb_column type=&#8221;1_6&#8243; _builder_version=&#8221;4.27.5&#8243; _module_preset=&#8221;default&#8221; global_colors_info=&#8221;{}&#8221;][et_pb_image src=&#8221;https:\/\/vedruna.org\/wp-content\/uploads\/2026\/01\/WhatsApp-Image-2025-08-19-at-17.04.50-1.jpeg&#8221; title_text=&#8221;WhatsApp Image 2025-08-19 at 17.04.50 (1)&#8221; _builder_version=&#8221;4.27.5&#8243; _module_preset=&#8221;default&#8221; global_colors_info=&#8221;{}&#8221;][\/et_pb_image][et_pb_text _builder_version=&#8221;4.27.5&#8243; _module_preset=&#8221;default&#8221; global_colors_info=&#8221;{}&#8221;]<\/p>\n<p style=\"text-align: center;\"><span style=\"color: #800000;\">Abril, 2025<\/span><\/p>\n<p>[\/et_pb_text][et_pb_button button_url=&#8221;https:\/\/vedruna.eu\/abril-2025\/&#8221; button_text=&#8221;Carta 17&#8243; button_alignment=&#8221;center&#8221; _builder_version=&#8221;4.27.5&#8243; _module_preset=&#8221;default&#8221; custom_button=&#8221;on&#8221; button_text_size=&#8221;20px&#8221; button_text_color=&#8221;#FFFFFF&#8221; button_bg_color=&#8221;#7F2629&#8243; button_border_width=&#8221;0px&#8221; button_border_radius=&#8221;100px&#8221; global_colors_info=&#8221;{}&#8221;][\/et_pb_button][\/et_pb_column][et_pb_column type=&#8221;1_6&#8243; _builder_version=&#8221;4.27.5&#8243; _module_preset=&#8221;default&#8221; global_colors_info=&#8221;{}&#8221;][et_pb_image src=&#8221;https:\/\/vedruna.org\/wp-content\/uploads\/2026\/01\/WhatsApp-Image-2025-08-19-at-17.04.50-1.jpeg&#8221; title_text=&#8221;WhatsApp Image 2025-08-19 at 17.04.50 (1)&#8221; _builder_version=&#8221;4.27.5&#8243; _module_preset=&#8221;default&#8221; global_colors_info=&#8221;{}&#8221;][\/et_pb_image][et_pb_text _builder_version=&#8221;4.27.5&#8243; _module_preset=&#8221;default&#8221; global_colors_info=&#8221;{}&#8221;]<\/p>\n<p style=\"text-align: center;\"><span style=\"color: #800000;\">Maig, 2025<\/span><\/p>\n<p>[\/et_pb_text][et_pb_button button_url=&#8221;https:\/\/vedruna.eu\/mayo-2025\/&#8221; button_text=&#8221;Carta 29&#8243; button_alignment=&#8221;center&#8221; _builder_version=&#8221;4.27.5&#8243; _module_preset=&#8221;default&#8221; custom_button=&#8221;on&#8221; button_text_size=&#8221;20px&#8221; button_text_color=&#8221;#FFFFFF&#8221; button_bg_color=&#8221;#7F2629&#8243; button_border_width=&#8221;0px&#8221; button_border_radius=&#8221;100px&#8221; global_colors_info=&#8221;{}&#8221;][\/et_pb_button][\/et_pb_column][et_pb_column type=&#8221;1_6&#8243; _builder_version=&#8221;4.27.5&#8243; _module_preset=&#8221;default&#8221; global_colors_info=&#8221;{}&#8221;][et_pb_image src=&#8221;https:\/\/vedruna.org\/wp-content\/uploads\/2026\/01\/WhatsApp-Image-2025-08-19-at-17.04.50-1.jpeg&#8221; title_text=&#8221;WhatsApp Image 2025-08-19 at 17.04.50 (1)&#8221; _builder_version=&#8221;4.27.5&#8243; _module_preset=&#8221;default&#8221; global_colors_info=&#8221;{}&#8221;][\/et_pb_image][et_pb_text _builder_version=&#8221;4.27.5&#8243; _module_preset=&#8221;default&#8221; global_colors_info=&#8221;{}&#8221;]<\/p>\n<p style=\"text-align: center;\"><span style=\"color: #800000;\">Juny, 2025<\/span><\/p>\n<p>[\/et_pb_text][et_pb_button button_url=&#8221;https:\/\/vedruna.eu\/junio-2025\/&#8221; button_text=&#8221;Carta 4&#8243; button_alignment=&#8221;center&#8221; _builder_version=&#8221;4.27.5&#8243; _module_preset=&#8221;default&#8221; custom_button=&#8221;on&#8221; button_text_size=&#8221;20px&#8221; button_text_color=&#8221;#FFFFFF&#8221; button_bg_color=&#8221;#7F2629&#8243; button_border_width=&#8221;0px&#8221; button_border_radius=&#8221;100px&#8221; global_colors_info=&#8221;{}&#8221;][\/et_pb_button][\/et_pb_column][et_pb_column type=&#8221;1_6&#8243; _builder_version=&#8221;4.27.5&#8243; _module_preset=&#8221;default&#8221; global_colors_info=&#8221;{}&#8221;][et_pb_image src=&#8221;https:\/\/vedruna.org\/wp-content\/uploads\/2026\/01\/WhatsApp-Image-2025-08-19-at-17.04.50-1.jpeg&#8221; title_text=&#8221;WhatsApp Image 2025-08-19 at 17.04.50 (1)&#8221; _builder_version=&#8221;4.27.5&#8243; _module_preset=&#8221;default&#8221; global_colors_info=&#8221;{}&#8221;][\/et_pb_image][et_pb_text _builder_version=&#8221;4.27.5&#8243; _module_preset=&#8221;default&#8221; global_colors_info=&#8221;{}&#8221;]<\/p>\n<p style=\"text-align: center;\"><span style=\"color: #800000;\">Juliol, 2025<\/span><\/p>\n<p>[\/et_pb_text][et_pb_button button_url=&#8221;https:\/\/vedruna.eu\/julio-25\/&#8221; button_text=&#8221;Carta 77&#8243; button_alignment=&#8221;center&#8221; _builder_version=&#8221;4.27.5&#8243; _module_preset=&#8221;default&#8221; custom_button=&#8221;on&#8221; button_text_size=&#8221;20px&#8221; button_text_color=&#8221;#FFFFFF&#8221; button_bg_color=&#8221;#7F2629&#8243; button_border_width=&#8221;0px&#8221; button_border_radius=&#8221;100px&#8221; global_colors_info=&#8221;{}&#8221;][\/et_pb_button][\/et_pb_column][\/et_pb_row][et_pb_row column_structure=&#8221;1_6,1_6,1_6,1_6,1_6,1_6&#8243; _builder_version=&#8221;4.27.5&#8243; _module_preset=&#8221;default&#8221; min_height=&#8221;97px&#8221; global_colors_info=&#8221;{}&#8221;][et_pb_column type=&#8221;1_6&#8243; _builder_version=&#8221;4.27.5&#8243; _module_preset=&#8221;default&#8221; global_colors_info=&#8221;{}&#8221;][et_pb_image src=&#8221;https:\/\/vedruna.org\/wp-content\/uploads\/2026\/01\/WhatsApp-Image-2025-08-19-at-17.04.50-1.jpeg&#8221; title_text=&#8221;WhatsApp Image 2025-08-19 at 17.04.50 (1)&#8221; _builder_version=&#8221;4.27.5&#8243; _module_preset=&#8221;default&#8221; global_colors_info=&#8221;{}&#8221;][\/et_pb_image][et_pb_text _builder_version=&#8221;4.27.5&#8243; _module_preset=&#8221;default&#8221; global_colors_info=&#8221;{}&#8221;]<\/p>\n<p style=\"text-align: center;\"><span style=\"color: #800000;\">Agost, 2025<\/span><\/p>\n<p>[\/et_pb_text][et_pb_button button_url=&#8221;https:\/\/vedruna.eu\/agosto-2025\/&#8221; button_text=&#8221;Carta 134&#8243; button_alignment=&#8221;center&#8221; _builder_version=&#8221;4.27.5&#8243; _module_preset=&#8221;default&#8221; custom_button=&#8221;on&#8221; button_text_size=&#8221;20px&#8221; button_text_color=&#8221;#FFFFFF&#8221; button_bg_color=&#8221;#7F2629&#8243; button_border_width=&#8221;0px&#8221; button_border_radius=&#8221;100px&#8221; global_colors_info=&#8221;{}&#8221;][\/et_pb_button][\/et_pb_column][et_pb_column type=&#8221;1_6&#8243; _builder_version=&#8221;4.27.5&#8243; _module_preset=&#8221;default&#8221; global_colors_info=&#8221;{}&#8221;][et_pb_image src=&#8221;https:\/\/vedruna.org\/wp-content\/uploads\/2026\/01\/WhatsApp-Image-2025-08-19-at-17.04.50-1.jpeg&#8221; title_text=&#8221;WhatsApp Image 2025-08-19 at 17.04.50 (1)&#8221; _builder_version=&#8221;4.27.5&#8243; _module_preset=&#8221;default&#8221; global_colors_info=&#8221;{}&#8221;][\/et_pb_image][et_pb_text _builder_version=&#8221;4.27.5&#8243; _module_preset=&#8221;default&#8221; global_colors_info=&#8221;{}&#8221;]<\/p>\n<p style=\"text-align: center;\"><span style=\"color: #800000;\">Setembre, 2025<\/span><\/p>\n<p>[\/et_pb_text][et_pb_button button_url=&#8221;https:\/\/vedruna.eu\/septiembre-2025\/&#8221; button_text=&#8221;Carta 94&#8243; button_alignment=&#8221;center&#8221; _builder_version=&#8221;4.27.5&#8243; _module_preset=&#8221;default&#8221; custom_button=&#8221;on&#8221; button_text_size=&#8221;20px&#8221; button_text_color=&#8221;#FFFFFF&#8221; button_bg_color=&#8221;#7F2629&#8243; button_border_width=&#8221;0px&#8221; button_border_radius=&#8221;100px&#8221; global_colors_info=&#8221;{}&#8221;][\/et_pb_button][\/et_pb_column][et_pb_column type=&#8221;1_6&#8243; _builder_version=&#8221;4.27.5&#8243; _module_preset=&#8221;default&#8221; global_colors_info=&#8221;{}&#8221;][et_pb_image src=&#8221;https:\/\/vedruna.org\/wp-content\/uploads\/2026\/01\/WhatsApp-Image-2025-08-19-at-17.04.50-1.jpeg&#8221; title_text=&#8221;WhatsApp Image 2025-08-19 at 17.04.50 (1)&#8221; _builder_version=&#8221;4.27.5&#8243; _module_preset=&#8221;default&#8221; global_colors_info=&#8221;{}&#8221;][\/et_pb_image][et_pb_text _builder_version=&#8221;4.27.5&#8243; _module_preset=&#8221;default&#8221; global_colors_info=&#8221;{}&#8221;]<\/p>\n<p style=\"text-align: center;\"><span style=\"color: #800000;\">Octubre, 2025<\/span><\/p>\n<p>[\/et_pb_text][et_pb_button button_url=&#8221;https:\/\/vedruna.eu\/octubre-2025-2\/&#8221; button_text=&#8221;Carta 80&#8243; button_alignment=&#8221;center&#8221; _builder_version=&#8221;4.27.5&#8243; _module_preset=&#8221;default&#8221; custom_button=&#8221;on&#8221; button_text_size=&#8221;20px&#8221; button_text_color=&#8221;#FFFFFF&#8221; button_bg_color=&#8221;#7F2629&#8243; button_border_width=&#8221;0px&#8221; button_border_radius=&#8221;100px&#8221; global_colors_info=&#8221;{}&#8221;][\/et_pb_button][\/et_pb_column][et_pb_column type=&#8221;1_6&#8243; _builder_version=&#8221;4.27.5&#8243; _module_preset=&#8221;default&#8221; global_colors_info=&#8221;{}&#8221;][et_pb_image src=&#8221;https:\/\/vedruna.org\/wp-content\/uploads\/2026\/01\/WhatsApp-Image-2025-08-19-at-17.04.50-1.jpeg&#8221; title_text=&#8221;WhatsApp Image 2025-08-19 at 17.04.50 (1)&#8221; _builder_version=&#8221;4.27.5&#8243; _module_preset=&#8221;default&#8221; global_colors_info=&#8221;{}&#8221;][\/et_pb_image][et_pb_text _builder_version=&#8221;4.27.5&#8243; _module_preset=&#8221;default&#8221; global_colors_info=&#8221;{}&#8221;]<\/p>\n<p style=\"text-align: center;\"><span style=\"color: #800000;\">Desembre, 2025<\/span><\/p>\n<p>[\/et_pb_text][et_pb_button button_url=&#8221;https:\/\/vedruna.eu\/noviembre-2025\/&#8221; button_text=&#8221;Carta 95&#8243; button_alignment=&#8221;center&#8221; _builder_version=&#8221;4.27.5&#8243; _module_preset=&#8221;default&#8221; custom_button=&#8221;on&#8221; button_text_size=&#8221;20px&#8221; button_text_color=&#8221;#FFFFFF&#8221; button_bg_color=&#8221;#7F2629&#8243; button_border_width=&#8221;0px&#8221; button_border_radius=&#8221;100px&#8221; global_colors_info=&#8221;{}&#8221;][\/et_pb_button][\/et_pb_column][et_pb_column type=&#8221;1_6&#8243; _builder_version=&#8221;4.27.5&#8243; _module_preset=&#8221;default&#8221; global_colors_info=&#8221;{}&#8221;][et_pb_image src=&#8221;https:\/\/vedruna.org\/wp-content\/uploads\/2026\/01\/WhatsApp-Image-2025-08-19-at-17.04.50-1.jpeg&#8221; title_text=&#8221;WhatsApp Image 2025-08-19 at 17.04.50 (1)&#8221; _builder_version=&#8221;4.27.5&#8243; _module_preset=&#8221;default&#8221; global_colors_info=&#8221;{}&#8221;][\/et_pb_image][et_pb_text _builder_version=&#8221;4.27.5&#8243; _module_preset=&#8221;default&#8221; global_colors_info=&#8221;{}&#8221;]<\/p>\n<p style=\"text-align: center;\"><span style=\"color: #800000;\">Gener, 2026<\/span><\/p>\n<p>[\/et_pb_text][et_pb_button button_url=&#8221;https:\/\/vedruna.eu\/noviembre-2025\/&#8221; button_text=&#8221;Carta 46&#8243; button_alignment=&#8221;center&#8221; _builder_version=&#8221;4.27.5&#8243; _module_preset=&#8221;default&#8221; custom_button=&#8221;on&#8221; button_text_size=&#8221;20px&#8221; button_text_color=&#8221;#FFFFFF&#8221; button_bg_color=&#8221;#7F2629&#8243; button_border_width=&#8221;0px&#8221; button_border_radius=&#8221;100px&#8221; global_colors_info=&#8221;{}&#8221;][\/et_pb_button][\/et_pb_column][et_pb_column type=&#8221;1_6&#8243; _builder_version=&#8221;4.27.5&#8243; _module_preset=&#8221;default&#8221; global_colors_info=&#8221;{}&#8221;][et_pb_image src=&#8221;https:\/\/vedruna.org\/wp-content\/uploads\/2026\/01\/WhatsApp-Image-2025-08-19-at-17.04.50-1.jpeg&#8221; title_text=&#8221;WhatsApp Image 2025-08-19 at 17.04.50 (1)&#8221; _builder_version=&#8221;4.27.5&#8243; _module_preset=&#8221;default&#8221; global_colors_info=&#8221;{}&#8221;][\/et_pb_image][et_pb_text _builder_version=&#8221;4.27.5&#8243; _module_preset=&#8221;default&#8221; global_colors_info=&#8221;{}&#8221;]<\/p>\n<p style=\"text-align: center;\"><span style=\"color: #800000;\">Febrer, 2026<\/span><\/p>\n<p>[\/et_pb_text][et_pb_button button_url=&#8221;https:\/\/vedruna.eu\/carta-81\/&#8221; button_text=&#8221;Carta 82&#8243; button_alignment=&#8221;center&#8221; _builder_version=&#8221;4.27.5&#8243; _module_preset=&#8221;default&#8221; custom_button=&#8221;on&#8221; button_text_size=&#8221;20px&#8221; button_text_color=&#8221;#FFFFFF&#8221; button_bg_color=&#8221;#7F2629&#8243; button_border_width=&#8221;0px&#8221; button_border_radius=&#8221;100px&#8221; global_colors_info=&#8221;{}&#8221;][\/et_pb_button][\/et_pb_column][\/et_pb_row][et_pb_row column_structure=&#8221;1_6,1_6,1_6,1_6,1_6,1_6&#8243; _builder_version=&#8221;4.27.5&#8243; _module_preset=&#8221;default&#8221; min_height=&#8221;97px&#8221; global_colors_info=&#8221;{}&#8221;][et_pb_column type=&#8221;1_6&#8243; _builder_version=&#8221;4.27.5&#8243; _module_preset=&#8221;default&#8221; global_colors_info=&#8221;{}&#8221;][et_pb_image src=&#8221;https:\/\/vedruna.org\/wp-content\/uploads\/2026\/01\/WhatsApp-Image-2025-08-19-at-17.04.50-1.jpeg&#8221; title_text=&#8221;WhatsApp Image 2025-08-19 at 17.04.50 (1)&#8221; _builder_version=&#8221;4.27.5&#8243; _module_preset=&#8221;default&#8221; global_colors_info=&#8221;{}&#8221;][\/et_pb_image][et_pb_text _builder_version=&#8221;4.27.5&#8243; _module_preset=&#8221;default&#8221; global_colors_info=&#8221;{}&#8221;]<\/p>\n<p style=\"text-align: center;\"><span style=\"color: #800000;\">Mar\u00e7, 2026<\/span><\/p>\n<p>[\/et_pb_text][et_pb_button button_url=&#8221;https:\/\/vedruna.eu\/marzo-2026\/&#8221; button_text=&#8221;Carta 84&#8243; button_alignment=&#8221;center&#8221; _builder_version=&#8221;4.27.5&#8243; _module_preset=&#8221;default&#8221; custom_button=&#8221;on&#8221; button_text_size=&#8221;20px&#8221; button_text_color=&#8221;#FFFFFF&#8221; button_bg_color=&#8221;#7F2629&#8243; button_border_width=&#8221;0px&#8221; button_border_radius=&#8221;100px&#8221; global_colors_info=&#8221;{}&#8221;][\/et_pb_button][\/et_pb_column][et_pb_column type=&#8221;1_6&#8243; _builder_version=&#8221;4.27.5&#8243; _module_preset=&#8221;default&#8221; global_colors_info=&#8221;{}&#8221;][et_pb_image src=&#8221;https:\/\/vedruna.org\/wp-content\/uploads\/2026\/01\/WhatsApp-Image-2025-08-19-at-17.04.50-1.jpeg&#8221; title_text=&#8221;WhatsApp Image 2025-08-19 at 17.04.50 (1)&#8221; _builder_version=&#8221;4.27.5&#8243; _module_preset=&#8221;default&#8221; global_colors_info=&#8221;{}&#8221;][\/et_pb_image][et_pb_text _builder_version=&#8221;4.27.6&#8243; _module_preset=&#8221;default&#8221; hover_enabled=&#8221;0&#8243; global_colors_info=&#8221;{}&#8221; sticky_enabled=&#8221;0&#8243;]<\/p>\n<p style=\"text-align: center;\"><span style=\"color: #800000;\">Abril, 2026<\/span><\/p>\n<p>[\/et_pb_text][et_pb_button button_url=&#8221;https:\/\/vedruna.eu\/abril-2026\/&#8221; button_text=&#8221;Carta 66&#8243; button_alignment=&#8221;center&#8221; _builder_version=&#8221;4.27.6&#8243; _module_preset=&#8221;default&#8221; custom_button=&#8221;on&#8221; button_text_size=&#8221;20px&#8221; button_text_color=&#8221;#FFFFFF&#8221; button_bg_color=&#8221;#7F2629&#8243; button_border_width=&#8221;0px&#8221; button_border_radius=&#8221;100px&#8221; hover_enabled=&#8221;0&#8243; global_colors_info=&#8221;{}&#8221; sticky_enabled=&#8221;0&#8243;][\/et_pb_button][\/et_pb_column][et_pb_column type=&#8221;1_6&#8243; _builder_version=&#8221;4.27.5&#8243; _module_preset=&#8221;default&#8221; global_colors_info=&#8221;{}&#8221;][\/et_pb_column][et_pb_column type=&#8221;1_6&#8243; _builder_version=&#8221;4.27.5&#8243; _module_preset=&#8221;default&#8221; global_colors_info=&#8221;{}&#8221;][\/et_pb_column][et_pb_column type=&#8221;1_6&#8243; _builder_version=&#8221;4.27.5&#8243; _module_preset=&#8221;default&#8221; global_colors_info=&#8221;{}&#8221;][\/et_pb_column][et_pb_column type=&#8221;1_6&#8243; _builder_version=&#8221;4.27.5&#8243; _module_preset=&#8221;default&#8221; global_colors_info=&#8221;{}&#8221;][\/et_pb_column][\/et_pb_row][\/et_pb_section][et_pb_section fb_built=&#8221;1&#8243; _builder_version=&#8221;4.27.5&#8243; _module_preset=&#8221;default&#8221; background_color=&#8221;#E0D0A6&#8243; min_height=&#8221;164.3px&#8221; custom_padding=&#8221;3vw||0px||false|false&#8221; da_disable_devices=&#8221;off|off|off&#8221; global_colors_info=&#8221;{}&#8221; da_is_popup=&#8221;off&#8221; da_exit_intent=&#8221;off&#8221; da_has_close=&#8221;on&#8221; da_alt_close=&#8221;off&#8221; da_dark_close=&#8221;off&#8221; da_not_modal=&#8221;on&#8221; da_is_singular=&#8221;off&#8221; da_with_loader=&#8221;off&#8221; da_has_shadow=&#8221;on&#8221;][et_pb_row _builder_version=&#8221;4.27.5&#8243; _module_preset=&#8221;default&#8221; min_height=&#8221;168px&#8221; custom_margin=&#8221;|auto|-38px|auto||&#8221; global_colors_info=&#8221;{}&#8221;][et_pb_column type=&#8221;4_4&#8243; _builder_version=&#8221;4.27.5&#8243; _module_preset=&#8221;default&#8221; global_colors_info=&#8221;{}&#8221;][et_pb_text _builder_version=&#8221;4.27.5&#8243; text_font=&#8221;|300|||||||&#8221; text_text_color=&#8221;#D64123&#8243; text_font_size=&#8221;22px&#8221; text_line_height=&#8221;1.8em&#8221; header_2_font=&#8221;|700|||||||&#8221; header_2_text_color=&#8221;#D64123&#8243; header_2_font_size=&#8221;36px&#8221; header_2_line_height=&#8221;0.8em&#8221; header_5_font=&#8221;|300|||||||&#8221; header_5_text_color=&#8221;#7F2629&#8243; header_5_font_size=&#8221;21px&#8221; text_orientation=&#8221;center&#8221; text_font_size_tablet=&#8221;&#8221; text_font_size_phone=&#8221;14px&#8221; text_font_size_last_edited=&#8221;on|desktop&#8221; global_colors_info=&#8221;{}&#8221;]<\/p>\n<h2><span style=\"color: #d63449;\">2025<\/span><\/h2>\n<p><strong><span style=\"color: #d63449;\">Preparaci\u00f3 per al Bicentenari<\/span><\/strong><\/p>\n<p>[\/et_pb_text][\/et_pb_column][\/et_pb_row][\/et_pb_section][et_pb_section fb_built=&#8221;1&#8243; next_background_color=&#8221;#FFFFFF&#8221; _builder_version=&#8221;4.27.5&#8243; _module_preset=&#8221;default&#8221; background_color=&#8221;#E0D0A6&#8243; min_height=&#8221;140px&#8221; custom_margin=&#8221;0px||||false|false&#8221; custom_padding=&#8221;0px||131px||false|false&#8221; bottom_divider_style=&#8221;curve&#8221; bottom_divider_arrangement=&#8221;above_content&#8221; da_disable_devices=&#8221;off|off|off&#8221; global_colors_info=&#8221;{}&#8221; da_is_popup=&#8221;off&#8221; da_exit_intent=&#8221;off&#8221; da_has_close=&#8221;on&#8221; da_alt_close=&#8221;off&#8221; da_dark_close=&#8221;off&#8221; da_not_modal=&#8221;on&#8221; da_is_singular=&#8221;off&#8221; da_with_loader=&#8221;off&#8221; da_has_shadow=&#8221;on&#8221;][et_pb_row _builder_version=&#8221;4.17.0&#8243; _module_preset=&#8221;default&#8221; min_height=&#8221;258.1px&#8221; custom_padding=&#8221;43px||43px||true|&#8221; global_colors_info=&#8221;{}&#8221;][et_pb_column type=&#8221;4_4&#8243; _builder_version=&#8221;4.17.0&#8243; _module_preset=&#8221;default&#8221; global_colors_info=&#8221;{}&#8221;][et_pb_toggle title=&#8221;22 de febrer 2025 &#8211; Aportaci\u00f3 Vedruna a l&#039;educaci\u00f3, Fundaci\u00f3 Vedruna Catalunya Educaci\u00f3&#8221; open_toggle_text_color=&#8221;#FFFFFF&#8221; open_toggle_background_color=&#8221;#7F2629&#8243; closed_toggle_text_color=&#8221;#FFFFFF&#8221; closed_toggle_background_color=&#8221;#7F2629&#8243; icon_color=&#8221;#E0D0A6&#8243; toggle_icon=&#8221;&#x37;||divi||400&#8243; use_icon_font_size=&#8221;on&#8221; icon_font_size=&#8221;30px&#8221; open_icon_color=&#8221;#FFFFFF&#8221; open_toggle_icon=&#8221;&#x36;||divi||400&#8243; open_use_icon_font_size=&#8221;on&#8221; open_icon_font_size=&#8221;30px&#8221; _builder_version=&#8221;4.27.5&#8243; _module_preset=&#8221;default&#8221; global_colors_info=&#8221;{}&#8221;]<\/p>\n<p><span style=\"color: #ffffff;\">Passat, present i futur. Projecci\u00f3 de Joaquima de Vedruna. Organitzat per <span style=\"font-weight: 400;\">Fundaci\u00f3 Vedruna Catalunya Educaci\u00f3.<\/span>  <\/span><\/p>\n<ul>\n<li style=\"list-style-type: none;\">\n<ul>\n<li><span style=\"text-decoration: underline; color: #ffffff;\"><a href=\"https:\/\/vedruna.cat\/posit-proposit-escoles-projecten-llegat-educatiu-joaquima\/\" style=\"color: #ffffff; text-decoration: underline;\">Not\u00edcia a vedruna.cat<\/a><\/span><\/li>\n<li><span style=\"text-decoration: underline; color: #ffffff;\"><a href=\"https:\/\/www.catalunyareligio.cat\/ca\/vedruna-ofereix-seu-llegat-tota-comunitat\" style=\"color: #ffffff; text-decoration: underline;\"><span><span style=\"font-weight: 400;\">Not\u00edcia a Catalunya Religi\u00f3<\/span><\/span><\/a><\/span><\/li>\n<\/ul>\n<\/li>\n<\/ul>\n<p>[\/et_pb_toggle][et_pb_toggle title=&#8221;25 de febrer 2025 &#8211; Inauguraci\u00f3 del Bicentenari a la Prov\u00edncia d&#039;Europa&#8221; open_toggle_text_color=&#8221;#FFFFFF&#8221; open_toggle_background_color=&#8221;#7F2629&#8243; closed_toggle_text_color=&#8221;#FFFFFF&#8221; closed_toggle_background_color=&#8221;#7F2629&#8243; icon_color=&#8221;#E0D0A6&#8243; toggle_icon=&#8221;&#x37;||divi||400&#8243; use_icon_font_size=&#8221;on&#8221; icon_font_size=&#8221;30px&#8221; open_icon_color=&#8221;#FFFFFF&#8221; open_toggle_icon=&#8221;&#x36;||divi||400&#8243; open_use_icon_font_size=&#8221;on&#8221; open_icon_font_size=&#8221;30px&#8221; _builder_version=&#8221;4.27.5&#8243; _module_preset=&#8221;default&#8221; global_colors_info=&#8221;{}&#8221;]<\/p>\n<p><span style=\"color: #ffffff;\">La Prov\u00edncia Vedruna d&#8217;Europa obre els actes de preparaci\u00f3 del Bicentenari amb una trobada en l\u00ednia, amb la participaci\u00f3 de Mar\u00eda Jos\u00e9 Meira i F\u00e1tima Borges, en representaci\u00f3 de l&#8217;Equip General.  <\/span><\/p>\n<ul>\n<li style=\"list-style-type: none;\">\n<ul>\n<li><span style=\"text-decoration: underline;\"><span style=\"color: #ffffff; text-decoration: underline;\"><a href=\"https:\/\/vedruna.eu\/portfolio-item\/arranca-el-bicentenario-es-nuestro-tiempo-porque-tambien-sera-nuestra-historia\/\" style=\"color: #ffffff; text-decoration: underline;\">Not\u00edcia a vedruna.eu<\/a><\/span><\/span><\/li>\n<\/ul>\n<\/li>\n<\/ul>\n<p>[\/et_pb_toggle][et_pb_toggle title=&#8221;17 maig 2025 &#8211; La figura de Joaquima de Vedruna i els tres esperits&#8221; open_toggle_text_color=&#8221;#FFFFFF&#8221; open_toggle_background_color=&#8221;#7F2629&#8243; closed_toggle_text_color=&#8221;#FFFFFF&#8221; closed_toggle_background_color=&#8221;#7F2629&#8243; icon_color=&#8221;#E0D0A6&#8243; toggle_icon=&#8221;&#x37;||divi||400&#8243; use_icon_font_size=&#8221;on&#8221; icon_font_size=&#8221;30px&#8221; open_icon_color=&#8221;#FFFFFF&#8221; open_toggle_icon=&#8221;&#x36;||divi||400&#8243; open_use_icon_font_size=&#8221;on&#8221; open_icon_font_size=&#8221;30px&#8221; _builder_version=&#8221;4.27.5&#8243; _module_preset=&#8221;default&#8221; global_colors_info=&#8221;{}&#8221;]<\/p>\n<p><span style=\"color: #ffffff;\">Actes celebrant per endavant la Festa de Santa Joaquina del 22 de maig.<\/span><\/p>\n<p><span style=\"color: #ffffff;\">Van incloure una Eucaristia d&#8217;Acci\u00f3 de Gr\u00e0cies a l&#8217;esgl\u00e9sia de la Casa Mare, que va ser presidida pel bisbe de Vic, Rom\u00e0 Casanova; i l&#8217;acte d&#8217;homenatge \u00abJoaquina de Vedruna, llum que inspira\u00bb.  <\/span><\/p>\n<ul>\n<li style=\"list-style-type: none;\">\n<ul>\n<li><span style=\"text-decoration: underline;\"><span style=\"color: #ffffff; text-decoration: underline;\"><a href=\"https:\/\/vedruna.org\/ca\/cami-al-bicentenari-vic-ret-homenatge-a-la-llum-de-joaquina-de-vedruna\/\" style=\"color: #ffffff; text-decoration: underline;\">Not\u00edcia a vedruna.org<\/a><\/span><\/span><\/li>\n<li><span style=\"text-decoration: underline;\"><span style=\"color: #ffffff; text-decoration: underline;\"><a href=\"https:\/\/vedruna.eu\/portfolio-item\/la-provincia-vedruna-europa-renueva-en-vic-el-si-de-joaquina-al-buen-jesus-que-nos-llama-sin-cesar\/\" style=\"color: #ffffff; text-decoration: underline;\">Not\u00edcia a vedruna.eu<\/a><\/span><\/span><\/li>\n<li><span style=\"text-decoration: underline;\"><span style=\"color: #ffffff; text-decoration: underline;\"><a href=\"https:\/\/vedruna.cat\/germanes-recorden-obertura-joaquima\/\" style=\"color: #ffffff; text-decoration: underline;\">Not\u00edcia a FCVE<\/a><\/span><\/span><\/li>\n<\/ul>\n<\/li>\n<\/ul>\n<p>[\/et_pb_toggle][et_pb_toggle title=&#8221;19 de desembre 2025 &#8211; Tornada a les arrels: dos-cents anys de la Carta Fundacional&#8221; open_toggle_text_color=&#8221;#FFFFFF&#8221; open_toggle_background_color=&#8221;#7F2629&#8243; closed_toggle_text_color=&#8221;#FFFFFF&#8221; closed_toggle_background_color=&#8221;#7F2629&#8243; icon_color=&#8221;#E0D0A6&#8243; toggle_icon=&#8221;&#x37;||divi||400&#8243; use_icon_font_size=&#8221;on&#8221; icon_font_size=&#8221;30px&#8221; open_icon_color=&#8221;#FFFFFF&#8221; open_toggle_icon=&#8221;&#x36;||divi||400&#8243; open_use_icon_font_size=&#8221;on&#8221; open_icon_font_size=&#8221;30px&#8221; _builder_version=&#8221;4.27.5&#8243; _module_preset=&#8221;default&#8221; global_colors_info=&#8221;{}&#8221;]<\/p>\n<p><span style=\"color: #ffffff;\">Commemorem els 200 anys de la carta amb qu\u00e8 Joaquina de Mas i Vedruna, demanava autoritzaci\u00f3 al bisbe de Vic, Pablo Jes\u00fas Corcuera, per fundar la Congregaci\u00f3, amb una trobada-oraci\u00f3 guiada per Loli Fern\u00e1ndez i Geraldyn Carrero, dos referents a la pastoral juvenil de la Prov\u00edncia.<\/span><\/p>\n<ul>\n<li style=\"list-style-type: none;\">\n<ul>\n<li><span style=\"color: #ffffff;\"><a href=\"https:\/\/youtu.be\/kBPefHFXqsI\" style=\"color: #ffffff;\"><span style=\"text-decoration: underline;\">V\u00eddeo: trobada-oraci\u00f3<\/span><\/a><\/span><\/li>\n<li><span style=\"text-decoration: underline; color: #ffffff;\"><a href=\"https:\/\/vedruna.eu\/portfolio-item\/regreso-a-las-raices-doscientos-anos-de-la-carta-fundacional\/\" style=\"text-decoration: underline; color: #ffffff;\">Not\u00edcia a vedruna.org<\/a><\/span><\/li>\n<\/ul>\n<\/li>\n<\/ul>\n<p>[\/et_pb_toggle][\/et_pb_column][\/et_pb_row][et_pb_row module_id=&#8221;Noticias&#8221; _builder_version=&#8221;4.27.4&#8243; _module_preset=&#8221;default&#8221; min_height=&#8221;422.9px&#8221; global_colors_info=&#8221;{}&#8221;][et_pb_column type=&#8221;4_4&#8243; _builder_version=&#8221;4.27.4&#8243; _module_preset=&#8221;default&#8221; global_colors_info=&#8221;{}&#8221;][et_pb_text _builder_version=&#8221;4.27.5&#8243; text_font=&#8221;|300|||||||&#8221; text_text_color=&#8221;#D64123&#8243; text_font_size=&#8221;22px&#8221; text_line_height=&#8221;1.8em&#8221; header_2_font=&#8221;|700|||||||&#8221; header_2_text_color=&#8221;#D64123&#8243; header_2_font_size=&#8221;36px&#8221; header_2_line_height=&#8221;0.8em&#8221; header_5_font=&#8221;|300|||||||&#8221; header_5_text_color=&#8221;#7F2629&#8243; header_5_font_size=&#8221;21px&#8221; text_orientation=&#8221;center&#8221; text_font_size_tablet=&#8221;&#8221; text_font_size_phone=&#8221;14px&#8221; text_font_size_last_edited=&#8221;on|desktop&#8221; global_colors_info=&#8221;{}&#8221;]<\/p>\n<h2><span style=\"color: #d63449;\"><b>Altres activitats<\/b><\/span><\/h2>\n<p><quillbot-extension-portal><\/quillbot-extension-portal><\/p>\n<p>[\/et_pb_text][et_pb_toggle title=&#8221;Ruta de l&#039;exili  &#8221; open_toggle_text_color=&#8221;#FFFFFF&#8221; open_toggle_background_color=&#8221;#7F2629&#8243; closed_toggle_text_color=&#8221;#FFFFFF&#8221; closed_toggle_background_color=&#8221;#7F2629&#8243; icon_color=&#8221;#E0D0A6&#8243; toggle_icon=&#8221;&#x37;||divi||400&#8243; use_icon_font_size=&#8221;on&#8221; icon_font_size=&#8221;30px&#8221; open_icon_color=&#8221;#FFFFFF&#8221; open_toggle_icon=&#8221;&#x36;||divi||400&#8243; open_use_icon_font_size=&#8221;on&#8221; open_icon_font_size=&#8221;30px&#8221; _builder_version=&#8221;4.27.5&#8243; _module_preset=&#8221;default&#8221; global_colors_info=&#8221;{}&#8221;]<\/p>\n<p><span style=\"color: #ffffff;\">Per Setmana Santa del 2025, un grup de <strong>germanes de les generacions m\u00e9s joves<\/strong> (GMJ), juntament amb la germana Maria Ant\u00f2nia Gilibets, realitza la <strong>Ruta de l&#8217;Exili.<\/strong><\/span><\/p>\n<p><span style=\"color: #ffffff;\">Aquest exili va ser el darrer dels tres que va viure Joaquima, juntament amb 14 germanes, entre el 3 de juliol de 1840 i el 16 de setembre de 1843, en el context de la primera guerra carlina.<\/span><\/p>\n<p><span style=\"color: #ffffff;\">L&#8217;experi\u00e8ncia de seguir les empremtes de Joaquima i d&#8217;aquelles germanes, des de Berga fins a Perpiny\u00e0, i tornada a Vic passant per B\u00e9ziers, va ser molt emotiva i fonda.<\/span><\/p>\n<ul>\n<li style=\"list-style-type: none;\">\n<ul>\n<li><span style=\"text-decoration: underline;\"><a href=\"https:\/\/vedruna.org\/ca\/ruta-de-lexili-dolor-repte-i-dol\/\"><span style=\"color: #ffffff; text-decoration: underline;\">Not\u00edcia a vedruna.org<\/span><\/a><\/span><\/li>\n<\/ul>\n<\/li>\n<\/ul>\n<p>[\/et_pb_toggle][et_pb_toggle title=&#8221;Ruta del dol\u00e7 Vedruna a S. Fernando&#8221; open_toggle_text_color=&#8221;#FFFFFF&#8221; open_toggle_background_color=&#8221;#7F2629&#8243; closed_toggle_text_color=&#8221;#FFFFFF&#8221; closed_toggle_background_color=&#8221;#7F2629&#8243; icon_color=&#8221;#E0D0A6&#8243; toggle_icon=&#8221;&#x37;||divi||400&#8243; use_icon_font_size=&#8221;on&#8221; icon_font_size=&#8221;30px&#8221; open_icon_color=&#8221;#FFFFFF&#8221; open_toggle_icon=&#8221;&#x36;||divi||400&#8243; open_use_icon_font_size=&#8221;on&#8221; open_icon_font_size=&#8221;30px&#8221; _builder_version=&#8221;4.27.5&#8243; _module_preset=&#8221;default&#8221; global_colors_info=&#8221;{}&#8221;]<\/p>\n<p><span style=\"color: #ffffff;\">El Col\u00b7legi Vedruna de Sant Ferran (Cadis, Espanya), en col\u00b7laboraci\u00f3 amb l&#8217;Ajuntament de la ciutat, organitza el maig del 2025 la Ruta del Dol\u00e7 Vedruna: un concurs gastron\u00f2mic, que forma part del programa d&#8217;activitats commemoratives pel Bicentenari de la Congregaci\u00f3.<\/span><\/p>\n<ul>\n<li style=\"list-style-type: none;\">\n<ul>\n<li><span style=\"text-decoration: underline;\"><a href=\"https:\/\/vedruna.org\/ca\/ruta-del-dolc-vedruna-a-san-fernando-celebrant-el-bicentenari-amb-dolcor\/\"><span style=\"color: #ffffff; text-decoration: underline;\">Not\u00edcia a vedruna.org<\/span><\/a><\/span><\/li>\n<\/ul>\n<\/li>\n<\/ul>\n<p>[\/et_pb_toggle][et_pb_toggle title=&#8221;Caminada Badia de S. Fernando&#8221; open_toggle_text_color=&#8221;#FFFFFF&#8221; open_toggle_background_color=&#8221;#7F2629&#8243; closed_toggle_text_color=&#8221;#FFFFFF&#8221; closed_toggle_background_color=&#8221;#7F2629&#8243; icon_color=&#8221;#E0D0A6&#8243; toggle_icon=&#8221;&#x37;||divi||400&#8243; use_icon_font_size=&#8221;on&#8221; icon_font_size=&#8221;30px&#8221; open_icon_color=&#8221;#FFFFFF&#8221; open_toggle_icon=&#8221;&#x36;||divi||400&#8243; open_use_icon_font_size=&#8221;on&#8221; open_icon_font_size=&#8221;30px&#8221; _builder_version=&#8221;4.27.5&#8243; _module_preset=&#8221;default&#8221; global_colors_info=&#8221;{}&#8221;]<\/p>\n<p><span style=\"color: #ffffff;\">El 25 d&#8217;octubre del 2025, amb motiu del Bicentenari, m\u00e9s de 300 caminants van rec\u00f3rrer el Sender Verd Vedruna per la Badia de Cadis: una ruta espiritual i simb\u00f2lica a trav\u00e9s dels quatre centres de pres\u00e8ncia Vedruna a la zona.  <\/span><\/p>\n<p><span style=\"color: #ffffff;\">Els pelegrins van marxar sota el lema \u201c200 anys caminant junts\u201d, recorrent m\u00e9s de 40 quil\u00f2metres per senders existents entre el Port de Santa Maria, Port Real, San Fernando i Cadis. Va ser una manera de celebrar llegat d&#8217;amor, servei i entrega de Santa Joaquima de Vedruna, una dona que va estar en moviment continu.   <\/span><\/p>\n<ul>\n<li style=\"list-style-type: none;\">\n<ul>\n<li><span style=\"text-decoration: underline; color: #ffffff;\"><a href=\"https:\/\/vedruna.org\/ca\/una-familia-en-cami-la-badia-de-cadis-celebra-el-bicentenari\/\" style=\"color: #ffffff; text-decoration: underline;\">Not\u00edcia a vedruna.org<\/a><\/span><\/li>\n<\/ul>\n<\/li>\n<\/ul>\n<p>[\/et_pb_toggle][et_pb_text _builder_version=&#8221;4.27.5&#8243; text_font=&#8221;|300|||||||&#8221; text_text_color=&#8221;#D64123&#8243; text_font_size=&#8221;22px&#8221; text_line_height=&#8221;1.8em&#8221; header_2_font=&#8221;|700|||||||&#8221; header_2_text_color=&#8221;#D64123&#8243; header_2_font_size=&#8221;36px&#8221; header_2_line_height=&#8221;0.8em&#8221; header_5_font=&#8221;|300|||||||&#8221; header_5_text_color=&#8221;#7F2629&#8243; header_5_font_size=&#8221;21px&#8221; text_orientation=&#8221;center&#8221; text_font_size_tablet=&#8221;&#8221; text_font_size_phone=&#8221;14px&#8221; text_font_size_last_edited=&#8221;on|desktop&#8221; global_colors_info=&#8221;{}&#8221;]<\/p>\n<h2><span style=\"color: #d63449;\">Formacions<\/span><\/h2>\n<p>[\/et_pb_text][et_pb_toggle title=&#8221;Octubre 2024 &#8211; Juny 2025: Itinerari de formaci\u00f3 a Carisma per a joves agents de Pastoral&#8221; open_toggle_text_color=&#8221;#FFFFFF&#8221; open_toggle_background_color=&#8221;#7F2629&#8243; closed_toggle_text_color=&#8221;#FFFFFF&#8221; closed_toggle_background_color=&#8221;#7F2629&#8243; icon_color=&#8221;#E0D0A6&#8243; toggle_icon=&#8221;&#x37;||divi||400&#8243; use_icon_font_size=&#8221;on&#8221; icon_font_size=&#8221;30px&#8221; open_icon_color=&#8221;#FFFFFF&#8221; open_toggle_icon=&#8221;&#x36;||divi||400&#8243; open_use_icon_font_size=&#8221;on&#8221; open_icon_font_size=&#8221;30px&#8221; _builder_version=&#8221;4.27.5&#8243; _module_preset=&#8221;default&#8221; global_colors_info=&#8221;{}&#8221;]<\/p>\n<p><span style=\"color: #ffffff;\">Formaci\u00f3 impartida per PJV Vedruna a diversos agents de Pastoral Vedruna. Amb trobades mensuals de car\u00e0cter en l\u00ednia, els temes s\u00f3n: <\/span><\/p>\n<ul>\n<li><span style=\"color: #ffffff;\">Introducci\u00f3. Els carismes a l&#8217;Esgl\u00e9sia <\/span><\/li>\n<li><span style=\"color: #ffffff;\">Joaquima i la seva experi\u00e8ncia espiritual. Qui \u00e9s D\u00e9u per a Joaquima? <\/span><\/li>\n<li><span style=\"color: #ffffff;\">La creu i el dolor a la vida de Joaquima<\/span><\/li>\n<li><span style=\"color: #ffffff;\">L&#8217;alegria a Joaquina de Vedruna<\/span><\/li>\n<li><span style=\"color: #ffffff;\">La recerca de la voluntat de D\u00e9u<\/span><\/li>\n<li><span style=\"color: #ffffff;\">Una manera d&#8217;entendre l&#8217;educaci\u00f3: la pedagogia de l&#8217;amor<\/span><\/li>\n<li><span style=\"color: #ffffff;\">Una manera d&#8217;entendre la pastoral: abra\u00e7ar joves<\/span><\/li>\n<\/ul>\n<p>[\/et_pb_toggle][et_pb_toggle title=&#8221;Setembre 2025: Trobada d&#039;equips de Pastoral, Fundaci\u00f3 Vedruna Educaci\u00f3&#8221; open_toggle_text_color=&#8221;#FFFFFF&#8221; open_toggle_background_color=&#8221;#7F2629&#8243; closed_toggle_text_color=&#8221;#FFFFFF&#8221; closed_toggle_background_color=&#8221;#7F2629&#8243; icon_color=&#8221;#E0D0A6&#8243; toggle_icon=&#8221;&#x37;||divi||400&#8243; use_icon_font_size=&#8221;on&#8221; icon_font_size=&#8221;30px&#8221; open_icon_color=&#8221;#FFFFFF&#8221; open_toggle_icon=&#8221;&#x36;||divi||400&#8243; open_use_icon_font_size=&#8221;on&#8221; open_icon_font_size=&#8221;30px&#8221; _builder_version=&#8221;4.27.5&#8243; _module_preset=&#8221;default&#8221; global_colors_info=&#8221;{}&#8221;]<\/p>\n<p><span style=\"color: #ffffff;\">M\u00e9s de 130 persones, entre elles 11 germanes, que conformen els equips de pastoral dels 33 col\u00b7legis Vedruna, la Pastoral Juvenil Vedruna, el Col\u00b7legi Major, la Gna. Dolors Garc\u00eda del Patronat de la FVE i David de Frutos coordinador de l&#8217;Equip de Gesti\u00f3, es van reunir els dies 5, 6 i 7 de setembre a Madrid.   <\/span><\/p>\n<ul>\n<li style=\"list-style-type: none;\">\n<ul>\n<li><span style=\"color: #ffffff;\"><a href=\"https:\/\/vedruna.eu\/portfolio-item\/abrazando-el-futuro-encuentro-de-los-equipos-de-pastoral-de-la-fundacion-vedruna-educacion\/\" style=\"color: #ffffff;\">Not\u00edcia a vedruna.eu<\/a><\/span><\/li>\n<\/ul>\n<\/li>\n<\/ul>\n<p>[\/et_pb_toggle][\/et_pb_column][\/et_pb_row][\/et_pb_section][et_pb_section fb_built=&#8221;1&#8243; _builder_version=&#8221;4.27.5&#8243; _module_preset=&#8221;default&#8221; background_color=&#8221;#FFFFFF&#8221; custom_padding=&#8221;6vw||0px||false|false&#8221; da_disable_devices=&#8221;off|off|off&#8221; global_colors_info=&#8221;{}&#8221; da_is_popup=&#8221;off&#8221; da_exit_intent=&#8221;off&#8221; da_has_close=&#8221;on&#8221; da_alt_close=&#8221;off&#8221; da_dark_close=&#8221;off&#8221; da_not_modal=&#8221;on&#8221; da_is_singular=&#8221;off&#8221; da_with_loader=&#8221;off&#8221; da_has_shadow=&#8221;on&#8221;][et_pb_row module_id=&#8221;Noticias&#8221; _builder_version=&#8221;4.27.4&#8243; _module_preset=&#8221;default&#8221; min_height=&#8221;685.8px&#8221; global_colors_info=&#8221;{}&#8221;][et_pb_column type=&#8221;4_4&#8243; _builder_version=&#8221;4.27.4&#8243; _module_preset=&#8221;default&#8221; global_colors_info=&#8221;{}&#8221;][et_pb_text _builder_version=&#8221;4.27.5&#8243; text_font=&#8221;|300|||||||&#8221; text_text_color=&#8221;#D64123&#8243; text_font_size=&#8221;22px&#8221; text_line_height=&#8221;1.8em&#8221; header_2_font=&#8221;|700|||||||&#8221; header_2_text_color=&#8221;#D64123&#8243; header_2_font_size=&#8221;36px&#8221; header_2_line_height=&#8221;0.8em&#8221; header_5_font=&#8221;|300|||||||&#8221; header_5_text_color=&#8221;#7F2629&#8243; header_5_font_size=&#8221;21px&#8221; text_orientation=&#8221;center&#8221; text_font_size_tablet=&#8221;&#8221; text_font_size_phone=&#8221;14px&#8221; text_font_size_last_edited=&#8221;on|desktop&#8221; global_colors_info=&#8221;{}&#8221;]<\/p>\n<h2><span style=\"color: #d63449;\"><b>Not\u00edcies del Bicentenari a la Prov\u00edncia d&#8217;Europa<\/b><\/span><\/h2>\n<p><quillbot-extension-portal><\/quillbot-extension-portal><\/p>\n<p>[\/et_pb_text][et_pb_blog fullwidth=&#8221;off&#8221; posts_number=&#8221;3&#8243; include_categories=&#8221;166&#8243; meta_date=&#8221;d M&#8221; excerpt_length=&#8221;0&#8243; show_more=&#8221;on&#8221; show_author=&#8221;off&#8221; show_pagination=&#8221;off&#8221; _builder_version=&#8221;4.27.5&#8243; _module_preset=&#8221;default&#8221; header_font=&#8221;|300|||||||&#8221; header_line_height=&#8221;1.2em&#8221; meta_text_color=&#8221;#FFFFFF&#8221; read_more_font=&#8221;|||on|||||&#8221; read_more_text_color=&#8221;rgba(0,0,0,0.6)&#8221; min_height=&#8221;440px&#8221; animation_style=&#8221;slide&#8221; animation_duration=&#8221;1500ms&#8221; animation_delay=&#8221;500ms&#8221; border_radii=&#8221;on|10px|10px|10px|10px&#8221; border_width_all=&#8221;2px&#8221; border_color_all=&#8221;rgba(224,208,166,0.3)&#8221; global_colors_info=&#8221;{}&#8221;][\/et_pb_blog][et_pb_button button_url=&#8221;https:\/\/vedruna.org\/download-category\/bicentenario-vedruna\/&#8221; button_text=&#8221;Veure m\u00e9s&#8221; button_alignment=&#8221;center&#8221; _builder_version=&#8221;4.27.4&#8243; _module_preset=&#8221;default&#8221; custom_button=&#8221;on&#8221; button_text_size=&#8221;16px&#8221; button_text_color=&#8221;#FFFFFF&#8221; button_bg_color=&#8221;#7F2629&#8243; button_border_width=&#8221;0px&#8221; button_border_radius=&#8221;20px&#8221; custom_padding=&#8221;|30px||30px|false|true&#8221; global_colors_info=&#8221;{}&#8221;][\/et_pb_button][\/et_pb_column][\/et_pb_row][\/et_pb_section]<\/p>\n","protected":false},"excerpt":{"rendered":"<p>Bicentenari a la Prov\u00edncia d&#8217;Europa ObjectiuConscienciar sobre la rica aportaci\u00f3 de Santa Joaquina Vedruna i visibilitzar all\u00f2 que Vedruna ha significat des dels or\u00edgens, el cam\u00ed recorregut en 200 anys i l&#8217;actualitzaci\u00f3 del Carisma, amb projecci\u00f3 de futur. Totes les propostes s\u00f3n fruit del treball conjunt de:2026 Celebraci\u00f3 del BicentenariEl dia de l&#8217;Epifania, per a [&hellip;]<\/p>\n","protected":false},"author":2,"featured_media":0,"parent":0,"menu_order":0,"comment_status":"closed","ping_status":"closed","template":"","meta":{"_et_pb_use_builder":"on","_et_pb_old_content":"","_et_gb_content_width":"","pgc_sgb_lightbox_settings":"","footnotes":""},"class_list":["post-32475","page","type-page","status-publish","hentry"],"yoast_head":"<!-- This site is optimized with the Yoast SEO plugin v27.5 - https:\/\/yoast.com\/product\/yoast-seo-wordpress\/ -->\n<title>Bicentenari Prov\u00edncia d&#039;Europa - Carmelitas de la Caridad Vedruna<\/title>\n<meta name=\"robots\" content=\"index, follow, max-snippet:-1, max-image-preview:large, max-video-preview:-1\" \/>\n<link rel=\"canonical\" href=\"https:\/\/vedruna.org\/ca\/bicentenari-provincia-europa\/\" \/>\n<meta property=\"og:locale\" content=\"ca_ES\" \/>\n<meta property=\"og:type\" content=\"article\" \/>\n<meta property=\"og:title\" content=\"Bicentenari Prov\u00edncia d&#039;Europa - Carmelitas de la Caridad Vedruna\" \/>\n<meta property=\"og:description\" content=\"Bicentenari a la Prov\u00edncia d&#039;Europa ObjectiuConscienciar sobre la rica aportaci\u00f3 de Santa Joaquina Vedruna i visibilitzar all\u00f2 que Vedruna ha significat des dels or\u00edgens, el cam\u00ed recorregut en 200 anys i l&#039;actualitzaci\u00f3 del Carisma, amb projecci\u00f3 de futur. Totes les propostes s\u00f3n fruit del treball conjunt de:2026 Celebraci\u00f3 del BicentenariEl dia de l&#039;Epifania, per a [&hellip;]\" \/>\n<meta property=\"og:url\" content=\"https:\/\/vedruna.org\/ca\/bicentenari-provincia-europa\/\" \/>\n<meta property=\"og:site_name\" content=\"Carmelitas de la Caridad Vedruna\" \/>\n<meta property=\"article:modified_time\" content=\"2026-04-20T08:42:44+00:00\" \/>\n<meta name=\"twitter:card\" content=\"summary_large_image\" \/>\n<meta name=\"twitter:label1\" content=\"Temps estimat de lectura\" \/>\n\t<meta name=\"twitter:data1\" content=\"37 minuts\" \/>\n<script type=\"application\/ld+json\" class=\"yoast-schema-graph\">{\"@context\":\"https:\\\/\\\/schema.org\",\"@graph\":[{\"@type\":\"WebPage\",\"@id\":\"https:\\\/\\\/vedruna.org\\\/ca\\\/bicentenari-provincia-europa\\\/\",\"url\":\"https:\\\/\\\/vedruna.org\\\/ca\\\/bicentenari-provincia-europa\\\/\",\"name\":\"Bicentenari Prov\u00edncia d'Europa - Carmelitas de la Caridad Vedruna\",\"isPartOf\":{\"@id\":\"https:\\\/\\\/vedruna.org\\\/ca\\\/#website\"},\"datePublished\":\"2026-01-07T13:50:53+00:00\",\"dateModified\":\"2026-04-20T08:42:44+00:00\",\"breadcrumb\":{\"@id\":\"https:\\\/\\\/vedruna.org\\\/ca\\\/bicentenari-provincia-europa\\\/#breadcrumb\"},\"inLanguage\":\"ca\",\"potentialAction\":[{\"@type\":\"ReadAction\",\"target\":[\"https:\\\/\\\/vedruna.org\\\/ca\\\/bicentenari-provincia-europa\\\/\"]}]},{\"@type\":\"BreadcrumbList\",\"@id\":\"https:\\\/\\\/vedruna.org\\\/ca\\\/bicentenari-provincia-europa\\\/#breadcrumb\",\"itemListElement\":[{\"@type\":\"ListItem\",\"position\":1,\"name\":\"Portada\",\"item\":\"https:\\\/\\\/vedruna.org\\\/ca\\\/\"},{\"@type\":\"ListItem\",\"position\":2,\"name\":\"Bicentenari Prov\u00edncia d&#8217;Europa\"}]},{\"@type\":\"WebSite\",\"@id\":\"https:\\\/\\\/vedruna.org\\\/ca\\\/#website\",\"url\":\"https:\\\/\\\/vedruna.org\\\/ca\\\/\",\"name\":\"Carmelitas de la Caridad Vedruna\",\"description\":\"Carmelitas de la caridad\",\"publisher\":{\"@id\":\"https:\\\/\\\/vedruna.org\\\/ca\\\/#organization\"},\"potentialAction\":[{\"@type\":\"SearchAction\",\"target\":{\"@type\":\"EntryPoint\",\"urlTemplate\":\"https:\\\/\\\/vedruna.org\\\/ca\\\/?s={search_term_string}\"},\"query-input\":{\"@type\":\"PropertyValueSpecification\",\"valueRequired\":true,\"valueName\":\"search_term_string\"}}],\"inLanguage\":\"ca\"},{\"@type\":\"Organization\",\"@id\":\"https:\\\/\\\/vedruna.org\\\/ca\\\/#organization\",\"name\":\"Carmelitas de la caridad Vedruna\",\"url\":\"https:\\\/\\\/vedruna.org\\\/ca\\\/\",\"logo\":{\"@type\":\"ImageObject\",\"inLanguage\":\"ca\",\"@id\":\"https:\\\/\\\/vedruna.org\\\/ca\\\/#\\\/schema\\\/logo\\\/image\\\/\",\"url\":\"https:\\\/\\\/vedruna.org\\\/wp-content\\\/uploads\\\/2022\\\/04\\\/LOGO-VEDRUNA-HORIZONTAL.png\",\"contentUrl\":\"https:\\\/\\\/vedruna.org\\\/wp-content\\\/uploads\\\/2022\\\/04\\\/LOGO-VEDRUNA-HORIZONTAL.png\",\"width\":1200,\"height\":463,\"caption\":\"Carmelitas de la caridad Vedruna\"},\"image\":{\"@id\":\"https:\\\/\\\/vedruna.org\\\/ca\\\/#\\\/schema\\\/logo\\\/image\\\/\"}}]}<\/script>\n<!-- \/ Yoast SEO plugin. -->","yoast_head_json":{"title":"Bicentenari Prov\u00edncia d'Europa - Carmelitas de la Caridad Vedruna","robots":{"index":"index","follow":"follow","max-snippet":"max-snippet:-1","max-image-preview":"max-image-preview:large","max-video-preview":"max-video-preview:-1"},"canonical":"https:\/\/vedruna.org\/ca\/bicentenari-provincia-europa\/","og_locale":"ca_ES","og_type":"article","og_title":"Bicentenari Prov\u00edncia d'Europa - Carmelitas de la Caridad Vedruna","og_description":"Bicentenari a la Prov\u00edncia d'Europa ObjectiuConscienciar sobre la rica aportaci\u00f3 de Santa Joaquina Vedruna i visibilitzar all\u00f2 que Vedruna ha significat des dels or\u00edgens, el cam\u00ed recorregut en 200 anys i l'actualitzaci\u00f3 del Carisma, amb projecci\u00f3 de futur. Totes les propostes s\u00f3n fruit del treball conjunt de:2026 Celebraci\u00f3 del BicentenariEl dia de l'Epifania, per a [&hellip;]","og_url":"https:\/\/vedruna.org\/ca\/bicentenari-provincia-europa\/","og_site_name":"Carmelitas de la Caridad Vedruna","article_modified_time":"2026-04-20T08:42:44+00:00","twitter_card":"summary_large_image","twitter_misc":{"Temps estimat de lectura":"37 minuts"},"schema":{"@context":"https:\/\/schema.org","@graph":[{"@type":"WebPage","@id":"https:\/\/vedruna.org\/ca\/bicentenari-provincia-europa\/","url":"https:\/\/vedruna.org\/ca\/bicentenari-provincia-europa\/","name":"Bicentenari Prov\u00edncia d'Europa - Carmelitas de la Caridad Vedruna","isPartOf":{"@id":"https:\/\/vedruna.org\/ca\/#website"},"datePublished":"2026-01-07T13:50:53+00:00","dateModified":"2026-04-20T08:42:44+00:00","breadcrumb":{"@id":"https:\/\/vedruna.org\/ca\/bicentenari-provincia-europa\/#breadcrumb"},"inLanguage":"ca","potentialAction":[{"@type":"ReadAction","target":["https:\/\/vedruna.org\/ca\/bicentenari-provincia-europa\/"]}]},{"@type":"BreadcrumbList","@id":"https:\/\/vedruna.org\/ca\/bicentenari-provincia-europa\/#breadcrumb","itemListElement":[{"@type":"ListItem","position":1,"name":"Portada","item":"https:\/\/vedruna.org\/ca\/"},{"@type":"ListItem","position":2,"name":"Bicentenari Prov\u00edncia d&#8217;Europa"}]},{"@type":"WebSite","@id":"https:\/\/vedruna.org\/ca\/#website","url":"https:\/\/vedruna.org\/ca\/","name":"Carmelitas de la Caridad Vedruna","description":"Carmelitas de la caridad","publisher":{"@id":"https:\/\/vedruna.org\/ca\/#organization"},"potentialAction":[{"@type":"SearchAction","target":{"@type":"EntryPoint","urlTemplate":"https:\/\/vedruna.org\/ca\/?s={search_term_string}"},"query-input":{"@type":"PropertyValueSpecification","valueRequired":true,"valueName":"search_term_string"}}],"inLanguage":"ca"},{"@type":"Organization","@id":"https:\/\/vedruna.org\/ca\/#organization","name":"Carmelitas de la caridad Vedruna","url":"https:\/\/vedruna.org\/ca\/","logo":{"@type":"ImageObject","inLanguage":"ca","@id":"https:\/\/vedruna.org\/ca\/#\/schema\/logo\/image\/","url":"https:\/\/vedruna.org\/wp-content\/uploads\/2022\/04\/LOGO-VEDRUNA-HORIZONTAL.png","contentUrl":"https:\/\/vedruna.org\/wp-content\/uploads\/2022\/04\/LOGO-VEDRUNA-HORIZONTAL.png","width":1200,"height":463,"caption":"Carmelitas de la caridad Vedruna"},"image":{"@id":"https:\/\/vedruna.org\/ca\/#\/schema\/logo\/image\/"}}]}},"_links":{"self":[{"href":"https:\/\/vedruna.org\/ca\/wp-json\/wp\/v2\/pages\/32475","targetHints":{"allow":["GET"]}}],"collection":[{"href":"https:\/\/vedruna.org\/ca\/wp-json\/wp\/v2\/pages"}],"about":[{"href":"https:\/\/vedruna.org\/ca\/wp-json\/wp\/v2\/types\/page"}],"author":[{"embeddable":true,"href":"https:\/\/vedruna.org\/ca\/wp-json\/wp\/v2\/users\/2"}],"replies":[{"embeddable":true,"href":"https:\/\/vedruna.org\/ca\/wp-json\/wp\/v2\/comments?post=32475"}],"version-history":[{"count":56,"href":"https:\/\/vedruna.org\/ca\/wp-json\/wp\/v2\/pages\/32475\/revisions"}],"predecessor-version":[{"id":35641,"href":"https:\/\/vedruna.org\/ca\/wp-json\/wp\/v2\/pages\/32475\/revisions\/35641"}],"wp:attachment":[{"href":"https:\/\/vedruna.org\/ca\/wp-json\/wp\/v2\/media?parent=32475"}],"curies":[{"name":"wp","href":"https:\/\/api.w.org\/{rel}","templated":true}]}}