{"id":33776,"date":"2026-02-24T16:52:43","date_gmt":"2026-02-24T15:52:43","guid":{"rendered":"https:\/\/vedruna.org\/bicentenari-provincia-dafrica\/"},"modified":"2026-02-24T16:55:21","modified_gmt":"2026-02-24T15:55:21","slug":"bicentenari-provincia-dafrica","status":"publish","type":"page","link":"https:\/\/vedruna.org\/ca\/bicentenari-provincia-dafrica\/","title":{"rendered":"Bicentenari Prov\u00edncia d&#8217;\u00c0frica"},"content":{"rendered":"<p>[et_pb_section fb_built=&#8221;1&#8243; next_background_color=&#8221;#E0D0A6&#8243; _builder_version=&#8221;4.27.5&#8243; _module_preset=&#8221;default&#8221; use_background_color_gradient=&#8221;on&#8221; background_color_gradient_direction=&#8221;90deg&#8221; background_color_gradient_stops=&#8221;rgba(0,0,0,0.4) 0%|rgba(0,0,0,0) 100%&#8221; background_image=&#8221;https:\/\/vedruna.org\/wp-content\/uploads\/2026\/01\/WhatsApp-Image-2025-11-28-at-19.12.07-e1764595931649-1024&#215;576-1.jpg&#8221; background_blend=&#8221;overlay&#8221; min_height=&#8221;438.6px&#8221; custom_padding=&#8221;13vw||4vw||false|false&#8221; bottom_divider_style=&#8221;ramp&#8221; bottom_divider_flip=&#8221;horizontal&#8221; da_disable_devices=&#8221;off|off|off&#8221; global_colors_info=&#8221;{}&#8221; da_is_popup=&#8221;off&#8221; da_exit_intent=&#8221;off&#8221; da_has_close=&#8221;on&#8221; da_alt_close=&#8221;off&#8221; da_dark_close=&#8221;off&#8221; da_not_modal=&#8221;on&#8221; da_is_singular=&#8221;off&#8221; da_with_loader=&#8221;off&#8221; da_has_shadow=&#8221;on&#8221;][et_pb_row _builder_version=&#8221;4.17.0&#8243; _module_preset=&#8221;default&#8221; min_height=&#8221;62px&#8221; global_colors_info=&#8221;{}&#8221;][et_pb_column type=&#8221;4_4&#8243; _builder_version=&#8221;4.17.0&#8243; _module_preset=&#8221;default&#8221; global_colors_info=&#8221;{}&#8221;][et_pb_text _builder_version=&#8221;4.27.5&#8243; _module_preset=&#8221;default&#8221; header_font=&#8221;|700|||||||&#8221; header_text_color=&#8221;#FFFFFF&#8221; header_font_size=&#8221;42px&#8221; header_2_font=&#8221;|700||on|||||&#8221; header_2_text_color=&#8221;#FFFFFF&#8221; header_2_font_size=&#8221;42px&#8221; min_height=&#8221;40px&#8221; header_font_size_tablet=&#8221;36px&#8221; header_font_size_phone=&#8221;30px&#8221; header_font_size_last_edited=&#8221;on|phone&#8221; global_colors_info=&#8221;{}&#8221;]<\/p>\n<h1><strong>Bicentenari a la Prov\u00edncia d&#8217;\u00c0frica<\/strong><\/h1>\n<h2><\/h2>\n<p>[\/et_pb_text][\/et_pb_column][\/et_pb_row][\/et_pb_section][et_pb_section fb_built=&#8221;1&#8243; admin_label=&#8221;About&#8221; _builder_version=&#8221;4.27.5&#8243; background_color=&#8221;#E0D0A6&#8243; background_color_gradient_start=&#8221;#ffffff&#8221; background_color_gradient_end=&#8221;#f4f4f4&#8243; min_height=&#8221;504px&#8221; custom_margin=&#8221;||-236px||false|false&#8221; custom_padding=&#8221;3vw||3vw||true|false&#8221; bottom_divider_color=&#8221;#ffffff&#8221; bottom_divider_height=&#8221;10vw&#8221; da_disable_devices=&#8221;off|off|off&#8221; locked=&#8221;off&#8221; global_colors_info=&#8221;{}&#8221; da_is_popup=&#8221;off&#8221; da_exit_intent=&#8221;off&#8221; da_has_close=&#8221;on&#8221; da_alt_close=&#8221;off&#8221; da_dark_close=&#8221;off&#8221; da_not_modal=&#8221;on&#8221; da_is_singular=&#8221;off&#8221; da_with_loader=&#8221;off&#8221; da_has_shadow=&#8221;on&#8221;][et_pb_row _builder_version=&#8221;4.27.5&#8243; _module_preset=&#8221;default&#8221; custom_padding=&#8221;|||1px||&#8221; global_colors_info=&#8221;{}&#8221;][et_pb_column type=&#8221;4_4&#8243; _builder_version=&#8221;4.21.0&#8243; _module_preset=&#8221;default&#8221; global_colors_info=&#8221;{}&#8221;][et_pb_text _builder_version=&#8221;4.27.5&#8243; text_font=&#8221;|300|||||||&#8221; text_text_color=&#8221;#D64123&#8243; text_font_size=&#8221;22px&#8221; text_line_height=&#8221;1.8em&#8221; header_2_font=&#8221;|700|||||||&#8221; header_2_text_color=&#8221;#D64123&#8243; header_2_font_size=&#8221;36px&#8221; header_2_line_height=&#8221;0.8em&#8221; header_5_font=&#8221;|300|||||||&#8221; header_5_text_color=&#8221;#7F2629&#8243; header_5_font_size=&#8221;21px&#8221; text_orientation=&#8221;center&#8221; text_font_size_tablet=&#8221;&#8221; text_font_size_phone=&#8221;14px&#8221; text_font_size_last_edited=&#8221;on|desktop&#8221; global_colors_info=&#8221;{}&#8221;]<\/p>\n<h2><span style=\"color: #d63449;\">Objectiu<\/span><\/h2>\n<p>[\/et_pb_text][et_pb_text _builder_version=&#8221;4.27.5&#8243; text_font=&#8221;||||||||&#8221; text_text_color=&#8221;#7F2629&#8243; text_line_height=&#8221;1.8em&#8221; header_2_font=&#8221;|700|||||||&#8221; header_2_text_color=&#8221;#7F2629&#8243; header_2_font_size=&#8221;36px&#8221; header_5_font=&#8221;|300|||||||&#8221; header_5_text_color=&#8221;#7F2629&#8243; header_5_font_size=&#8221;21px&#8221; text_font_size_tablet=&#8221;&#8221; text_font_size_phone=&#8221;14px&#8221; text_font_size_last_edited=&#8221;on|desktop&#8221; global_colors_info=&#8221;{}&#8221;]<\/p>\n<p style=\"text-align: center;\"><span style=\"font-weight: 400;\">A la Prov\u00edncia Vedruna d&#8217;\u00c0frica, volem celebrar el Bicentenari Vedruna promovent el coneixement de la vida i llegat de Santa Joaquina Vedruna, enfortint la fe i la identitat carism\u00e0tica a la comunitat educativa i cristiana, i impulsant espais de trobada, gratitud, formaci\u00f3 i comprom\u00eds solidari que projectin el carisma Vedruna cap al futur.<\/span><\/p>\n<p>[\/et_pb_text][\/et_pb_column][\/et_pb_row][\/et_pb_section][et_pb_section fb_built=&#8221;1&#8243; next_background_color=&#8221;#FFFFFF&#8221; _builder_version=&#8221;4.27.5&#8243; _module_preset=&#8221;default&#8221; background_color=&#8221;RGBA(255,255,255,0)&#8221; min_height=&#8221;38px&#8221; custom_margin=&#8221;0px||||false|false&#8221; custom_padding=&#8221;0px||0px||false|false&#8221; bottom_divider_style=&#8221;curve&#8221; bottom_divider_arrangement=&#8221;above_content&#8221; da_disable_devices=&#8221;off|off|off&#8221; global_colors_info=&#8221;{}&#8221; da_is_popup=&#8221;off&#8221; da_exit_intent=&#8221;off&#8221; da_has_close=&#8221;on&#8221; da_alt_close=&#8221;off&#8221; da_dark_close=&#8221;off&#8221; da_not_modal=&#8221;on&#8221; da_is_singular=&#8221;off&#8221; da_with_loader=&#8221;off&#8221; da_has_shadow=&#8221;on&#8221;][\/et_pb_section][et_pb_section fb_built=&#8221;1&#8243; next_background_color=&#8221;#E0D0A6&#8243; _builder_version=&#8221;4.27.5&#8243; _module_preset=&#8221;default&#8221; background_color=&#8221;#FFFFFF&#8221; min_height=&#8221;535.5px&#8221; custom_margin=&#8221;||0px||false|false&#8221; custom_padding=&#8221;26px||117px||false|false&#8221; bottom_divider_style=&#8221;curve&#8221; bottom_divider_arrangement=&#8221;above_content&#8221; da_disable_devices=&#8221;off|off|off&#8221; global_colors_info=&#8221;{}&#8221; da_is_popup=&#8221;off&#8221; da_exit_intent=&#8221;off&#8221; da_has_close=&#8221;on&#8221; da_alt_close=&#8221;off&#8221; da_dark_close=&#8221;off&#8221; da_not_modal=&#8221;on&#8221; da_is_singular=&#8221;off&#8221; da_with_loader=&#8221;off&#8221; da_has_shadow=&#8221;on&#8221;][et_pb_row _builder_version=&#8221;4.27.5&#8243; _module_preset=&#8221;default&#8221; custom_padding=&#8221;33px|||||&#8221; global_colors_info=&#8221;{}&#8221;][et_pb_column type=&#8221;4_4&#8243; _builder_version=&#8221;4.27.5&#8243; _module_preset=&#8221;default&#8221; global_colors_info=&#8221;{}&#8221;][et_pb_text _builder_version=&#8221;4.27.5&#8243; text_font=&#8221;|300|||||||&#8221; text_text_color=&#8221;#D64123&#8243; text_font_size=&#8221;22px&#8221; text_line_height=&#8221;1.8em&#8221; header_2_font=&#8221;|700|||||||&#8221; header_2_text_color=&#8221;#D64123&#8243; header_2_font_size=&#8221;36px&#8221; header_2_line_height=&#8221;0.8em&#8221; header_5_font=&#8221;|300|||||||&#8221; header_5_text_color=&#8221;#7F2629&#8243; header_5_font_size=&#8221;21px&#8221; text_orientation=&#8221;center&#8221; min_height=&#8221;64px&#8221; custom_padding=&#8221;||8px|||&#8221; text_font_size_tablet=&#8221;&#8221; text_font_size_phone=&#8221;14px&#8221; text_font_size_last_edited=&#8221;on|desktop&#8221; global_colors_info=&#8221;{}&#8221;]<\/p>\n<h2><span style=\"color: #d63449;\">Esdeveniments del Bicentenari de la Prov\u00edncia d&#8217;\u00c0frica<\/span><\/h2>\n<h2><quillbot-extension-portal><\/quillbot-extension-portal><\/h2>\n<p>[\/et_pb_text][\/et_pb_column][\/et_pb_row][et_pb_row column_structure=&#8221;1_2,1_2&#8243; _builder_version=&#8221;4.27.5&#8243; _module_preset=&#8221;default&#8221; custom_padding=&#8221;23px|||||&#8221; global_colors_info=&#8221;{}&#8221;][et_pb_column type=&#8221;1_2&#8243; _builder_version=&#8221;4.27.5&#8243; _module_preset=&#8221;default&#8221; global_colors_info=&#8221;{}&#8221;][et_pb_toggle title=&#8221;  Gener 2026: Reflexi\u00f3, di\u00e0leg i esport&#8221; open_toggle_text_color=&#8221;#FFFFFF&#8221; open_toggle_background_color=&#8221;#7F2629&#8243; closed_toggle_text_color=&#8221;#FFFFFF&#8221; closed_toggle_background_color=&#8221;#ef7d3b&#8221; icon_color=&#8221;#E0D0A6&#8243; toggle_icon=&#8221;&#x37;||divi||400&#8243; use_icon_font_size=&#8221;on&#8221; icon_font_size=&#8221;30px&#8221; open_icon_color=&#8221;#FFFFFF&#8221; open_toggle_icon=&#8221;&#x36;||divi||400&#8243; open_use_icon_font_size=&#8221;on&#8221; open_icon_font_size=&#8221;30px&#8221; _builder_version=&#8221;4.27.5&#8243; _module_preset=&#8221;default&#8221; global_colors_info=&#8221;{}&#8221;]<\/p>\n<ul>\n<li style=\"font-weight: 400;\" aria-level=\"3\"><span style=\"font-weight: 400; color: #ffffff;\">7 i 8 de gener: Trobada amb el grup parroquial Sant Joan Pau II i Sant Rafael, RD Congo<\/span><\/li>\n<li style=\"font-weight: 400;\" aria-level=\"3\"><span style=\"font-weight: 400; color: #ffffff;\">10 de gener: Partit de futbol, \u200b\u200balumnes contra mestres, RD Congo<\/span><\/li>\n<li style=\"font-weight: 400;\" aria-level=\"3\"><span style=\"font-weight: 400; color: #ffffff;\">13 de gener: Confer\u00e8ncia \u201cEl rol de la dona a la llar ia l&#8217;Esgl\u00e9sia\u201d, RD Congo<\/span><\/li>\n<li style=\"font-weight: 400;\" aria-level=\"3\"><span style=\"font-weight: 400; color: #ffffff;\">22 de gener: trobada amb dones embarassades, RD Congo<\/span><\/li>\n<li style=\"font-weight: 400;\" aria-level=\"3\"><span style=\"font-weight: 400; color: #ffffff;\">31 de gener: taula rodona &#8220;La missi\u00f3 Vedruna d&#8217;avui&#8221;, Togo<\/span><\/li>\n<\/ul>\n<p>[\/et_pb_toggle][\/et_pb_column][et_pb_column type=&#8221;1_2&#8243; _builder_version=&#8221;4.27.5&#8243; _module_preset=&#8221;default&#8221; global_colors_info=&#8221;{}&#8221;][et_pb_toggle title=&#8221;Febrer de 2026: mes missioner i novena&#8221; open_toggle_text_color=&#8221;#FFFFFF&#8221; open_toggle_background_color=&#8221;#7F2629&#8243; closed_toggle_text_color=&#8221;#FFFFFF&#8221; closed_toggle_background_color=&#8221;#d63449&#8243; icon_color=&#8221;#E0D0A6&#8243; toggle_icon=&#8221;&#x37;||divi||400&#8243; use_icon_font_size=&#8221;on&#8221; icon_font_size=&#8221;30px&#8221; open_icon_color=&#8221;#FFFFFF&#8221; open_toggle_icon=&#8221;&#x36;||divi||400&#8243; open_use_icon_font_size=&#8221;on&#8221; open_icon_font_size=&#8221;30px&#8221; _builder_version=&#8221;4.27.5&#8243; _module_preset=&#8221;default&#8221; global_colors_info=&#8221;{}&#8221;]<\/p>\n<ul>\n<li style=\"font-weight: 400;\" aria-level=\"3\"><span style=\"font-weight: 400; color: #ffffff;\">1 al 9 de febrer: Novena preparat\u00f2ria: oraci\u00f3 di\u00e0ria en com\u00fa, a tots els pa\u00efsos<\/span><\/li>\n<li style=\"font-weight: 400;\" aria-level=\"3\"><span style=\"font-weight: 400; color: #ffffff;\">2 de febrer: Oraci\u00f3 contemplativa i adoraci\u00f3 eucar\u00edstica, Kimwenza, RD Congo<\/span><\/li>\n<li style=\"font-weight: 400;\" aria-level=\"3\"><span style=\"font-weight: 400; color: #ffffff;\">3 de febrer: confer\u00e8ncia \u201cLa responsabilitat\u201d, RD Congo<\/span><\/li>\n<li style=\"font-weight: 400;\" aria-level=\"3\"><span style=\"font-weight: 400; color: #ffffff;\">7 de febrer: visita a malalts i voluntariats locals. RD Congo, Gabon, Guinea Equatorial <\/span><\/li>\n<li style=\"font-weight: 400;\" aria-level=\"3\"><span style=\"font-weight: 400; color: #ffffff;\">10 de febrer, participaci\u00f3 a la r\u00e0dio-televisi\u00f3 Mar\u00eda, RD Congo<\/span><\/li>\n<li style=\"font-weight: 400;\" aria-level=\"3\"><span style=\"font-weight: 400; color: #ffffff;\">13 de febrer: Escola per a pares, \u201cSanta Joaquina com a mare de fam\u00edlia\u201d, Col\u00b7legi Vedruna de Bata, Guinea Equatorial<\/span><\/li>\n<li style=\"font-weight: 400;\" aria-level=\"3\"><span style=\"font-weight: 400; color: #ffffff;\">28 de febrer: Missa solemne d&#8217;obertura del Bicentenari i jornada de portes obertes, RD Congo<\/span><\/li>\n<li style=\"font-weight: 400;\" aria-level=\"3\"><span style=\"font-weight: 400; color: #ffffff;\">28 de febrer: jornada comunit\u00e0ria i gran festa, Gabon i Guinea Equatorial<\/span><\/li>\n<\/ul>\n<p>[\/et_pb_toggle][\/et_pb_column][\/et_pb_row][et_pb_row column_structure=&#8221;1_2,1_2&#8243; _builder_version=&#8221;4.27.5&#8243; _module_preset=&#8221;default&#8221; global_colors_info=&#8221;{}&#8221;][et_pb_column type=&#8221;1_2&#8243; _builder_version=&#8221;4.27.5&#8243; _module_preset=&#8221;default&#8221; global_colors_info=&#8221;{}&#8221;][et_pb_toggle title=&#8221;Mar\u00e7 de 2026: cloenda espiritual i cultural&#8221; open_toggle_text_color=&#8221;#FFFFFF&#8221; open_toggle_background_color=&#8221;#7F2629&#8243; closed_toggle_text_color=&#8221;#7F2629&#8243; closed_toggle_background_color=&#8221;#d3d932&#8243; icon_color=&#8221;#7F2629&#8243; toggle_icon=&#8221;&#x37;||divi||400&#8243; use_icon_font_size=&#8221;on&#8221; icon_font_size=&#8221;30px&#8221; open_icon_color=&#8221;#7F2629&#8243; open_toggle_icon=&#8221;&#x36;||divi||400&#8243; open_use_icon_font_size=&#8221;on&#8221; open_icon_font_size=&#8221;30px&#8221; _builder_version=&#8221;4.27.5&#8243; _module_preset=&#8221;default&#8221; global_colors_info=&#8221;{}&#8221;]<\/p>\n<ul>\n<li style=\"font-weight: 400;\" aria-level=\"3\"><span style=\"font-weight: 400; color: #ffffff;\">1 de mar\u00e7: Missa d&#8217;acci\u00f3 de gr\u00e0cies, Parr\u00f2quia Sant Antoni de P\u00e0dua, Togo<\/span><\/li>\n<li style=\"font-weight: 400;\" aria-level=\"3\"><span style=\"font-weight: 400; color: #ffffff;\">1 de mar\u00e7: pelegrinatge a santuari mari\u00e0 o carmelit\u00e0 segons el pa\u00eds. Vig\u00edlia d&#8217;oraci\u00f3 i adoraci\u00f3 eucar\u00edstica <\/span><\/li>\n<li style=\"font-weight: 400;\" aria-level=\"3\"><span style=\"font-weight: 400; color: #ffffff;\">1 de mar\u00e7: Concerts corals i vetllades interculturals<\/span><\/li>\n<\/ul>\n<p>[\/et_pb_toggle][\/et_pb_column][et_pb_column type=&#8221;1_2&#8243; _builder_version=&#8221;4.27.5&#8243; _module_preset=&#8221;default&#8221; global_colors_info=&#8221;{}&#8221;][et_pb_toggle title=&#8221;Altres esdeveniments el 2026 i 2027&#8243; open_toggle_text_color=&#8221;#FFFFFF&#8221; open_toggle_background_color=&#8221;#7F2629&#8243; closed_toggle_text_color=&#8221;#FFFFFF&#8221; closed_toggle_background_color=&#8221;#a5bce3&#8243; icon_color=&#8221;#E0D0A6&#8243; toggle_icon=&#8221;&#x37;||divi||400&#8243; use_icon_font_size=&#8221;on&#8221; icon_font_size=&#8221;30px&#8221; open_icon_color=&#8221;#FFFFFF&#8221; open_toggle_icon=&#8221;&#x36;||divi||400&#8243; open_use_icon_font_size=&#8221;on&#8221; open_icon_font_size=&#8221;30px&#8221; _builder_version=&#8221;4.27.5&#8243; _module_preset=&#8221;default&#8221; global_colors_info=&#8221;{}&#8221;]<\/p>\n<ul>\n<li style=\"font-weight: 400;\" aria-level=\"3\"><span style=\"font-weight: 400; color: #ffffff;\">22 de maig 2026: Festa de Santa Joaquina<\/span><\/li>\n<li style=\"font-weight: 400;\" aria-level=\"3\"><span style=\"font-weight: 400; color: #ffffff;\">Juny 2026: Sensibilitzaci\u00f3 a les parr\u00f2quies, a totes les parr\u00f2quies<\/span><\/li>\n<li style=\"font-weight: 400;\" aria-level=\"3\"><span style=\"font-weight: 400; color: #ffffff;\">Juliol 2026: Campament de vacances amb joves, comunitats de Kinshasa, RD Congo<\/span><\/li>\n<li style=\"font-weight: 400;\" aria-level=\"3\"><span style=\"font-weight: 400; color: #ffffff;\">Agost 2026: Retir amb els joves Vedruna, comunitats de Kinshasa, RD Congo<\/span><\/li>\n<li style=\"font-weight: 400;\" aria-level=\"3\"><span style=\"font-weight: 400; color: #ffffff;\">Setembre 2026: Confer\u00e8ncia \u201cPres\u00e8ncia Vedruna a l&#8217;\u00c0frica i anunci dels 70 anys\u201d<\/span><\/li>\n<li style=\"font-weight: 400;\" aria-level=\"3\"><span style=\"font-weight: 400; color: #ffffff;\">26 de febrer 2027: Missa solemne pels 70 anys i cloenda final del Bicentenari<\/span><\/li>\n<\/ul>\n<p>[\/et_pb_toggle][\/et_pb_column][\/et_pb_row][et_pb_row module_id=&#8221;Noticias&#8221; _builder_version=&#8221;4.27.4&#8243; _module_preset=&#8221;default&#8221; global_colors_info=&#8221;{}&#8221;][et_pb_column type=&#8221;4_4&#8243; _builder_version=&#8221;4.27.4&#8243; _module_preset=&#8221;default&#8221; global_colors_info=&#8221;{}&#8221;][et_pb_text _builder_version=&#8221;4.27.5&#8243; text_font=&#8221;|300|||||||&#8221; text_text_color=&#8221;#D64123&#8243; text_font_size=&#8221;22px&#8221; text_line_height=&#8221;1.8em&#8221; header_2_font=&#8221;|700|||||||&#8221; header_2_text_color=&#8221;#D64123&#8243; header_2_font_size=&#8221;36px&#8221; header_2_line_height=&#8221;0.8em&#8221; header_5_font=&#8221;|300|||||||&#8221; header_5_text_color=&#8221;#7F2629&#8243; header_5_font_size=&#8221;21px&#8221; text_orientation=&#8221;center&#8221; min_height=&#8221;64px&#8221; custom_padding=&#8221;||8px|||&#8221; text_font_size_tablet=&#8221;&#8221; text_font_size_phone=&#8221;14px&#8221; text_font_size_last_edited=&#8221;on|desktop&#8221; global_colors_info=&#8221;{}&#8221;]<\/p>\n<h2><span style=\"color: #d63449;\">Himne del Bicentenari de la Prov\u00edncia d&#8217;\u00c0frica<\/span><\/h2>\n<h2><quillbot-extension-portal><\/quillbot-extension-portal><\/h2>\n<p>[\/et_pb_text][et_pb_video src=&#8221;https:\/\/www.youtube.com\/watch?v=QTll28ddyks&#8221; _builder_version=&#8221;4.27.5&#8243; _module_preset=&#8221;default&#8221; locked=&#8221;off&#8221; global_colors_info=&#8221;{}&#8221;][\/et_pb_video][\/et_pb_column][\/et_pb_row][\/et_pb_section][et_pb_section fb_built=&#8221;1&#8243; next_background_color=&#8221;#7F2629&#8243; _builder_version=&#8221;4.27.5&#8243; _module_preset=&#8221;default&#8221; background_color=&#8221;#E0D0A6&#8243; min_height=&#8221;82px&#8221; custom_margin=&#8221;0px||||false|false&#8221; custom_padding=&#8221;0px||0px||false|false&#8221; bottom_divider_style=&#8221;curve&#8221; bottom_divider_arrangement=&#8221;above_content&#8221; da_disable_devices=&#8221;off|off|off&#8221; global_colors_info=&#8221;{}&#8221; da_is_popup=&#8221;off&#8221; da_exit_intent=&#8221;off&#8221; da_has_close=&#8221;on&#8221; da_alt_close=&#8221;off&#8221; da_dark_close=&#8221;off&#8221; da_not_modal=&#8221;on&#8221; da_is_singular=&#8221;off&#8221; da_with_loader=&#8221;off&#8221; da_has_shadow=&#8221;on&#8221;][et_pb_row module_id=&#8221;Noticias&#8221; _builder_version=&#8221;4.27.4&#8243; _module_preset=&#8221;default&#8221; custom_padding=&#8221;51px|||||&#8221; global_colors_info=&#8221;{}&#8221;][et_pb_column type=&#8221;4_4&#8243; _builder_version=&#8221;4.27.4&#8243; _module_preset=&#8221;default&#8221; global_colors_info=&#8221;{}&#8221;][et_pb_text _builder_version=&#8221;4.27.5&#8243; text_font=&#8221;|300|||||||&#8221; text_text_color=&#8221;#D64123&#8243; text_font_size=&#8221;22px&#8221; text_line_height=&#8221;1.8em&#8221; header_2_font=&#8221;|700|||||||&#8221; header_2_text_color=&#8221;#D64123&#8243; header_2_font_size=&#8221;36px&#8221; header_2_line_height=&#8221;0.8em&#8221; header_5_font=&#8221;|300|||||||&#8221; header_5_text_color=&#8221;#7F2629&#8243; header_5_font_size=&#8221;21px&#8221; text_orientation=&#8221;center&#8221; text_font_size_tablet=&#8221;&#8221; text_font_size_phone=&#8221;14px&#8221; text_font_size_last_edited=&#8221;on|desktop&#8221; global_colors_info=&#8221;{}&#8221;]<\/p>\n<h2><span style=\"color: #d63449;\"><b>Not\u00edcies de la Prov\u00edncia d&#8217;\u00c0frica<\/b><\/span><\/h2>\n<p><quillbot-extension-portal><\/quillbot-extension-portal><\/p>\n<p>[\/et_pb_text][et_pb_blog fullwidth=&#8221;off&#8221; posts_number=&#8221;3&#8243; include_categories=&#8221;542&#8243; meta_date=&#8221;d M&#8221; excerpt_length=&#8221;0&#8243; show_more=&#8221;on&#8221; show_author=&#8221;off&#8221; show_pagination=&#8221;off&#8221; _builder_version=&#8221;4.27.5&#8243; _module_preset=&#8221;default&#8221; header_font=&#8221;|300|||||||&#8221; header_line_height=&#8221;1.2em&#8221; meta_text_color=&#8221;#FFFFFF&#8221; read_more_font=&#8221;|||on|||||&#8221; read_more_text_color=&#8221;rgba(0,0,0,0.6)&#8221; min_height=&#8221;440px&#8221; animation_style=&#8221;slide&#8221; animation_duration=&#8221;1500ms&#8221; animation_delay=&#8221;500ms&#8221; border_radii=&#8221;on|10px|10px|10px|10px&#8221; border_width_all=&#8221;2px&#8221; border_color_all=&#8221;rgba(224,208,166,0.3)&#8221; global_colors_info=&#8221;{}&#8221;][\/et_pb_blog][et_pb_button button_url=&#8221;https:\/\/vedruna.org\/download-category\/bicentenario-vedruna\/&#8221; button_text=&#8221;Veure m\u00e9s&#8221; button_alignment=&#8221;center&#8221; _builder_version=&#8221;4.27.4&#8243; _module_preset=&#8221;default&#8221; custom_button=&#8221;on&#8221; button_text_size=&#8221;16px&#8221; button_text_color=&#8221;#FFFFFF&#8221; button_bg_color=&#8221;#7F2629&#8243; button_border_width=&#8221;0px&#8221; button_border_radius=&#8221;20px&#8221; custom_padding=&#8221;|30px||30px|false|true&#8221; global_colors_info=&#8221;{}&#8221;][\/et_pb_button][\/et_pb_column][\/et_pb_row][\/et_pb_section]<\/p>\n","protected":false},"excerpt":{"rendered":"<p>Bicentenari a la Prov\u00edncia d&#8217;\u00c0frica ObjectiuA la Prov\u00edncia Vedruna d&#8217;\u00c0frica, volem celebrar el Bicentenari Vedruna promovent el coneixement de la vida i llegat de Santa Joaquina Vedruna, enfortint la fe i la identitat carism\u00e0tica a la comunitat educativa i cristiana, i impulsant espais de trobada, gratitud, formaci\u00f3 i comprom\u00eds solidari que projectin el carisma Vedruna [&hellip;]<\/p>\n","protected":false},"author":2,"featured_media":0,"parent":0,"menu_order":0,"comment_status":"closed","ping_status":"closed","template":"","meta":{"_et_pb_use_builder":"on","_et_pb_old_content":"","_et_gb_content_width":"","pgc_sgb_lightbox_settings":"","footnotes":""},"class_list":["post-33776","page","type-page","status-publish","hentry"],"yoast_head":"<!-- This site is optimized with the Yoast SEO plugin v27.5 - https:\/\/yoast.com\/product\/yoast-seo-wordpress\/ -->\n<title>Bicentenari Prov\u00edncia d&#039;\u00c0frica - Carmelitas de la Caridad Vedruna<\/title>\n<meta name=\"robots\" content=\"index, follow, max-snippet:-1, max-image-preview:large, max-video-preview:-1\" \/>\n<link rel=\"canonical\" href=\"https:\/\/vedruna.org\/ca\/bicentenari-provincia-dafrica\/\" \/>\n<meta property=\"og:locale\" content=\"ca_ES\" \/>\n<meta property=\"og:type\" content=\"article\" \/>\n<meta property=\"og:title\" content=\"Bicentenari Prov\u00edncia d&#039;\u00c0frica - Carmelitas de la Caridad Vedruna\" \/>\n<meta property=\"og:description\" content=\"Bicentenari a la Prov\u00edncia d&#039;\u00c0frica ObjectiuA la Prov\u00edncia Vedruna d&#039;\u00c0frica, volem celebrar el Bicentenari Vedruna promovent el coneixement de la vida i llegat de Santa Joaquina Vedruna, enfortint la fe i la identitat carism\u00e0tica a la comunitat educativa i cristiana, i impulsant espais de trobada, gratitud, formaci\u00f3 i comprom\u00eds solidari que projectin el carisma Vedruna [&hellip;]\" \/>\n<meta property=\"og:url\" content=\"https:\/\/vedruna.org\/ca\/bicentenari-provincia-dafrica\/\" \/>\n<meta property=\"og:site_name\" content=\"Carmelitas de la Caridad Vedruna\" \/>\n<meta property=\"article:modified_time\" content=\"2026-02-24T15:55:21+00:00\" \/>\n<meta name=\"twitter:card\" content=\"summary_large_image\" \/>\n<meta name=\"twitter:label1\" content=\"Temps estimat de lectura\" \/>\n\t<meta name=\"twitter:data1\" content=\"10 minuts\" \/>\n<script type=\"application\/ld+json\" class=\"yoast-schema-graph\">{\"@context\":\"https:\\\/\\\/schema.org\",\"@graph\":[{\"@type\":\"WebPage\",\"@id\":\"https:\\\/\\\/vedruna.org\\\/ca\\\/bicentenari-provincia-dafrica\\\/\",\"url\":\"https:\\\/\\\/vedruna.org\\\/ca\\\/bicentenari-provincia-dafrica\\\/\",\"name\":\"Bicentenari Prov\u00edncia d'\u00c0frica - Carmelitas de la Caridad Vedruna\",\"isPartOf\":{\"@id\":\"https:\\\/\\\/vedruna.org\\\/ca\\\/#website\"},\"datePublished\":\"2026-02-24T15:52:43+00:00\",\"dateModified\":\"2026-02-24T15:55:21+00:00\",\"breadcrumb\":{\"@id\":\"https:\\\/\\\/vedruna.org\\\/ca\\\/bicentenari-provincia-dafrica\\\/#breadcrumb\"},\"inLanguage\":\"ca\",\"potentialAction\":[{\"@type\":\"ReadAction\",\"target\":[\"https:\\\/\\\/vedruna.org\\\/ca\\\/bicentenari-provincia-dafrica\\\/\"]}]},{\"@type\":\"BreadcrumbList\",\"@id\":\"https:\\\/\\\/vedruna.org\\\/ca\\\/bicentenari-provincia-dafrica\\\/#breadcrumb\",\"itemListElement\":[{\"@type\":\"ListItem\",\"position\":1,\"name\":\"Portada\",\"item\":\"https:\\\/\\\/vedruna.org\\\/ca\\\/\"},{\"@type\":\"ListItem\",\"position\":2,\"name\":\"Bicentenari Prov\u00edncia d&rsquo;\u00c0frica\"}]},{\"@type\":\"WebSite\",\"@id\":\"https:\\\/\\\/vedruna.org\\\/ca\\\/#website\",\"url\":\"https:\\\/\\\/vedruna.org\\\/ca\\\/\",\"name\":\"Carmelitas de la Caridad Vedruna\",\"description\":\"Carmelitas de la caridad\",\"publisher\":{\"@id\":\"https:\\\/\\\/vedruna.org\\\/ca\\\/#organization\"},\"potentialAction\":[{\"@type\":\"SearchAction\",\"target\":{\"@type\":\"EntryPoint\",\"urlTemplate\":\"https:\\\/\\\/vedruna.org\\\/ca\\\/?s={search_term_string}\"},\"query-input\":{\"@type\":\"PropertyValueSpecification\",\"valueRequired\":true,\"valueName\":\"search_term_string\"}}],\"inLanguage\":\"ca\"},{\"@type\":\"Organization\",\"@id\":\"https:\\\/\\\/vedruna.org\\\/ca\\\/#organization\",\"name\":\"Carmelitas de la caridad Vedruna\",\"url\":\"https:\\\/\\\/vedruna.org\\\/ca\\\/\",\"logo\":{\"@type\":\"ImageObject\",\"inLanguage\":\"ca\",\"@id\":\"https:\\\/\\\/vedruna.org\\\/ca\\\/#\\\/schema\\\/logo\\\/image\\\/\",\"url\":\"https:\\\/\\\/vedruna.org\\\/wp-content\\\/uploads\\\/2022\\\/04\\\/LOGO-VEDRUNA-HORIZONTAL.png\",\"contentUrl\":\"https:\\\/\\\/vedruna.org\\\/wp-content\\\/uploads\\\/2022\\\/04\\\/LOGO-VEDRUNA-HORIZONTAL.png\",\"width\":1200,\"height\":463,\"caption\":\"Carmelitas de la caridad Vedruna\"},\"image\":{\"@id\":\"https:\\\/\\\/vedruna.org\\\/ca\\\/#\\\/schema\\\/logo\\\/image\\\/\"}}]}<\/script>\n<!-- \/ Yoast SEO plugin. -->","yoast_head_json":{"title":"Bicentenari Prov\u00edncia d'\u00c0frica - Carmelitas de la Caridad Vedruna","robots":{"index":"index","follow":"follow","max-snippet":"max-snippet:-1","max-image-preview":"max-image-preview:large","max-video-preview":"max-video-preview:-1"},"canonical":"https:\/\/vedruna.org\/ca\/bicentenari-provincia-dafrica\/","og_locale":"ca_ES","og_type":"article","og_title":"Bicentenari Prov\u00edncia d'\u00c0frica - Carmelitas de la Caridad Vedruna","og_description":"Bicentenari a la Prov\u00edncia d'\u00c0frica ObjectiuA la Prov\u00edncia Vedruna d'\u00c0frica, volem celebrar el Bicentenari Vedruna promovent el coneixement de la vida i llegat de Santa Joaquina Vedruna, enfortint la fe i la identitat carism\u00e0tica a la comunitat educativa i cristiana, i impulsant espais de trobada, gratitud, formaci\u00f3 i comprom\u00eds solidari que projectin el carisma Vedruna [&hellip;]","og_url":"https:\/\/vedruna.org\/ca\/bicentenari-provincia-dafrica\/","og_site_name":"Carmelitas de la Caridad Vedruna","article_modified_time":"2026-02-24T15:55:21+00:00","twitter_card":"summary_large_image","twitter_misc":{"Temps estimat de lectura":"10 minuts"},"schema":{"@context":"https:\/\/schema.org","@graph":[{"@type":"WebPage","@id":"https:\/\/vedruna.org\/ca\/bicentenari-provincia-dafrica\/","url":"https:\/\/vedruna.org\/ca\/bicentenari-provincia-dafrica\/","name":"Bicentenari Prov\u00edncia d'\u00c0frica - Carmelitas de la Caridad Vedruna","isPartOf":{"@id":"https:\/\/vedruna.org\/ca\/#website"},"datePublished":"2026-02-24T15:52:43+00:00","dateModified":"2026-02-24T15:55:21+00:00","breadcrumb":{"@id":"https:\/\/vedruna.org\/ca\/bicentenari-provincia-dafrica\/#breadcrumb"},"inLanguage":"ca","potentialAction":[{"@type":"ReadAction","target":["https:\/\/vedruna.org\/ca\/bicentenari-provincia-dafrica\/"]}]},{"@type":"BreadcrumbList","@id":"https:\/\/vedruna.org\/ca\/bicentenari-provincia-dafrica\/#breadcrumb","itemListElement":[{"@type":"ListItem","position":1,"name":"Portada","item":"https:\/\/vedruna.org\/ca\/"},{"@type":"ListItem","position":2,"name":"Bicentenari Prov\u00edncia d&rsquo;\u00c0frica"}]},{"@type":"WebSite","@id":"https:\/\/vedruna.org\/ca\/#website","url":"https:\/\/vedruna.org\/ca\/","name":"Carmelitas de la Caridad Vedruna","description":"Carmelitas de la caridad","publisher":{"@id":"https:\/\/vedruna.org\/ca\/#organization"},"potentialAction":[{"@type":"SearchAction","target":{"@type":"EntryPoint","urlTemplate":"https:\/\/vedruna.org\/ca\/?s={search_term_string}"},"query-input":{"@type":"PropertyValueSpecification","valueRequired":true,"valueName":"search_term_string"}}],"inLanguage":"ca"},{"@type":"Organization","@id":"https:\/\/vedruna.org\/ca\/#organization","name":"Carmelitas de la caridad Vedruna","url":"https:\/\/vedruna.org\/ca\/","logo":{"@type":"ImageObject","inLanguage":"ca","@id":"https:\/\/vedruna.org\/ca\/#\/schema\/logo\/image\/","url":"https:\/\/vedruna.org\/wp-content\/uploads\/2022\/04\/LOGO-VEDRUNA-HORIZONTAL.png","contentUrl":"https:\/\/vedruna.org\/wp-content\/uploads\/2022\/04\/LOGO-VEDRUNA-HORIZONTAL.png","width":1200,"height":463,"caption":"Carmelitas de la caridad Vedruna"},"image":{"@id":"https:\/\/vedruna.org\/ca\/#\/schema\/logo\/image\/"}}]}},"_links":{"self":[{"href":"https:\/\/vedruna.org\/ca\/wp-json\/wp\/v2\/pages\/33776","targetHints":{"allow":["GET"]}}],"collection":[{"href":"https:\/\/vedruna.org\/ca\/wp-json\/wp\/v2\/pages"}],"about":[{"href":"https:\/\/vedruna.org\/ca\/wp-json\/wp\/v2\/types\/page"}],"author":[{"embeddable":true,"href":"https:\/\/vedruna.org\/ca\/wp-json\/wp\/v2\/users\/2"}],"replies":[{"embeddable":true,"href":"https:\/\/vedruna.org\/ca\/wp-json\/wp\/v2\/comments?post=33776"}],"version-history":[{"count":2,"href":"https:\/\/vedruna.org\/ca\/wp-json\/wp\/v2\/pages\/33776\/revisions"}],"predecessor-version":[{"id":33787,"href":"https:\/\/vedruna.org\/ca\/wp-json\/wp\/v2\/pages\/33776\/revisions\/33787"}],"wp:attachment":[{"href":"https:\/\/vedruna.org\/ca\/wp-json\/wp\/v2\/media?parent=33776"}],"curies":[{"name":"wp","href":"https:\/\/api.w.org\/{rel}","templated":true}]}}