{"id":32480,"date":"2026-01-07T14:50:53","date_gmt":"2026-01-07T13:50:53","guid":{"rendered":"https:\/\/vedruna.org\/bicentennial-province-europe\/"},"modified":"2026-04-20T10:42:44","modified_gmt":"2026-04-20T08:42:44","slug":"bicentennial-province-europe","status":"publish","type":"page","link":"https:\/\/vedruna.org\/en\/bicentennial-province-europe\/","title":{"rendered":"Bicentenary Province of Europe"},"content":{"rendered":"<p>[et_pb_section fb_built=&#8221;1&#8243; next_background_color=&#8221;#ffffff&#8221; _builder_version=&#8221;4.27.5&#8243; _module_preset=&#8221;default&#8221; use_background_color_gradient=&#8221;on&#8221; background_color_gradient_direction=&#8221;90deg&#8221; background_color_gradient_stops=&#8221;rgba(0,0,0,0.4) 0%|rgba(0,0,0,0) 100%&#8221; background_image=&#8221;https:\/\/vedruna.org\/wp-content\/uploads\/2026\/01\/53108669014_4001bc8f81_b.jpg&#8221; background_blend=&#8221;overlay&#8221; min_height=&#8221;438.6px&#8221; custom_padding=&#8221;13vw||4vw||false|false&#8221; bottom_divider_style=&#8221;ramp&#8221; bottom_divider_flip=&#8221;horizontal&#8221; da_disable_devices=&#8221;off|off|off&#8221; global_colors_info=&#8221;{}&#8221; da_is_popup=&#8221;off&#8221; da_exit_intent=&#8221;off&#8221; da_has_close=&#8221;on&#8221; da_alt_close=&#8221;off&#8221; da_dark_close=&#8221;off&#8221; da_not_modal=&#8221;on&#8221; da_is_singular=&#8221;off&#8221; da_with_loader=&#8221;off&#8221; da_has_shadow=&#8221;on&#8221;][et_pb_row _builder_version=&#8221;4.17.0&#8243; _module_preset=&#8221;default&#8221; min_height=&#8221;62px&#8221; global_colors_info=&#8221;{}&#8221;][et_pb_column type=&#8221;4_4&#8243; _builder_version=&#8221;4.17.0&#8243; _module_preset=&#8221;default&#8221; global_colors_info=&#8221;{}&#8221;][et_pb_text _builder_version=&#8221;4.27.4&#8243; _module_preset=&#8221;default&#8221; header_font=&#8221;|700|||||||&#8221; header_text_color=&#8221;#FFFFFF&#8221; header_font_size=&#8221;42px&#8221; header_2_font=&#8221;|700||on|||||&#8221; header_2_text_color=&#8221;#FFFFFF&#8221; header_2_font_size=&#8221;42px&#8221; min_height=&#8221;40px&#8221; header_font_size_tablet=&#8221;36px&#8221; header_font_size_phone=&#8221;30px&#8221; header_font_size_last_edited=&#8221;on|phone&#8221; global_colors_info=&#8221;{}&#8221;]<\/p>\n<h1><strong>Bicentenary in the Province of Europe<\/strong><\/h1>\n<h2><\/h2>\n<p>[\/et_pb_text][\/et_pb_column][\/et_pb_row][\/et_pb_section][et_pb_section fb_built=&#8221;1&#8243; admin_label=&#8221;About&#8221; _builder_version=&#8221;4.17.0&#8243; background_color_gradient_start=&#8221;#ffffff&#8221; background_color_gradient_end=&#8221;#f4f4f4&#8243; min_height=&#8221;504px&#8221; custom_margin=&#8221;||-60px||false|false&#8221; custom_padding=&#8221;3vw||3vw||true|false&#8221; bottom_divider_color=&#8221;#ffffff&#8221; bottom_divider_height=&#8221;10vw&#8221; da_disable_devices=&#8221;off|off|off&#8221; locked=&#8221;off&#8221; global_colors_info=&#8221;{}&#8221; da_is_popup=&#8221;off&#8221; da_exit_intent=&#8221;off&#8221; da_has_close=&#8221;on&#8221; da_alt_close=&#8221;off&#8221; da_dark_close=&#8221;off&#8221; da_not_modal=&#8221;on&#8221; da_is_singular=&#8221;off&#8221; da_with_loader=&#8221;off&#8221; da_has_shadow=&#8221;on&#8221;][et_pb_row _builder_version=&#8221;4.27.5&#8243; _module_preset=&#8221;default&#8221; custom_padding=&#8221;|||1px||&#8221; global_colors_info=&#8221;{}&#8221;][et_pb_column type=&#8221;4_4&#8243; _builder_version=&#8221;4.21.0&#8243; _module_preset=&#8221;default&#8221; global_colors_info=&#8221;{}&#8221;][et_pb_text _builder_version=&#8221;4.27.4&#8243; text_font=&#8221;|300|||||||&#8221; text_text_color=&#8221;#D64123&#8243; text_font_size=&#8221;22px&#8221; text_line_height=&#8221;1.8em&#8221; header_2_font=&#8221;|700|||||||&#8221; header_2_text_color=&#8221;#D64123&#8243; header_2_font_size=&#8221;36px&#8221; header_2_line_height=&#8221;0.8em&#8221; header_5_font=&#8221;|300|||||||&#8221; header_5_text_color=&#8221;#7F2629&#8243; header_5_font_size=&#8221;21px&#8221; text_orientation=&#8221;center&#8221; text_font_size_tablet=&#8221;&#8221; text_font_size_phone=&#8221;14px&#8221; text_font_size_last_edited=&#8221;on|desktop&#8221; global_colors_info=&#8221;{}&#8221;]<\/p>\n<h2><span style=\"color: #d63449;\">Target<\/span><\/h2>\n<p>[\/et_pb_text][et_pb_text _builder_version=&#8221;4.27.5&#8243; text_font=&#8221;||||||||&#8221; text_text_color=&#8221;#7F2629&#8243; text_line_height=&#8221;1.8em&#8221; header_2_font=&#8221;|700|||||||&#8221; header_2_text_color=&#8221;#7F2629&#8243; header_2_font_size=&#8221;36px&#8221; header_5_font=&#8221;|300|||||||&#8221; header_5_text_color=&#8221;#7F2629&#8243; header_5_font_size=&#8221;21px&#8221; text_font_size_tablet=&#8221;&#8221; text_font_size_phone=&#8221;14px&#8221; text_font_size_last_edited=&#8221;on|desktop&#8221; global_colors_info=&#8221;{}&#8221;]<\/p>\n<h4 style=\"text-align: center;\"><span style=\"font-weight: 400; color: #7f2629;\">To raise awareness about the rich contribution of St. Joaquina Vedruna and to make visible what Vedruna has meant since its origins, the road traveled in 200 years and the updating of the Charism, with future projection.  <\/span><\/h4>\n<p><span style=\"font-weight: 400; color: #7f2629;\"><\/span><\/p>\n<h4 style=\"text-align: center;\"><span style=\"font-weight: 400; color: #7f2629;\">All proposals are the result of the joint work of:<\/span><\/h4>\n<p>[\/et_pb_text][\/et_pb_column][\/et_pb_row][et_pb_row column_structure=&#8221;1_5,1_5,1_5,1_5,1_5&#8243; _builder_version=&#8221;4.27.5&#8243; _module_preset=&#8221;default&#8221; min_height=&#8221;140.3px&#8221; custom_margin=&#8221;11px|auto||auto||&#8221; global_colors_info=&#8221;{}&#8221;][et_pb_column type=&#8221;1_5&#8243; _builder_version=&#8221;4.27.5&#8243; _module_preset=&#8221;default&#8221; global_colors_info=&#8221;{}&#8221;][et_pb_image src=&#8221;https:\/\/vedruna.org\/wp-content\/uploads\/2026\/01\/vedruna-logo.png&#8221; title_text=&#8221;vedruna-logo&#8221; url=&#8221;https:\/\/vedruna.eu\/&#8221; _builder_version=&#8221;4.27.5&#8243; _module_preset=&#8221;default&#8221; global_colors_info=&#8221;{}&#8221;][\/et_pb_image][\/et_pb_column][et_pb_column type=&#8221;1_5&#8243; _builder_version=&#8221;4.27.5&#8243; _module_preset=&#8221;default&#8221; global_colors_info=&#8221;{}&#8221;][et_pb_image src=&#8221;https:\/\/vedruna.org\/wp-content\/uploads\/2026\/01\/unnamed-4-e1767791701472.jpg&#8221; title_text=&#8221;unnamed-4&#8243; url=&#8221;https:\/\/vedruna.cat\/&#8221; _builder_version=&#8221;4.27.5&#8243; _module_preset=&#8221;default&#8221; global_colors_info=&#8221;{}&#8221;][\/et_pb_image][\/et_pb_column][et_pb_column type=&#8221;1_5&#8243; _builder_version=&#8221;4.27.5&#8243; _module_preset=&#8221;default&#8221; global_colors_info=&#8221;{}&#8221;][et_pb_image src=&#8221;https:\/\/vedruna.org\/wp-content\/uploads\/2026\/01\/logo-FVE_Oficial-color.webp&#8221; title_text=&#8221;logo-FVE_Official-color&#8221; url=&#8221;https:\/\/fundacionvedrunaeducacion.org\/&#8221; _builder_version=&#8221;4.27.5&#8243; _module_preset=&#8221;default&#8221; global_colors_info=&#8221;{}&#8221;][\/et_pb_image][\/et_pb_column][et_pb_column type=&#8221;1_5&#8243; _builder_version=&#8221;4.27.5&#8243; _module_preset=&#8221;default&#8221; global_colors_info=&#8221;{}&#8221;][et_pb_image src=&#8221;https:\/\/vedruna.org\/wp-content\/uploads\/2026\/01\/logo-pjv-vedruna-oficial-degradado-mediano.png&#8221; title_text=&#8221;logo-pjv-vedruna-official-degraded-medium&#8221; url=&#8221;https:\/\/www.pjvvedruna.es\/&#8221; _builder_version=&#8221;4.27.5&#8243; _module_preset=&#8221;default&#8221; global_colors_info=&#8221;{}&#8221;][\/et_pb_image][\/et_pb_column][et_pb_column type=&#8221;1_5&#8243; _builder_version=&#8221;4.27.5&#8243; _module_preset=&#8221;default&#8221; global_colors_info=&#8221;{}&#8221;][et_pb_image src=&#8221;https:\/\/vedruna.org\/wp-content\/uploads\/2026\/01\/ain-karem-02-scaled.jpg&#8221; title_text=&#8221;ain karem-02&#8243; url=&#8221;https:\/\/ainkarem.es\/&#8221; _builder_version=&#8221;4.27.5&#8243; _module_preset=&#8221;default&#8221; global_colors_info=&#8221;{}&#8221;][\/et_pb_image][\/et_pb_column][\/et_pb_row][\/et_pb_section][et_pb_section fb_built=&#8221;1&#8243; next_background_color=&#8221;#FFFFFF&#8221; _builder_version=&#8221;4.27.5&#8243; _module_preset=&#8221;default&#8221; min_height=&#8221;85px&#8221; custom_margin=&#8221;0px||||false|false&#8221; custom_padding=&#8221;0px||0px||false|false&#8221; bottom_divider_style=&#8221;curve&#8221; bottom_divider_arrangement=&#8221;above_content&#8221; da_disable_devices=&#8221;off|off|off&#8221; global_colors_info=&#8221;{}&#8221; da_is_popup=&#8221;off&#8221; da_exit_intent=&#8221;off&#8221; da_has_close=&#8221;on&#8221; da_alt_close=&#8221;off&#8221; da_dark_close=&#8221;off&#8221; da_not_modal=&#8221;on&#8221; da_is_singular=&#8221;off&#8221; da_with_loader=&#8221;off&#8221; da_has_shadow=&#8221;on&#8221;][\/et_pb_section][et_pb_section fb_built=&#8221;1&#8243; next_background_color=&#8221;#E0D0A6&#8243; _builder_version=&#8221;4.27.5&#8243; _module_preset=&#8221;default&#8221; background_color=&#8221;#FFFFFF&#8221; min_height=&#8221;602.5px&#8221; custom_margin=&#8221;||0px||false|false&#8221; custom_padding=&#8221;0px||91px||false|false&#8221; bottom_divider_style=&#8221;curve&#8221; bottom_divider_arrangement=&#8221;above_content&#8221; da_disable_devices=&#8221;off|off|off&#8221; global_colors_info=&#8221;{}&#8221; da_is_popup=&#8221;off&#8221; da_exit_intent=&#8221;off&#8221; da_has_close=&#8221;on&#8221; da_alt_close=&#8221;off&#8221; da_dark_close=&#8221;off&#8221; da_not_modal=&#8221;on&#8221; da_is_singular=&#8221;off&#8221; da_with_loader=&#8221;off&#8221; da_has_shadow=&#8221;on&#8221;][et_pb_row module_id=&#8221;Noticias&#8221; _builder_version=&#8221;4.27.4&#8243; _module_preset=&#8221;default&#8221; global_colors_info=&#8221;{}&#8221;][et_pb_column type=&#8221;4_4&#8243; _builder_version=&#8221;4.27.4&#8243; _module_preset=&#8221;default&#8221; global_colors_info=&#8221;{}&#8221;][et_pb_text _builder_version=&#8221;4.27.5&#8243; text_font=&#8221;|300|||||||&#8221; text_text_color=&#8221;#D64123&#8243; text_font_size=&#8221;22px&#8221; text_line_height=&#8221;1.8em&#8221; header_2_font=&#8221;|700|||||||&#8221; header_2_text_color=&#8221;#D64123&#8243; header_2_font_size=&#8221;36px&#8221; header_2_line_height=&#8221;0.8em&#8221; header_5_font=&#8221;|300|||||||&#8221; header_5_text_color=&#8221;#7F2629&#8243; header_5_font_size=&#8221;21px&#8221; text_orientation=&#8221;center&#8221; text_font_size_tablet=&#8221;&#8221; text_font_size_phone=&#8221;14px&#8221; text_font_size_last_edited=&#8221;on|desktop&#8221; global_colors_info=&#8221;{}&#8221;]<\/p>\n<h2><span style=\"color: #d63449;\">2026<\/span><\/h2>\n<p><strong><span style=\"color: #d63449;\">Bicentenary Celebration<\/span><\/strong><quillbot-extension-portal><\/quillbot-extension-portal><\/p>\n<p>[\/et_pb_text][et_pb_toggle title=&#8221;January 6, 2026 &#8211; Prayer in remembrance of Joaquina&#039;s profession of vows&#8221; open_toggle_text_color=&#8221;#FFFFFF&#8221; open_toggle_background_color=&#8221;#7F2629&#8243; closed_toggle_text_color=&#8221;#FFFFFF&#8221; closed_toggle_background_color=&#8221;#d63449&#8243; icon_color=&#8221;#E0D0A6&#8243; toggle_icon=&#8221;&#x37;||divi||400&#8243; use_icon_font_size=&#8221;on&#8221; icon_font_size=&#8221;30px&#8221; open_icon_color=&#8221;#FFFFFF&#8221; open_toggle_icon=&#8221;&#x36;||divi||400&#8243; open_use_icon_font_size=&#8221;on&#8221; open_icon_font_size=&#8221;30px&#8221; _builder_version=&#8221;4.27.5&#8243; _module_preset=&#8221;default&#8221; global_colors_info=&#8221;{}&#8221;]<\/p>\n<p><span style=\"color: #ffffff;\">The day of the Epiphany, for our Vedruna Family, is a great feast, especially in the year 2026, because it is the <strong>200th anniversary of the morning in which Joaquina pronounced her vows<\/strong> before Bishop Don Pablo de Jesus Corcuera.<\/span><\/p>\n<ul>\n<li style=\"list-style-type: none;\">\n<ul>\n<li><span style=\"text-decoration: underline; color: #ffffff;\"><a href=\"https:\/\/drive.google.com\/file\/d\/1b_5wehmfnIjq-QfDli_jEwtJWyoVs2N0\/view?usp=sharing\" style=\"color: #ffffff; text-decoration: underline;\">Prayer in Spanish<\/a><\/span><\/li>\n<li><span style=\"text-decoration: underline; color: #ffffff;\"><a href=\"https:\/\/drive.google.com\/file\/d\/1vD9A_ilJWFvriKW6NjMXMMZjxuS3ZdF7\/view?usp=drive_link\" style=\"color: #ffffff; text-decoration: underline;\">Prayer in Catalan<\/a><\/span><\/li>\n<li><span style=\"text-decoration: underline; color: #ffffff;\"><a href=\"https:\/\/drive.google.com\/file\/d\/1HfTgJRho8Ktm08ThP1r7DcDbnP76vsIS\/view?usp=drive_link\" style=\"color: #ffffff; text-decoration: underline;\">Prayer in Italian<\/a><\/span><\/li>\n<\/ul>\n<\/li>\n<\/ul>\n<p>[\/et_pb_toggle][et_pb_toggle title=&#8221;January 17 and 18, 2026 &#8211; Meeting %22Grateful Memory%22&#8243; open_toggle_text_color=&#8221;#FFFFFF&#8221; open_toggle_background_color=&#8221;#7F2629&#8243; closed_toggle_text_color=&#8221;#FFFFFF&#8221; closed_toggle_background_color=&#8221;#d63449&#8243; icon_color=&#8221;#E0D0A6&#8243; toggle_icon=&#8221;&#x37;||divi||400&#8243; use_icon_font_size=&#8221;on&#8221; icon_font_size=&#8221;30px&#8221; open_icon_color=&#8221;#FFFFFF&#8221; open_toggle_icon=&#8221;&#x36;||divi||400&#8243; open_use_icon_font_size=&#8221;on&#8221; open_icon_font_size=&#8221;30px&#8221; _builder_version=&#8221;4.27.5&#8243; _module_preset=&#8221;default&#8221; global_colors_info=&#8221;{}&#8221;]<\/p>\n<p><span style=\"color: #ffffff;\">In the Vedruna Center of Valladolid, this celebratory meeting is organized, which includes the sharing of various experiences of how the Vedruna charism is lived, the performance of musicians from the Eutherpe Foundation, and the presentation of the book &#8220;Living Years, Lasting Centuries&#8221;, written by Mabel Burgell, ccv, and Ramon Rial.  <\/span><\/p>\n<p><span style=\"color: #ffffff;\">The book was originally published in Catalan in 2023 and, on the occasion of the Bicentennial celebrations, it has been translated into Spanish, thus broadening its scope and facilitating its reading to a wider audience.<\/span><\/p>\n<ul>\n<li style=\"list-style-type: none;\">\n<ul>\n<li><span style=\"color: #ffffff;\"><a href=\"https:\/\/vedruna.eu\/portfolio-item\/doscientos-anos-despues-seguimos-%20viviendo-al-estilo-de-joaquina-el-cristianismo-siempre-con-creatividad\/\" style=\"color: #ffffff;\"><span style=\"text-decoration: underline;\">News of the meeting on vedruna.eu<\/span><\/a><\/span><\/li>\n<li><span style=\"text-decoration: underline; color: #ffffff;\"><a href=\"https:\/\/youtu.be\/lkM5cDlg9Mw\" style=\"color: #ffffff; text-decoration: underline;\">Video: online presentation<\/a><\/span><\/li>\n<li><span style=\"color: #ffffff;\"><span style=\"text-decoration: underline;\"><a href=\"https:\/\/vedruna.eu\/portfolio-item\/un-libro-sobre-joaquina-en-el-que-el-protagonismo-es-para-la-providencia\/\" style=\"color: #ffffff; text-decoration: underline;\">Interview to Mabel Burguell in vedruna.eu<\/a><\/span><span style=\"text-decoration: underline;\"><\/span><\/span><\/li>\n<li><span style=\"text-decoration: underline; color: #333333;\"><a href=\"https:\/\/vedruna.cat\/docs\/publicacions\/viure-anys-i-durar-segles.pdf\" style=\"color: #333333; text-decoration: underline;\"><span style=\"color: #ffffff; text-decoration: underline;\">Book in Catalan: &#8220;Viure anys i durar segles&#8221;.<\/span><\/a><\/span><\/li>\n<\/ul>\n<\/li>\n<\/ul>\n<p>[\/et_pb_toggle][et_pb_toggle title=&#8221;February 19, 2026 &#8211; Webinar &quot;Women who led the way, 200 years of Vedruna history&quot;.  &#8221; open_toggle_text_color=&#8221;#FFFFFF&#8221; open_toggle_background_color=&#8221;#7F2629&#8243; closed_toggle_text_color=&#8221;#FFFFFF&#8221; closed_toggle_background_color=&#8221;#d63449&#8243; icon_color=&#8221;#E0D0A6&#8243; toggle_icon=&#8221;&#x37;||divi||400&#8243; use_icon_font_size=&#8221;on&#8221; icon_font_size=&#8221;30px&#8221; open_icon_color=&#8221;#FFFFFF&#8221; open_toggle_icon=&#8221;&#x36;||divi||400&#8243; open_use_icon_font_size=&#8221;on&#8221; open_icon_font_size=&#8221;30px&#8221; _builder_version=&#8221;4.27.5&#8243; _module_preset=&#8221;default&#8221; global_colors_info=&#8221;{}&#8221;]<\/p>\n<p><span style=\"font-weight: 400; color: #ffffff;\">Organized by the Vedruna Education Foundation, it will consist of a journey, making grateful memory, through the history of the congregation from the hands of the sisters who have served as generals of the Vedruna family.  <\/span><\/p>\n<p><span style=\"font-weight: 400; color: #ffffff;\">By Rita Arag\u00f3n L\u00f3pez, ccv, and Loli Fern\u00e1ndez Colmenarejo, ccv.  <\/span><\/p>\n<ul>\n<li style=\"list-style-type: none;\">\n<ul>\n<li><span style=\"text-decoration: underline;\"><span style=\"color: #ffffff;\"><a href=\"https:\/\/meet.google.com\/dou-avqu-exc?hs=122&amp;authuser=0\" style=\"color: #ffffff; text-decoration: underline;\">Access to the webinar &#8211; Google Meet<\/a><\/span><\/span><\/li>\n<\/ul>\n<\/li>\n<\/ul>\n<p>[\/et_pb_toggle][et_pb_toggle title=&#8221;February 24, 2026 &#8211; Joint prayer &quot;Joaquina&#039;s gift%22 &#8211; Fundaci\u00f3n Vedruna Educaci\u00f3n&#8221; open_toggle_text_color=&#8221;#FFFFFF&#8221; open_toggle_background_color=&#8221;#7F2629&#8243; closed_toggle_text_color=&#8221;#FFFFFF&#8221; closed_toggle_background_color=&#8221;#ef7b3c&#8221; icon_color=&#8221;#E0D0A6&#8243; toggle_icon=&#8221;&#x37;||divi||400&#8243; use_icon_font_size=&#8221;on&#8221; icon_font_size=&#8221;30px&#8221; open_icon_color=&#8221;#FFFFFF&#8221; open_toggle_icon=&#8221;&#x36;||divi||400&#8243; open_use_icon_font_size=&#8221;on&#8221; open_icon_font_size=&#8221;30px&#8221; _builder_version=&#8221;4.27.5&#8243; _module_preset=&#8221;default&#8221; global_colors_info=&#8221;{}&#8221;]<\/p>\n<p><span style=\"color: #ffffff;\">Joint online prayer of all the sixth grade students of the Vedruna schools of the FVE. Details to be specified.<\/span><\/p>\n<p>[\/et_pb_toggle][et_pb_toggle title=&#8221;February 28, 2026 &#8211; Celebration 200 years, Fundaci\u00f3 Vedruna Catalunya Educaci\u00f3&#8221; open_toggle_text_color=&#8221;#FFFFFF&#8221; open_toggle_background_color=&#8221;#7F2629&#8243; closed_toggle_text_color=&#8221;#FFFFFF&#8221; closed_toggle_background_color=&#8221;#ef7d3b&#8221; icon_color=&#8221;#E0D0A6&#8243; toggle_icon=&#8221;&#x37;||divi||400&#8243; use_icon_font_size=&#8221;on&#8221; icon_font_size=&#8221;30px&#8221; open_icon_color=&#8221;#FFFFFF&#8221; open_toggle_icon=&#8221;&#x36;||divi||400&#8243; open_use_icon_font_size=&#8221;on&#8221; open_icon_font_size=&#8221;30px&#8221; _builder_version=&#8221;4.27.5&#8243; _module_preset=&#8221;default&#8221; min_height=&#8221;56.4px&#8221; global_colors_info=&#8221;{}&#8221;]<\/p>\n<p><span style=\"color: #ffffff;\">In the T\u00e0rraco Arena of Tarragona, will take place this central event of the 200 years of the Congregation of the Carmelite Sisters of Charity Vedruna, organized by the Fundaci\u00f3 Vedruna Catalunya Educaci\u00f3. It is expected the participation of 5000 attendees.   <\/span><\/p>\n<p><span style=\"color: #ffffff;\">Among them, 1,000 students will share the &#8220;Cantata dels <\/span><span style=\"color: #ffffff;\">200 anys&#8221;, which will be replicated in 28 editions in different schools, between March and June 2026. <\/span> <\/p>\n<p>[\/et_pb_toggle][et_pb_toggle title=&#8221;March to June 2026 &#8211; Cantata of the 200 years Fundaci\u00f3 Vedruna Catalunya Educaci\u00f3&#8221; open_toggle_text_color=&#8221;#FFFFFF&#8221; open_toggle_background_color=&#8221;#7F2629&#8243; closed_toggle_text_color=&#8221;#7F2629&#8243; closed_toggle_background_color=&#8221;#d3d849&#8243; icon_color=&#8221;#E0D0A6&#8243; toggle_icon=&#8221;&#x37;||divi||400&#8243; use_icon_font_size=&#8221;on&#8221; icon_font_size=&#8221;30px&#8221; open_icon_color=&#8221;#FFFFFF&#8221; open_toggle_icon=&#8221;&#x36;||divi||400&#8243; open_use_icon_font_size=&#8221;on&#8221; open_icon_font_size=&#8221;30px&#8221; _builder_version=&#8221;4.27.5&#8243; _module_preset=&#8221;default&#8221; global_colors_info=&#8221;{}&#8221;]<\/p>\n<p><span style=\"color: #ffffff;\">Students of the Vedruna schools of the Fundaci\u00f3 Vedruna Catalunya Educaci\u00f3 will share the &#8220;Cantata dels 200 anys&#8221;, originally presented at the event on February 28th. The cantata will be replicated in 28 editions in the different schools, between the months of March and June 2026.   <\/span><\/p>\n<p>[\/et_pb_toggle][et_pb_toggle title=&#8221;April 16: online meeting %22Weavers of our history%22&#8243; open_toggle_text_color=&#8221;#FFFFFF&#8221; open_toggle_background_color=&#8221;#7F2629&#8243; closed_toggle_text_color=&#8221;#7F2629&#8243; closed_toggle_background_color=&#8221;#d3d849&#8243; icon_color=&#8221;#E0D0A6&#8243; toggle_icon=&#8221;&#x37;||divi||400&#8243; use_icon_font_size=&#8221;on&#8221; icon_font_size=&#8221;30px&#8221; open_icon_color=&#8221;#FFFFFF&#8221; open_toggle_icon=&#8221;&#x36;||divi||400&#8243; open_use_icon_font_size=&#8221;on&#8221; open_icon_font_size=&#8221;30px&#8221; _builder_version=&#8221;4.27.5&#8243; _module_preset=&#8221;default&#8221; global_colors_info=&#8221;{}&#8221;]<\/p>\n<p><span style=\"color: #ffffff;\">A proposal from the Bicentenary Commission of the PVE, to celebrate the grateful memory of Joaquina&#8217;s birth.<\/span><\/p>\n<p><span style=\"color: #ffffff;\">This online meeting, entitled &#8220;Weavers of our History,&#8221; is a panel of experiences of different sisters who, through their writings and lives, have helped us to know Joaquina better.<\/span><\/p>\n<ul>\n<li><span style=\"color: #ffffff;\">Ana M\u00aa Alonso<\/span><\/li>\n<li><span style=\"color: #ffffff;\">Mar\u00eda Teresa Llach<\/span><\/li>\n<li><span style=\"color: #ffffff;\">Maria Antonia Gilibets  <\/span><\/li>\n<li><span style=\"color: #ffffff;\">Yolanda Moreno<\/span><\/li>\n<li><span style=\"color: #ffffff;\">Mabel Burguell<\/span><\/li>\n<\/ul>\n<p><span style=\"color: #ffffff;\">The meeting will be moderated by Sister Sisita Fiol.   <\/span><\/p>\n<p><span style=\"color: #ffffff;\">It will be held through this link: <\/span><br \/><span style=\"text-decoration: underline; color: #ffffff;\"><a href=\"https:\/\/us06web.zoom.us\/j\/86132933820?pwd=JXGWnLRWwaSPwRnBg3pK1ehuDiO80z.1\" style=\"color: #ffffff; text-decoration: underline;\">https:\/\/us06web.zoom.us\/j\/86132933820?pwd=JXGWnLRWwaSPwRnBg3pK1ehuDiO80z.1<\/a><\/span><\/p>\n<p>[\/et_pb_toggle][et_pb_toggle title=&#8221;May 9 and 10, 2026 &#8211; Charism Formation: Meeting of SEL Network Members&#8221; open_toggle_text_color=&#8221;#FFFFFF&#8221; open_toggle_background_color=&#8221;#7F2629&#8243; closed_toggle_text_color=&#8221;#FFFFFF&#8221; closed_toggle_background_color=&#8221;#a5bce3&#8243; icon_color=&#8221;#E0D0A6&#8243; toggle_icon=&#8221;&#x37;||divi||400&#8243; use_icon_font_size=&#8221;on&#8221; icon_font_size=&#8221;30px&#8221; open_icon_color=&#8221;#FFFFFF&#8221; open_toggle_icon=&#8221;&#x36;||divi||400&#8243; open_use_icon_font_size=&#8221;on&#8221; open_icon_font_size=&#8221;30px&#8221; _builder_version=&#8221;4.27.5&#8243; _module_preset=&#8221;default&#8221; global_colors_info=&#8221;{}&#8221;]<\/p>\n<p><span style=\"color: #ffffff;\">The face-to-face meeting of the SEL Network is a space to stop, meet and recognize ourselves as a network, sharing life, journey and mission. In this special year of the Vedruna Bicentenary, it invites us to return to the roots of the charism &#8211; Healing, Educating and Liberating &#8211; and to allow ourselves to be inspired together to continue accompanying with meaning and hope the realities where life is most threatened. <\/span><\/p>\n<p>[\/et_pb_toggle][et_pb_toggle title=&#8221;May 23, 2026 &#8211; Ain Karem Prayer Gathering, Vitoria, Spain&#8221; open_toggle_text_color=&#8221;#FFFFFF&#8221; open_toggle_background_color=&#8221;#7F2629&#8243; closed_toggle_text_color=&#8221;#FFFFFF&#8221; closed_toggle_background_color=&#8221;#a5bce3&#8243; icon_color=&#8221;#E0D0A6&#8243; toggle_icon=&#8221;&#x37;||divi||400&#8243; use_icon_font_size=&#8221;on&#8221; icon_font_size=&#8221;30px&#8221; open_icon_color=&#8221;#FFFFFF&#8221; open_toggle_icon=&#8221;&#x36;||divi||400&#8243; open_use_icon_font_size=&#8221;on&#8221; open_icon_font_size=&#8221;30px&#8221; _builder_version=&#8221;4.27.5&#8243; _module_preset=&#8221;default&#8221; global_colors_info=&#8221;{}&#8221;]<\/p>\n<p><span style=\"color: #ffffff;\">Details to be determined.  <\/span><\/p>\n<p>[\/et_pb_toggle][et_pb_toggle title=&#8221;June 26 to 28, 2026 &#8211; Meeting of educators, Fundaci\u00f3n Vedruna Educaci\u00f3n&#8221; open_toggle_text_color=&#8221;#FFFFFF&#8221; open_toggle_background_color=&#8221;#7F2629&#8243; closed_toggle_text_color=&#8221;#FFFFFF&#8221; closed_toggle_background_color=&#8221;#a5bce3&#8243; icon_color=&#8221;#E0D0A6&#8243; toggle_icon=&#8221;&#x37;||divi||400&#8243; use_icon_font_size=&#8221;on&#8221; icon_font_size=&#8221;30px&#8221; open_icon_color=&#8221;#FFFFFF&#8221; open_toggle_icon=&#8221;&#x36;||divi||400&#8243; open_use_icon_font_size=&#8221;on&#8221; open_icon_font_size=&#8221;30px&#8221; _builder_version=&#8221;4.27.5&#8243; _module_preset=&#8221;default&#8221; global_colors_info=&#8221;{}&#8221;]<\/p>\n<p><span style=\"color: #ffffff;\">Details to be determined.  <\/span><\/p>\n<p>[\/et_pb_toggle][et_pb_text _builder_version=&#8221;4.27.5&#8243; text_font=&#8221;|300|||||||&#8221; text_text_color=&#8221;#D64123&#8243; text_font_size=&#8221;22px&#8221; text_line_height=&#8221;1.8em&#8221; header_2_font=&#8221;|700|||||||&#8221; header_2_text_color=&#8221;#D64123&#8243; header_2_font_size=&#8221;36px&#8221; header_2_line_height=&#8221;0.8em&#8221; header_5_font=&#8221;|300|||||||&#8221; header_5_text_color=&#8221;#7F2629&#8243; header_5_font_size=&#8221;21px&#8221; text_orientation=&#8221;center&#8221; text_font_size_tablet=&#8221;&#8221; text_font_size_phone=&#8221;14px&#8221; text_font_size_last_edited=&#8221;on|desktop&#8221; global_colors_info=&#8221;{}&#8221;]<\/p>\n<h2><span style=\"color: #d63449;\">Other initiatives<\/span><\/h2>\n<p>[\/et_pb_text][et_pb_toggle title=&#8221;November 2025 to May 2026 &#8211; PJV Clip Competition&#8221; open_toggle_text_color=&#8221;#FFFFFF&#8221; open_toggle_background_color=&#8221;#7F2629&#8243; closed_toggle_text_color=&#8221;#FFFFFF&#8221; closed_toggle_background_color=&#8221;#d63449&#8243; icon_color=&#8221;#E0D0A6&#8243; toggle_icon=&#8221;&#x37;||divi||400&#8243; use_icon_font_size=&#8221;on&#8221; icon_font_size=&#8221;30px&#8221; open_icon_color=&#8221;#FFFFFF&#8221; open_toggle_icon=&#8221;&#x36;||divi||400&#8243; open_use_icon_font_size=&#8221;on&#8221; open_icon_font_size=&#8221;30px&#8221; _builder_version=&#8221;4.27.5&#8243; _module_preset=&#8221;default&#8221; global_colors_info=&#8221;{}&#8221;]<\/p>\n<p dir=\"ltr\"><span style=\"color: #ffffff;\">On the occasion of the Vedruna Bicentenary we started the 1st short film contest with the theme: &#8220;Joaquina yesterday and today&#8221;: to recognize features of the life of Joaquina de Vedruna that can inspire us today.<\/span><\/p>\n<p><span style=\"color: #ffffff;\">The clip may be presented in two modalities: individual or group, with a maximum duration of 1min 10sec. Would you like to participate?<\/span><\/p>\n<p><span style=\"font-weight: 400; color: #ffffff;\"><strong>Deadline: October 26 to February 26, 2026 at 23:59h<br \/>Registration: comunicacion.pjveu@vedruna.org<\/strong><\/span><\/p>\n<ul>\n<li style=\"list-style-type: none;\">\n<ul>\n<li style=\"font-weight: 400;\" aria-level=\"2\"><span style=\"color: #ffffff;\"><a href=\"https:\/\/www.pjvvedruna.es\/wp-content\/uploads\/2025\/12\/bases-del-concurso-de-clipmetraje-pjv.pdf\" style=\"color: #ffffff;\"><span style=\"text-decoration: underline;\">Contest rules<\/span><\/a><\/span><\/li>\n<li style=\"font-weight: 400;\" aria-level=\"2\"><span style=\"text-decoration: underline; color: #ffffff;\"><a href=\"https:\/\/www.pjvvedruna.es\/experiencias-anuales\/\" style=\"color: #ffffff; text-decoration: underline;\"><span style=\"font-weight: 400;\">PJV Vedruna<\/span><\/a><\/span><\/li>\n<li style=\"font-weight: 400;\" aria-level=\"2\"><span style=\"text-decoration: underline;\"><span style=\"color: #333333; text-decoration: underline;\"><a href=\"https:\/\/www.facebook.com\/reel\/850644073981365\" style=\"color: #333333; text-decoration: underline;\"><span style=\"font-weight: 400;\"><span style=\"color: #ffffff; text-decoration: underline;\">Advertisement<\/span><\/span><\/a><\/span><\/span><\/li>\n<\/ul>\n<\/li>\n<\/ul>\n<p>[\/et_pb_toggle][et_pb_toggle title=&#8221;Oral history videos: %22Who is Joaquina for me? How the charism of the foundress is still alive today%22 &#8221; open_toggle_text_color=&#8221;#FFFFFF&#8221; open_toggle_background_color=&#8221;#7F2629&#8243; closed_toggle_text_color=&#8221;#FFFFFF&#8221; closed_toggle_background_color=&#8221;#ef7d3b&#8221; icon_color=&#8221;#E0D0A6&#8243; toggle_icon=&#8221;&#x37;||divi||400&#8243; use_icon_font_size=&#8221;on&#8221; icon_font_size=&#8221;30px&#8221; open_icon_color=&#8221;#FFFFFF&#8221; open_toggle_icon=&#8221;&#x36;||divi||400&#8243; open_use_icon_font_size=&#8221;on&#8221; open_icon_font_size=&#8221;30px&#8221; _builder_version=&#8221;4.27.5&#8243; _module_preset=&#8221;default&#8221; global_colors_info=&#8221;{}&#8221;]<\/p>\n<p><span style=\"color: #ffffff;\">In the act of homage celebrated on May 17, 2025, testimonies were shared by sisters from the former provinces of Europe, now unified, who told what seduced them about Joaquina&#8217;s charism, what inspires them and how they envision the future of this charism.<\/span><\/p>\n<ul>\n<li style=\"list-style-type: none;\">\n<ul>\n<li><span style=\"color: #ffffff;\"><a href=\"https:\/\/vedruna.eu\/portfolio-item\/quien-es-para-mi-joaquina\/\" style=\"color: #ffffff;\"><span style=\"text-decoration: underline;\">Watch video and read testimonials on vedruna.eu<\/span><\/a><\/span><\/li>\n<\/ul>\n<\/li>\n<\/ul>\n<p>[\/et_pb_toggle][et_pb_toggle title=&#8221;Workshop for educators: %22Caring for the Vedruna School%22, Vedruna Education Foundation&#8221; open_toggle_text_color=&#8221;#FFFFFF&#8221; open_toggle_background_color=&#8221;#7F2629&#8243; closed_toggle_text_color=&#8221;#7F2629&#8243; closed_toggle_background_color=&#8221;#d3d849&#8243; icon_color=&#8221;#E0D0A6&#8243; toggle_icon=&#8221;&#x37;||divi||400&#8243; use_icon_font_size=&#8221;on&#8221; icon_font_size=&#8221;30px&#8221; open_icon_color=&#8221;#FFFFFF&#8221; open_toggle_icon=&#8221;&#x36;||divi||400&#8243; open_use_icon_font_size=&#8221;on&#8221; open_icon_font_size=&#8221;30px&#8221; _builder_version=&#8221;4.27.5&#8243; _module_preset=&#8221;default&#8221; global_colors_info=&#8221;{}&#8221;]<\/p>\n<p><span style=\"color: #ffffff;\">This workshop proposes to educators a space for reflection and action to review the present of the Vedruna School, of our center and to project with meaning its future. After 200 years educating for life, the current context challenges us with a question as necessary as it is challenging: &#8220;And now what?&#8221; <\/span><\/p>\n<p><span style=\"color: #ffffff;\">It is aimed at educators, called to care for and update the Vedruna pedagogical mission in the face of the challenges of the 21st century. This training invites to rethink, with a critical eye and active hope, how to remain faithful to the charism of Joaquina in a changing world.   <\/span><br \/><span style=\"color: #ffffff;\">The final conclusions of this work will be presented at the meeting of educators to celebrate the Bicentenary that will take place in Madrid (Villaverde and Carabanchel schools) from June 26 to 28.<\/span><\/p>\n<p>[\/et_pb_toggle][et_pb_toggle title=&#8221;Official Bicentennial events in Vedruna schools of Fundaci\u00f3n Vedruna Education&#8221; open_toggle_text_color=&#8221;#FFFFFF&#8221; open_toggle_background_color=&#8221;#7F2629&#8243; closed_toggle_text_color=&#8221;#FFFFFF&#8221; closed_toggle_background_color=&#8221;#a5bce3&#8243; icon_color=&#8221;#E0D0A6&#8243; toggle_icon=&#8221;&#x37;||divi||400&#8243; use_icon_font_size=&#8221;on&#8221; icon_font_size=&#8221;30px&#8221; open_icon_color=&#8221;#FFFFFF&#8221; open_toggle_icon=&#8221;&#x36;||divi||400&#8243; open_use_icon_font_size=&#8221;on&#8221; open_icon_font_size=&#8221;30px&#8221; _builder_version=&#8221;4.27.5&#8243; _module_preset=&#8221;default&#8221; global_colors_info=&#8221;{}&#8221;]<\/p>\n<p><span style=\"color: #ffffff;\">The Vedruna schools of the Vedruna Education Foundation celebrate individually or jointly with other nearby schools an official act to present the Bicentenary . <\/span><\/p>\n<ul>\n<li style=\"list-style-type: none;\">\n<ul>\n<li style=\"font-weight: 400;\" aria-level=\"4\"><span style=\"text-decoration: underline;\"><span style=\"color: #ffffff; text-decoration: underline;\"><a href=\"https:\/\/vedruna.eu\/portfolio-item\/acto-apertura-del-bicentenario-en-el-colegio-sagrado-corazon-de-valencia\/\" style=\"color: #ffffff; text-decoration: underline;\"><span style=\"font-weight: 400;\">Valencia<\/span><\/a><\/span><\/span><\/li>\n<li style=\"font-weight: 400;\" aria-level=\"4\"><span style=\"text-decoration: underline;\"><span style=\"color: #ffffff; text-decoration: underline;\"><a href=\"https:\/\/vedruna.eu\/portfolio-item\/el-colegio-de-isla-se-suma-al-bicentenario-recibiendo-un-homenaje-publico-a-sus-141-anos-de-historia\/\" style=\"color: #ffffff; text-decoration: underline;\"><span style=\"font-weight: 400;\">Isla (Cantabria)<\/span><\/a><\/span><\/span><\/li>\n<li style=\"font-weight: 400;\" aria-level=\"4\"><span style=\"text-decoration: underline;\"><span style=\"color: #ffffff; text-decoration: underline;\"><a href=\"https:\/\/vedruna.eu\/portfolio-item\/alcoy-celebra-la-presentacion-local-del-bicentenario-de-las-hermanas-carmelitas-de-la-caridad-vedruna\/\" style=\"color: #ffffff; text-decoration: underline;\"><span style=\"font-weight: 400;\">Alcoy<\/span><\/a><\/span><\/span><\/li>\n<li style=\"font-weight: 400;\" aria-level=\"4\"><span style=\"text-decoration: underline;\"><span style=\"color: #ffffff; text-decoration: underline;\"><a href=\"https:\/\/vedruna.eu\/portfolio-item\/rumbo-al-bicentenario-en-villena\/\" style=\"color: #ffffff; text-decoration: underline;\"><span style=\"font-weight: 400;\">Villena (Alicante)<\/span><\/a><\/span><\/span><\/li>\n<li style=\"font-weight: 400;\" aria-level=\"4\"><span style=\"text-decoration: underline;\"><span style=\"color: #ffffff; text-decoration: underline;\"><a href=\"https:\/\/vedruna.eu\/portfolio-item\/luis-arguello-pide-a-laicos-y-religiosas-vedruna-que-mantengan-vivo-el-carisma-de-joaquina\/\" style=\"color: #ffffff; text-decoration: underline;\"><span style=\"font-weight: 400;\">Opening of the Bicentennial in Valladolid<\/span><\/a><\/span><\/span><span style=\"color: #ffffff;\"><a href=\"https:\/\/vedruna.eu\/portfolio-item\/luis-arguello-pide-a-laicos-y-religiosas-vedruna-que-mantengan-vivo-el-carisma-de-joaquina\/\" style=\"color: #ffffff; text-decoration: underline;\"><span style=\"font-weight: 400;\"> | <\/span><\/a><\/span><span style=\"text-decoration: underline;\"><span style=\"color: #ffffff; text-decoration: underline;\"><a href=\"https:\/\/vedruna.eu\/portfolio-item\/luis-arguello-pide-a-laicos-y-religiosas-vedruna-que-mantengan-vivo-el-carisma-de-joaquina\/\" style=\"color: #ffffff; text-decoration: underline;\"><span style=\"font-weight: 400;\">Celebration of February 26th<\/span><\/a><\/span><\/span><\/li>\n<li style=\"font-weight: 400;\" aria-level=\"4\"><span style=\"text-decoration: underline;\"><span style=\"color: #ffffff; text-decoration: underline;\"><a href=\"https:\/\/vedruna.eu\/portfolio-item\/inauguracion-de-los-actos-del-bicentenario-en-leon\/\" style=\"color: #ffffff; text-decoration: underline;\"><span style=\"font-weight: 400;\">Lion<\/span><\/a><span style=\"font-weight: 400;\"> <\/span><\/span><\/span><\/li>\n<li style=\"font-weight: 400;\" aria-level=\"4\"><span style=\"text-decoration: underline;\"><span style=\"color: #ffffff; text-decoration: underline;\"><a href=\"https:\/\/vedruna.eu\/portfolio-item\/celebracion-en-san-fernando-200-anos-de-una-obra-hermosa\/\" style=\"color: #ffffff; text-decoration: underline;\"><span style=\"font-weight: 400;\">San Fernando<\/span><\/a><\/span><\/span><\/li>\n<li style=\"font-weight: 400;\" aria-level=\"4\"><span style=\"text-decoration: underline;\"><span style=\"color: #333333; text-decoration: underline;\"><a href=\"https:\/\/vedruna.eu\/portfolio-item\/asturias-celebra-el-bicentenario-y-los-130-anos-de-presencia-vedruna-en-el-principado\/\" style=\"color: #333333; text-decoration: underline;\"><span style=\"font-weight: 400;\"><span style=\"color: #ffffff; text-decoration: underline;\">Asturias<\/span><\/span><\/a><\/span><\/span><span style=\"color: #333333;\"><\/span><\/li>\n<li style=\"font-weight: 400;\" aria-level=\"4\"><span style=\"text-decoration: underline;\"><span style=\"color: #ffffff; text-decoration: underline;\"><a href=\"https:\/\/www.instagram.com\/p\/DUqrPFPDWoE\/?igsh=MWd0Mm1ubzlvYzUxNg%3D%3D\" style=\"color: #ffffff; text-decoration: underline;\">Villena<\/a><\/span><span style=\"color: #333333; text-decoration: underline;\"><span style=\"font-weight: 400;\"><span style=\"color: #ffffff; text-decoration: underline;\"><\/span><\/span><\/span><\/span><\/li>\n<li style=\"font-weight: 400;\" aria-level=\"4\"><span style=\"text-decoration: underline;\"><span style=\"color: #ffffff;\"><a href=\"https:\/\/vedruna.eu\/portfolio-item\/200-anos-siendo-familia-celebracion-del-bicentenario-en-la-baneza-y-leon\/\" style=\"color: #ffffff; text-decoration: underline;\">La Ba\u00f1eza and Le\u00f3n<\/a><\/span><span style=\"color: #ffffff; text-decoration: underline;\"><\/span><\/span><\/li>\n<li style=\"font-weight: 400;\" aria-level=\"4\"><span style=\"text-decoration: underline;\"><span style=\"color: #ffffff; text-decoration: underline;\"><a href=\"https:\/\/vedruna.eu\/portfolio-item\/vitoria-celebra-la-huella-imborrable-de-joaquina-desde-el-compromiso-vedruna-de-seguir-siendo-motor-de-transformacion\/\" style=\"color: #ffffff; text-decoration: underline;\">Vitoria<\/a><\/span><span style=\"color: #ffffff; text-decoration: underline;\"><\/span><\/span><\/li>\n<li style=\"font-weight: 400;\" aria-level=\"4\"><a href=\"https:\/\/vedruna.eu\/portfolio-item\/el-colegio-la-purisima-saca-a-joaquina-en-procesion-extraordinaria-por-jaen-para-celebrar-el-bicentenario\/\"><span style=\"text-decoration: underline;\"><span style=\"color: #ffffff; text-decoration: underline;\">Jaen<\/span><\/span><\/a><\/li>\n<li style=\"font-weight: 400;\" aria-level=\"4\"><span style=\"text-decoration: underline;\"><span style=\"color: #ffffff; text-decoration: underline;\">La Palma del Condado (Huelva)<\/span><\/span><\/li>\n<\/ul>\n<\/li>\n<\/ul>\n<p>[\/et_pb_toggle][\/et_pb_column][\/et_pb_row][et_pb_row column_structure=&#8221;1_2,1_2&#8243; _builder_version=&#8221;4.17.0&#8243; _module_preset=&#8221;default&#8221; min_height=&#8221;242.1px&#8221; custom_padding=&#8221;50px||50px||true|&#8221; global_colors_info=&#8221;{}&#8221;][et_pb_column type=&#8221;1_2&#8243; _builder_version=&#8221;4.17.0&#8243; _module_preset=&#8221;default&#8221; global_colors_info=&#8221;{}&#8221;][et_pb_text _builder_version=&#8221;4.27.5&#8243; text_font=&#8221;|300|||||||&#8221; text_text_color=&#8221;#D64123&#8243; text_font_size=&#8221;22px&#8221; text_line_height=&#8221;1.8em&#8221; header_2_font=&#8221;|700|||||||&#8221; header_2_text_color=&#8221;#D64123&#8243; header_2_font_size=&#8221;36px&#8221; header_2_line_height=&#8221;0.8em&#8221; header_5_font=&#8221;|300|||||||&#8221; header_5_text_color=&#8221;#7F2629&#8243; header_5_font_size=&#8221;21px&#8221; text_orientation=&#8221;center&#8221; text_font_size_tablet=&#8221;&#8221; text_font_size_phone=&#8221;14px&#8221; text_font_size_last_edited=&#8221;on|desktop&#8221; global_colors_info=&#8221;{}&#8221;]<\/p>\n<h2><span style=\"color: #d63449;\">Route through Vic and Barcelona<\/span><\/h2>\n<p>[\/et_pb_text][et_pb_text _builder_version=&#8221;4.27.5&#8243; _module_preset=&#8221;default&#8221; text_orientation=&#8221;center&#8221; width=&#8221;100%&#8221; global_colors_info=&#8221;{}&#8221;]<\/p>\n<p><span style=\"color: #800000;\">The Fundaci\u00f3 Vedruna Catalunya Educaci\u00f3, together with the Tourist Office of Vic, has developed a tour of the city of Vic, where<\/span><span style=\"color: #800000;\"> <span dir=\"auto\"> Joaquina de Vedruna founded the Congregation of the Carmelite Sisters of Charity Vedruna<span> <\/span><\/span><span><span dir=\"auto\">in 1826, two hundred years ago<\/span><\/span><span><span dir=\"auto\">. There is also a tour of the places in the neighborhood where Joaquina was born in Barcelona.  <\/span><\/span><\/span><\/p>\n<p><span style=\"color: #800000;\"><span><span dir=\"auto\">Today, Vic has become a must-see for this religious family of ours, present in 25 countries around the world. <\/span><\/span><span><span dir=\"auto\">present in 25 countries around the world, but also for all those who collaborate with its <\/span><\/span><span><span dir=\"auto\"> all those who collaborate in its educational, hospitaller and social mission. <\/span><\/span> <\/span><\/p>\n<ul>\n<li style=\"list-style-type: none;\">\n<ul>\n<li style=\"list-style-type: none;\">\n<ul>\n<li style=\"list-style-type: none;\">\n<ul>\n<li style=\"text-align: left;\"><span style=\"text-decoration: underline; color: #800000;\"><a href=\"https:\/\/200vedruna.cat\/rutes\/ruta-vic\/\" style=\"color: #800000; text-decoration: underline;\"><span dir=\"auto\">Vic Route<\/span><\/a><\/span><\/li>\n<li style=\"text-align: left;\"><span style=\"color: #800000;\"><a href=\"https:\/\/200vedruna.cat\/rutes\/ruta-barcelona\/\" style=\"color: #800000;\"><span style=\"text-decoration: underline;\"><span dir=\"auto\">Barcelona Route<\/span><\/span><\/a><\/span><\/li>\n<\/ul>\n<\/li>\n<\/ul>\n<\/li>\n<\/ul>\n<\/li>\n<\/ul>\n<p>[\/et_pb_text][\/et_pb_column][et_pb_column type=&#8221;1_2&#8243; _builder_version=&#8221;4.17.0&#8243; _module_preset=&#8221;default&#8221; global_colors_info=&#8221;{}&#8221;][et_pb_image src=&#8221;https:\/\/vedruna.org\/wp-content\/uploads\/2026\/01\/mapa-ruta-vedruna-vic-Q.webp&#8221; title_text=&#8221;map-route-vedruna-vic-Q&#8221; align=&#8221;center&#8221; _builder_version=&#8221;4.27.5&#8243; _module_preset=&#8221;default&#8221; width=&#8221;65%&#8221; global_colors_info=&#8221;{}&#8221;][\/et_pb_image][\/et_pb_column][\/et_pb_row][et_pb_row _builder_version=&#8221;4.27.5&#8243; _module_preset=&#8221;default&#8221; custom_padding=&#8221;61px|||||&#8221; global_colors_info=&#8221;{}&#8221;][et_pb_column type=&#8221;4_4&#8243; _builder_version=&#8221;4.27.5&#8243; _module_preset=&#8221;default&#8221; global_colors_info=&#8221;{}&#8221;][et_pb_text _builder_version=&#8221;4.27.5&#8243; text_font=&#8221;|300|||||||&#8221; text_text_color=&#8221;#D64123&#8243; text_font_size=&#8221;22px&#8221; text_line_height=&#8221;1.8em&#8221; header_2_font=&#8221;|700|||||||&#8221; header_2_text_color=&#8221;#D64123&#8243; header_2_font_size=&#8221;36px&#8221; header_2_line_height=&#8221;0.8em&#8221; header_5_font=&#8221;|300|||||||&#8221; header_5_text_color=&#8221;#7F2629&#8243; header_5_font_size=&#8221;21px&#8221; text_orientation=&#8221;center&#8221; text_font_size_tablet=&#8221;&#8221; text_font_size_phone=&#8221;14px&#8221; text_font_size_last_edited=&#8221;on|desktop&#8221; global_colors_info=&#8221;{}&#8221;]<\/p>\n<h2><span style=\"color: #d63449;\">Entering Joaquina&#8217;s heart<\/span><\/h2>\n<p>[\/et_pb_text][et_pb_text _builder_version=&#8221;4.27.5&#8243; text_font=&#8221;|300|||||||&#8221; text_text_color=&#8221;#D64123&#8243; text_font_size=&#8221;22px&#8221; text_line_height=&#8221;1.8em&#8221; header_2_font=&#8221;|700|||||||&#8221; header_2_text_color=&#8221;#D64123&#8243; header_2_font_size=&#8221;36px&#8221; header_2_line_height=&#8221;0.8em&#8221; header_5_font=&#8221;|300|||||||&#8221; header_5_text_color=&#8221;#7F2629&#8243; header_5_font_size=&#8221;21px&#8221; text_orientation=&#8221;center&#8221; custom_padding=&#8221;||0px|||&#8221; text_font_size_tablet=&#8221;&#8221; text_font_size_phone=&#8221;14px&#8221; text_font_size_last_edited=&#8221;on|desktop&#8221; global_colors_info=&#8221;{}&#8221;]<\/p>\n<p style=\"text-align: center;\"><span style=\"font-weight: 400; color: #993300;\"><span style=\"font-weight: 400;\">Through the leisurely reading of some of her letters. They are sent on the 12th of each month with the contextualization of the letter and some guidelines for prayer and deepening in the life of Joaquina to facilitate the<br \/>community sharing and making them our own. <\/span><\/span><\/p>\n<p>[\/et_pb_text][\/et_pb_column][\/et_pb_row][et_pb_row column_structure=&#8221;1_6,1_6,1_6,1_6,1_6,1_6&#8243; _builder_version=&#8221;4.27.5&#8243; _module_preset=&#8221;default&#8221; min_height=&#8221;163.2px&#8221; global_colors_info=&#8221;{}&#8221;][et_pb_column type=&#8221;1_6&#8243; _builder_version=&#8221;4.27.5&#8243; _module_preset=&#8221;default&#8221; global_colors_info=&#8221;{}&#8221;][et_pb_image src=&#8221;https:\/\/vedruna.org\/wp-content\/uploads\/2026\/01\/WhatsApp-Image-2025-08-19-at-17.04.50-1.jpeg&#8221; title_text=&#8221;WhatsApp Image 2025-08-19 at 17.04.50 (1)&#8221; _builder_version=&#8221;4.27.5&#8243; _module_preset=&#8221;default&#8221; global_colors_info=&#8221;{}&#8221;][\/et_pb_image][et_pb_text _builder_version=&#8221;4.27.5&#8243; _module_preset=&#8221;default&#8221; global_colors_info=&#8221;{}&#8221;]<\/p>\n<p style=\"text-align: center;\"><span style=\"color: #800000;\">February, 2025<\/span><\/p>\n<p>[\/et_pb_text][et_pb_button button_url=&#8221;https:\/\/vedruna.eu\/carta-81\/&#8221; button_text=&#8221;Letter 81&#8243; button_alignment=&#8221;center&#8221; _builder_version=&#8221;4.27.5&#8243; _module_preset=&#8221;default&#8221; custom_button=&#8221;on&#8221; button_text_size=&#8221;20px&#8221; button_text_color=&#8221;#FFFFFF&#8221; button_bg_color=&#8221;#7F2629&#8243; button_border_width=&#8221;0px&#8221; button_border_radius=&#8221;100px&#8221; global_colors_info=&#8221;{}&#8221;][\/et_pb_button][\/et_pb_column][et_pb_column type=&#8221;1_6&#8243; _builder_version=&#8221;4.27.5&#8243; _module_preset=&#8221;default&#8221; global_colors_info=&#8221;{}&#8221;][et_pb_image src=&#8221;https:\/\/vedruna.org\/wp-content\/uploads\/2026\/01\/WhatsApp-Image-2025-08-19-at-17.04.50-1.jpeg&#8221; title_text=&#8221;WhatsApp Image 2025-08-19 at 17.04.50 (1)&#8221; _builder_version=&#8221;4.27.5&#8243; _module_preset=&#8221;default&#8221; global_colors_info=&#8221;{}&#8221;][\/et_pb_image][et_pb_text _builder_version=&#8221;4.27.5&#8243; _module_preset=&#8221;default&#8221; global_colors_info=&#8221;{}&#8221;]<\/p>\n<p style=\"text-align: center;\"><span style=\"color: #800000;\">March, 2025<\/span><\/p>\n<p>[\/et_pb_text][et_pb_button button_url=&#8221;https:\/\/vedruna.eu\/marzo-de-2025\/&#8221; button_text=&#8221;Letter 77&#8243; button_alignment=&#8221;center&#8221; _builder_version=&#8221;4.27.5&#8243; _module_preset=&#8221;default&#8221; custom_button=&#8221;on&#8221; button_text_size=&#8221;20px&#8221; button_text_color=&#8221;#FFFFFF&#8221; button_bg_color=&#8221;#7F2629&#8243; button_border_width=&#8221;0px&#8221; button_border_radius=&#8221;100px&#8221; global_colors_info=&#8221;{}&#8221;][\/et_pb_button][\/et_pb_column][et_pb_column type=&#8221;1_6&#8243; _builder_version=&#8221;4.27.5&#8243; _module_preset=&#8221;default&#8221; global_colors_info=&#8221;{}&#8221;][et_pb_image src=&#8221;https:\/\/vedruna.org\/wp-content\/uploads\/2026\/01\/WhatsApp-Image-2025-08-19-at-17.04.50-1.jpeg&#8221; title_text=&#8221;WhatsApp Image 2025-08-19 at 17.04.50 (1)&#8221; _builder_version=&#8221;4.27.5&#8243; _module_preset=&#8221;default&#8221; global_colors_info=&#8221;{}&#8221;][\/et_pb_image][et_pb_text _builder_version=&#8221;4.27.5&#8243; _module_preset=&#8221;default&#8221; global_colors_info=&#8221;{}&#8221;]<\/p>\n<p style=\"text-align: center;\"><span style=\"color: #800000;\">April, 2025<\/span><\/p>\n<p>[\/et_pb_text][et_pb_button button_url=&#8221;https:\/\/vedruna.eu\/abril-2025\/&#8221; button_text=&#8221;Letter 17&#8243; button_alignment=&#8221;center&#8221; _builder_version=&#8221;4.27.5&#8243; _module_preset=&#8221;default&#8221; custom_button=&#8221;on&#8221; button_text_size=&#8221;20px&#8221; button_text_color=&#8221;#FFFFFF&#8221; button_bg_color=&#8221;#7F2629&#8243; button_border_width=&#8221;0px&#8221; button_border_radius=&#8221;100px&#8221; global_colors_info=&#8221;{}&#8221;][\/et_pb_button][\/et_pb_column][et_pb_column type=&#8221;1_6&#8243; _builder_version=&#8221;4.27.5&#8243; _module_preset=&#8221;default&#8221; global_colors_info=&#8221;{}&#8221;][et_pb_image src=&#8221;https:\/\/vedruna.org\/wp-content\/uploads\/2026\/01\/WhatsApp-Image-2025-08-19-at-17.04.50-1.jpeg&#8221; title_text=&#8221;WhatsApp Image 2025-08-19 at 17.04.50 (1)&#8221; _builder_version=&#8221;4.27.5&#8243; _module_preset=&#8221;default&#8221; global_colors_info=&#8221;{}&#8221;][\/et_pb_image][et_pb_text _builder_version=&#8221;4.27.5&#8243; _module_preset=&#8221;default&#8221; global_colors_info=&#8221;{}&#8221;]<\/p>\n<p style=\"text-align: center;\"><span style=\"color: #800000;\">May, 2025<\/span><\/p>\n<p>[\/et_pb_text][et_pb_button button_url=&#8221;https:\/\/vedruna.eu\/mayo-2025\/&#8221; button_text=&#8221;Letter 29&#8243; button_alignment=&#8221;center&#8221; _builder_version=&#8221;4.27.5&#8243; _module_preset=&#8221;default&#8221; custom_button=&#8221;on&#8221; button_text_size=&#8221;20px&#8221; button_text_color=&#8221;#FFFFFF&#8221; button_bg_color=&#8221;#7F2629&#8243; button_border_width=&#8221;0px&#8221; button_border_radius=&#8221;100px&#8221; global_colors_info=&#8221;{}&#8221;][\/et_pb_button][\/et_pb_column][et_pb_column type=&#8221;1_6&#8243; _builder_version=&#8221;4.27.5&#8243; _module_preset=&#8221;default&#8221; global_colors_info=&#8221;{}&#8221;][et_pb_image src=&#8221;https:\/\/vedruna.org\/wp-content\/uploads\/2026\/01\/WhatsApp-Image-2025-08-19-at-17.04.50-1.jpeg&#8221; title_text=&#8221;WhatsApp Image 2025-08-19 at 17.04.50 (1)&#8221; _builder_version=&#8221;4.27.5&#8243; _module_preset=&#8221;default&#8221; global_colors_info=&#8221;{}&#8221;][\/et_pb_image][et_pb_text _builder_version=&#8221;4.27.5&#8243; _module_preset=&#8221;default&#8221; global_colors_info=&#8221;{}&#8221;]<\/p>\n<p style=\"text-align: center;\"><span style=\"color: #800000;\">June, 2025<\/span><\/p>\n<p>[\/et_pb_text][et_pb_button button_url=&#8221;https:\/\/vedruna.eu\/junio-2025\/&#8221; button_text=&#8221;Letter 4&#8243; button_alignment=&#8221;center&#8221; _builder_version=&#8221;4.27.5&#8243; _module_preset=&#8221;default&#8221; custom_button=&#8221;on&#8221; button_text_size=&#8221;20px&#8221; button_text_color=&#8221;#FFFFFF&#8221; button_bg_color=&#8221;#7F2629&#8243; button_border_width=&#8221;0px&#8221; button_border_radius=&#8221;100px&#8221; global_colors_info=&#8221;{}&#8221;][\/et_pb_button][\/et_pb_column][et_pb_column type=&#8221;1_6&#8243; _builder_version=&#8221;4.27.5&#8243; _module_preset=&#8221;default&#8221; global_colors_info=&#8221;{}&#8221;][et_pb_image src=&#8221;https:\/\/vedruna.org\/wp-content\/uploads\/2026\/01\/WhatsApp-Image-2025-08-19-at-17.04.50-1.jpeg&#8221; title_text=&#8221;WhatsApp Image 2025-08-19 at 17.04.50 (1)&#8221; _builder_version=&#8221;4.27.5&#8243; _module_preset=&#8221;default&#8221; global_colors_info=&#8221;{}&#8221;][\/et_pb_image][et_pb_text _builder_version=&#8221;4.27.5&#8243; _module_preset=&#8221;default&#8221; global_colors_info=&#8221;{}&#8221;]<\/p>\n<p style=\"text-align: center;\"><span style=\"color: #800000;\">July, 2025<\/span><\/p>\n<p>[\/et_pb_text][et_pb_button button_url=&#8221;https:\/\/vedruna.eu\/julio-25\/&#8221; button_text=&#8221;Letter 77&#8243; button_alignment=&#8221;center&#8221; _builder_version=&#8221;4.27.5&#8243; _module_preset=&#8221;default&#8221; custom_button=&#8221;on&#8221; button_text_size=&#8221;20px&#8221; button_text_color=&#8221;#FFFFFF&#8221; button_bg_color=&#8221;#7F2629&#8243; button_border_width=&#8221;0px&#8221; button_border_radius=&#8221;100px&#8221; global_colors_info=&#8221;{}&#8221;][\/et_pb_button][\/et_pb_column][\/et_pb_row][et_pb_row column_structure=&#8221;1_6,1_6,1_6,1_6,1_6,1_6&#8243; _builder_version=&#8221;4.27.5&#8243; _module_preset=&#8221;default&#8221; min_height=&#8221;97px&#8221; global_colors_info=&#8221;{}&#8221;][et_pb_column type=&#8221;1_6&#8243; _builder_version=&#8221;4.27.5&#8243; _module_preset=&#8221;default&#8221; global_colors_info=&#8221;{}&#8221;][et_pb_image src=&#8221;https:\/\/vedruna.org\/wp-content\/uploads\/2026\/01\/WhatsApp-Image-2025-08-19-at-17.04.50-1.jpeg&#8221; title_text=&#8221;WhatsApp Image 2025-08-19 at 17.04.50 (1)&#8221; _builder_version=&#8221;4.27.5&#8243; _module_preset=&#8221;default&#8221; global_colors_info=&#8221;{}&#8221;][\/et_pb_image][et_pb_text _builder_version=&#8221;4.27.5&#8243; _module_preset=&#8221;default&#8221; global_colors_info=&#8221;{}&#8221;]<\/p>\n<p style=\"text-align: center;\"><span style=\"color: #800000;\">August, 2025<\/span><\/p>\n<p>[\/et_pb_text][et_pb_button button_url=&#8221;https:\/\/vedruna.eu\/agosto-2025\/&#8221; button_text=&#8221;Letter 134&#8243; button_alignment=&#8221;center&#8221; _builder_version=&#8221;4.27.5&#8243; _module_preset=&#8221;default&#8221; custom_button=&#8221;on&#8221; button_text_size=&#8221;20px&#8221; button_text_color=&#8221;#FFFFFF&#8221; button_bg_color=&#8221;#7F2629&#8243; button_border_width=&#8221;0px&#8221; button_border_radius=&#8221;100px&#8221; global_colors_info=&#8221;{}&#8221;][\/et_pb_button][\/et_pb_column][et_pb_column type=&#8221;1_6&#8243; _builder_version=&#8221;4.27.5&#8243; _module_preset=&#8221;default&#8221; global_colors_info=&#8221;{}&#8221;][et_pb_image src=&#8221;https:\/\/vedruna.org\/wp-content\/uploads\/2026\/01\/WhatsApp-Image-2025-08-19-at-17.04.50-1.jpeg&#8221; title_text=&#8221;WhatsApp Image 2025-08-19 at 17.04.50 (1)&#8221; _builder_version=&#8221;4.27.5&#8243; _module_preset=&#8221;default&#8221; global_colors_info=&#8221;{}&#8221;][\/et_pb_image][et_pb_text _builder_version=&#8221;4.27.5&#8243; _module_preset=&#8221;default&#8221; global_colors_info=&#8221;{}&#8221;]<\/p>\n<p style=\"text-align: center;\"><span style=\"color: #800000;\">September, 2025<\/span><\/p>\n<p>[\/et_pb_text][et_pb_button button_url=&#8221;https:\/\/vedruna.eu\/septiembre-2025\/&#8221; button_text=&#8221;Letter 94&#8243; button_alignment=&#8221;center&#8221; _builder_version=&#8221;4.27.5&#8243; _module_preset=&#8221;default&#8221; custom_button=&#8221;on&#8221; button_text_size=&#8221;20px&#8221; button_text_color=&#8221;#FFFFFF&#8221; button_bg_color=&#8221;#7F2629&#8243; button_border_width=&#8221;0px&#8221; button_border_radius=&#8221;100px&#8221; global_colors_info=&#8221;{}&#8221;][\/et_pb_button][\/et_pb_column][et_pb_column type=&#8221;1_6&#8243; _builder_version=&#8221;4.27.5&#8243; _module_preset=&#8221;default&#8221; global_colors_info=&#8221;{}&#8221;][et_pb_image src=&#8221;https:\/\/vedruna.org\/wp-content\/uploads\/2026\/01\/WhatsApp-Image-2025-08-19-at-17.04.50-1.jpeg&#8221; title_text=&#8221;WhatsApp Image 2025-08-19 at 17.04.50 (1)&#8221; _builder_version=&#8221;4.27.5&#8243; _module_preset=&#8221;default&#8221; global_colors_info=&#8221;{}&#8221;][\/et_pb_image][et_pb_text _builder_version=&#8221;4.27.5&#8243; _module_preset=&#8221;default&#8221; global_colors_info=&#8221;{}&#8221;]<\/p>\n<p style=\"text-align: center;\"><span style=\"color: #800000;\">October, 2025<\/span><\/p>\n<p>[\/et_pb_text][et_pb_button button_url=&#8221;https:\/\/vedruna.eu\/octubre-2025-2\/&#8221; button_text=&#8221;Letter 80&#8243; button_alignment=&#8221;center&#8221; _builder_version=&#8221;4.27.5&#8243; _module_preset=&#8221;default&#8221; custom_button=&#8221;on&#8221; button_text_size=&#8221;20px&#8221; button_text_color=&#8221;#FFFFFF&#8221; button_bg_color=&#8221;#7F2629&#8243; button_border_width=&#8221;0px&#8221; button_border_radius=&#8221;100px&#8221; global_colors_info=&#8221;{}&#8221;][\/et_pb_button][\/et_pb_column][et_pb_column type=&#8221;1_6&#8243; _builder_version=&#8221;4.27.5&#8243; _module_preset=&#8221;default&#8221; global_colors_info=&#8221;{}&#8221;][et_pb_image src=&#8221;https:\/\/vedruna.org\/wp-content\/uploads\/2026\/01\/WhatsApp-Image-2025-08-19-at-17.04.50-1.jpeg&#8221; title_text=&#8221;WhatsApp Image 2025-08-19 at 17.04.50 (1)&#8221; _builder_version=&#8221;4.27.5&#8243; _module_preset=&#8221;default&#8221; global_colors_info=&#8221;{}&#8221;][\/et_pb_image][et_pb_text _builder_version=&#8221;4.27.5&#8243; _module_preset=&#8221;default&#8221; global_colors_info=&#8221;{}&#8221;]<\/p>\n<p style=\"text-align: center;\"><span style=\"color: #800000;\">December, 2025<\/span><\/p>\n<p>[\/et_pb_text][et_pb_button button_url=&#8221;https:\/\/vedruna.eu\/noviembre-2025\/&#8221; button_text=&#8221;Letter 95&#8243; button_alignment=&#8221;center&#8221; _builder_version=&#8221;4.27.5&#8243; _module_preset=&#8221;default&#8221; custom_button=&#8221;on&#8221; button_text_size=&#8221;20px&#8221; button_text_color=&#8221;#FFFFFF&#8221; button_bg_color=&#8221;#7F2629&#8243; button_border_width=&#8221;0px&#8221; button_border_radius=&#8221;100px&#8221; global_colors_info=&#8221;{}&#8221;][\/et_pb_button][\/et_pb_column][et_pb_column type=&#8221;1_6&#8243; _builder_version=&#8221;4.27.5&#8243; _module_preset=&#8221;default&#8221; global_colors_info=&#8221;{}&#8221;][et_pb_image src=&#8221;https:\/\/vedruna.org\/wp-content\/uploads\/2026\/01\/WhatsApp-Image-2025-08-19-at-17.04.50-1.jpeg&#8221; title_text=&#8221;WhatsApp Image 2025-08-19 at 17.04.50 (1)&#8221; _builder_version=&#8221;4.27.5&#8243; _module_preset=&#8221;default&#8221; global_colors_info=&#8221;{}&#8221;][\/et_pb_image][et_pb_text _builder_version=&#8221;4.27.5&#8243; _module_preset=&#8221;default&#8221; global_colors_info=&#8221;{}&#8221;]<\/p>\n<p style=\"text-align: center;\"><span style=\"color: #800000;\">January, 2026<\/span><\/p>\n<p>[\/et_pb_text][et_pb_button button_url=&#8221;https:\/\/vedruna.eu\/noviembre-2025\/&#8221; button_text=&#8221;Letter 46&#8243; button_alignment=&#8221;center&#8221; _builder_version=&#8221;4.27.5&#8243; _module_preset=&#8221;default&#8221; custom_button=&#8221;on&#8221; button_text_size=&#8221;20px&#8221; button_text_color=&#8221;#FFFFFF&#8221; button_bg_color=&#8221;#7F2629&#8243; button_border_width=&#8221;0px&#8221; button_border_radius=&#8221;100px&#8221; global_colors_info=&#8221;{}&#8221;][\/et_pb_button][\/et_pb_column][et_pb_column type=&#8221;1_6&#8243; _builder_version=&#8221;4.27.5&#8243; _module_preset=&#8221;default&#8221; global_colors_info=&#8221;{}&#8221;][et_pb_image src=&#8221;https:\/\/vedruna.org\/wp-content\/uploads\/2026\/01\/WhatsApp-Image-2025-08-19-at-17.04.50-1.jpeg&#8221; title_text=&#8221;WhatsApp Image 2025-08-19 at 17.04.50 (1)&#8221; _builder_version=&#8221;4.27.5&#8243; _module_preset=&#8221;default&#8221; global_colors_info=&#8221;{}&#8221;][\/et_pb_image][et_pb_text _builder_version=&#8221;4.27.5&#8243; _module_preset=&#8221;default&#8221; global_colors_info=&#8221;{}&#8221;]<\/p>\n<p style=\"text-align: center;\"><span style=\"color: #800000;\">February, 2026<\/span><\/p>\n<p>[\/et_pb_text][et_pb_button button_url=&#8221;https:\/\/vedruna.eu\/carta-81\/&#8221; button_text=&#8221;Letter 82&#8243; button_alignment=&#8221;center&#8221; _builder_version=&#8221;4.27.5&#8243; _module_preset=&#8221;default&#8221; custom_button=&#8221;on&#8221; button_text_size=&#8221;20px&#8221; button_text_color=&#8221;#FFFFFF&#8221; button_bg_color=&#8221;#7F2629&#8243; button_border_width=&#8221;0px&#8221; button_border_radius=&#8221;100px&#8221; global_colors_info=&#8221;{}&#8221;][\/et_pb_button][\/et_pb_column][\/et_pb_row][et_pb_row column_structure=&#8221;1_6,1_6,1_6,1_6,1_6,1_6&#8243; _builder_version=&#8221;4.27.5&#8243; _module_preset=&#8221;default&#8221; min_height=&#8221;97px&#8221; global_colors_info=&#8221;{}&#8221;][et_pb_column type=&#8221;1_6&#8243; _builder_version=&#8221;4.27.5&#8243; _module_preset=&#8221;default&#8221; global_colors_info=&#8221;{}&#8221;][et_pb_image src=&#8221;https:\/\/vedruna.org\/wp-content\/uploads\/2026\/01\/WhatsApp-Image-2025-08-19-at-17.04.50-1.jpeg&#8221; title_text=&#8221;WhatsApp Image 2025-08-19 at 17.04.50 (1)&#8221; _builder_version=&#8221;4.27.5&#8243; _module_preset=&#8221;default&#8221; global_colors_info=&#8221;{}&#8221;][\/et_pb_image][et_pb_text _builder_version=&#8221;4.27.5&#8243; _module_preset=&#8221;default&#8221; global_colors_info=&#8221;{}&#8221;]<\/p>\n<p style=\"text-align: center;\"><span style=\"color: #800000;\">March, 2026<\/span><\/p>\n<p>[\/et_pb_text][et_pb_button button_url=&#8221;https:\/\/vedruna.eu\/marzo-2026\/&#8221; button_text=&#8221;Letter 84&#8243; button_alignment=&#8221;center&#8221; _builder_version=&#8221;4.27.5&#8243; _module_preset=&#8221;default&#8221; custom_button=&#8221;on&#8221; button_text_size=&#8221;20px&#8221; button_text_color=&#8221;#FFFFFF&#8221; button_bg_color=&#8221;#7F2629&#8243; button_border_width=&#8221;0px&#8221; button_border_radius=&#8221;100px&#8221; global_colors_info=&#8221;{}&#8221;][\/et_pb_button][\/et_pb_column][et_pb_column type=&#8221;1_6&#8243; _builder_version=&#8221;4.27.5&#8243; _module_preset=&#8221;default&#8221; global_colors_info=&#8221;{}&#8221;][et_pb_image src=&#8221;https:\/\/vedruna.org\/wp-content\/uploads\/2026\/01\/WhatsApp-Image-2025-08-19-at-17.04.50-1.jpeg&#8221; title_text=&#8221;WhatsApp Image 2025-08-19 at 17.04.50 (1)&#8221; _builder_version=&#8221;4.27.5&#8243; _module_preset=&#8221;default&#8221; global_colors_info=&#8221;{}&#8221;][\/et_pb_image][et_pb_text _builder_version=&#8221;4.27.6&#8243; _module_preset=&#8221;default&#8221; hover_enabled=&#8221;0&#8243; global_colors_info=&#8221;{}&#8221; sticky_enabled=&#8221;0&#8243;]<\/p>\n<p style=\"text-align: center;\"><span style=\"color: #800000;\">April, 2026<\/span><\/p>\n<p>[\/et_pb_text][et_pb_button button_url=&#8221;https:\/\/vedruna.eu\/abril-2026\/&#8221; button_text=&#8221;Letter 66&#8243; button_alignment=&#8221;center&#8221; _builder_version=&#8221;4.27.6&#8243; _module_preset=&#8221;default&#8221; custom_button=&#8221;on&#8221; button_text_size=&#8221;20px&#8221; button_text_color=&#8221;#FFFFFF&#8221; button_bg_color=&#8221;#7F2629&#8243; button_border_width=&#8221;0px&#8221; button_border_radius=&#8221;100px&#8221; hover_enabled=&#8221;0&#8243; global_colors_info=&#8221;{}&#8221; sticky_enabled=&#8221;0&#8243;][\/et_pb_button][\/et_pb_column][et_pb_column type=&#8221;1_6&#8243; _builder_version=&#8221;4.27.5&#8243; _module_preset=&#8221;default&#8221; global_colors_info=&#8221;{}&#8221;][\/et_pb_column][et_pb_column type=&#8221;1_6&#8243; _builder_version=&#8221;4.27.5&#8243; _module_preset=&#8221;default&#8221; global_colors_info=&#8221;{}&#8221;][\/et_pb_column][et_pb_column type=&#8221;1_6&#8243; _builder_version=&#8221;4.27.5&#8243; _module_preset=&#8221;default&#8221; global_colors_info=&#8221;{}&#8221;][\/et_pb_column][et_pb_column type=&#8221;1_6&#8243; _builder_version=&#8221;4.27.5&#8243; _module_preset=&#8221;default&#8221; global_colors_info=&#8221;{}&#8221;][\/et_pb_column][\/et_pb_row][\/et_pb_section][et_pb_section fb_built=&#8221;1&#8243; _builder_version=&#8221;4.27.5&#8243; _module_preset=&#8221;default&#8221; background_color=&#8221;#E0D0A6&#8243; min_height=&#8221;164.3px&#8221; custom_padding=&#8221;3vw||0px||false|false&#8221; da_disable_devices=&#8221;off|off|off&#8221; global_colors_info=&#8221;{}&#8221; da_is_popup=&#8221;off&#8221; da_exit_intent=&#8221;off&#8221; da_has_close=&#8221;on&#8221; da_alt_close=&#8221;off&#8221; da_dark_close=&#8221;off&#8221; da_not_modal=&#8221;on&#8221; da_is_singular=&#8221;off&#8221; da_with_loader=&#8221;off&#8221; da_has_shadow=&#8221;on&#8221;][et_pb_row _builder_version=&#8221;4.27.5&#8243; _module_preset=&#8221;default&#8221; min_height=&#8221;168px&#8221; custom_margin=&#8221;|auto|-38px|auto||&#8221; global_colors_info=&#8221;{}&#8221;][et_pb_column type=&#8221;4_4&#8243; _builder_version=&#8221;4.27.5&#8243; _module_preset=&#8221;default&#8221; global_colors_info=&#8221;{}&#8221;][et_pb_text _builder_version=&#8221;4.27.5&#8243; text_font=&#8221;|300|||||||&#8221; text_text_color=&#8221;#D64123&#8243; text_font_size=&#8221;22px&#8221; text_line_height=&#8221;1.8em&#8221; header_2_font=&#8221;|700|||||||&#8221; header_2_text_color=&#8221;#D64123&#8243; header_2_font_size=&#8221;36px&#8221; header_2_line_height=&#8221;0.8em&#8221; header_5_font=&#8221;|300|||||||&#8221; header_5_text_color=&#8221;#7F2629&#8243; header_5_font_size=&#8221;21px&#8221; text_orientation=&#8221;center&#8221; text_font_size_tablet=&#8221;&#8221; text_font_size_phone=&#8221;14px&#8221; text_font_size_last_edited=&#8221;on|desktop&#8221; global_colors_info=&#8221;{}&#8221;]<\/p>\n<h2><span style=\"color: #d63449;\">2025<\/span><\/h2>\n<p><strong><span style=\"color: #d63449;\">Preparing for the Bicentennial<\/span><\/strong><\/p>\n<p>[\/et_pb_text][\/et_pb_column][\/et_pb_row][\/et_pb_section][et_pb_section fb_built=&#8221;1&#8243; next_background_color=&#8221;#FFFFFF&#8221; _builder_version=&#8221;4.27.5&#8243; _module_preset=&#8221;default&#8221; background_color=&#8221;#E0D0A6&#8243; min_height=&#8221;140px&#8221; custom_margin=&#8221;0px||||false|false&#8221; custom_padding=&#8221;0px||131px||false|false&#8221; bottom_divider_style=&#8221;curve&#8221; bottom_divider_arrangement=&#8221;above_content&#8221; da_disable_devices=&#8221;off|off|off&#8221; global_colors_info=&#8221;{}&#8221; da_is_popup=&#8221;off&#8221; da_exit_intent=&#8221;off&#8221; da_has_close=&#8221;on&#8221; da_alt_close=&#8221;off&#8221; da_dark_close=&#8221;off&#8221; da_not_modal=&#8221;on&#8221; da_is_singular=&#8221;off&#8221; da_with_loader=&#8221;off&#8221; da_has_shadow=&#8221;on&#8221;][et_pb_row _builder_version=&#8221;4.17.0&#8243; _module_preset=&#8221;default&#8221; min_height=&#8221;258.1px&#8221; custom_padding=&#8221;43px||43px||true|&#8221; global_colors_info=&#8221;{}&#8221;][et_pb_column type=&#8221;4_4&#8243; _builder_version=&#8221;4.17.0&#8243; _module_preset=&#8221;default&#8221; global_colors_info=&#8221;{}&#8221;][et_pb_toggle title=&#8221;February 22, 2025 &#8211; Vedruna Contribution to education, Fundaci\u00f3 Vedruna Catalunya Educaci\u00f3&#8221; open_toggle_text_color=&#8221;#FFFFFF&#8221; open_toggle_background_color=&#8221;#7F2629&#8243; closed_toggle_text_color=&#8221;#FFFFFF&#8221; closed_toggle_background_color=&#8221;#7F2629&#8243; icon_color=&#8221;#E0D0A6&#8243; toggle_icon=&#8221;&#x37;||divi||400&#8243; use_icon_font_size=&#8221;on&#8221; icon_font_size=&#8221;30px&#8221; open_icon_color=&#8221;#FFFFFF&#8221; open_toggle_icon=&#8221;&#x36;||divi||400&#8243; open_use_icon_font_size=&#8221;on&#8221; open_icon_font_size=&#8221;30px&#8221; _builder_version=&#8221;4.27.5&#8243; _module_preset=&#8221;default&#8221; global_colors_info=&#8221;{}&#8221;]<\/p>\n<p><span style=\"color: #ffffff;\">Past, present and future. Projecci\u00f3 de Joaquima de Vedruna. Organized by <span style=\"font-weight: 400;\">Fundaci\u00f3 Vedruna Catalunya Educaci\u00f3.<\/span>  <\/span><\/p>\n<ul>\n<li style=\"list-style-type: none;\">\n<ul>\n<li><span style=\"text-decoration: underline; color: #ffffff;\"><a href=\"https:\/\/vedruna.cat\/posit-proposit-escoles-projecten-llegat-educatiu-joaquima\/\" style=\"color: #ffffff; text-decoration: underline;\">News on vedruna.cat<\/a><\/span><\/li>\n<li><span style=\"text-decoration: underline; color: #ffffff;\"><a href=\"https:\/\/www.catalunyareligio.cat\/ca\/vedruna-ofereix-seu-llegat-tota-comunitat\" style=\"color: #ffffff; text-decoration: underline;\"><span><span style=\"font-weight: 400;\">News in Catalunya Religi\u00f3<\/span><\/span><\/a><\/span><\/li>\n<\/ul>\n<\/li>\n<\/ul>\n<p>[\/et_pb_toggle][et_pb_toggle title=&#8221;February 25, 2025 &#8211; Inauguration of the Bicentennial in the Province of Europe&#8221; open_toggle_text_color=&#8221;#FFFFFF&#8221; open_toggle_background_color=&#8221;#7F2629&#8243; closed_toggle_text_color=&#8221;#FFFFFF&#8221; closed_toggle_background_color=&#8221;#7F2629&#8243; icon_color=&#8221;#E0D0A6&#8243; toggle_icon=&#8221;&#x37;||divi||400&#8243; use_icon_font_size=&#8221;on&#8221; icon_font_size=&#8221;30px&#8221; open_icon_color=&#8221;#FFFFFF&#8221; open_toggle_icon=&#8221;&#x36;||divi||400&#8243; open_use_icon_font_size=&#8221;on&#8221; open_icon_font_size=&#8221;30px&#8221; _builder_version=&#8221;4.27.5&#8243; _module_preset=&#8221;default&#8221; global_colors_info=&#8221;{}&#8221;]<\/p>\n<p><span style=\"color: #ffffff;\">The Vedruna Province of Europe opens the acts of preparation for the Bicentenary with an online meeting, with the participation of Maria Jose Meira and Fatima Borges, representing the General Team.  <\/span><\/p>\n<ul>\n<li style=\"list-style-type: none;\">\n<ul>\n<li><span style=\"text-decoration: underline;\"><span style=\"color: #ffffff; text-decoration: underline;\"><a href=\"https:\/\/vedruna.eu\/portfolio-item\/arranca-el-bicentenario-es-nuestro-tiempo-porque-tambien-sera-nuestra-historia\/\" style=\"color: #ffffff; text-decoration: underline;\">News on vedruna.eu<\/a><\/span><\/span><\/li>\n<\/ul>\n<\/li>\n<\/ul>\n<p>[\/et_pb_toggle][et_pb_toggle title=&#8221;May 17, 2025 &#8211; The figure of Joaquina de Vedruna and the Three Spirits&#8221; open_toggle_text_color=&#8221;#FFFFFF&#8221; open_toggle_background_color=&#8221;#7F2629&#8243; closed_toggle_text_color=&#8221;#FFFFFF&#8221; closed_toggle_background_color=&#8221;#7F2629&#8243; icon_color=&#8221;#E0D0A6&#8243; toggle_icon=&#8221;&#x37;||divi||400&#8243; use_icon_font_size=&#8221;on&#8221; icon_font_size=&#8221;30px&#8221; open_icon_color=&#8221;#FFFFFF&#8221; open_toggle_icon=&#8221;&#x36;||divi||400&#8243; open_use_icon_font_size=&#8221;on&#8221; open_icon_font_size=&#8221;30px&#8221; _builder_version=&#8221;4.27.5&#8243; _module_preset=&#8221;default&#8221; global_colors_info=&#8221;{}&#8221;]<\/p>\n<p><span style=\"color: #ffffff;\">Acts celebrating in advance the Feast of St. Joaquina on May 22.<\/span><\/p>\n<p><span style=\"color: #ffffff;\">They included a Eucharist of Thanksgiving, in the church of the Mother House, which was presided over by the Bishop of Vic, Rom\u00e0 Casanova; and the Act of homage &#8220;Joaquina de Vedruna, light that inspires&#8221;.  <\/span><\/p>\n<ul>\n<li style=\"list-style-type: none;\">\n<ul>\n<li><span style=\"text-decoration: underline;\"><span style=\"color: #ffffff; text-decoration: underline;\"><a href=\"https:\/\/vedruna.org\/en\/on-the-road-to-the-bicentennial-vic-pays-homage-to-the-light-of-joaquina-de-vedruna\/\" style=\"color: #ffffff; text-decoration: underline;\">News on vedruna.org<\/a><\/span><\/span><\/li>\n<li><span style=\"text-decoration: underline;\"><span style=\"color: #ffffff; text-decoration: underline;\"><a href=\"https:\/\/vedruna.eu\/portfolio-item\/la-provincia-vedruna-europa-renueva-en-vic-el-si-de-joaquina-al-buen-jesus-que-nos-llama-sin-cesar\/\" style=\"color: #ffffff; text-decoration: underline;\">News on vedruna.eu<\/a><\/span><\/span><\/li>\n<li><span style=\"text-decoration: underline;\"><span style=\"color: #ffffff; text-decoration: underline;\"><a href=\"https:\/\/vedruna.cat\/germanes-recorden-obertura-joaquima\/\" style=\"color: #ffffff; text-decoration: underline;\">News in FCVE<\/a><\/span><\/span><\/li>\n<\/ul>\n<\/li>\n<\/ul>\n<p>[\/et_pb_toggle][et_pb_toggle title=&#8221;December 19, 2025 &#8211; Back to the roots: two hundred years of the Founding Charter&#8221; open_toggle_text_color=&#8221;#FFFFFF&#8221; open_toggle_background_color=&#8221;#7F2629&#8243; closed_toggle_text_color=&#8221;#FFFFFF&#8221; closed_toggle_background_color=&#8221;#7F2629&#8243; icon_color=&#8221;#E0D0A6&#8243; toggle_icon=&#8221;&#x37;||divi||400&#8243; use_icon_font_size=&#8221;on&#8221; icon_font_size=&#8221;30px&#8221; open_icon_color=&#8221;#FFFFFF&#8221; open_toggle_icon=&#8221;&#x36;||divi||400&#8243; open_use_icon_font_size=&#8221;on&#8221; open_icon_font_size=&#8221;30px&#8221; _builder_version=&#8221;4.27.5&#8243; _module_preset=&#8221;default&#8221; global_colors_info=&#8221;{}&#8221;]<\/p>\n<p><span style=\"color: #ffffff;\">We commemorated the 200th anniversary of the letter with which Joaquina de Mas y Vedruna, asked the Bishop of Vic, Pablo Jes\u00fas Corcuera, for authorization to found the Congregation, with a meeting-prayer led by Loli Fern\u00e1ndez and Geraldyn Carrero, two leaders in youth ministry in the Province.<\/span><\/p>\n<ul>\n<li style=\"list-style-type: none;\">\n<ul>\n<li><span style=\"color: #ffffff;\"><a href=\"https:\/\/youtu.be\/kBPefHFXqsI\" style=\"color: #ffffff;\"><span style=\"text-decoration: underline;\">Video: prayer-meeting<\/span><\/a><\/span><\/li>\n<li><span style=\"text-decoration: underline; color: #ffffff;\"><a href=\"https:\/\/vedruna.eu\/portfolio-item\/regreso-a-las-raices-doscientos-anos-de-la-carta-fundacional\/\" style=\"text-decoration: underline; color: #ffffff;\">News on vedruna.org<\/a><\/span><\/li>\n<\/ul>\n<\/li>\n<\/ul>\n<p>[\/et_pb_toggle][\/et_pb_column][\/et_pb_row][et_pb_row module_id=&#8221;Noticias&#8221; _builder_version=&#8221;4.27.4&#8243; _module_preset=&#8221;default&#8221; min_height=&#8221;422.9px&#8221; global_colors_info=&#8221;{}&#8221;][et_pb_column type=&#8221;4_4&#8243; _builder_version=&#8221;4.27.4&#8243; _module_preset=&#8221;default&#8221; global_colors_info=&#8221;{}&#8221;][et_pb_text _builder_version=&#8221;4.27.5&#8243; text_font=&#8221;|300|||||||&#8221; text_text_color=&#8221;#D64123&#8243; text_font_size=&#8221;22px&#8221; text_line_height=&#8221;1.8em&#8221; header_2_font=&#8221;|700|||||||&#8221; header_2_text_color=&#8221;#D64123&#8243; header_2_font_size=&#8221;36px&#8221; header_2_line_height=&#8221;0.8em&#8221; header_5_font=&#8221;|300|||||||&#8221; header_5_text_color=&#8221;#7F2629&#8243; header_5_font_size=&#8221;21px&#8221; text_orientation=&#8221;center&#8221; text_font_size_tablet=&#8221;&#8221; text_font_size_phone=&#8221;14px&#8221; text_font_size_last_edited=&#8221;on|desktop&#8221; global_colors_info=&#8221;{}&#8221;]<\/p>\n<h2><span style=\"color: #d63449;\"><b>Other activities<\/b><\/span><\/h2>\n<p><quillbot-extension-portal><\/quillbot-extension-portal><\/p>\n<p>[\/et_pb_text][et_pb_toggle title=&#8221;Exile route  &#8221; open_toggle_text_color=&#8221;#FFFFFF&#8221; open_toggle_background_color=&#8221;#7F2629&#8243; closed_toggle_text_color=&#8221;#FFFFFF&#8221; closed_toggle_background_color=&#8221;#7F2629&#8243; icon_color=&#8221;#E0D0A6&#8243; toggle_icon=&#8221;&#x37;||divi||400&#8243; use_icon_font_size=&#8221;on&#8221; icon_font_size=&#8221;30px&#8221; open_icon_color=&#8221;#FFFFFF&#8221; open_toggle_icon=&#8221;&#x36;||divi||400&#8243; open_use_icon_font_size=&#8221;on&#8221; open_icon_font_size=&#8221;30px&#8221; _builder_version=&#8221;4.27.5&#8243; _module_preset=&#8221;default&#8221; global_colors_info=&#8221;{}&#8221;]<\/p>\n<p><span style=\"color: #ffffff;\">During Holy Week 2025, a group of <strong>sisters of the younger generations <\/strong>(GMJ), together with Sister Maria Ant\u00f2nia Gilibets, made the <strong>Exile Route<\/strong>.<\/span><\/p>\n<p><span style=\"color: #ffffff;\">This exile was the last of three that Joaquina lived through, along with 14 sisters, between July 3, 1840 and September 16, 1843, in the context of the first Carlist war.<\/span><\/p>\n<p><span style=\"color: #ffffff;\">The experience of following in the footsteps of Joaquina and those sisters, from Berga to Perpignan, and back to Vic passing through B\u00e9ziers, was very emotional and profound.<\/span><\/p>\n<ul>\n<li style=\"list-style-type: none;\">\n<ul>\n<li><span style=\"text-decoration: underline;\"><a href=\"https:\/\/vedruna.org\/en\/route-of-exile-pain-challenge-and-mourning\/\"><span style=\"color: #ffffff; text-decoration: underline;\">News on vedruna.org<\/span><\/a><\/span><\/li>\n<\/ul>\n<\/li>\n<\/ul>\n<p>[\/et_pb_toggle][et_pb_toggle title=&#8221;Vedruna candy route in S. Fernando&#8221; open_toggle_text_color=&#8221;#FFFFFF&#8221; open_toggle_background_color=&#8221;#7F2629&#8243; closed_toggle_text_color=&#8221;#FFFFFF&#8221; closed_toggle_background_color=&#8221;#7F2629&#8243; icon_color=&#8221;#E0D0A6&#8243; toggle_icon=&#8221;&#x37;||divi||400&#8243; use_icon_font_size=&#8221;on&#8221; icon_font_size=&#8221;30px&#8221; open_icon_color=&#8221;#FFFFFF&#8221; open_toggle_icon=&#8221;&#x36;||divi||400&#8243; open_use_icon_font_size=&#8221;on&#8221; open_icon_font_size=&#8221;30px&#8221; _builder_version=&#8221;4.27.5&#8243; _module_preset=&#8221;default&#8221; global_colors_info=&#8221;{}&#8221;]<\/p>\n<p><span style=\"color: #ffffff;\">The Vedruna School of San Fernando (Cadiz, Spain), in collaboration with the City Council of the city, organizes in May 2025 the Vedruna Sweet Route: a gastronomic contest, which is part of the program of commemorative activities for the Bicentenary of the Congregation.<\/span><\/p>\n<ul>\n<li style=\"list-style-type: none;\">\n<ul>\n<li><span style=\"text-decoration: underline;\"><a href=\"https:\/\/vedruna.org\/en\/sweet-vedruna-route-in-san-fernando-celebrating-the-bicentennial-with-sweetness\/\"><span style=\"color: #ffffff; text-decoration: underline;\">News on vedruna.org<\/span><\/a><\/span><\/li>\n<\/ul>\n<\/li>\n<\/ul>\n<p>[\/et_pb_toggle][et_pb_toggle title=&#8221;S. Fernando Bay Hike&#8221; open_toggle_text_color=&#8221;#FFFFFF&#8221; open_toggle_background_color=&#8221;#7F2629&#8243; closed_toggle_text_color=&#8221;#FFFFFF&#8221; closed_toggle_background_color=&#8221;#7F2629&#8243; icon_color=&#8221;#E0D0A6&#8243; toggle_icon=&#8221;&#x37;||divi||400&#8243; use_icon_font_size=&#8221;on&#8221; icon_font_size=&#8221;30px&#8221; open_icon_color=&#8221;#FFFFFF&#8221; open_toggle_icon=&#8221;&#x36;||divi||400&#8243; open_use_icon_font_size=&#8221;on&#8221; open_icon_font_size=&#8221;30px&#8221; _builder_version=&#8221;4.27.5&#8243; _module_preset=&#8221;default&#8221; global_colors_info=&#8221;{}&#8221;]<\/p>\n<p><span style=\"color: #ffffff;\">On October 25, 2025, on the occasion of the Bicentennial, more than 300 walkers walked the Vedruna Green Path through the Bay of Cadiz: a spiritual and symbolic route through the four centers of Vedruna presence in the area.  <\/span><\/p>\n<p><span style=\"color: #ffffff;\">The pilgrims marched under the motto &#8220;200 years walking together&#8221;, covering more than 40 kilometers along existing trails between El Puerto de Santa Maria, Puerto Real, San Fernando and Cadiz. It was a way to celebrate the legacy of love, service and dedication of St. Joaquina de Vedruna, a woman who was always on the move.   <\/span><\/p>\n<ul>\n<li style=\"list-style-type: none;\">\n<ul>\n<li><span style=\"text-decoration: underline; color: #ffffff;\"><a href=\"https:\/\/vedruna.org\/en\/a-family-on-the-way-the-bay-of-cadiz-celebrates-the-bicentenary\/\" style=\"color: #ffffff; text-decoration: underline;\">News on vedruna.org<\/a><\/span><\/li>\n<\/ul>\n<\/li>\n<\/ul>\n<p>[\/et_pb_toggle][et_pb_text _builder_version=&#8221;4.27.5&#8243; text_font=&#8221;|300|||||||&#8221; text_text_color=&#8221;#D64123&#8243; text_font_size=&#8221;22px&#8221; text_line_height=&#8221;1.8em&#8221; header_2_font=&#8221;|700|||||||&#8221; header_2_text_color=&#8221;#D64123&#8243; header_2_font_size=&#8221;36px&#8221; header_2_line_height=&#8221;0.8em&#8221; header_5_font=&#8221;|300|||||||&#8221; header_5_text_color=&#8221;#7F2629&#8243; header_5_font_size=&#8221;21px&#8221; text_orientation=&#8221;center&#8221; text_font_size_tablet=&#8221;&#8221; text_font_size_phone=&#8221;14px&#8221; text_font_size_last_edited=&#8221;on|desktop&#8221; global_colors_info=&#8221;{}&#8221;]<\/p>\n<h2><span style=\"color: #d63449;\">Formations<\/span><\/h2>\n<p>[\/et_pb_text][et_pb_toggle title=&#8221;October 2024 &#8211; June 2025: Itinerary of formation in Charism for young Pastoral Agents&#8221; open_toggle_text_color=&#8221;#FFFFFF&#8221; open_toggle_background_color=&#8221;#7F2629&#8243; closed_toggle_text_color=&#8221;#FFFFFF&#8221; closed_toggle_background_color=&#8221;#7F2629&#8243; icon_color=&#8221;#E0D0A6&#8243; toggle_icon=&#8221;&#x37;||divi||400&#8243; use_icon_font_size=&#8221;on&#8221; icon_font_size=&#8221;30px&#8221; open_icon_color=&#8221;#FFFFFF&#8221; open_toggle_icon=&#8221;&#x36;||divi||400&#8243; open_use_icon_font_size=&#8221;on&#8221; open_icon_font_size=&#8221;30px&#8221; _builder_version=&#8221;4.27.5&#8243; _module_preset=&#8221;default&#8221; global_colors_info=&#8221;{}&#8221;]<\/p>\n<p><span style=\"color: #ffffff;\">Training given by PJV Vedruna to various agents of Pastoral Vedruna. With monthly online meetings, the topics are: <\/span><\/p>\n<ul>\n<li><span style=\"color: #ffffff;\">Introduction. Charisms in the Church <\/span><\/li>\n<li><span style=\"color: #ffffff;\">Joaquina and her spiritual experience: Who is God for Joaquina? <\/span><\/li>\n<li><span style=\"color: #ffffff;\">The cross and pain in Joaquina&#8217;s life<\/span><\/li>\n<li><span style=\"color: #ffffff;\">Joy in Joaquina de Vedruna<\/span><\/li>\n<li><span style=\"color: #ffffff;\">The search for God&#8217;s will<\/span><\/li>\n<li><span style=\"color: #ffffff;\">A way of understanding education: the pedagogy of love<\/span><\/li>\n<li><span style=\"color: #ffffff;\">A way of understanding pastoral care: embracing young people<\/span><\/li>\n<\/ul>\n<p>[\/et_pb_toggle][et_pb_toggle title=&#8221;September 2025: Meeting of Pastoral Teams, Fundaci\u00f3n Vedruna Educaci\u00f3n&#8221; open_toggle_text_color=&#8221;#FFFFFF&#8221; open_toggle_background_color=&#8221;#7F2629&#8243; closed_toggle_text_color=&#8221;#FFFFFF&#8221; closed_toggle_background_color=&#8221;#7F2629&#8243; icon_color=&#8221;#E0D0A6&#8243; toggle_icon=&#8221;&#x37;||divi||400&#8243; use_icon_font_size=&#8221;on&#8221; icon_font_size=&#8221;30px&#8221; open_icon_color=&#8221;#FFFFFF&#8221; open_toggle_icon=&#8221;&#x36;||divi||400&#8243; open_use_icon_font_size=&#8221;on&#8221; open_icon_font_size=&#8221;30px&#8221; _builder_version=&#8221;4.27.5&#8243; _module_preset=&#8221;default&#8221; global_colors_info=&#8221;{}&#8221;]<\/p>\n<p><span style=\"color: #ffffff;\">More than 130 people, including 11 sisters, who make up the pastoral teams of the 33 Vedruna schools, the Vedruna Youth Ministry, the Colegio Mayor, Sister Dolors Garcia of the FVE Board of Trustees and David de Frutos, coordinator of the Management Team, met on September 5, 6 and 7 in Madrid.   <\/span><\/p>\n<ul>\n<li style=\"list-style-type: none;\">\n<ul>\n<li><span style=\"color: #ffffff;\"><a href=\"https:\/\/vedruna.eu\/portfolio-item\/abrazando-el-futuro-encuentro-de-los-equipos-de-pastoral-de-la-fundacion-vedruna-educacion\/\" style=\"color: #ffffff;\">News on vedruna.eu<\/a><\/span><\/li>\n<\/ul>\n<\/li>\n<\/ul>\n<p>[\/et_pb_toggle][\/et_pb_column][\/et_pb_row][\/et_pb_section][et_pb_section fb_built=&#8221;1&#8243; _builder_version=&#8221;4.27.5&#8243; _module_preset=&#8221;default&#8221; background_color=&#8221;#FFFFFF&#8221; custom_padding=&#8221;6vw||0px||false|false&#8221; da_disable_devices=&#8221;off|off|off&#8221; global_colors_info=&#8221;{}&#8221; da_is_popup=&#8221;off&#8221; da_exit_intent=&#8221;off&#8221; da_has_close=&#8221;on&#8221; da_alt_close=&#8221;off&#8221; da_dark_close=&#8221;off&#8221; da_not_modal=&#8221;on&#8221; da_is_singular=&#8221;off&#8221; da_with_loader=&#8221;off&#8221; da_has_shadow=&#8221;on&#8221;][et_pb_row module_id=&#8221;Noticias&#8221; _builder_version=&#8221;4.27.4&#8243; _module_preset=&#8221;default&#8221; min_height=&#8221;685.8px&#8221; global_colors_info=&#8221;{}&#8221;][et_pb_column type=&#8221;4_4&#8243; _builder_version=&#8221;4.27.4&#8243; _module_preset=&#8221;default&#8221; global_colors_info=&#8221;{}&#8221;][et_pb_text _builder_version=&#8221;4.27.5&#8243; text_font=&#8221;|300|||||||&#8221; text_text_color=&#8221;#D64123&#8243; text_font_size=&#8221;22px&#8221; text_line_height=&#8221;1.8em&#8221; header_2_font=&#8221;|700|||||||&#8221; header_2_text_color=&#8221;#D64123&#8243; header_2_font_size=&#8221;36px&#8221; header_2_line_height=&#8221;0.8em&#8221; header_5_font=&#8221;|300|||||||&#8221; header_5_text_color=&#8221;#7F2629&#8243; header_5_font_size=&#8221;21px&#8221; text_orientation=&#8221;center&#8221; text_font_size_tablet=&#8221;&#8221; text_font_size_phone=&#8221;14px&#8221; text_font_size_last_edited=&#8221;on|desktop&#8221; global_colors_info=&#8221;{}&#8221;]<\/p>\n<h2><span style=\"color: #d63449;\"><b>Bicentennial News in the Province of Europe<\/b><\/span><\/h2>\n<p><quillbot-extension-portal><\/quillbot-extension-portal><\/p>\n<p>[\/et_pb_text][et_pb_blog fullwidth=&#8221;off&#8221; posts_number=&#8221;3&#8243; include_categories=&#8221;166&#8243; meta_date=&#8221;d M&#8221; excerpt_length=&#8221;0&#8243; show_more=&#8221;on&#8221; show_author=&#8221;off&#8221; show_pagination=&#8221;off&#8221; _builder_version=&#8221;4.27.5&#8243; _module_preset=&#8221;default&#8221; header_font=&#8221;|300|||||||&#8221; header_line_height=&#8221;1.2em&#8221; meta_text_color=&#8221;#FFFFFF&#8221; read_more_font=&#8221;|||on|||||&#8221; read_more_text_color=&#8221;rgba(0,0,0,0.6)&#8221; min_height=&#8221;440px&#8221; animation_style=&#8221;slide&#8221; animation_duration=&#8221;1500ms&#8221; animation_delay=&#8221;500ms&#8221; border_radii=&#8221;on|10px|10px|10px|10px&#8221; border_width_all=&#8221;2px&#8221; border_color_all=&#8221;rgba(224,208,166,0.3)&#8221; global_colors_info=&#8221;{}&#8221;][\/et_pb_blog][et_pb_button button_url=&#8221;https:\/\/vedruna.org\/download-category\/bicentenario-vedruna\/&#8221; button_text=&#8221;See more&#8221; button_alignment=&#8221;center&#8221; _builder_version=&#8221;4.27.4&#8243; _module_preset=&#8221;default&#8221; custom_button=&#8221;on&#8221; button_text_size=&#8221;16px&#8221; button_text_color=&#8221;#FFFFFF&#8221; button_bg_color=&#8221;#7F2629&#8243; button_border_width=&#8221;0px&#8221; button_border_radius=&#8221;20px&#8221; custom_padding=&#8221;|30px||30px|false|true&#8221; global_colors_info=&#8221;{}&#8221;][\/et_pb_button][\/et_pb_column][\/et_pb_row][\/et_pb_section]<\/p>\n","protected":false},"excerpt":{"rendered":"<p>Bicentenary in the Province of Europe TargetTo raise awareness about the rich contribution of St. Joaquina Vedruna and to make visible what Vedruna has meant since its origins, the road traveled in 200 years and the updating of the Charism, with future projection. All proposals are the result of the joint work of:2026 Bicentenary CelebrationThe [&hellip;]<\/p>\n","protected":false},"author":2,"featured_media":0,"parent":0,"menu_order":0,"comment_status":"closed","ping_status":"closed","template":"","meta":{"_et_pb_use_builder":"on","_et_pb_old_content":"","_et_gb_content_width":"","pgc_sgb_lightbox_settings":"","footnotes":""},"class_list":["post-32480","page","type-page","status-publish","hentry"],"yoast_head":"<!-- This site is optimized with the Yoast SEO plugin v27.5 - https:\/\/yoast.com\/product\/yoast-seo-wordpress\/ -->\n<title>Bicentenary Province of Europe - Carmelitas de la Caridad Vedruna<\/title>\n<meta name=\"robots\" content=\"index, follow, max-snippet:-1, max-image-preview:large, max-video-preview:-1\" \/>\n<link rel=\"canonical\" href=\"https:\/\/vedruna.org\/en\/bicentennial-province-europe\/\" \/>\n<meta property=\"og:locale\" content=\"en_US\" \/>\n<meta property=\"og:type\" content=\"article\" \/>\n<meta property=\"og:title\" content=\"Bicentenary Province of Europe - Carmelitas de la Caridad Vedruna\" \/>\n<meta property=\"og:description\" content=\"Bicentenary in the Province of Europe TargetTo raise awareness about the rich contribution of St. Joaquina Vedruna and to make visible what Vedruna has meant since its origins, the road traveled in 200 years and the updating of the Charism, with future projection. All proposals are the result of the joint work of:2026 Bicentenary CelebrationThe [&hellip;]\" \/>\n<meta property=\"og:url\" content=\"https:\/\/vedruna.org\/en\/bicentennial-province-europe\/\" \/>\n<meta property=\"og:site_name\" content=\"Carmelitas de la Caridad Vedruna\" \/>\n<meta property=\"article:modified_time\" content=\"2026-04-20T08:42:44+00:00\" \/>\n<meta name=\"twitter:card\" content=\"summary_large_image\" \/>\n<meta name=\"twitter:label1\" content=\"Est. reading time\" \/>\n\t<meta name=\"twitter:data1\" content=\"37 minutes\" \/>\n<script type=\"application\/ld+json\" class=\"yoast-schema-graph\">{\"@context\":\"https:\\\/\\\/schema.org\",\"@graph\":[{\"@type\":\"WebPage\",\"@id\":\"https:\\\/\\\/vedruna.org\\\/en\\\/bicentennial-province-europe\\\/\",\"url\":\"https:\\\/\\\/vedruna.org\\\/en\\\/bicentennial-province-europe\\\/\",\"name\":\"Bicentenary Province of Europe - Carmelitas de la Caridad Vedruna\",\"isPartOf\":{\"@id\":\"https:\\\/\\\/vedruna.org\\\/en\\\/#website\"},\"datePublished\":\"2026-01-07T13:50:53+00:00\",\"dateModified\":\"2026-04-20T08:42:44+00:00\",\"breadcrumb\":{\"@id\":\"https:\\\/\\\/vedruna.org\\\/en\\\/bicentennial-province-europe\\\/#breadcrumb\"},\"inLanguage\":\"en-US\",\"potentialAction\":[{\"@type\":\"ReadAction\",\"target\":[\"https:\\\/\\\/vedruna.org\\\/en\\\/bicentennial-province-europe\\\/\"]}]},{\"@type\":\"BreadcrumbList\",\"@id\":\"https:\\\/\\\/vedruna.org\\\/en\\\/bicentennial-province-europe\\\/#breadcrumb\",\"itemListElement\":[{\"@type\":\"ListItem\",\"position\":1,\"name\":\"Portada\",\"item\":\"https:\\\/\\\/vedruna.org\\\/en\\\/\"},{\"@type\":\"ListItem\",\"position\":2,\"name\":\"Bicentenary Province of Europe\"}]},{\"@type\":\"WebSite\",\"@id\":\"https:\\\/\\\/vedruna.org\\\/en\\\/#website\",\"url\":\"https:\\\/\\\/vedruna.org\\\/en\\\/\",\"name\":\"Carmelitas de la Caridad Vedruna\",\"description\":\"Carmelitas de la caridad\",\"publisher\":{\"@id\":\"https:\\\/\\\/vedruna.org\\\/en\\\/#organization\"},\"potentialAction\":[{\"@type\":\"SearchAction\",\"target\":{\"@type\":\"EntryPoint\",\"urlTemplate\":\"https:\\\/\\\/vedruna.org\\\/en\\\/?s={search_term_string}\"},\"query-input\":{\"@type\":\"PropertyValueSpecification\",\"valueRequired\":true,\"valueName\":\"search_term_string\"}}],\"inLanguage\":\"en-US\"},{\"@type\":\"Organization\",\"@id\":\"https:\\\/\\\/vedruna.org\\\/en\\\/#organization\",\"name\":\"Carmelitas de la caridad Vedruna\",\"url\":\"https:\\\/\\\/vedruna.org\\\/en\\\/\",\"logo\":{\"@type\":\"ImageObject\",\"inLanguage\":\"en-US\",\"@id\":\"https:\\\/\\\/vedruna.org\\\/en\\\/#\\\/schema\\\/logo\\\/image\\\/\",\"url\":\"https:\\\/\\\/vedruna.org\\\/wp-content\\\/uploads\\\/2022\\\/04\\\/LOGO-VEDRUNA-HORIZONTAL.png\",\"contentUrl\":\"https:\\\/\\\/vedruna.org\\\/wp-content\\\/uploads\\\/2022\\\/04\\\/LOGO-VEDRUNA-HORIZONTAL.png\",\"width\":1200,\"height\":463,\"caption\":\"Carmelitas de la caridad Vedruna\"},\"image\":{\"@id\":\"https:\\\/\\\/vedruna.org\\\/en\\\/#\\\/schema\\\/logo\\\/image\\\/\"}}]}<\/script>\n<!-- \/ Yoast SEO plugin. -->","yoast_head_json":{"title":"Bicentenary Province of Europe - Carmelitas de la Caridad Vedruna","robots":{"index":"index","follow":"follow","max-snippet":"max-snippet:-1","max-image-preview":"max-image-preview:large","max-video-preview":"max-video-preview:-1"},"canonical":"https:\/\/vedruna.org\/en\/bicentennial-province-europe\/","og_locale":"en_US","og_type":"article","og_title":"Bicentenary Province of Europe - Carmelitas de la Caridad Vedruna","og_description":"Bicentenary in the Province of Europe TargetTo raise awareness about the rich contribution of St. Joaquina Vedruna and to make visible what Vedruna has meant since its origins, the road traveled in 200 years and the updating of the Charism, with future projection. All proposals are the result of the joint work of:2026 Bicentenary CelebrationThe [&hellip;]","og_url":"https:\/\/vedruna.org\/en\/bicentennial-province-europe\/","og_site_name":"Carmelitas de la Caridad Vedruna","article_modified_time":"2026-04-20T08:42:44+00:00","twitter_card":"summary_large_image","twitter_misc":{"Est. reading time":"37 minutes"},"schema":{"@context":"https:\/\/schema.org","@graph":[{"@type":"WebPage","@id":"https:\/\/vedruna.org\/en\/bicentennial-province-europe\/","url":"https:\/\/vedruna.org\/en\/bicentennial-province-europe\/","name":"Bicentenary Province of Europe - Carmelitas de la Caridad Vedruna","isPartOf":{"@id":"https:\/\/vedruna.org\/en\/#website"},"datePublished":"2026-01-07T13:50:53+00:00","dateModified":"2026-04-20T08:42:44+00:00","breadcrumb":{"@id":"https:\/\/vedruna.org\/en\/bicentennial-province-europe\/#breadcrumb"},"inLanguage":"en-US","potentialAction":[{"@type":"ReadAction","target":["https:\/\/vedruna.org\/en\/bicentennial-province-europe\/"]}]},{"@type":"BreadcrumbList","@id":"https:\/\/vedruna.org\/en\/bicentennial-province-europe\/#breadcrumb","itemListElement":[{"@type":"ListItem","position":1,"name":"Portada","item":"https:\/\/vedruna.org\/en\/"},{"@type":"ListItem","position":2,"name":"Bicentenary Province of Europe"}]},{"@type":"WebSite","@id":"https:\/\/vedruna.org\/en\/#website","url":"https:\/\/vedruna.org\/en\/","name":"Carmelitas de la Caridad Vedruna","description":"Carmelitas de la caridad","publisher":{"@id":"https:\/\/vedruna.org\/en\/#organization"},"potentialAction":[{"@type":"SearchAction","target":{"@type":"EntryPoint","urlTemplate":"https:\/\/vedruna.org\/en\/?s={search_term_string}"},"query-input":{"@type":"PropertyValueSpecification","valueRequired":true,"valueName":"search_term_string"}}],"inLanguage":"en-US"},{"@type":"Organization","@id":"https:\/\/vedruna.org\/en\/#organization","name":"Carmelitas de la caridad Vedruna","url":"https:\/\/vedruna.org\/en\/","logo":{"@type":"ImageObject","inLanguage":"en-US","@id":"https:\/\/vedruna.org\/en\/#\/schema\/logo\/image\/","url":"https:\/\/vedruna.org\/wp-content\/uploads\/2022\/04\/LOGO-VEDRUNA-HORIZONTAL.png","contentUrl":"https:\/\/vedruna.org\/wp-content\/uploads\/2022\/04\/LOGO-VEDRUNA-HORIZONTAL.png","width":1200,"height":463,"caption":"Carmelitas de la caridad Vedruna"},"image":{"@id":"https:\/\/vedruna.org\/en\/#\/schema\/logo\/image\/"}}]}},"_links":{"self":[{"href":"https:\/\/vedruna.org\/en\/wp-json\/wp\/v2\/pages\/32480","targetHints":{"allow":["GET"]}}],"collection":[{"href":"https:\/\/vedruna.org\/en\/wp-json\/wp\/v2\/pages"}],"about":[{"href":"https:\/\/vedruna.org\/en\/wp-json\/wp\/v2\/types\/page"}],"author":[{"embeddable":true,"href":"https:\/\/vedruna.org\/en\/wp-json\/wp\/v2\/users\/2"}],"replies":[{"embeddable":true,"href":"https:\/\/vedruna.org\/en\/wp-json\/wp\/v2\/comments?post=32480"}],"version-history":[{"count":54,"href":"https:\/\/vedruna.org\/en\/wp-json\/wp\/v2\/pages\/32480\/revisions"}],"predecessor-version":[{"id":35640,"href":"https:\/\/vedruna.org\/en\/wp-json\/wp\/v2\/pages\/32480\/revisions\/35640"}],"wp:attachment":[{"href":"https:\/\/vedruna.org\/en\/wp-json\/wp\/v2\/media?parent=32480"}],"curies":[{"name":"wp","href":"https:\/\/api.w.org\/{rel}","templated":true}]}}