{"id":32481,"date":"2026-01-07T14:50:53","date_gmt":"2026-01-07T13:50:53","guid":{"rendered":"https:\/\/vedruna.org\/bicentenaire-province-europe\/"},"modified":"2026-04-20T10:42:50","modified_gmt":"2026-04-20T08:42:50","slug":"bicentenaire-province-europe","status":"publish","type":"page","link":"https:\/\/vedruna.org\/fr\/bicentenaire-province-europe\/","title":{"rendered":"Bicentenaire Province d&rsquo;Europe"},"content":{"rendered":"<p>[et_pb_section fb_built=\u00a0\u00bb1&Prime; next_background_color=\u00a0\u00bb#ffffff\u00a0\u00bb _builder_version=\u00a0\u00bb4.27.5&Prime; _module_preset=\u00a0\u00bbdefault\u00a0\u00bb use_background_color_gradient=\u00a0\u00bbon\u00a0\u00bb background_color_gradient_direction=\u00a0\u00bb90deg\u00a0\u00bb background_color_gradient_stops=\u00a0\u00bbrgba(0,0,0,0.4) 0%|rgba(0,0,0,0) 100%\u00a0\u00bb background_image=\u00a0\u00bbhttps:\/\/vedruna.org\/wp-content\/uploads\/2026\/01\/53108669014_4001bc8f81_b.jpg\u00a0\u00bb background_blend=\u00a0\u00bboverlay\u00a0\u00bb min_height=\u00a0\u00bb438.6px\u00a0\u00bb custom_padding=\u00a0\u00bb13vw||4vw||false|false\u00a0\u00bb bottom_divider_style=\u00a0\u00bbramp\u00a0\u00bb bottom_divider_flip=\u00a0\u00bbhorizontal\u00a0\u00bb da_disable_devices=\u00a0\u00bboff|off|off\u00a0\u00bb global_colors_info=\u00a0\u00bb{}\u00a0\u00bb da_is_popup=\u00a0\u00bboff\u00a0\u00bb da_exit_intent=\u00a0\u00bboff\u00a0\u00bb da_has_close=\u00a0\u00bbon\u00a0\u00bb da_alt_close=\u00a0\u00bboff\u00a0\u00bb da_dark_close=\u00a0\u00bboff\u00a0\u00bb da_not_modal=\u00a0\u00bbon\u00a0\u00bb da_is_singular=\u00a0\u00bboff\u00a0\u00bb da_with_loader=\u00a0\u00bboff\u00a0\u00bb da_has_shadow=\u00a0\u00bbon\u00a0\u00bb][et_pb_row _builder_version=\u00a0\u00bb4.17.0&Prime; _module_preset=\u00a0\u00bbdefault\u00a0\u00bb min_height=\u00a0\u00bb62px\u00a0\u00bb global_colors_info=\u00a0\u00bb{}\u00a0\u00bb][et_pb_column type=\u00a0\u00bb4_4&Prime; _builder_version=\u00a0\u00bb4.17.0&Prime; _module_preset=\u00a0\u00bbdefault\u00a0\u00bb global_colors_info=\u00a0\u00bb{}\u00a0\u00bb][et_pb_text _builder_version=\u00a0\u00bb4.27.4&Prime; _module_preset=\u00a0\u00bbdefault\u00a0\u00bb header_font=\u00a0\u00bb|700|||||||\u00a0\u00bb header_text_color=\u00a0\u00bb#FFFFFF\u00a0\u00bb header_font_size=\u00a0\u00bb42px\u00a0\u00bb header_2_font=\u00a0\u00bb|700||on|||||\u00a0\u00bb header_2_text_color=\u00a0\u00bb#FFFFFF\u00a0\u00bb header_2_font_size=\u00a0\u00bb42px\u00a0\u00bb min_height=\u00a0\u00bb40px\u00a0\u00bb header_font_size_tablet=\u00a0\u00bb36px\u00a0\u00bb header_font_size_phone=\u00a0\u00bb30px\u00a0\u00bb header_font_size_last_edited=\u00a0\u00bbon|phone\u00a0\u00bb global_colors_info=\u00a0\u00bb{}\u00a0\u00bb]<\/p>\n<h1><strong>Bicentenaire dans la Province d&rsquo;Europe<\/strong><\/h1>\n<h2><\/h2>\n<p>[\/et_pb_text][\/et_pb_column][\/et_pb_row][\/et_pb_section][et_pb_section fb_built=\u00a0\u00bb1&Prime; admin_label=\u00a0\u00bbAbout\u00a0\u00bb _builder_version=\u00a0\u00bb4.17.0&Prime; background_color_gradient_start=\u00a0\u00bb#ffffff\u00a0\u00bb background_color_gradient_end=\u00a0\u00bb#f4f4f4&Prime; min_height=\u00a0\u00bb504px\u00a0\u00bb custom_margin=\u00a0\u00bb||-60px||false|false\u00a0\u00bb custom_padding=\u00a0\u00bb3vw||3vw||true|false\u00a0\u00bb bottom_divider_color=\u00a0\u00bb#ffffff\u00a0\u00bb bottom_divider_height=\u00a0\u00bb10vw\u00a0\u00bb da_disable_devices=\u00a0\u00bboff|off|off\u00a0\u00bb locked=\u00a0\u00bboff\u00a0\u00bb global_colors_info=\u00a0\u00bb{}\u00a0\u00bb da_is_popup=\u00a0\u00bboff\u00a0\u00bb da_exit_intent=\u00a0\u00bboff\u00a0\u00bb da_has_close=\u00a0\u00bbon\u00a0\u00bb da_alt_close=\u00a0\u00bboff\u00a0\u00bb da_dark_close=\u00a0\u00bboff\u00a0\u00bb da_not_modal=\u00a0\u00bbon\u00a0\u00bb da_is_singular=\u00a0\u00bboff\u00a0\u00bb da_with_loader=\u00a0\u00bboff\u00a0\u00bb da_has_shadow=\u00a0\u00bbon\u00a0\u00bb][et_pb_row _builder_version=\u00a0\u00bb4.27.5&Prime; _module_preset=\u00a0\u00bbdefault\u00a0\u00bb custom_padding=\u00a0\u00bb|||1px||\u00a0\u00bb global_colors_info=\u00a0\u00bb{}\u00a0\u00bb][et_pb_column type=\u00a0\u00bb4_4&Prime; _builder_version=\u00a0\u00bb4.21.0&Prime; _module_preset=\u00a0\u00bbdefault\u00a0\u00bb global_colors_info=\u00a0\u00bb{}\u00a0\u00bb][et_pb_text _builder_version=\u00a0\u00bb4.27.4&Prime; text_font=\u00a0\u00bb|300|||||||\u00a0\u00bb text_text_color=\u00a0\u00bb#D64123&Prime; text_font_size=\u00a0\u00bb22px\u00a0\u00bb text_line_height=\u00a0\u00bb1.8em\u00a0\u00bb header_2_font=\u00a0\u00bb|700|||||||\u00a0\u00bb header_2_text_color=\u00a0\u00bb#D64123&Prime; header_2_font_size=\u00a0\u00bb36px\u00a0\u00bb header_2_line_height=\u00a0\u00bb0.8em\u00a0\u00bb header_5_font=\u00a0\u00bb|300|||||||\u00a0\u00bb header_5_text_color=\u00a0\u00bb#7F2629&Prime; header_5_font_size=\u00a0\u00bb21px\u00a0\u00bb text_orientation=\u00a0\u00bbcenter\u00a0\u00bb text_font_size_tablet=\u00a0\u00bb\u00a0\u00bb text_font_size_phone=\u00a0\u00bb14px\u00a0\u00bb text_font_size_last_edited=\u00a0\u00bbon|desktop\u00a0\u00bb global_colors_info=\u00a0\u00bb{}\u00a0\u00bb]<\/p>\n<h2><span style=\"color: #d63449;\">Cible<\/span><\/h2>\n<p>[\/et_pb_text][et_pb_text _builder_version=\u00a0\u00bb4.27.5&Prime; text_font=\u00a0\u00bb||||||||\u00a0\u00bb text_text_color=\u00a0\u00bb#7F2629&Prime; text_line_height=\u00a0\u00bb1.8em\u00a0\u00bb header_2_font=\u00a0\u00bb|700|||||||\u00a0\u00bb header_2_text_color=\u00a0\u00bb#7F2629&Prime; header_2_font_size=\u00a0\u00bb36px\u00a0\u00bb header_5_font=\u00a0\u00bb|300|||||||\u00a0\u00bb header_5_text_color=\u00a0\u00bb#7F2629&Prime; header_5_font_size=\u00a0\u00bb21px\u00a0\u00bb text_font_size_tablet=\u00a0\u00bb\u00a0\u00bb text_font_size_phone=\u00a0\u00bb14px\u00a0\u00bb text_font_size_last_edited=\u00a0\u00bbon|desktop\u00a0\u00bb global_colors_info=\u00a0\u00bb{}\u00a0\u00bb]<\/p>\n<h4 style=\"text-align: center;\"><span style=\"font-weight: 400; color: #7f2629;\">Faire conna\u00eetre la riche contribution de Sainte Joaquina Vedruna et rendre visible ce que Vedruna a signifi\u00e9 depuis ses origines, le chemin parcouru en 200 ans et l&rsquo;actualisation du charisme, avec une projection dans l&rsquo;avenir.  <\/span><\/h4>\n<p><span style=\"font-weight: 400; color: #7f2629;\"><\/span><\/p>\n<h4 style=\"text-align: center;\"><span style=\"font-weight: 400; color: #7f2629;\">Toutes les propositions sont le r\u00e9sultat du travail conjoint de :<\/span><\/h4>\n<p>[\/et_pb_text][\/et_pb_column][\/et_pb_row][et_pb_row column_structure=\u00a0\u00bb1_5,1_5,1_5,1_5,1_5&Prime; _builder_version=\u00a0\u00bb4.27.5&Prime; _module_preset=\u00a0\u00bbdefault\u00a0\u00bb min_height=\u00a0\u00bb140.3px\u00a0\u00bb custom_margin=\u00a0\u00bb11px|auto||auto||\u00a0\u00bb global_colors_info=\u00a0\u00bb{}\u00a0\u00bb][et_pb_column type=\u00a0\u00bb1_5&Prime; _builder_version=\u00a0\u00bb4.27.5&Prime; _module_preset=\u00a0\u00bbdefault\u00a0\u00bb global_colors_info=\u00a0\u00bb{}\u00a0\u00bb][et_pb_image src=\u00a0\u00bbhttps:\/\/vedruna.org\/wp-content\/uploads\/2026\/01\/vedruna-logo.png\u00a0\u00bb title_text=\u00a0\u00bbvedruna-logo\u00a0\u00bb url=\u00a0\u00bbhttps:\/\/vedruna.eu\/\u00a0\u00bb _builder_version=\u00a0\u00bb4.27.5&Prime; _module_preset=\u00a0\u00bbdefault\u00a0\u00bb global_colors_info=\u00a0\u00bb{}\u00a0\u00bb][\/et_pb_image][\/et_pb_column][et_pb_column type=\u00a0\u00bb1_5&Prime; _builder_version=\u00a0\u00bb4.27.5&Prime; _module_preset=\u00a0\u00bbdefault\u00a0\u00bb global_colors_info=\u00a0\u00bb{}\u00a0\u00bb][et_pb_image src=\u00a0\u00bbhttps:\/\/vedruna.org\/wp-content\/uploads\/2026\/01\/unnamed-4-e1767791701472.jpg\u00a0\u00bb title_text=\u00a0\u00bbsans nom-4&Prime; url=\u00a0\u00bbhttps:\/\/vedruna.cat\/\u00a0\u00bb _builder_version=\u00a0\u00bb4.27.5&Prime; _module_preset=\u00a0\u00bbdefault\u00a0\u00bb global_colors_info=\u00a0\u00bb{}\u00a0\u00bb][\/et_pb_image][\/et_pb_column][et_pb_column type=\u00a0\u00bb1_5&Prime; _builder_version=\u00a0\u00bb4.27.5&Prime; _module_preset=\u00a0\u00bbdefault\u00a0\u00bb global_colors_info=\u00a0\u00bb{}\u00a0\u00bb][et_pb_image src=\u00a0\u00bbhttps:\/\/vedruna.org\/wp-content\/uploads\/2026\/01\/logo-FVE_Oficial-color.webp\u00a0\u00bb title_text=\u00a0\u00bblogo-FVE_Officiel-couleur\u00a0\u00bb url=\u00a0\u00bbhttps:\/\/fundacionvedrunaeducacion.org\/\u00a0\u00bb _builder_version=\u00a0\u00bb4.27.5&Prime; _module_preset=\u00a0\u00bbdefault\u00a0\u00bb global_colors_info=\u00a0\u00bb{}\u00a0\u00bb][\/et_pb_image][\/et_pb_column][et_pb_column type=\u00a0\u00bb1_5&Prime; _builder_version=\u00a0\u00bb4.27.5&Prime; _module_preset=\u00a0\u00bbdefault\u00a0\u00bb global_colors_info=\u00a0\u00bb{}\u00a0\u00bb][et_pb_image src=\u00a0\u00bbhttps:\/\/vedruna.org\/wp-content\/uploads\/2026\/01\/logo-pjv-vedruna-oficial-degradado-mediano.png\u00a0\u00bb title_text=\u00a0\u00bblogo-pjv-vedruna-official-degraded-medium\u00a0\u00bb url=\u00a0\u00bbhttps:\/\/www.pjvvedruna.es\/\u00a0\u00bb _builder_version=\u00a0\u00bb4.27.5&Prime; _module_preset=\u00a0\u00bbdefault\u00a0\u00bb global_colors_info=\u00a0\u00bb{}\u00a0\u00bb][\/et_pb_image][\/et_pb_column][et_pb_column type=\u00a0\u00bb1_5&Prime; _builder_version=\u00a0\u00bb4.27.5&Prime; _module_preset=\u00a0\u00bbdefault\u00a0\u00bb global_colors_info=\u00a0\u00bb{}\u00a0\u00bb][et_pb_image src=\u00a0\u00bbhttps:\/\/vedruna.org\/wp-content\/uploads\/2026\/01\/ain-karem-02-scaled.jpg\u00a0\u00bb title_text=\u00a0\u00bbain karem-02&Prime; url=\u00a0\u00bbhttps:\/\/ainkarem.es\/\u00a0\u00bb _builder_version=\u00a0\u00bb4.27.5&Prime; _module_preset=\u00a0\u00bbdefault\u00a0\u00bb global_colors_info=\u00a0\u00bb{}\u00a0\u00bb][\/et_pb_image][\/et_pb_column][\/et_pb_row][\/et_pb_section][et_pb_section fb_built=\u00a0\u00bb1&Prime; next_background_color=\u00a0\u00bb#FFFFFF\u00a0\u00bb _builder_version=\u00a0\u00bb4.27.5&Prime; _module_preset=\u00a0\u00bbdefault\u00a0\u00bb min_height=\u00a0\u00bb85px\u00a0\u00bb custom_margin=\u00a0\u00bb0px||||false|false\u00a0\u00bb custom_padding=\u00a0\u00bb0px||0px||false|false\u00a0\u00bb bottom_divider_style=\u00a0\u00bbcurve\u00a0\u00bb bottom_divider_arrangement=\u00a0\u00bbabove_content\u00a0\u00bb da_disable_devices=\u00a0\u00bboff|off|off\u00a0\u00bb global_colors_info=\u00a0\u00bb{}\u00a0\u00bb da_is_popup=\u00a0\u00bboff\u00a0\u00bb da_exit_intent=\u00a0\u00bboff\u00a0\u00bb da_has_close=\u00a0\u00bbon\u00a0\u00bb da_alt_close=\u00a0\u00bboff\u00a0\u00bb da_dark_close=\u00a0\u00bboff\u00a0\u00bb da_not_modal=\u00a0\u00bbon\u00a0\u00bb da_is_singular=\u00a0\u00bboff\u00a0\u00bb da_with_loader=\u00a0\u00bboff\u00a0\u00bb da_has_shadow=\u00a0\u00bbon\u00a0\u00bb][\/et_pb_section][et_pb_section fb_built=\u00a0\u00bb1&Prime; next_background_color=\u00a0\u00bb#E0D0A6&Prime; _builder_version=\u00a0\u00bb4.27.5&Prime; _module_preset=\u00a0\u00bbdefault\u00a0\u00bb background_color=\u00a0\u00bb#FFFFFF\u00a0\u00bb min_height=\u00a0\u00bb602.5px\u00a0\u00bb custom_margin=\u00a0\u00bb||0px||false|false\u00a0\u00bb custom_padding=\u00a0\u00bb0px||91px||false|false\u00a0\u00bb bottom_divider_style=\u00a0\u00bbcurve\u00a0\u00bb bottom_divider_arrangement=\u00a0\u00bbabove_content\u00a0\u00bb da_disable_devices=\u00a0\u00bboff|off|off\u00a0\u00bb global_colors_info=\u00a0\u00bb{}\u00a0\u00bb da_is_popup=\u00a0\u00bboff\u00a0\u00bb da_exit_intent=\u00a0\u00bboff\u00a0\u00bb da_has_close=\u00a0\u00bbon\u00a0\u00bb da_alt_close=\u00a0\u00bboff\u00a0\u00bb da_dark_close=\u00a0\u00bboff\u00a0\u00bb da_not_modal=\u00a0\u00bbon\u00a0\u00bb da_is_singular=\u00a0\u00bboff\u00a0\u00bb da_with_loader=\u00a0\u00bboff\u00a0\u00bb da_has_shadow=\u00a0\u00bbon\u00a0\u00bb][et_pb_row module_id=\u00a0\u00bbNoticias\u00a0\u00bb _builder_version=\u00a0\u00bb4.27.4&Prime; _module_preset=\u00a0\u00bbdefault\u00a0\u00bb global_colors_info=\u00a0\u00bb{}\u00a0\u00bb][et_pb_column type=\u00a0\u00bb4_4&Prime; _builder_version=\u00a0\u00bb4.27.4&Prime; _module_preset=\u00a0\u00bbdefault\u00a0\u00bb global_colors_info=\u00a0\u00bb{}\u00a0\u00bb][et_pb_text _builder_version=\u00a0\u00bb4.27.5&Prime; text_font=\u00a0\u00bb|300|||||||\u00a0\u00bb text_text_color=\u00a0\u00bb#D64123&Prime; text_font_size=\u00a0\u00bb22px\u00a0\u00bb text_line_height=\u00a0\u00bb1.8em\u00a0\u00bb header_2_font=\u00a0\u00bb|700|||||||\u00a0\u00bb header_2_text_color=\u00a0\u00bb#D64123&Prime; header_2_font_size=\u00a0\u00bb36px\u00a0\u00bb header_2_line_height=\u00a0\u00bb0.8em\u00a0\u00bb header_5_font=\u00a0\u00bb|300|||||||\u00a0\u00bb header_5_text_color=\u00a0\u00bb#7F2629&Prime; header_5_font_size=\u00a0\u00bb21px\u00a0\u00bb text_orientation=\u00a0\u00bbcenter\u00a0\u00bb text_font_size_tablet=\u00a0\u00bb\u00a0\u00bb text_font_size_phone=\u00a0\u00bb14px\u00a0\u00bb text_font_size_last_edited=\u00a0\u00bbon|desktop\u00a0\u00bb global_colors_info=\u00a0\u00bb{}\u00a0\u00bb]<\/p>\n<h2><span style=\"color: #d63449;\">2026<\/span><\/h2>\n<p><strong><span style=\"color: #d63449;\">C\u00e9l\u00e9bration du bicentenaire<\/span><\/strong><quillbot-extension-portal><\/quillbot-extension-portal><\/p>\n<p>[\/et_pb_text][et_pb_toggle title=\u00a0\u00bb6 janvier 2026 &#8211; Pri\u00e8re en souvenir de la profession de Joaquina\u00a0\u00bb open_toggle_text_color=\u00a0\u00bb#FFFFFF\u00a0\u00bb open_toggle_background_color=\u00a0\u00bb#7F2629&Prime; closed_toggle_text_color=\u00a0\u00bb#FFFFFF\u00a0\u00bb closed_toggle_background_color=\u00a0\u00bb#d63449&Prime; icon_color=\u00a0\u00bb#E0D0A6&Prime; toggle_icon=\u00a0\u00bb&#x37;||divi||400&Prime; use_icon_font_size=\u00a0\u00bbon\u00a0\u00bb icon_font_size=\u00a0\u00bb30px\u00a0\u00bb open_icon_color=\u00a0\u00bb#FFFFFF\u00a0\u00bb open_toggle_icon=\u00a0\u00bb&#x36;||divi||400&Prime; open_use_icon_font_size=\u00a0\u00bbon\u00a0\u00bb open_icon_font_size=\u00a0\u00bb30px\u00a0\u00bb _builder_version=\u00a0\u00bb4.27.5&Prime; _module_preset=\u00a0\u00bbdefault\u00a0\u00bb global_colors_info=\u00a0\u00bb{}\u00a0\u00bb]<\/p>\n<p><span style=\"color: #ffffff;\">Le jour de l&rsquo;\u00c9piphanie, pour notre famille Vedruna, est une grande f\u00eate, surtout en l&rsquo;an 2026, car c&rsquo;est le <strong>200e anniversaire du matin o\u00f9 Joaquina a prononc\u00e9 ses v\u0153ux<\/strong> devant l&rsquo;\u00e9v\u00eaque Don Pablo de Jes\u00fas Corcuera.<\/span><\/p>\n<ul>\n<li style=\"list-style-type: none;\">\n<ul>\n<li><span style=\"text-decoration: underline; color: #ffffff;\"><a href=\"https:\/\/drive.google.com\/file\/d\/1b_5wehmfnIjq-QfDli_jEwtJWyoVs2N0\/view?usp=sharing\" style=\"color: #ffffff; text-decoration: underline;\">Phrase en espagnol<\/a><\/span><\/li>\n<li><span style=\"text-decoration: underline; color: #ffffff;\"><a href=\"https:\/\/drive.google.com\/file\/d\/1vD9A_ilJWFvriKW6NjMXMMZjxuS3ZdF7\/view?usp=drive_link\" style=\"color: #ffffff; text-decoration: underline;\">Phrase en catalan<\/a><\/span><\/li>\n<li><span style=\"text-decoration: underline; color: #ffffff;\"><a href=\"https:\/\/drive.google.com\/file\/d\/1HfTgJRho8Ktm08ThP1r7DcDbnP76vsIS\/view?usp=drive_link\" style=\"color: #ffffff; text-decoration: underline;\">Phrase en italien<\/a><\/span><\/li>\n<\/ul>\n<\/li>\n<\/ul>\n<p>[\/et_pb_toggle][et_pb_toggle title=\u00a0\u00bb17 et 18 janvier 2026 &#8211; R\u00e9union %22Grateful Memory%22&Prime; open_toggle_text_color=\u00a0\u00bb#FFFFFF\u00a0\u00bb open_toggle_background_color=\u00a0\u00bb#7F2629&Prime; closed_toggle_text_color=\u00a0\u00bb#FFFFFF\u00a0\u00bb closed_toggle_background_color=\u00a0\u00bb#d63449&Prime; icon_color=\u00a0\u00bb#E0D0A6&Prime; toggle_icon=\u00a0\u00bb&#x37;||divi||400&Prime; use_icon_font_size=\u00a0\u00bbon\u00a0\u00bb icon_font_size=\u00a0\u00bb30px\u00a0\u00bb open_icon_color=\u00a0\u00bb#FFFFFF\u00a0\u00bb open_toggle_icon=\u00a0\u00bb&#x36;||divi||400&Prime; open_use_icon_font_size=\u00a0\u00bbon\u00a0\u00bb open_icon_font_size=\u00a0\u00bb30px\u00a0\u00bb _builder_version=\u00a0\u00bb4.27.5&Prime; _module_preset=\u00a0\u00bbdefault\u00a0\u00bb global_colors_info=\u00a0\u00bb{}\u00a0\u00bb]<\/p>\n<p><span style=\"color: #ffffff;\">Le Centre Vedruna de Valladolid organise cette rencontre festive, qui comprend le partage de diverses exp\u00e9riences sur la mani\u00e8re dont le charisme de Vedruna est v\u00e9cu, la prestation de musiciens de la Fondation Eutherpe et la pr\u00e9sentation du livre \u00ab\u00a0Vivir a\u00f1os, perdurar siglos\u00a0\u00bb, \u00e9crit par Mabel Burgell, ccv, et Ramon Rial.  <\/span><\/p>\n<p><span style=\"color: #ffffff;\">Le livre a \u00e9t\u00e9 publi\u00e9 \u00e0 l&rsquo;origine en catalan en 2023 et, \u00e0 l&rsquo;occasion des c\u00e9l\u00e9brations du bicentenaire, il a \u00e9t\u00e9 traduit en espagnol, \u00e9largissant ainsi son champ d&rsquo;application et facilitant sa lecture par un public plus large.<\/span><\/p>\n<ul>\n<li style=\"list-style-type: none;\">\n<ul>\n<li><span style=\"color: #ffffff;\"><a href=\"https:\/\/vedruna.eu\/portfolio-item\/doscientos-anos-despues-seguimos-%20viviendo-al-estilo-de-joaquina-el-cristianismo-siempre-con-creatividad\/\" style=\"color: #ffffff;\"><span style=\"text-decoration: underline;\">Nouvelles de la r\u00e9union sur vedruna.eu<\/span><\/a><\/span><\/li>\n<li><span style=\"text-decoration: underline; color: #ffffff;\"><a href=\"https:\/\/youtu.be\/lkM5cDlg9Mw\" style=\"color: #ffffff; text-decoration: underline;\">Vid\u00e9o : pr\u00e9sentation en ligne<\/a><\/span><\/li>\n<li><span style=\"color: #ffffff;\"><span style=\"text-decoration: underline;\"><a href=\"https:\/\/vedruna.eu\/portfolio-item\/un-libro-sobre-joaquina-en-el-que-el-protagonismo-es-para-la-providencia\/\" style=\"color: #ffffff; text-decoration: underline;\">Entretien avec Mabel Burguell dans vedruna.eu<\/a><\/span><span style=\"text-decoration: underline;\"><\/span><\/span><\/li>\n<li><span style=\"text-decoration: underline; color: #333333;\"><a href=\"https:\/\/vedruna.cat\/docs\/publicacions\/viure-anys-i-durar-segles.pdf\" style=\"color: #333333; text-decoration: underline;\"><span style=\"color: #ffffff; text-decoration: underline;\">Livre en catalan : \u00ab\u00a0Viure anys i durar segles\u00a0\u00bb.<\/span><\/a><\/span><\/li>\n<\/ul>\n<\/li>\n<\/ul>\n<p>[\/et_pb_toggle][et_pb_toggle title=\u00a0\u00bb19 f\u00e9vrier 2026 &#8211; S\u00e9minaire en ligne &quot;Les femmes qui ont ouvert la voie, 200 ans d&#039;histoire de Vedruna&quot;.  \u00a0\u00bb open_toggle_text_color=\u00a0\u00bb#FFFFFF\u00a0\u00bb open_toggle_background_color=\u00a0\u00bb#7F2629&Prime; closed_toggle_text_color=\u00a0\u00bb#FFFFFF\u00a0\u00bb closed_toggle_background_color=\u00a0\u00bb#d63449&Prime; icon_color=\u00a0\u00bb#E0D0A6&Prime; toggle_icon=\u00a0\u00bb&#x37;||divi||400&Prime; use_icon_font_size=\u00a0\u00bbon\u00a0\u00bb icon_font_size=\u00a0\u00bb30px\u00a0\u00bb open_icon_color=\u00a0\u00bb#FFFFFF\u00a0\u00bb open_toggle_icon=\u00a0\u00bb&#x36;||divi||400&Prime; open_use_icon_font_size=\u00a0\u00bbon\u00a0\u00bb open_icon_font_size=\u00a0\u00bb30px\u00a0\u00bb _builder_version=\u00a0\u00bb4.27.5&Prime; _module_preset=\u00a0\u00bbdefault\u00a0\u00bb global_colors_info=\u00a0\u00bb{}\u00a0\u00bb]<\/p>\n<p><span style=\"font-weight: 400; color: #ffffff;\">Organis\u00e9e par la Fondation \u00e9ducative Vedruna, elle consistera en un voyage, \u00e0 la m\u00e9moire reconnaissante, \u00e0 travers l&rsquo;histoire de la congr\u00e9gation, des mains des s\u0153urs qui ont servi de g\u00e9n\u00e9rales \u00e0 la famille Vedruna.  <\/span><\/p>\n<p><span style=\"font-weight: 400; color: #ffffff;\">Par Rita Arag\u00f3n L\u00f3pez, ccv, et Loli Fern\u00e1ndez Colmenarejo, ccv.  <\/span><\/p>\n<ul>\n<li style=\"list-style-type: none;\">\n<ul>\n<li><span style=\"text-decoration: underline;\"><span style=\"color: #ffffff;\"><a href=\"https:\/\/meet.google.com\/dou-avqu-exc?hs=122&amp;authuser=0\" style=\"color: #ffffff; text-decoration: underline;\">Acc\u00e8s au webinaire &#8211; Google Meet<\/a><\/span><\/span><\/li>\n<\/ul>\n<\/li>\n<\/ul>\n<p>[\/et_pb_toggle][et_pb_toggle title=\u00a0\u00bb24 f\u00e9vrier 2026 &#8211; Pri\u00e8re commune &quot;Le don de Joaquina%22 &#8211; Fundaci\u00f3n Vedruna Educaci\u00f3n\u00a0\u00bb open_toggle_text_color=\u00a0\u00bb#FFFFFF\u00a0\u00bb open_toggle_background_color=\u00a0\u00bb#7F2629&Prime; closed_toggle_text_color=\u00a0\u00bb#FFFFFF\u00a0\u00bb closed_toggle_background_color=\u00a0\u00bb#ef7b3c\u00a0\u00bb icon_color=\u00a0\u00bb#E0D0A6&Prime; toggle_icon=\u00a0\u00bb&#x37;||divi||400&Prime; use_icon_font_size=\u00a0\u00bbon\u00a0\u00bb icon_font_size=\u00a0\u00bb30px\u00a0\u00bb open_icon_color=\u00a0\u00bb#FFFFFF\u00a0\u00bb open_toggle_icon=\u00a0\u00bb&#x36;||divi||400&Prime; open_use_icon_font_size=\u00a0\u00bbon\u00a0\u00bb open_icon_font_size=\u00a0\u00bb30px\u00a0\u00bb _builder_version=\u00a0\u00bb4.27.5&Prime; _module_preset=\u00a0\u00bbdefault\u00a0\u00bb global_colors_info=\u00a0\u00bb{}\u00a0\u00bb]<\/p>\n<p><span style=\"color: #ffffff;\">Pri\u00e8re commune en ligne de tous les \u00e9l\u00e8ves de sixi\u00e8me ann\u00e9e des \u00e9coles Vedruna de la FVE. D\u00e9tails \u00e0 finaliser.<\/span><\/p>\n<p>[\/et_pb_toggle][et_pb_toggle title=\u00a0\u00bb28 f\u00e9vrier 2026 &#8211; C\u00e9l\u00e9bration des 200 ans de la Fundaci\u00f3 Vedruna Catalunya Educaci\u00f3\u00a0\u00bb open_toggle_text_color=\u00a0\u00bb#FFFFFF\u00a0\u00bb open_toggle_background_color=\u00a0\u00bb#7F2629&Prime; closed_toggle_text_color=\u00a0\u00bb#FFFFFF\u00a0\u00bb closed_toggle_background_color=\u00a0\u00bb#ef7d3b\u00a0\u00bb icon_color=\u00a0\u00bb#E0D0A6&Prime; toggle_icon=\u00a0\u00bb&#x37;||divi||400&Prime; use_icon_font_size=\u00a0\u00bbon\u00a0\u00bb icon_font_size=\u00a0\u00bb30px\u00a0\u00bb open_icon_color=\u00a0\u00bb#FFFFFF\u00a0\u00bb open_toggle_icon=\u00a0\u00bb&#x36;||divi||400&Prime; open_use_icon_font_size=\u00a0\u00bbon\u00a0\u00bb open_icon_font_size=\u00a0\u00bb30px\u00a0\u00bb _builder_version=\u00a0\u00bb4.27.5&Prime; _module_preset=\u00a0\u00bbdefault\u00a0\u00bb min_height=\u00a0\u00bb56.4px\u00a0\u00bb global_colors_info=\u00a0\u00bb{}\u00a0\u00bb]<\/p>\n<p><span style=\"color: #ffffff;\">Dans les Ar\u00e8nes T\u00e0rraco de Tarragone, aura lieu cet \u00e9v\u00e9nement central des 200 ans de la Congr\u00e9gation des S\u0153urs Carm\u00e9lites de la Charit\u00e9 Vedruna, organis\u00e9 par la Fundaci\u00f3 Vedruna Catalunya Educaci\u00f3. On attend la participation de 5000 personnes.   <\/span><\/p>\n<p><span style=\"color: #ffffff;\">Parmi eux, 1 000 \u00e9l\u00e8ves partageront la \u00ab\u00a0Cantata dels <\/span><span style=\"color: #ffffff;\">200 anys\u00a0\u00bb, qui sera reproduite en 28 \u00e9ditions dans les diff\u00e9rentes \u00e9coles entre mars et juin 2026. <\/span> <\/p>\n<p>[\/et_pb_toggle][et_pb_toggle title=\u00a0\u00bbMars \u00e0 juin 2026 &#8211; Cantate des 200 ans Fundaci\u00f3 Vedruna Catalunya Educaci\u00f3\u00a0\u00bb open_toggle_text_color=\u00a0\u00bb#FFFFFF\u00a0\u00bb open_toggle_background_color=\u00a0\u00bb#7F2629&Prime; closed_toggle_text_color=\u00a0\u00bb#7F2629&Prime; closed_toggle_background_color=\u00a0\u00bb#d3d849&Prime; icon_color=\u00a0\u00bb#E0D0A6&Prime; toggle_icon=\u00a0\u00bb&#x37;||divi||400&Prime; use_icon_font_size=\u00a0\u00bbon\u00a0\u00bb icon_font_size=\u00a0\u00bb30px\u00a0\u00bb open_icon_color=\u00a0\u00bb#FFFFFF\u00a0\u00bb open_toggle_icon=\u00a0\u00bb&#x36;||divi||400&Prime; open_use_icon_font_size=\u00a0\u00bbon\u00a0\u00bb open_icon_font_size=\u00a0\u00bb30px\u00a0\u00bb _builder_version=\u00a0\u00bb4.27.5&Prime; _module_preset=\u00a0\u00bbdefault\u00a0\u00bb global_colors_info=\u00a0\u00bb{}\u00a0\u00bb]<\/p>\n<p><span style=\"color: #ffffff;\">Les \u00e9l\u00e8ves des \u00e9coles Vedruna de la Fundaci\u00f3 Vedruna Catalunya Educaci\u00f3 partageront la \u00ab\u00a0Cantata dels 200 anys\u00a0\u00bb, pr\u00e9sent\u00e9e \u00e0 l&rsquo;origine lors de l&rsquo;\u00e9v\u00e9nement du 28 f\u00e9vrier. La cantate sera reproduite en 28 \u00e9ditions dans les diff\u00e9rentes \u00e9coles, entre les mois de mars et juin 2026.   <\/span><\/p>\n<p>[\/et_pb_toggle][et_pb_toggle title=\u00a0\u00bb16 avril : r\u00e9union en ligne %22Tisserands de notre histoire%22&Prime; open_toggle_text_color=\u00a0\u00bb#FFFFFF\u00a0\u00bb open_toggle_background_color=\u00a0\u00bb#7F2629&Prime; closed_toggle_text_color=\u00a0\u00bb#7F2629&Prime; closed_toggle_background_color=\u00a0\u00bb#d3d849&Prime; icon_color=\u00a0\u00bb#E0D0A6&Prime; toggle_icon=\u00a0\u00bb&#x37;||divi||400&Prime; use_icon_font_size=\u00a0\u00bbon\u00a0\u00bb icon_font_size=\u00a0\u00bb30px\u00a0\u00bb open_icon_color=\u00a0\u00bb#FFFFFF\u00a0\u00bb open_toggle_icon=\u00a0\u00bb&#x36;||divi||400&Prime; open_use_icon_font_size=\u00a0\u00bbon\u00a0\u00bb open_icon_font_size=\u00a0\u00bb30px\u00a0\u00bb _builder_version=\u00a0\u00bb4.27.5&Prime; _module_preset=\u00a0\u00bbdefault\u00a0\u00bb global_colors_info=\u00a0\u00bb{}\u00a0\u00bb]<\/p>\n<p><span style=\"color: #ffffff;\">Une proposition de la Commission du Bicentenaire du PVE, pour c\u00e9l\u00e9brer le souvenir reconnaissant de la naissance de Joaquina.<\/span><\/p>\n<p><span style=\"color: #ffffff;\">Cette rencontre en ligne, intitul\u00e9e \u00ab\u00a0Tisseuses de notre histoire\u00a0\u00bb, est un panel d&rsquo;exp\u00e9riences de diff\u00e9rentes s\u0153urs qui, par leurs \u00e9crits et leur vie, nous ont aid\u00e9es \u00e0 mieux conna\u00eetre Joaquina.<\/span><\/p>\n<ul>\n<li><span style=\"color: #ffffff;\">Ana M\u00aa Alonso<\/span><\/li>\n<li><span style=\"color: #ffffff;\">Mar\u00eda Teresa Llach<\/span><\/li>\n<li><span style=\"color: #ffffff;\">Maria Antonia Gilibets  <\/span><\/li>\n<li><span style=\"color: #ffffff;\">Yolanda Moreno<\/span><\/li>\n<li><span style=\"color: #ffffff;\">Mabel Burguell<\/span><\/li>\n<\/ul>\n<p><span style=\"color: #ffffff;\">La r\u00e9union sera anim\u00e9e par Sisita Fiol.   <\/span><\/p>\n<p><span style=\"color: #ffffff;\">Elle se d\u00e9roulera par le biais de ce lien : <\/span><br \/><span style=\"text-decoration: underline; color: #ffffff;\"><a href=\"https:\/\/us06web.zoom.us\/j\/86132933820?pwd=JXGWnLRWwaSPwRnBg3pK1ehuDiO80z.1\" style=\"color: #ffffff; text-decoration: underline;\">https:\/\/us06web.zoom.us\/j\/86132933820?pwd=JXGWnLRWwaSPwRnBg3pK1ehuDiO80z.1<\/a><\/span><\/p>\n<p>[\/et_pb_toggle][et_pb_toggle title=\u00a0\u00bb9 et 10 mai 2026 &#8211; Formation au charisme : R\u00e9union des membres du r\u00e9seau SEL\u00a0\u00bb open_toggle_text_color=\u00a0\u00bb#FFFFFF\u00a0\u00bb open_toggle_background_color=\u00a0\u00bb#7F2629&Prime; closed_toggle_text_color=\u00a0\u00bb#FFFFFF\u00a0\u00bb closed_toggle_background_color=\u00a0\u00bb#a5bce3&Prime; icon_color=\u00a0\u00bb#E0D0A6&Prime; toggle_icon=\u00a0\u00bb&#x37;||divi||400&Prime; use_icon_font_size=\u00a0\u00bbon\u00a0\u00bb icon_font_size=\u00a0\u00bb30px\u00a0\u00bb open_icon_color=\u00a0\u00bb#FFFFFF\u00a0\u00bb open_toggle_icon=\u00a0\u00bb&#x36;||divi||400&Prime; open_use_icon_font_size=\u00a0\u00bbon\u00a0\u00bb open_icon_font_size=\u00a0\u00bb30px\u00a0\u00bb _builder_version=\u00a0\u00bb4.27.5&Prime; _module_preset=\u00a0\u00bbdefault\u00a0\u00bb global_colors_info=\u00a0\u00bb{}\u00a0\u00bb]<\/p>\n<p><span style=\"color: #ffffff;\">La r\u00e9union en face \u00e0 face du r\u00e9seau SEL est un espace qui nous permet de nous arr\u00eater, de nous rencontrer et de nous reconna\u00eetre en tant que r\u00e9seau, partageant notre vie, notre parcours et notre mission. En cette ann\u00e9e sp\u00e9ciale du bicentenaire de Vedruna, elle nous invite \u00e0 revenir aux racines du charisme &#8211; gu\u00e9rir, \u00e9duquer et lib\u00e9rer &#8211; et \u00e0 nous laisser inspirer ensemble pour continuer \u00e0 accompagner avec sens et espoir les r\u00e9alit\u00e9s o\u00f9 la vie est la plus menac\u00e9e. <\/span><\/p>\n<p>[\/et_pb_toggle][et_pb_toggle title=\u00a0\u00bb23 mai 2026 &#8211; R\u00e9union de pri\u00e8re Ain Karem, Vitoria\u00a0\u00bb open_toggle_text_color=\u00a0\u00bb#FFFFFF\u00a0\u00bb open_toggle_background_color=\u00a0\u00bb#7F2629&Prime; closed_toggle_text_color=\u00a0\u00bb#FFFFFF\u00a0\u00bb closed_toggle_background_color=\u00a0\u00bb#a5bce3&Prime; icon_color=\u00a0\u00bb#E0D0A6&Prime; toggle_icon=\u00a0\u00bb&#x37;||divi||400&Prime; use_icon_font_size=\u00a0\u00bbon\u00a0\u00bb icon_font_size=\u00a0\u00bb30px\u00a0\u00bb open_icon_color=\u00a0\u00bb#FFFFFF\u00a0\u00bb open_toggle_icon=\u00a0\u00bb&#x36;||divi||400&Prime; open_use_icon_font_size=\u00a0\u00bbon\u00a0\u00bb open_icon_font_size=\u00a0\u00bb30px\u00a0\u00bb _builder_version=\u00a0\u00bb4.27.5&Prime; _module_preset=\u00a0\u00bbdefault\u00a0\u00bb global_colors_info=\u00a0\u00bb{}\u00a0\u00bb]<\/p>\n<p><span style=\"color: #ffffff;\">D\u00e9tails \u00e0 finaliser.  <\/span><\/p>\n<p>[\/et_pb_toggle][et_pb_toggle title=\u00a0\u00bb26 au 28 juin 2026 &#8211; R\u00e9union des \u00e9ducateurs, Fundaci\u00f3n Vedruna Educaci\u00f3n\u00a0\u00bb open_toggle_text_color=\u00a0\u00bb#FFFFFF\u00a0\u00bb open_toggle_background_color=\u00a0\u00bb#7F2629&Prime; closed_toggle_text_color=\u00a0\u00bb#FFFFFF\u00a0\u00bb closed_toggle_background_color=\u00a0\u00bb#a5bce3&Prime; icon_color=\u00a0\u00bb#E0D0A6&Prime; toggle_icon=\u00a0\u00bb&#x37;||divi||400&Prime; use_icon_font_size=\u00a0\u00bbon\u00a0\u00bb icon_font_size=\u00a0\u00bb30px\u00a0\u00bb open_icon_color=\u00a0\u00bb#FFFFFF\u00a0\u00bb open_toggle_icon=\u00a0\u00bb&#x36;||divi||400&Prime; open_use_icon_font_size=\u00a0\u00bbon\u00a0\u00bb open_icon_font_size=\u00a0\u00bb30px\u00a0\u00bb _builder_version=\u00a0\u00bb4.27.5&Prime; _module_preset=\u00a0\u00bbdefault\u00a0\u00bb global_colors_info=\u00a0\u00bb{}\u00a0\u00bb]<\/p>\n<p><span style=\"color: #ffffff;\">D\u00e9tails \u00e0 finaliser.  <\/span><\/p>\n<p>[\/et_pb_toggle][et_pb_text _builder_version=\u00a0\u00bb4.27.5&Prime; text_font=\u00a0\u00bb|300|||||||\u00a0\u00bb text_text_color=\u00a0\u00bb#D64123&Prime; text_font_size=\u00a0\u00bb22px\u00a0\u00bb text_line_height=\u00a0\u00bb1.8em\u00a0\u00bb header_2_font=\u00a0\u00bb|700|||||||\u00a0\u00bb header_2_text_color=\u00a0\u00bb#D64123&Prime; header_2_font_size=\u00a0\u00bb36px\u00a0\u00bb header_2_line_height=\u00a0\u00bb0.8em\u00a0\u00bb header_5_font=\u00a0\u00bb|300|||||||\u00a0\u00bb header_5_text_color=\u00a0\u00bb#7F2629&Prime; header_5_font_size=\u00a0\u00bb21px\u00a0\u00bb text_orientation=\u00a0\u00bbcenter\u00a0\u00bb text_font_size_tablet=\u00a0\u00bb\u00a0\u00bb text_font_size_phone=\u00a0\u00bb14px\u00a0\u00bb text_font_size_last_edited=\u00a0\u00bbon|desktop\u00a0\u00bb global_colors_info=\u00a0\u00bb{}\u00a0\u00bb]<\/p>\n<h2><span style=\"color: #d63449;\">Autres initiatives<\/span><\/h2>\n<p>[\/et_pb_text][et_pb_toggle title=\u00a0\u00bbNovembre 2025 \u00e0 mai 2026 &#8211; Concours PJV Clip\u00a0\u00bb open_toggle_text_color=\u00a0\u00bb#FFFFFF\u00a0\u00bb open_toggle_background_color=\u00a0\u00bb#7F2629&Prime; closed_toggle_text_color=\u00a0\u00bb#FFFFFF\u00a0\u00bb closed_toggle_background_color=\u00a0\u00bb#d63449&Prime; icon_color=\u00a0\u00bb#E0D0A6&Prime; toggle_icon=\u00a0\u00bb&#x37;||divi||400&Prime; use_icon_font_size=\u00a0\u00bbon\u00a0\u00bb icon_font_size=\u00a0\u00bb30px\u00a0\u00bb open_icon_color=\u00a0\u00bb#FFFFFF\u00a0\u00bb open_toggle_icon=\u00a0\u00bb&#x36;||divi||400&Prime; open_use_icon_font_size=\u00a0\u00bbon\u00a0\u00bb open_icon_font_size=\u00a0\u00bb30px\u00a0\u00bb _builder_version=\u00a0\u00bb4.27.5&Prime; _module_preset=\u00a0\u00bbdefault\u00a0\u00bb global_colors_info=\u00a0\u00bb{}\u00a0\u00bb]<\/p>\n<p dir=\"ltr\"><span style=\"color: #ffffff;\">\u00c0 l&rsquo;occasion du bicentenaire de Vedruna, nous avons lanc\u00e9 le premier concours de courts m\u00e9trages sur le th\u00e8me \u00ab\u00a0Joaquina hier et aujourd&rsquo;hui\u00a0\u00bb : il s&rsquo;agit de reconna\u00eetre les aspects de la vie de Joaquina de Vedruna qui peuvent nous inspirer aujourd&rsquo;hui.<\/span><\/p>\n<p><span style=\"color: #ffffff;\">Le clip peut \u00eatre pr\u00e9sent\u00e9 dans deux cat\u00e9gories : individuel ou collectif, avec une dur\u00e9e maximale de 1min 10sec. Souhaitez-vous participer ?<\/span><\/p>\n<p><span style=\"font-weight: 400; color: #ffffff;\"><strong>Date limite : du 26 octobre au 26 f\u00e9vrier 2026 \u00e0 23h59<br \/>Inscription : comunicacion.pjveu@vedruna.org<\/strong><\/span><\/p>\n<ul>\n<li style=\"list-style-type: none;\">\n<ul>\n<li style=\"font-weight: 400;\" aria-level=\"2\"><span style=\"color: #ffffff;\"><a href=\"https:\/\/www.pjvvedruna.es\/wp-content\/uploads\/2025\/12\/bases-del-concurso-de-clipmetraje-pjv.pdf\" style=\"color: #ffffff;\"><span style=\"text-decoration: underline;\">R\u00e8glement du concours<\/span><\/a><\/span><\/li>\n<li style=\"font-weight: 400;\" aria-level=\"2\"><span style=\"text-decoration: underline; color: #ffffff;\"><a href=\"https:\/\/www.pjvvedruna.es\/experiencias-anuales\/\" style=\"color: #ffffff; text-decoration: underline;\"><span style=\"font-weight: 400;\">PJV Vedruna<\/span><\/a><\/span><\/li>\n<li style=\"font-weight: 400;\" aria-level=\"2\"><span style=\"text-decoration: underline;\"><span style=\"color: #333333; text-decoration: underline;\"><a href=\"https:\/\/www.facebook.com\/reel\/850644073981365\" style=\"color: #333333; text-decoration: underline;\"><span style=\"font-weight: 400;\"><span style=\"color: #ffffff; text-decoration: underline;\">Annonce<\/span><\/span><\/a><\/span><\/span><\/li>\n<\/ul>\n<\/li>\n<\/ul>\n<p>[\/et_pb_toggle][et_pb_toggle title=\u00a0\u00bbVid\u00e9os d&#039;histoire orale : %22Qui est Joaquina pour moi ? C&#039;est ainsi que le charisme de la fondatrice est encore vivant aujourd&#039;hui%22 \u00a0\u00bb open_toggle_text_color=\u00a0\u00bb#FFFFFF\u00a0\u00bb open_toggle_background_color=\u00a0\u00bb#7F2629&Prime; closed_toggle_text_color=\u00a0\u00bb#FFFFFF\u00a0\u00bb closed_toggle_background_color=\u00a0\u00bb#ef7d3b\u00a0\u00bb icon_color=\u00a0\u00bb#E0D0A6&Prime; toggle_icon=\u00a0\u00bb&#x37;||divi||400&Prime; use_icon_font_size=\u00a0\u00bbon\u00a0\u00bb icon_font_size=\u00a0\u00bb30px\u00a0\u00bb open_icon_color=\u00a0\u00bb#FFFFFF\u00a0\u00bb open_toggle_icon=\u00a0\u00bb&#x36;||divi||400&Prime; open_use_icon_font_size=\u00a0\u00bbon\u00a0\u00bb open_icon_font_size=\u00a0\u00bb30px\u00a0\u00bb _builder_version=\u00a0\u00bb4.27.5&Prime; _module_preset=\u00a0\u00bbdefault\u00a0\u00bb global_colors_info=\u00a0\u00bb{}\u00a0\u00bb]<\/p>\n<p><span style=\"color: #ffffff;\">Lors de l&rsquo;acte d&rsquo;hommage du 17 mai 2025, des s\u0153urs des anciennes provinces d&rsquo;Europe, aujourd&rsquo;hui unifi\u00e9es, ont t\u00e9moign\u00e9 de ce qui les a attir\u00e9es dans le charisme de Joaquina, de ce qui les inspire et de la mani\u00e8re dont elles imaginent l&rsquo;avenir de ce charisme.<\/span><\/p>\n<ul>\n<li style=\"list-style-type: none;\">\n<ul>\n<li><span style=\"color: #ffffff;\"><a href=\"https:\/\/vedruna.eu\/portfolio-item\/quien-es-para-mi-joaquina\/\" style=\"color: #ffffff;\"><span style=\"text-decoration: underline;\">Regardez la vid\u00e9o et lisez les t\u00e9moignages sur vedruna.eu<\/span><\/a><\/span><\/li>\n<\/ul>\n<\/li>\n<\/ul>\n<p>[\/et_pb_toggle][et_pb_toggle title=\u00a0\u00bbAtelier pour \u00e9ducateurs : %22Care for the Vedruna school%22, Fondation pour l&#039;\u00e9ducation de Vedruna\u00a0\u00bb open_toggle_text_color=\u00a0\u00bb#FFFFFF\u00a0\u00bb open_toggle_background_color=\u00a0\u00bb#7F2629&Prime; closed_toggle_text_color=\u00a0\u00bb#7F2629&Prime; closed_toggle_background_color=\u00a0\u00bb#d3d849&Prime; icon_color=\u00a0\u00bb#E0D0A6&Prime; toggle_icon=\u00a0\u00bb&#x37;||divi||400&Prime; use_icon_font_size=\u00a0\u00bbon\u00a0\u00bb icon_font_size=\u00a0\u00bb30px\u00a0\u00bb open_icon_color=\u00a0\u00bb#FFFFFF\u00a0\u00bb open_toggle_icon=\u00a0\u00bb&#x36;||divi||400&Prime; open_use_icon_font_size=\u00a0\u00bbon\u00a0\u00bb open_icon_font_size=\u00a0\u00bb30px\u00a0\u00bb _builder_version=\u00a0\u00bb4.27.5&Prime; _module_preset=\u00a0\u00bbdefault\u00a0\u00bb global_colors_info=\u00a0\u00bb{}\u00a0\u00bb]<\/p>\n<p><span style=\"color: #ffffff;\">Cet atelier propose aux \u00e9ducateurs un espace de r\u00e9flexion et d&rsquo;action pour faire le point sur le pr\u00e9sent de l&rsquo;\u00e9cole Vedruna, de notre centre et pour projeter son avenir avec sens. Apr\u00e8s 200 ans d&rsquo;\u00e9ducation \u00e0 la vie, le contexte actuel nous pose une question aussi n\u00e9cessaire que stimulante : \u00ab\u00a0Et maintenant ? <\/span><\/p>\n<p><span style=\"color: #ffffff;\">Elle s&rsquo;adresse aux \u00e9ducateurs, appel\u00e9s \u00e0 prendre soin et \u00e0 actualiser la mission p\u00e9dagogique de Vedruna face aux d\u00e9fis du 21\u00e8me si\u00e8cle. Cette formation les invite \u00e0 repenser, avec un regard critique et une esp\u00e9rance active, comment rester fid\u00e8le au charisme de Joaquina dans un monde en mutation.   <\/span><br \/><span style=\"color: #ffffff;\">Les conclusions finales de ce travail seront pr\u00e9sent\u00e9es lors de la r\u00e9union des \u00e9ducateurs pour c\u00e9l\u00e9brer le bicentenaire qui aura lieu \u00e0 Madrid (\u00e9coles de Villaverde et Carabanchel) du 26 au 28 juin.<\/span><\/p>\n<p>[\/et_pb_toggle][et_pb_toggle title=\u00a0\u00bb\u00c9v\u00e9nements officiels du bicentenaire dans les \u00e9coles de Vedruna de la Fondation pour l&#039;\u00e9ducation de Vedruna.\u00a0\u00bb open_toggle_text_color=\u00a0\u00bb#FFFFFF\u00a0\u00bb open_toggle_background_color=\u00a0\u00bb#7F2629&Prime; closed_toggle_text_color=\u00a0\u00bb#FFFFFF\u00a0\u00bb closed_toggle_background_color=\u00a0\u00bb#a5bce3&Prime; icon_color=\u00a0\u00bb#E0D0A6&Prime; toggle_icon=\u00a0\u00bb&#x37;||divi||400&Prime; use_icon_font_size=\u00a0\u00bbon\u00a0\u00bb icon_font_size=\u00a0\u00bb30px\u00a0\u00bb open_icon_color=\u00a0\u00bb#FFFFFF\u00a0\u00bb open_toggle_icon=\u00a0\u00bb&#x36;||divi||400&Prime; open_use_icon_font_size=\u00a0\u00bbon\u00a0\u00bb open_icon_font_size=\u00a0\u00bb30px\u00a0\u00bb _builder_version=\u00a0\u00bb4.27.5&Prime; _module_preset=\u00a0\u00bbdefault\u00a0\u00bb global_colors_info=\u00a0\u00bb{}\u00a0\u00bb]<\/p>\n<p><span style=\"color: #ffffff;\">Les \u00e9coles Vedruna de la Fondation pour l&rsquo;\u00e9ducation Vedruna c\u00e9l\u00e8brent individuellement ou conjointement avec d&rsquo;autres \u00e9coles voisines un acte officiel pour pr\u00e9senter le bicentenaire.  <\/span><\/p>\n<ul>\n<li style=\"list-style-type: none;\">\n<ul>\n<li style=\"font-weight: 400;\" aria-level=\"4\"><span style=\"text-decoration: underline;\"><span style=\"color: #ffffff; text-decoration: underline;\"><a href=\"https:\/\/vedruna.eu\/portfolio-item\/acto-apertura-del-bicentenario-en-el-colegio-sagrado-corazon-de-valencia\/\" style=\"color: #ffffff; text-decoration: underline;\"><span style=\"font-weight: 400;\">Valence<\/span><\/a><\/span><\/span><\/li>\n<li style=\"font-weight: 400;\" aria-level=\"4\"><span style=\"text-decoration: underline;\"><span style=\"color: #ffffff; text-decoration: underline;\"><a href=\"https:\/\/vedruna.eu\/portfolio-item\/el-colegio-de-isla-se-suma-al-bicentenario-recibiendo-un-homenaje-publico-a-sus-141-anos-de-historia\/\" style=\"color: #ffffff; text-decoration: underline;\"><span style=\"font-weight: 400;\">Isla (Cantabria)<\/span><\/a><\/span><\/span><\/li>\n<li style=\"font-weight: 400;\" aria-level=\"4\"><span style=\"text-decoration: underline;\"><span style=\"color: #ffffff; text-decoration: underline;\"><a href=\"https:\/\/vedruna.eu\/portfolio-item\/alcoy-celebra-la-presentacion-local-del-bicentenario-de-las-hermanas-carmelitas-de-la-caridad-vedruna\/\" style=\"color: #ffffff; text-decoration: underline;\"><span style=\"font-weight: 400;\">Alcoy<\/span><\/a><\/span><\/span><\/li>\n<li style=\"font-weight: 400;\" aria-level=\"4\"><span style=\"text-decoration: underline;\"><span style=\"color: #ffffff; text-decoration: underline;\"><a href=\"https:\/\/vedruna.eu\/portfolio-item\/rumbo-al-bicentenario-en-villena\/\" style=\"color: #ffffff; text-decoration: underline;\"><span style=\"font-weight: 400;\">Villena (Alicante)<\/span><\/a><\/span><\/span><\/li>\n<li style=\"font-weight: 400;\" aria-level=\"4\"><span style=\"text-decoration: underline;\"><span style=\"color: #ffffff; text-decoration: underline;\"><a href=\"https:\/\/vedruna.eu\/portfolio-item\/luis-arguello-pide-a-laicos-y-religiosas-vedruna-que-mantengan-vivo-el-carisma-de-joaquina\/\" style=\"color: #ffffff; text-decoration: underline;\"><span style=\"font-weight: 400;\">Ouverture du Bicentenaire \u00e0 Valladolid<\/span><\/a><\/span><\/span><span style=\"color: #ffffff;\"><a href=\"https:\/\/vedruna.eu\/portfolio-item\/luis-arguello-pide-a-laicos-y-religiosas-vedruna-que-mantengan-vivo-el-carisma-de-joaquina\/\" style=\"color: #ffffff; text-decoration: underline;\"><span style=\"font-weight: 400;\"> | <\/span><\/a><\/span><span style=\"text-decoration: underline;\"><span style=\"color: #ffffff; text-decoration: underline;\"><a href=\"https:\/\/vedruna.eu\/portfolio-item\/luis-arguello-pide-a-laicos-y-religiosas-vedruna-que-mantengan-vivo-el-carisma-de-joaquina\/\" style=\"color: #ffffff; text-decoration: underline;\"><span style=\"font-weight: 400;\">C\u00e9l\u00e9bration du 26 f\u00e9vrier<\/span><\/a><\/span><\/span><\/li>\n<li style=\"font-weight: 400;\" aria-level=\"4\"><span style=\"text-decoration: underline;\"><span style=\"color: #ffffff; text-decoration: underline;\"><a href=\"https:\/\/vedruna.eu\/portfolio-item\/inauguracion-de-los-actos-del-bicentenario-en-leon\/\" style=\"color: #ffffff; text-decoration: underline;\"><span style=\"font-weight: 400;\">L\u00e9on<\/span><\/a><span style=\"font-weight: 400;\"> <\/span><\/span><\/span><\/li>\n<li style=\"font-weight: 400;\" aria-level=\"4\"><span style=\"text-decoration: underline;\"><span style=\"color: #ffffff; text-decoration: underline;\"><a href=\"https:\/\/vedruna.eu\/portfolio-item\/celebracion-en-san-fernando-200-anos-de-una-obra-hermosa\/\" style=\"color: #ffffff; text-decoration: underline;\"><span style=\"font-weight: 400;\">San Fernando<\/span><\/a><\/span><\/span><\/li>\n<li style=\"font-weight: 400;\" aria-level=\"4\"><span style=\"text-decoration: underline;\"><span style=\"color: #333333; text-decoration: underline;\"><a href=\"https:\/\/vedruna.eu\/portfolio-item\/asturias-celebra-el-bicentenario-y-los-130-anos-de-presencia-vedruna-en-el-principado\/\" style=\"color: #333333; text-decoration: underline;\"><span style=\"font-weight: 400;\"><span style=\"color: #ffffff; text-decoration: underline;\">Asturies<\/span><\/span><\/a><\/span><\/span><span style=\"color: #333333;\"><\/span><\/li>\n<li style=\"font-weight: 400;\" aria-level=\"4\"><span style=\"text-decoration: underline;\"><span style=\"color: #ffffff; text-decoration: underline;\"><a href=\"https:\/\/www.instagram.com\/p\/DUqrPFPDWoE\/?igsh=MWd0Mm1ubzlvYzUxNg%3D%3D\" style=\"color: #ffffff; text-decoration: underline;\">Villena<\/a><\/span><span style=\"color: #333333; text-decoration: underline;\"><span style=\"font-weight: 400;\"><span style=\"color: #ffffff; text-decoration: underline;\"><\/span><\/span><\/span><\/span><\/li>\n<li style=\"font-weight: 400;\" aria-level=\"4\"><span style=\"text-decoration: underline;\"><span style=\"color: #ffffff;\"><a href=\"https:\/\/vedruna.eu\/portfolio-item\/200-anos-siendo-familia-celebracion-del-bicentenario-en-la-baneza-y-leon\/\" style=\"color: #ffffff; text-decoration: underline;\">La Ba\u00f1eza et Le\u00f3n<\/a><\/span><span style=\"color: #ffffff; text-decoration: underline;\"><\/span><\/span><\/li>\n<li style=\"font-weight: 400;\" aria-level=\"4\"><span style=\"text-decoration: underline;\"><span style=\"color: #ffffff; text-decoration: underline;\"><a href=\"https:\/\/vedruna.eu\/portfolio-item\/vitoria-celebra-la-huella-imborrable-de-joaquina-desde-el-compromiso-vedruna-de-seguir-siendo-motor-de-transformacion\/\" style=\"color: #ffffff; text-decoration: underline;\">Vitoria<\/a><\/span><span style=\"color: #ffffff; text-decoration: underline;\"><\/span><\/span><\/li>\n<li style=\"font-weight: 400;\" aria-level=\"4\"><a href=\"https:\/\/vedruna.eu\/portfolio-item\/el-colegio-la-purisima-saca-a-joaquina-en-procesion-extraordinaria-por-jaen-para-celebrar-el-bicentenario\/\"><span style=\"text-decoration: underline;\"><span style=\"color: #ffffff; text-decoration: underline;\">Ja\u00e9n<\/span><\/span><\/a><\/li>\n<li style=\"font-weight: 400;\" aria-level=\"4\"><span style=\"text-decoration: underline;\"><span style=\"color: #ffffff; text-decoration: underline;\">La Palma del Condado (Huelva)<\/span><\/span><\/li>\n<\/ul>\n<\/li>\n<\/ul>\n<p>[\/et_pb_toggle][\/et_pb_column][\/et_pb_row][et_pb_row column_structure=\u00a0\u00bb1_2,1_2&Prime; _builder_version=\u00a0\u00bb4.17.0&Prime; _module_preset=\u00a0\u00bbdefault\u00a0\u00bb min_height=\u00a0\u00bb242.1px\u00a0\u00bb custom_padding=\u00a0\u00bb50px||50px||true|\u00a0\u00bb global_colors_info=\u00a0\u00bb{}\u00a0\u00bb][et_pb_column type=\u00a0\u00bb1_2&Prime; _builder_version=\u00a0\u00bb4.17.0&Prime; _module_preset=\u00a0\u00bbdefault\u00a0\u00bb global_colors_info=\u00a0\u00bb{}\u00a0\u00bb][et_pb_text _builder_version=\u00a0\u00bb4.27.5&Prime; text_font=\u00a0\u00bb|300|||||||\u00a0\u00bb text_text_color=\u00a0\u00bb#D64123&Prime; text_font_size=\u00a0\u00bb22px\u00a0\u00bb text_line_height=\u00a0\u00bb1.8em\u00a0\u00bb header_2_font=\u00a0\u00bb|700|||||||\u00a0\u00bb header_2_text_color=\u00a0\u00bb#D64123&Prime; header_2_font_size=\u00a0\u00bb36px\u00a0\u00bb header_2_line_height=\u00a0\u00bb0.8em\u00a0\u00bb header_5_font=\u00a0\u00bb|300|||||||\u00a0\u00bb header_5_text_color=\u00a0\u00bb#7F2629&Prime; header_5_font_size=\u00a0\u00bb21px\u00a0\u00bb text_orientation=\u00a0\u00bbcenter\u00a0\u00bb text_font_size_tablet=\u00a0\u00bb\u00a0\u00bb text_font_size_phone=\u00a0\u00bb14px\u00a0\u00bb text_font_size_last_edited=\u00a0\u00bbon|desktop\u00a0\u00bb global_colors_info=\u00a0\u00bb{}\u00a0\u00bb]<\/p>\n<h2><span style=\"color: #d63449;\">Itin\u00e9raire \u00e0 travers Vic et Barcelone<\/span><\/h2>\n<p>[\/et_pb_text][et_pb_text _builder_version=\u00a0\u00bb4.27.5&Prime; _module_preset=\u00a0\u00bbdefault\u00a0\u00bb text_orientation=\u00a0\u00bbcenter\u00a0\u00bb width=\u00a0\u00bb100%\u00a0\u00bb global_colors_info=\u00a0\u00bb{}\u00a0\u00bb]<\/p>\n<p><span style=\"color: #800000;\">La Fundaci\u00f3 Vedruna Catalunya Educaci\u00f3, en collaboration avec l&rsquo;Office du tourisme de Vic, a pr\u00e9par\u00e9 une visite de la ville de Vic, dans laquelle<\/span><span style=\"color: #800000;\"> <span dir=\"auto\"> Joaquina de Vedruna a fond\u00e9 la Congr\u00e9gation des S\u0153urs Carm\u00e9lites de la Charit\u00e9 Vedruna<span> <\/span><\/span><span><span dir=\"auto\">en 1826, il y a deux cents ans<\/span><\/span><span><span dir=\"auto\">. Une visite des lieux o\u00f9 Joaquina est n\u00e9e \u00e0 Barcelone est \u00e9galement pr\u00e9vue.  <\/span><\/span><\/span><\/p>\n<p><span style=\"color: #800000;\"><span><span dir=\"auto\">Aujourd&rsquo;hui, Vic est devenu un passage oblig\u00e9 pour cette famille religieuse qui est la n\u00f4tre, pr\u00e9sente dans 25 pays du monde, mais aussi pour tous ceux qui collaborent \u00e0 son action. <\/span><\/span><span><span dir=\"auto\">pr\u00e9sente dans 25 pays du monde, mais aussi pour tous ceux qui collaborent \u00e0 sa mission \u00e9ducative, hospitali\u00e8re et sociale. <\/span><\/span><span><span dir=\"auto\"> tous ceux qui collaborent \u00e0 sa mission \u00e9ducative, hospitali\u00e8re et sociale. <\/span><\/span> <\/span><\/p>\n<ul>\n<li style=\"list-style-type: none;\">\n<ul>\n<li style=\"list-style-type: none;\">\n<ul>\n<li style=\"list-style-type: none;\">\n<ul>\n<li style=\"text-align: left;\"><span style=\"text-decoration: underline; color: #800000;\"><a href=\"https:\/\/200vedruna.cat\/rutes\/ruta-vic\/\" style=\"color: #800000; text-decoration: underline;\"><span dir=\"auto\">Route de Vic<\/span><\/a><\/span><\/li>\n<li style=\"text-align: left;\"><span style=\"color: #800000;\"><a href=\"https:\/\/200vedruna.cat\/rutes\/ruta-barcelona\/\" style=\"color: #800000;\"><span style=\"text-decoration: underline;\"><span dir=\"auto\">Route de Barcelone<\/span><\/span><\/a><\/span><\/li>\n<\/ul>\n<\/li>\n<\/ul>\n<\/li>\n<\/ul>\n<\/li>\n<\/ul>\n<p>[\/et_pb_text][\/et_pb_column][et_pb_column type=\u00a0\u00bb1_2&Prime; _builder_version=\u00a0\u00bb4.17.0&Prime; _module_preset=\u00a0\u00bbdefault\u00a0\u00bb global_colors_info=\u00a0\u00bb{}\u00a0\u00bb][et_pb_image src=\u00a0\u00bbhttps:\/\/vedruna.org\/wp-content\/uploads\/2026\/01\/mapa-ruta-vedruna-vic-Q.webp\u00a0\u00bb title_text=\u00a0\u00bbmap-route-vedruna-vic-Q\u00a0\u00bb align=\u00a0\u00bbcenter\u00a0\u00bb _builder_version=\u00a0\u00bb4.27.5&Prime; _module_preset=\u00a0\u00bbdefault\u00a0\u00bb width=\u00a0\u00bb65%\u00a0\u00bb global_colors_info=\u00a0\u00bb{}\u00a0\u00bb][\/et_pb_image][\/et_pb_column][\/et_pb_row][et_pb_row _builder_version=\u00a0\u00bb4.27.5&Prime; _module_preset=\u00a0\u00bbdefault\u00a0\u00bb custom_padding=\u00a0\u00bb61px|||||\u00a0\u00bb global_colors_info=\u00a0\u00bb{}\u00a0\u00bb][et_pb_column type=\u00a0\u00bb4_4&Prime; _builder_version=\u00a0\u00bb4.27.5&Prime; _module_preset=\u00a0\u00bbdefault\u00a0\u00bb global_colors_info=\u00a0\u00bb{}\u00a0\u00bb][et_pb_text _builder_version=\u00a0\u00bb4.27.5&Prime; text_font=\u00a0\u00bb|300|||||||\u00a0\u00bb text_text_color=\u00a0\u00bb#D64123&Prime; text_font_size=\u00a0\u00bb22px\u00a0\u00bb text_line_height=\u00a0\u00bb1.8em\u00a0\u00bb header_2_font=\u00a0\u00bb|700|||||||\u00a0\u00bb header_2_text_color=\u00a0\u00bb#D64123&Prime; header_2_font_size=\u00a0\u00bb36px\u00a0\u00bb header_2_line_height=\u00a0\u00bb0.8em\u00a0\u00bb header_5_font=\u00a0\u00bb|300|||||||\u00a0\u00bb header_5_text_color=\u00a0\u00bb#7F2629&Prime; header_5_font_size=\u00a0\u00bb21px\u00a0\u00bb text_orientation=\u00a0\u00bbcenter\u00a0\u00bb text_font_size_tablet=\u00a0\u00bb\u00a0\u00bb text_font_size_phone=\u00a0\u00bb14px\u00a0\u00bb text_font_size_last_edited=\u00a0\u00bbon|desktop\u00a0\u00bb global_colors_info=\u00a0\u00bb{}\u00a0\u00bb]<\/p>\n<h2><span style=\"color: #d63449;\">Entrer dans le c\u0153ur de Joaquina<\/span><\/h2>\n<p>[\/et_pb_text][et_pb_text _builder_version=\u00a0\u00bb4.27.5&Prime; text_font=\u00a0\u00bb|300|||||||\u00a0\u00bb text_text_color=\u00a0\u00bb#D64123&Prime; text_font_size=\u00a0\u00bb22px\u00a0\u00bb text_line_height=\u00a0\u00bb1.8em\u00a0\u00bb header_2_font=\u00a0\u00bb|700|||||||\u00a0\u00bb header_2_text_color=\u00a0\u00bb#D64123&Prime; header_2_font_size=\u00a0\u00bb36px\u00a0\u00bb header_2_line_height=\u00a0\u00bb0.8em\u00a0\u00bb header_5_font=\u00a0\u00bb|300|||||||\u00a0\u00bb header_5_text_color=\u00a0\u00bb#7F2629&Prime; header_5_font_size=\u00a0\u00bb21px\u00a0\u00bb text_orientation=\u00a0\u00bbcenter\u00a0\u00bb custom_padding=\u00a0\u00bb||0px|||\u00a0\u00bb text_font_size_tablet=\u00a0\u00bb\u00a0\u00bb text_font_size_phone=\u00a0\u00bb14px\u00a0\u00bb text_font_size_last_edited=\u00a0\u00bbon|desktop\u00a0\u00bb global_colors_info=\u00a0\u00bb{}\u00a0\u00bb]<\/p>\n<p style=\"text-align: center;\"><span style=\"font-weight: 400; color: #993300;\"><span style=\"font-weight: 400;\">En lisant tranquillement quelques-unes de ses lettres. Elles sont envoy\u00e9es le 12 de chaque mois avec la contextualisation de la lettre et quelques lignes directrices pour la pri\u00e8re et l&rsquo;approfondissement de la vie de Joaquina qui faciliteront leur partage en communaut\u00e9 et leur appropriation par nous-m\u00eames<br \/>. <\/span><\/span><\/p>\n<p>[\/et_pb_text][\/et_pb_column][\/et_pb_row][et_pb_row column_structure=\u00a0\u00bb1_6,1_6,1_6,1_6,1_6,1_6&Prime; _builder_version=\u00a0\u00bb4.27.5&Prime; _module_preset=\u00a0\u00bbdefault\u00a0\u00bb min_height=\u00a0\u00bb163.2px\u00a0\u00bb global_colors_info=\u00a0\u00bb{}\u00a0\u00bb][et_pb_column type=\u00a0\u00bb1_6&Prime; _builder_version=\u00a0\u00bb4.27.5&Prime; _module_preset=\u00a0\u00bbdefault\u00a0\u00bb global_colors_info=\u00a0\u00bb{}\u00a0\u00bb][et_pb_image src=\u00a0\u00bbhttps:\/\/vedruna.org\/wp-content\/uploads\/2026\/01\/WhatsApp-Image-2025-08-19-at-17.04.50-1.jpeg\u00a0\u00bb title_text=\u00a0\u00bbWhatsApp Image 2025-08-19 \u00e0 17.04.50 (1)\u00a0\u00bb _builder_version=\u00a0\u00bb4.27.5&Prime; _module_preset=\u00a0\u00bbdefault\u00a0\u00bb global_colors_info=\u00a0\u00bb{}\u00a0\u00bb][\/et_pb_image][et_pb_text _builder_version=\u00a0\u00bb4.27.5&Prime; _module_preset=\u00a0\u00bbdefault\u00a0\u00bb global_colors_info=\u00a0\u00bb{}\u00a0\u00bb]<\/p>\n<p style=\"text-align: center;\"><span style=\"color: #800000;\">F\u00e9vrier 2025<\/span><\/p>\n<p>[\/et_pb_text][et_pb_button button_url=\u00a0\u00bbhttps:\/\/vedruna.eu\/carta-81\/\u00a0\u00bb button_text=\u00a0\u00bbLettre 81&Prime; button_alignment=\u00a0\u00bbcenter\u00a0\u00bb _builder_version=\u00a0\u00bb4.27.5&Prime; _module_preset=\u00a0\u00bbdefault\u00a0\u00bb custom_button=\u00a0\u00bbon\u00a0\u00bb button_text_size=\u00a0\u00bb20px\u00a0\u00bb button_text_color=\u00a0\u00bb#FFFFFF\u00a0\u00bb button_bg_color=\u00a0\u00bb#7F2629&Prime; button_border_width=\u00a0\u00bb0px\u00a0\u00bb button_border_radius=\u00a0\u00bb100px\u00a0\u00bb global_colors_info=\u00a0\u00bb{}\u00a0\u00bb][\/et_pb_button][\/et_pb_column][et_pb_column type=\u00a0\u00bb1_6&Prime; _builder_version=\u00a0\u00bb4.27.5&Prime; _module_preset=\u00a0\u00bbdefault\u00a0\u00bb global_colors_info=\u00a0\u00bb{}\u00a0\u00bb][et_pb_image src=\u00a0\u00bbhttps:\/\/vedruna.org\/wp-content\/uploads\/2026\/01\/WhatsApp-Image-2025-08-19-at-17.04.50-1.jpeg\u00a0\u00bb title_text=\u00a0\u00bbWhatsApp Image 2025-08-19 \u00e0 17.04.50 (1)\u00a0\u00bb _builder_version=\u00a0\u00bb4.27.5&Prime; _module_preset=\u00a0\u00bbdefault\u00a0\u00bb global_colors_info=\u00a0\u00bb{}\u00a0\u00bb][\/et_pb_image][et_pb_text _builder_version=\u00a0\u00bb4.27.5&Prime; _module_preset=\u00a0\u00bbdefault\u00a0\u00bb global_colors_info=\u00a0\u00bb{}\u00a0\u00bb]<\/p>\n<p style=\"text-align: center;\"><span style=\"color: #800000;\">Mars 2025<\/span><\/p>\n<p>[\/et_pb_text][et_pb_button button_url=\u00a0\u00bbhttps:\/\/vedruna.eu\/marzo-de-2025\/\u00a0\u00bb button_text=\u00a0\u00bbLettre 77&Prime; button_alignment=\u00a0\u00bbcenter\u00a0\u00bb _builder_version=\u00a0\u00bb4.27.5&Prime; _module_preset=\u00a0\u00bbdefault\u00a0\u00bb custom_button=\u00a0\u00bbon\u00a0\u00bb button_text_size=\u00a0\u00bb20px\u00a0\u00bb button_text_color=\u00a0\u00bb#FFFFFF\u00a0\u00bb button_bg_color=\u00a0\u00bb#7F2629&Prime; button_border_width=\u00a0\u00bb0px\u00a0\u00bb button_border_radius=\u00a0\u00bb100px\u00a0\u00bb global_colors_info=\u00a0\u00bb{}\u00a0\u00bb][\/et_pb_button][\/et_pb_column][et_pb_column type=\u00a0\u00bb1_6&Prime; _builder_version=\u00a0\u00bb4.27.5&Prime; _module_preset=\u00a0\u00bbdefault\u00a0\u00bb global_colors_info=\u00a0\u00bb{}\u00a0\u00bb][et_pb_image src=\u00a0\u00bbhttps:\/\/vedruna.org\/wp-content\/uploads\/2026\/01\/WhatsApp-Image-2025-08-19-at-17.04.50-1.jpeg\u00a0\u00bb title_text=\u00a0\u00bbWhatsApp Image 2025-08-19 \u00e0 17.04.50 (1)\u00a0\u00bb _builder_version=\u00a0\u00bb4.27.5&Prime; _module_preset=\u00a0\u00bbdefault\u00a0\u00bb global_colors_info=\u00a0\u00bb{}\u00a0\u00bb][\/et_pb_image][et_pb_text _builder_version=\u00a0\u00bb4.27.5&Prime; _module_preset=\u00a0\u00bbdefault\u00a0\u00bb global_colors_info=\u00a0\u00bb{}\u00a0\u00bb]<\/p>\n<p style=\"text-align: center;\"><span style=\"color: #800000;\">Avril 2025<\/span><\/p>\n<p>[\/et_pb_text][et_pb_button button_url=\u00a0\u00bbhttps:\/\/vedruna.eu\/abril-2025\/\u00a0\u00bb button_text=\u00a0\u00bbLettre 17&Prime; button_alignment=\u00a0\u00bbcenter\u00a0\u00bb _builder_version=\u00a0\u00bb4.27.5&Prime; _module_preset=\u00a0\u00bbdefault\u00a0\u00bb custom_button=\u00a0\u00bbon\u00a0\u00bb button_text_size=\u00a0\u00bb20px\u00a0\u00bb button_text_color=\u00a0\u00bb#FFFFFF\u00a0\u00bb button_bg_color=\u00a0\u00bb#7F2629&Prime; button_border_width=\u00a0\u00bb0px\u00a0\u00bb button_border_radius=\u00a0\u00bb100px\u00a0\u00bb global_colors_info=\u00a0\u00bb{}\u00a0\u00bb][\/et_pb_button][\/et_pb_column][et_pb_column type=\u00a0\u00bb1_6&Prime; _builder_version=\u00a0\u00bb4.27.5&Prime; _module_preset=\u00a0\u00bbdefault\u00a0\u00bb global_colors_info=\u00a0\u00bb{}\u00a0\u00bb][et_pb_image src=\u00a0\u00bbhttps:\/\/vedruna.org\/wp-content\/uploads\/2026\/01\/WhatsApp-Image-2025-08-19-at-17.04.50-1.jpeg\u00a0\u00bb title_text=\u00a0\u00bbWhatsApp Image 2025-08-19 \u00e0 17.04.50 (1)\u00a0\u00bb _builder_version=\u00a0\u00bb4.27.5&Prime; _module_preset=\u00a0\u00bbdefault\u00a0\u00bb global_colors_info=\u00a0\u00bb{}\u00a0\u00bb][\/et_pb_image][et_pb_text _builder_version=\u00a0\u00bb4.27.5&Prime; _module_preset=\u00a0\u00bbdefault\u00a0\u00bb global_colors_info=\u00a0\u00bb{}\u00a0\u00bb]<\/p>\n<p style=\"text-align: center;\"><span style=\"color: #800000;\">Mai 2025<\/span><\/p>\n<p>[\/et_pb_text][et_pb_button button_url=\u00a0\u00bbhttps:\/\/vedruna.eu\/mayo-2025\/\u00a0\u00bb button_text=\u00a0\u00bbLettre 29&Prime; button_alignment=\u00a0\u00bbcenter\u00a0\u00bb _builder_version=\u00a0\u00bb4.27.5&Prime; _module_preset=\u00a0\u00bbdefault\u00a0\u00bb custom_button=\u00a0\u00bbon\u00a0\u00bb button_text_size=\u00a0\u00bb20px\u00a0\u00bb button_text_color=\u00a0\u00bb#FFFFFF\u00a0\u00bb button_bg_color=\u00a0\u00bb#7F2629&Prime; button_border_width=\u00a0\u00bb0px\u00a0\u00bb button_border_radius=\u00a0\u00bb100px\u00a0\u00bb global_colors_info=\u00a0\u00bb{}\u00a0\u00bb][\/et_pb_button][\/et_pb_column][et_pb_column type=\u00a0\u00bb1_6&Prime; _builder_version=\u00a0\u00bb4.27.5&Prime; _module_preset=\u00a0\u00bbdefault\u00a0\u00bb global_colors_info=\u00a0\u00bb{}\u00a0\u00bb][et_pb_image src=\u00a0\u00bbhttps:\/\/vedruna.org\/wp-content\/uploads\/2026\/01\/WhatsApp-Image-2025-08-19-at-17.04.50-1.jpeg\u00a0\u00bb title_text=\u00a0\u00bbWhatsApp Image 2025-08-19 \u00e0 17.04.50 (1)\u00a0\u00bb _builder_version=\u00a0\u00bb4.27.5&Prime; _module_preset=\u00a0\u00bbdefault\u00a0\u00bb global_colors_info=\u00a0\u00bb{}\u00a0\u00bb][\/et_pb_image][et_pb_text _builder_version=\u00a0\u00bb4.27.5&Prime; _module_preset=\u00a0\u00bbdefault\u00a0\u00bb global_colors_info=\u00a0\u00bb{}\u00a0\u00bb]<\/p>\n<p style=\"text-align: center;\"><span style=\"color: #800000;\">Juin 2025<\/span><\/p>\n<p>[\/et_pb_text][et_pb_button button_url=\u00a0\u00bbhttps:\/\/vedruna.eu\/junio-2025\/\u00a0\u00bb button_text=\u00a0\u00bbLettre 4&Prime; button_alignment=\u00a0\u00bbcenter\u00a0\u00bb _builder_version=\u00a0\u00bb4.27.5&Prime; _module_preset=\u00a0\u00bbdefault\u00a0\u00bb custom_button=\u00a0\u00bbon\u00a0\u00bb button_text_size=\u00a0\u00bb20px\u00a0\u00bb button_text_color=\u00a0\u00bb#FFFFFF\u00a0\u00bb button_bg_color=\u00a0\u00bb#7F2629&Prime; button_border_width=\u00a0\u00bb0px\u00a0\u00bb button_border_radius=\u00a0\u00bb100px\u00a0\u00bb global_colors_info=\u00a0\u00bb{}\u00a0\u00bb][\/et_pb_button][\/et_pb_column][et_pb_column type=\u00a0\u00bb1_6&Prime; _builder_version=\u00a0\u00bb4.27.5&Prime; _module_preset=\u00a0\u00bbdefault\u00a0\u00bb global_colors_info=\u00a0\u00bb{}\u00a0\u00bb][et_pb_image src=\u00a0\u00bbhttps:\/\/vedruna.org\/wp-content\/uploads\/2026\/01\/WhatsApp-Image-2025-08-19-at-17.04.50-1.jpeg\u00a0\u00bb title_text=\u00a0\u00bbWhatsApp Image 2025-08-19 \u00e0 17.04.50 (1)\u00a0\u00bb _builder_version=\u00a0\u00bb4.27.5&Prime; _module_preset=\u00a0\u00bbdefault\u00a0\u00bb global_colors_info=\u00a0\u00bb{}\u00a0\u00bb][\/et_pb_image][et_pb_text _builder_version=\u00a0\u00bb4.27.5&Prime; _module_preset=\u00a0\u00bbdefault\u00a0\u00bb global_colors_info=\u00a0\u00bb{}\u00a0\u00bb]<\/p>\n<p style=\"text-align: center;\"><span style=\"color: #800000;\">Juillet 2025<\/span><\/p>\n<p>[\/et_pb_text][et_pb_button button_url=\u00a0\u00bbhttps:\/\/vedruna.eu\/julio-25\/\u00a0\u00bb button_text=\u00a0\u00bbLettre 77&Prime; button_alignment=\u00a0\u00bbcenter\u00a0\u00bb _builder_version=\u00a0\u00bb4.27.5&Prime; _module_preset=\u00a0\u00bbdefault\u00a0\u00bb custom_button=\u00a0\u00bbon\u00a0\u00bb button_text_size=\u00a0\u00bb20px\u00a0\u00bb button_text_color=\u00a0\u00bb#FFFFFF\u00a0\u00bb button_bg_color=\u00a0\u00bb#7F2629&Prime; button_border_width=\u00a0\u00bb0px\u00a0\u00bb button_border_radius=\u00a0\u00bb100px\u00a0\u00bb global_colors_info=\u00a0\u00bb{}\u00a0\u00bb][\/et_pb_button][\/et_pb_column][\/et_pb_row][et_pb_row column_structure=\u00a0\u00bb1_6,1_6,1_6,1_6,1_6,1_6&Prime; _builder_version=\u00a0\u00bb4.27.5&Prime; _module_preset=\u00a0\u00bbdefault\u00a0\u00bb min_height=\u00a0\u00bb97px\u00a0\u00bb global_colors_info=\u00a0\u00bb{}\u00a0\u00bb][et_pb_column type=\u00a0\u00bb1_6&Prime; _builder_version=\u00a0\u00bb4.27.5&Prime; _module_preset=\u00a0\u00bbdefault\u00a0\u00bb global_colors_info=\u00a0\u00bb{}\u00a0\u00bb][et_pb_image src=\u00a0\u00bbhttps:\/\/vedruna.org\/wp-content\/uploads\/2026\/01\/WhatsApp-Image-2025-08-19-at-17.04.50-1.jpeg\u00a0\u00bb title_text=\u00a0\u00bbWhatsApp Image 2025-08-19 \u00e0 17.04.50 (1)\u00a0\u00bb _builder_version=\u00a0\u00bb4.27.5&Prime; _module_preset=\u00a0\u00bbdefault\u00a0\u00bb global_colors_info=\u00a0\u00bb{}\u00a0\u00bb][\/et_pb_image][et_pb_text _builder_version=\u00a0\u00bb4.27.5&Prime; _module_preset=\u00a0\u00bbdefault\u00a0\u00bb global_colors_info=\u00a0\u00bb{}\u00a0\u00bb]<\/p>\n<p style=\"text-align: center;\"><span style=\"color: #800000;\">Ao\u00fbt 2025<\/span><\/p>\n<p>[\/et_pb_text][et_pb_button button_url=\u00a0\u00bbhttps:\/\/vedruna.eu\/agosto-2025\/\u00a0\u00bb button_text=\u00a0\u00bbLettre 134&Prime; button_alignment=\u00a0\u00bbcenter\u00a0\u00bb _builder_version=\u00a0\u00bb4.27.5&Prime; _module_preset=\u00a0\u00bbdefault\u00a0\u00bb custom_button=\u00a0\u00bbon\u00a0\u00bb button_text_size=\u00a0\u00bb20px\u00a0\u00bb button_text_color=\u00a0\u00bb#FFFFFF\u00a0\u00bb button_bg_color=\u00a0\u00bb#7F2629&Prime; button_border_width=\u00a0\u00bb0px\u00a0\u00bb button_border_radius=\u00a0\u00bb100px\u00a0\u00bb global_colors_info=\u00a0\u00bb{}\u00a0\u00bb][\/et_pb_button][\/et_pb_column][et_pb_column type=\u00a0\u00bb1_6&Prime; _builder_version=\u00a0\u00bb4.27.5&Prime; _module_preset=\u00a0\u00bbdefault\u00a0\u00bb global_colors_info=\u00a0\u00bb{}\u00a0\u00bb][et_pb_image src=\u00a0\u00bbhttps:\/\/vedruna.org\/wp-content\/uploads\/2026\/01\/WhatsApp-Image-2025-08-19-at-17.04.50-1.jpeg\u00a0\u00bb title_text=\u00a0\u00bbWhatsApp Image 2025-08-19 \u00e0 17.04.50 (1)\u00a0\u00bb _builder_version=\u00a0\u00bb4.27.5&Prime; _module_preset=\u00a0\u00bbdefault\u00a0\u00bb global_colors_info=\u00a0\u00bb{}\u00a0\u00bb][\/et_pb_image][et_pb_text _builder_version=\u00a0\u00bb4.27.5&Prime; _module_preset=\u00a0\u00bbdefault\u00a0\u00bb global_colors_info=\u00a0\u00bb{}\u00a0\u00bb]<\/p>\n<p style=\"text-align: center;\"><span style=\"color: #800000;\">Septembre 2025<\/span><\/p>\n<p>[\/et_pb_text][et_pb_button button_url=\u00a0\u00bbhttps:\/\/vedruna.eu\/septiembre-2025\/\u00a0\u00bb button_text=\u00a0\u00bbLettre 94&Prime; button_alignment=\u00a0\u00bbcenter\u00a0\u00bb _builder_version=\u00a0\u00bb4.27.5&Prime; _module_preset=\u00a0\u00bbdefault\u00a0\u00bb custom_button=\u00a0\u00bbon\u00a0\u00bb button_text_size=\u00a0\u00bb20px\u00a0\u00bb button_text_color=\u00a0\u00bb#FFFFFF\u00a0\u00bb button_bg_color=\u00a0\u00bb#7F2629&Prime; button_border_width=\u00a0\u00bb0px\u00a0\u00bb button_border_radius=\u00a0\u00bb100px\u00a0\u00bb global_colors_info=\u00a0\u00bb{}\u00a0\u00bb][\/et_pb_button][\/et_pb_column][et_pb_column type=\u00a0\u00bb1_6&Prime; _builder_version=\u00a0\u00bb4.27.5&Prime; _module_preset=\u00a0\u00bbdefault\u00a0\u00bb global_colors_info=\u00a0\u00bb{}\u00a0\u00bb][et_pb_image src=\u00a0\u00bbhttps:\/\/vedruna.org\/wp-content\/uploads\/2026\/01\/WhatsApp-Image-2025-08-19-at-17.04.50-1.jpeg\u00a0\u00bb title_text=\u00a0\u00bbWhatsApp Image 2025-08-19 \u00e0 17.04.50 (1)\u00a0\u00bb _builder_version=\u00a0\u00bb4.27.5&Prime; _module_preset=\u00a0\u00bbdefault\u00a0\u00bb global_colors_info=\u00a0\u00bb{}\u00a0\u00bb][\/et_pb_image][et_pb_text _builder_version=\u00a0\u00bb4.27.5&Prime; _module_preset=\u00a0\u00bbdefault\u00a0\u00bb global_colors_info=\u00a0\u00bb{}\u00a0\u00bb]<\/p>\n<p style=\"text-align: center;\"><span style=\"color: #800000;\">Octobre 2025<\/span><\/p>\n<p>[\/et_pb_text][et_pb_button button_url=\u00a0\u00bbhttps:\/\/vedruna.eu\/octubre-2025-2\/\u00a0\u00bb button_text=\u00a0\u00bbLettre 80&Prime; button_alignment=\u00a0\u00bbcenter\u00a0\u00bb _builder_version=\u00a0\u00bb4.27.5&Prime; _module_preset=\u00a0\u00bbdefault\u00a0\u00bb custom_button=\u00a0\u00bbon\u00a0\u00bb button_text_size=\u00a0\u00bb20px\u00a0\u00bb button_text_color=\u00a0\u00bb#FFFFFF\u00a0\u00bb button_bg_color=\u00a0\u00bb#7F2629&Prime; button_border_width=\u00a0\u00bb0px\u00a0\u00bb button_border_radius=\u00a0\u00bb100px\u00a0\u00bb global_colors_info=\u00a0\u00bb{}\u00a0\u00bb][\/et_pb_button][\/et_pb_column][et_pb_column type=\u00a0\u00bb1_6&Prime; _builder_version=\u00a0\u00bb4.27.5&Prime; _module_preset=\u00a0\u00bbdefault\u00a0\u00bb global_colors_info=\u00a0\u00bb{}\u00a0\u00bb][et_pb_image src=\u00a0\u00bbhttps:\/\/vedruna.org\/wp-content\/uploads\/2026\/01\/WhatsApp-Image-2025-08-19-at-17.04.50-1.jpeg\u00a0\u00bb title_text=\u00a0\u00bbWhatsApp Image 2025-08-19 \u00e0 17.04.50 (1)\u00a0\u00bb _builder_version=\u00a0\u00bb4.27.5&Prime; _module_preset=\u00a0\u00bbdefault\u00a0\u00bb global_colors_info=\u00a0\u00bb{}\u00a0\u00bb][\/et_pb_image][et_pb_text _builder_version=\u00a0\u00bb4.27.5&Prime; _module_preset=\u00a0\u00bbdefault\u00a0\u00bb global_colors_info=\u00a0\u00bb{}\u00a0\u00bb]<\/p>\n<p style=\"text-align: center;\"><span style=\"color: #800000;\">D\u00e9cembre 2025<\/span><\/p>\n<p>[\/et_pb_text][et_pb_button button_url=\u00a0\u00bbhttps:\/\/vedruna.eu\/noviembre-2025\/\u00a0\u00bb button_text=\u00a0\u00bbLettre 95&Prime; button_alignment=\u00a0\u00bbcenter\u00a0\u00bb _builder_version=\u00a0\u00bb4.27.5&Prime; _module_preset=\u00a0\u00bbdefault\u00a0\u00bb custom_button=\u00a0\u00bbon\u00a0\u00bb button_text_size=\u00a0\u00bb20px\u00a0\u00bb button_text_color=\u00a0\u00bb#FFFFFF\u00a0\u00bb button_bg_color=\u00a0\u00bb#7F2629&Prime; button_border_width=\u00a0\u00bb0px\u00a0\u00bb button_border_radius=\u00a0\u00bb100px\u00a0\u00bb global_colors_info=\u00a0\u00bb{}\u00a0\u00bb][\/et_pb_button][\/et_pb_column][et_pb_column type=\u00a0\u00bb1_6&Prime; _builder_version=\u00a0\u00bb4.27.5&Prime; _module_preset=\u00a0\u00bbdefault\u00a0\u00bb global_colors_info=\u00a0\u00bb{}\u00a0\u00bb][et_pb_image src=\u00a0\u00bbhttps:\/\/vedruna.org\/wp-content\/uploads\/2026\/01\/WhatsApp-Image-2025-08-19-at-17.04.50-1.jpeg\u00a0\u00bb title_text=\u00a0\u00bbWhatsApp Image 2025-08-19 \u00e0 17.04.50 (1)\u00a0\u00bb _builder_version=\u00a0\u00bb4.27.5&Prime; _module_preset=\u00a0\u00bbdefault\u00a0\u00bb global_colors_info=\u00a0\u00bb{}\u00a0\u00bb][\/et_pb_image][et_pb_text _builder_version=\u00a0\u00bb4.27.5&Prime; _module_preset=\u00a0\u00bbdefault\u00a0\u00bb global_colors_info=\u00a0\u00bb{}\u00a0\u00bb]<\/p>\n<p style=\"text-align: center;\"><span style=\"color: #800000;\">janvier 2026<\/span><\/p>\n<p>[\/et_pb_text][et_pb_button button_url=\u00a0\u00bbhttps:\/\/vedruna.eu\/noviembre-2025\/\u00a0\u00bb button_text=\u00a0\u00bbLettre 46&Prime; button_alignment=\u00a0\u00bbcenter\u00a0\u00bb _builder_version=\u00a0\u00bb4.27.5&Prime; _module_preset=\u00a0\u00bbdefault\u00a0\u00bb custom_button=\u00a0\u00bbon\u00a0\u00bb button_text_size=\u00a0\u00bb20px\u00a0\u00bb button_text_color=\u00a0\u00bb#FFFFFF\u00a0\u00bb button_bg_color=\u00a0\u00bb#7F2629&Prime; button_border_width=\u00a0\u00bb0px\u00a0\u00bb button_border_radius=\u00a0\u00bb100px\u00a0\u00bb global_colors_info=\u00a0\u00bb{}\u00a0\u00bb][\/et_pb_button][\/et_pb_column][et_pb_column type=\u00a0\u00bb1_6&Prime; _builder_version=\u00a0\u00bb4.27.5&Prime; _module_preset=\u00a0\u00bbdefault\u00a0\u00bb global_colors_info=\u00a0\u00bb{}\u00a0\u00bb][et_pb_image src=\u00a0\u00bbhttps:\/\/vedruna.org\/wp-content\/uploads\/2026\/01\/WhatsApp-Image-2025-08-19-at-17.04.50-1.jpeg\u00a0\u00bb title_text=\u00a0\u00bbWhatsApp Image 2025-08-19 \u00e0 17.04.50 (1)\u00a0\u00bb _builder_version=\u00a0\u00bb4.27.5&Prime; _module_preset=\u00a0\u00bbdefault\u00a0\u00bb global_colors_info=\u00a0\u00bb{}\u00a0\u00bb][\/et_pb_image][et_pb_text _builder_version=\u00a0\u00bb4.27.5&Prime; _module_preset=\u00a0\u00bbdefault\u00a0\u00bb global_colors_info=\u00a0\u00bb{}\u00a0\u00bb]<\/p>\n<p style=\"text-align: center;\"><span style=\"color: #800000;\">f\u00e9vrier 2026<\/span><\/p>\n<p>[\/et_pb_text][et_pb_button button_url=\u00a0\u00bbhttps:\/\/vedruna.eu\/carta-81\/\u00a0\u00bb button_text=\u00a0\u00bbLettre 82&Prime; button_alignment=\u00a0\u00bbcenter\u00a0\u00bb _builder_version=\u00a0\u00bb4.27.5&Prime; _module_preset=\u00a0\u00bbdefault\u00a0\u00bb custom_button=\u00a0\u00bbon\u00a0\u00bb button_text_size=\u00a0\u00bb20px\u00a0\u00bb button_text_color=\u00a0\u00bb#FFFFFF\u00a0\u00bb button_bg_color=\u00a0\u00bb#7F2629&Prime; button_border_width=\u00a0\u00bb0px\u00a0\u00bb button_border_radius=\u00a0\u00bb100px\u00a0\u00bb global_colors_info=\u00a0\u00bb{}\u00a0\u00bb][\/et_pb_button][\/et_pb_column][\/et_pb_row][et_pb_row column_structure=\u00a0\u00bb1_6,1_6,1_6,1_6,1_6,1_6&Prime; _builder_version=\u00a0\u00bb4.27.5&Prime; _module_preset=\u00a0\u00bbdefault\u00a0\u00bb min_height=\u00a0\u00bb97px\u00a0\u00bb global_colors_info=\u00a0\u00bb{}\u00a0\u00bb][et_pb_column type=\u00a0\u00bb1_6&Prime; _builder_version=\u00a0\u00bb4.27.5&Prime; _module_preset=\u00a0\u00bbdefault\u00a0\u00bb global_colors_info=\u00a0\u00bb{}\u00a0\u00bb][et_pb_image src=\u00a0\u00bbhttps:\/\/vedruna.org\/wp-content\/uploads\/2026\/01\/WhatsApp-Image-2025-08-19-at-17.04.50-1.jpeg\u00a0\u00bb title_text=\u00a0\u00bbWhatsApp Image 2025-08-19 \u00e0 17.04.50 (1)\u00a0\u00bb _builder_version=\u00a0\u00bb4.27.5&Prime; _module_preset=\u00a0\u00bbdefault\u00a0\u00bb global_colors_info=\u00a0\u00bb{}\u00a0\u00bb][\/et_pb_image][et_pb_text _builder_version=\u00a0\u00bb4.27.5&Prime; _module_preset=\u00a0\u00bbdefault\u00a0\u00bb global_colors_info=\u00a0\u00bb{}\u00a0\u00bb]<\/p>\n<p style=\"text-align: center;\"><span style=\"color: #800000;\">mars 2026<\/span><\/p>\n<p>[\/et_pb_text][et_pb_button button_url=\u00a0\u00bbhttps:\/\/vedruna.eu\/marzo-2026\/\u00a0\u00bb button_text=\u00a0\u00bbLettre 84&Prime; button_alignment=\u00a0\u00bbcenter\u00a0\u00bb _builder_version=\u00a0\u00bb4.27.5&Prime; _module_preset=\u00a0\u00bbdefault\u00a0\u00bb custom_button=\u00a0\u00bbon\u00a0\u00bb button_text_size=\u00a0\u00bb20px\u00a0\u00bb button_text_color=\u00a0\u00bb#FFFFFF\u00a0\u00bb button_bg_color=\u00a0\u00bb#7F2629&Prime; button_border_width=\u00a0\u00bb0px\u00a0\u00bb button_border_radius=\u00a0\u00bb100px\u00a0\u00bb global_colors_info=\u00a0\u00bb{}\u00a0\u00bb][\/et_pb_button][\/et_pb_column][et_pb_column type=\u00a0\u00bb1_6&Prime; _builder_version=\u00a0\u00bb4.27.5&Prime; _module_preset=\u00a0\u00bbdefault\u00a0\u00bb global_colors_info=\u00a0\u00bb{}\u00a0\u00bb][et_pb_image src=\u00a0\u00bbhttps:\/\/vedruna.org\/wp-content\/uploads\/2026\/01\/WhatsApp-Image-2025-08-19-at-17.04.50-1.jpeg\u00a0\u00bb title_text=\u00a0\u00bbWhatsApp Image 2025-08-19 \u00e0 17.04.50 (1)\u00a0\u00bb _builder_version=\u00a0\u00bb4.27.5&Prime; _module_preset=\u00a0\u00bbdefault\u00a0\u00bb global_colors_info=\u00a0\u00bb{}\u00a0\u00bb][\/et_pb_image][et_pb_text _builder_version=\u00a0\u00bb4.27.6&Prime; _module_preset=\u00a0\u00bbdefault\u00a0\u00bb hover_enabled=\u00a0\u00bb0&Prime; global_colors_info=\u00a0\u00bb{}\u00a0\u00bb sticky_enabled=\u00a0\u00bb0&Prime;]<\/p>\n<p style=\"text-align: center;\"><span style=\"color: #800000;\">avril 2026<\/span><\/p>\n<p>[\/et_pb_text][et_pb_button button_url=\u00a0\u00bbhttps:\/\/vedruna.eu\/abril-2026\/\u00a0\u00bb button_text=\u00a0\u00bbLettre 66&Prime; button_alignment=\u00a0\u00bbcenter\u00a0\u00bb _builder_version=\u00a0\u00bb4.27.6&Prime; _module_preset=\u00a0\u00bbdefault\u00a0\u00bb custom_button=\u00a0\u00bbon\u00a0\u00bb button_text_size=\u00a0\u00bb20px\u00a0\u00bb button_text_color=\u00a0\u00bb#FFFFFF\u00a0\u00bb button_bg_color=\u00a0\u00bb#7F2629&Prime; button_border_width=\u00a0\u00bb0px\u00a0\u00bb button_border_radius=\u00a0\u00bb100px\u00a0\u00bb hover_enabled=\u00a0\u00bb0&Prime; global_colors_info=\u00a0\u00bb{}\u00a0\u00bb sticky_enabled=\u00a0\u00bb0&Prime;][\/et_pb_button][\/et_pb_column][et_pb_column type=\u00a0\u00bb1_6&Prime; _builder_version=\u00a0\u00bb4.27.5&Prime; _module_preset=\u00a0\u00bbdefault\u00a0\u00bb global_colors_info=\u00a0\u00bb{}\u00a0\u00bb][\/et_pb_column][et_pb_column type=\u00a0\u00bb1_6&Prime; _builder_version=\u00a0\u00bb4.27.5&Prime; _module_preset=\u00a0\u00bbdefault\u00a0\u00bb global_colors_info=\u00a0\u00bb{}\u00a0\u00bb][\/et_pb_column][et_pb_column type=\u00a0\u00bb1_6&Prime; _builder_version=\u00a0\u00bb4.27.5&Prime; _module_preset=\u00a0\u00bbdefault\u00a0\u00bb global_colors_info=\u00a0\u00bb{}\u00a0\u00bb][\/et_pb_column][et_pb_column type=\u00a0\u00bb1_6&Prime; _builder_version=\u00a0\u00bb4.27.5&Prime; _module_preset=\u00a0\u00bbdefault\u00a0\u00bb global_colors_info=\u00a0\u00bb{}\u00a0\u00bb][\/et_pb_column][\/et_pb_row][\/et_pb_section][et_pb_section fb_built=\u00a0\u00bb1&Prime; _builder_version=\u00a0\u00bb4.27.5&Prime; _module_preset=\u00a0\u00bbdefault\u00a0\u00bb background_color=\u00a0\u00bb#E0D0A6&Prime; min_height=\u00a0\u00bb164.3px\u00a0\u00bb custom_padding=\u00a0\u00bb3vw||0px||false|false\u00a0\u00bb da_disable_devices=\u00a0\u00bboff|off|off\u00a0\u00bb global_colors_info=\u00a0\u00bb{}\u00a0\u00bb da_is_popup=\u00a0\u00bboff\u00a0\u00bb da_exit_intent=\u00a0\u00bboff\u00a0\u00bb da_has_close=\u00a0\u00bbon\u00a0\u00bb da_alt_close=\u00a0\u00bboff\u00a0\u00bb da_dark_close=\u00a0\u00bboff\u00a0\u00bb da_not_modal=\u00a0\u00bbon\u00a0\u00bb da_is_singular=\u00a0\u00bboff\u00a0\u00bb da_with_loader=\u00a0\u00bboff\u00a0\u00bb da_has_shadow=\u00a0\u00bbon\u00a0\u00bb][et_pb_row _builder_version=\u00a0\u00bb4.27.5&Prime; _module_preset=\u00a0\u00bbdefault\u00a0\u00bb min_height=\u00a0\u00bb168px\u00a0\u00bb custom_margin=\u00a0\u00bb|auto|-38px|auto||\u00a0\u00bb global_colors_info=\u00a0\u00bb{}\u00a0\u00bb][et_pb_column type=\u00a0\u00bb4_4&Prime; _builder_version=\u00a0\u00bb4.27.5&Prime; _module_preset=\u00a0\u00bbdefault\u00a0\u00bb global_colors_info=\u00a0\u00bb{}\u00a0\u00bb][et_pb_text _builder_version=\u00a0\u00bb4.27.5&Prime; text_font=\u00a0\u00bb|300|||||||\u00a0\u00bb text_text_color=\u00a0\u00bb#D64123&Prime; text_font_size=\u00a0\u00bb22px\u00a0\u00bb text_line_height=\u00a0\u00bb1.8em\u00a0\u00bb header_2_font=\u00a0\u00bb|700|||||||\u00a0\u00bb header_2_text_color=\u00a0\u00bb#D64123&Prime; header_2_font_size=\u00a0\u00bb36px\u00a0\u00bb header_2_line_height=\u00a0\u00bb0.8em\u00a0\u00bb header_5_font=\u00a0\u00bb|300|||||||\u00a0\u00bb header_5_text_color=\u00a0\u00bb#7F2629&Prime; header_5_font_size=\u00a0\u00bb21px\u00a0\u00bb text_orientation=\u00a0\u00bbcenter\u00a0\u00bb text_font_size_tablet=\u00a0\u00bb\u00a0\u00bb text_font_size_phone=\u00a0\u00bb14px\u00a0\u00bb text_font_size_last_edited=\u00a0\u00bbon|desktop\u00a0\u00bb global_colors_info=\u00a0\u00bb{}\u00a0\u00bb]<\/p>\n<h2><span style=\"color: #d63449;\">2025<\/span><\/h2>\n<p><strong><span style=\"color: #d63449;\">Pr\u00e9parer le bicentenaire<\/span><\/strong><\/p>\n<p>[\/et_pb_text][\/et_pb_column][\/et_pb_row][\/et_pb_section][et_pb_section fb_built=\u00a0\u00bb1&Prime; next_background_color=\u00a0\u00bb#FFFFFF\u00a0\u00bb _builder_version=\u00a0\u00bb4.27.5&Prime; _module_preset=\u00a0\u00bbdefault\u00a0\u00bb background_color=\u00a0\u00bb#E0D0A6&Prime; min_height=\u00a0\u00bb140px\u00a0\u00bb custom_margin=\u00a0\u00bb0px||||false|false\u00a0\u00bb custom_padding=\u00a0\u00bb0px||131px||false|false\u00a0\u00bb bottom_divider_style=\u00a0\u00bbcurve\u00a0\u00bb bottom_divider_arrangement=\u00a0\u00bbabove_content\u00a0\u00bb da_disable_devices=\u00a0\u00bboff|off|off\u00a0\u00bb global_colors_info=\u00a0\u00bb{}\u00a0\u00bb da_is_popup=\u00a0\u00bboff\u00a0\u00bb da_exit_intent=\u00a0\u00bboff\u00a0\u00bb da_has_close=\u00a0\u00bbon\u00a0\u00bb da_alt_close=\u00a0\u00bboff\u00a0\u00bb da_dark_close=\u00a0\u00bboff\u00a0\u00bb da_not_modal=\u00a0\u00bbon\u00a0\u00bb da_is_singular=\u00a0\u00bboff\u00a0\u00bb da_with_loader=\u00a0\u00bboff\u00a0\u00bb da_has_shadow=\u00a0\u00bbon\u00a0\u00bb][et_pb_row _builder_version=\u00a0\u00bb4.17.0&Prime; _module_preset=\u00a0\u00bbdefault\u00a0\u00bb min_height=\u00a0\u00bb258.1px\u00a0\u00bb custom_padding=\u00a0\u00bb43px||43px||true|\u00a0\u00bb global_colors_info=\u00a0\u00bb{}\u00a0\u00bb][et_pb_column type=\u00a0\u00bb4_4&Prime; _builder_version=\u00a0\u00bb4.17.0&Prime; _module_preset=\u00a0\u00bbdefault\u00a0\u00bb global_colors_info=\u00a0\u00bb{}\u00a0\u00bb][et_pb_toggle title=\u00a0\u00bb22 f\u00e9vrier 2025 &#8211; La contribution de Vedruna \u00e0 l&#039;\u00e9ducation, Fundaci\u00f3 Vedruna Catalunya Educaci\u00f3\u00a0\u00bb open_toggle_text_color=\u00a0\u00bb#FFFFFF\u00a0\u00bb open_toggle_background_color=\u00a0\u00bb#7F2629&Prime; closed_toggle_text_color=\u00a0\u00bb#FFFFFF\u00a0\u00bb closed_toggle_background_color=\u00a0\u00bb#7F2629&Prime; icon_color=\u00a0\u00bb#E0D0A6&Prime; toggle_icon=\u00a0\u00bb&#x37;||divi||400&Prime; use_icon_font_size=\u00a0\u00bbon\u00a0\u00bb icon_font_size=\u00a0\u00bb30px\u00a0\u00bb open_icon_color=\u00a0\u00bb#FFFFFF\u00a0\u00bb open_toggle_icon=\u00a0\u00bb&#x36;||divi||400&Prime; open_use_icon_font_size=\u00a0\u00bbon\u00a0\u00bb open_icon_font_size=\u00a0\u00bb30px\u00a0\u00bb _builder_version=\u00a0\u00bb4.27.5&Prime; _module_preset=\u00a0\u00bbdefault\u00a0\u00bb global_colors_info=\u00a0\u00bb{}\u00a0\u00bb]<\/p>\n<p><span style=\"color: #ffffff;\">Pass\u00e9, pr\u00e9sent et futur. Projet de Joaquima de Vedruna. Organis\u00e9 par <span style=\"font-weight: 400;\">Fundaci\u00f3 Vedruna Catalunya Educaci\u00f3<\/span>.  <\/span><\/p>\n<ul>\n<li style=\"list-style-type: none;\">\n<ul>\n<li><span style=\"text-decoration: underline; color: #ffffff;\"><a href=\"https:\/\/vedruna.cat\/posit-proposit-escoles-projecten-llegat-educatiu-joaquima\/\" style=\"color: #ffffff; text-decoration: underline;\">Nouvelles sur vedruna.cat<\/a><\/span><\/li>\n<li><span style=\"text-decoration: underline; color: #ffffff;\"><a href=\"https:\/\/www.catalunyareligio.cat\/ca\/vedruna-ofereix-seu-llegat-tota-comunitat\" style=\"color: #ffffff; text-decoration: underline;\"><span><span style=\"font-weight: 400;\">Actualit\u00e9s en Catalunya Religi\u00f3<\/span><\/span><\/a><\/span><\/li>\n<\/ul>\n<\/li>\n<\/ul>\n<p>[\/et_pb_toggle][et_pb_toggle title=\u00a0\u00bb25 f\u00e9vrier 2025 &#8211; Inauguration du Bicentenaire dans la Province d&#039;Europe\u00a0\u00bb open_toggle_text_color=\u00a0\u00bb#FFFFFF\u00a0\u00bb open_toggle_background_color=\u00a0\u00bb#7F2629&Prime; closed_toggle_text_color=\u00a0\u00bb#FFFFFF\u00a0\u00bb closed_toggle_background_color=\u00a0\u00bb#7F2629&Prime; icon_color=\u00a0\u00bb#E0D0A6&Prime; toggle_icon=\u00a0\u00bb&#x37;||divi||400&Prime; use_icon_font_size=\u00a0\u00bbon\u00a0\u00bb icon_font_size=\u00a0\u00bb30px\u00a0\u00bb open_icon_color=\u00a0\u00bb#FFFFFF\u00a0\u00bb open_toggle_icon=\u00a0\u00bb&#x36;||divi||400&Prime; open_use_icon_font_size=\u00a0\u00bbon\u00a0\u00bb open_icon_font_size=\u00a0\u00bb30px\u00a0\u00bb _builder_version=\u00a0\u00bb4.27.5&Prime; _module_preset=\u00a0\u00bbdefault\u00a0\u00bb global_colors_info=\u00a0\u00bb{}\u00a0\u00bb]<\/p>\n<p><span style=\"color: #ffffff;\">La Province d&rsquo;Europe Vedruna ouvre les actes de pr\u00e9paration du Bicentenaire par une r\u00e9union en ligne, avec la participation de Mar\u00eda Jos\u00e9 Meira et F\u00e1tima Borges, repr\u00e9sentantes de l&rsquo;\u00c9quipe g\u00e9n\u00e9rale.  <\/span><\/p>\n<ul>\n<li style=\"list-style-type: none;\">\n<ul>\n<li><span style=\"text-decoration: underline;\"><span style=\"color: #ffffff; text-decoration: underline;\"><a href=\"https:\/\/vedruna.eu\/portfolio-item\/arranca-el-bicentenario-es-nuestro-tiempo-porque-tambien-sera-nuestra-historia\/\" style=\"color: #ffffff; text-decoration: underline;\">Nouvelles sur vedruna.eu<\/a><\/span><\/span><\/li>\n<\/ul>\n<\/li>\n<\/ul>\n<p>[\/et_pb_toggle][et_pb_toggle title=\u00a0\u00bb17 mai 2025 &#8211; La figure de Joaquina de Vedruna et les trois esprits\u00a0\u00bb open_toggle_text_color=\u00a0\u00bb#FFFFFF\u00a0\u00bb open_toggle_background_color=\u00a0\u00bb#7F2629&Prime; closed_toggle_text_color=\u00a0\u00bb#FFFFFF\u00a0\u00bb closed_toggle_background_color=\u00a0\u00bb#7F2629&Prime; icon_color=\u00a0\u00bb#E0D0A6&Prime; toggle_icon=\u00a0\u00bb&#x37;||divi||400&Prime; use_icon_font_size=\u00a0\u00bbon\u00a0\u00bb icon_font_size=\u00a0\u00bb30px\u00a0\u00bb open_icon_color=\u00a0\u00bb#FFFFFF\u00a0\u00bb open_toggle_icon=\u00a0\u00bb&#x36;||divi||400&Prime; open_use_icon_font_size=\u00a0\u00bbon\u00a0\u00bb open_icon_font_size=\u00a0\u00bb30px\u00a0\u00bb _builder_version=\u00a0\u00bb4.27.5&Prime; _module_preset=\u00a0\u00bbdefault\u00a0\u00bb global_colors_info=\u00a0\u00bb{}\u00a0\u00bb]<\/p>\n<p><span style=\"color: #ffffff;\">Manifestations c\u00e9l\u00e9brant \u00e0 l&rsquo;avance la f\u00eate de la Sainte Joaquina, le 22 mai.<\/span><\/p>\n<p><span style=\"color: #ffffff;\">Il y a eu une eucharistie d&rsquo;action de gr\u00e2ces, dans l&rsquo;\u00e9glise de la maison m\u00e8re, pr\u00e9sid\u00e9e par l&rsquo;\u00e9v\u00eaque de Vic, Rom\u00e0 Casanova, et l&rsquo;acte d&rsquo;hommage \u00ab\u00a0Joaquina de Vedruna, lumi\u00e8re qui inspire\u00a0\u00bb.  <\/span><\/p>\n<ul>\n<li style=\"list-style-type: none;\">\n<ul>\n<li><span style=\"text-decoration: underline;\"><span style=\"color: #ffffff; text-decoration: underline;\"><a href=\"https:\/\/vedruna.org\/fr\/sur-la-route-du-bicentenaire-vic-rend-hommage-a-la-lumiere-de-joaquina-de-vedruna\/\" style=\"color: #ffffff; text-decoration: underline;\">Nouvelles sur vedruna.org<\/a><\/span><\/span><\/li>\n<li><span style=\"text-decoration: underline;\"><span style=\"color: #ffffff; text-decoration: underline;\"><a href=\"https:\/\/vedruna.eu\/portfolio-item\/la-provincia-vedruna-europa-renueva-en-vic-el-si-de-joaquina-al-buen-jesus-que-nos-llama-sin-cesar\/\" style=\"color: #ffffff; text-decoration: underline;\">Nouvelles sur vedruna.eu<\/a><\/span><\/span><\/li>\n<li><span style=\"text-decoration: underline;\"><span style=\"color: #ffffff; text-decoration: underline;\"><a href=\"https:\/\/vedruna.cat\/germanes-recorden-obertura-joaquima\/\" style=\"color: #ffffff; text-decoration: underline;\">Nouvelles dans FCVE<\/a><\/span><\/span><\/li>\n<\/ul>\n<\/li>\n<\/ul>\n<p>[\/et_pb_toggle][et_pb_toggle title=\u00a0\u00bb19 d\u00e9cembre 2025 &#8211; Retour aux sources : deux cents ans de Charte fondatrice\u00a0\u00bb open_toggle_text_color=\u00a0\u00bb#FFFFFF\u00a0\u00bb open_toggle_background_color=\u00a0\u00bb#7F2629&Prime; closed_toggle_text_color=\u00a0\u00bb#FFFFFF\u00a0\u00bb closed_toggle_background_color=\u00a0\u00bb#7F2629&Prime; icon_color=\u00a0\u00bb#E0D0A6&Prime; toggle_icon=\u00a0\u00bb&#x37;||divi||400&Prime; use_icon_font_size=\u00a0\u00bbon\u00a0\u00bb icon_font_size=\u00a0\u00bb30px\u00a0\u00bb open_icon_color=\u00a0\u00bb#FFFFFF\u00a0\u00bb open_toggle_icon=\u00a0\u00bb&#x36;||divi||400&Prime; open_use_icon_font_size=\u00a0\u00bbon\u00a0\u00bb open_icon_font_size=\u00a0\u00bb30px\u00a0\u00bb _builder_version=\u00a0\u00bb4.27.5&Prime; _module_preset=\u00a0\u00bbdefault\u00a0\u00bb global_colors_info=\u00a0\u00bb{}\u00a0\u00bb]<\/p>\n<p><span style=\"color: #ffffff;\">Nous avons comm\u00e9mor\u00e9 le 200e anniversaire de la lettre par laquelle Joaquina de Mas y Vedruna demandait \u00e0 l&rsquo;\u00e9v\u00eaque de Vic, Pablo Jes\u00fas Corcuera, l&rsquo;autorisation de fonder la Congr\u00e9gation, avec une r\u00e9union-pri\u00e8re anim\u00e9e par Loli Fern\u00e1ndez et Geraldyn Carrero, deux r\u00e9f\u00e9rents de la pastorale des jeunes de la Province.<\/span><\/p>\n<ul>\n<li style=\"list-style-type: none;\">\n<ul>\n<li><span style=\"color: #ffffff;\"><a href=\"https:\/\/youtu.be\/kBPefHFXqsI\" style=\"color: #ffffff;\"><span style=\"text-decoration: underline;\">Vid\u00e9o : r\u00e9union de pri\u00e8re<\/span><\/a><\/span><\/li>\n<li><span style=\"text-decoration: underline; color: #ffffff;\"><a href=\"https:\/\/vedruna.eu\/portfolio-item\/regreso-a-las-raices-doscientos-anos-de-la-carta-fundacional\/\" style=\"text-decoration: underline; color: #ffffff;\">Nouvelles sur vedruna.org<\/a><\/span><\/li>\n<\/ul>\n<\/li>\n<\/ul>\n<p>[\/et_pb_toggle][\/et_pb_column][\/et_pb_row][et_pb_row module_id=\u00a0\u00bbNoticias\u00a0\u00bb _builder_version=\u00a0\u00bb4.27.4&Prime; _module_preset=\u00a0\u00bbdefault\u00a0\u00bb min_height=\u00a0\u00bb422.9px\u00a0\u00bb global_colors_info=\u00a0\u00bb{}\u00a0\u00bb][et_pb_column type=\u00a0\u00bb4_4&Prime; _builder_version=\u00a0\u00bb4.27.4&Prime; _module_preset=\u00a0\u00bbdefault\u00a0\u00bb global_colors_info=\u00a0\u00bb{}\u00a0\u00bb][et_pb_text _builder_version=\u00a0\u00bb4.27.5&Prime; text_font=\u00a0\u00bb|300|||||||\u00a0\u00bb text_text_color=\u00a0\u00bb#D64123&Prime; text_font_size=\u00a0\u00bb22px\u00a0\u00bb text_line_height=\u00a0\u00bb1.8em\u00a0\u00bb header_2_font=\u00a0\u00bb|700|||||||\u00a0\u00bb header_2_text_color=\u00a0\u00bb#D64123&Prime; header_2_font_size=\u00a0\u00bb36px\u00a0\u00bb header_2_line_height=\u00a0\u00bb0.8em\u00a0\u00bb header_5_font=\u00a0\u00bb|300|||||||\u00a0\u00bb header_5_text_color=\u00a0\u00bb#7F2629&Prime; header_5_font_size=\u00a0\u00bb21px\u00a0\u00bb text_orientation=\u00a0\u00bbcenter\u00a0\u00bb text_font_size_tablet=\u00a0\u00bb\u00a0\u00bb text_font_size_phone=\u00a0\u00bb14px\u00a0\u00bb text_font_size_last_edited=\u00a0\u00bbon|desktop\u00a0\u00bb global_colors_info=\u00a0\u00bb{}\u00a0\u00bb]<\/p>\n<h2><span style=\"color: #d63449;\"><b>Autres activit\u00e9s<\/b><\/span><\/h2>\n<p><quillbot-extension-portal><\/quillbot-extension-portal><\/p>\n<p>[\/et_pb_text][et_pb_toggle title=\u00a0\u00bbRoute de l&#039;exil  \u00a0\u00bb open_toggle_text_color=\u00a0\u00bb#FFFFFF\u00a0\u00bb open_toggle_background_color=\u00a0\u00bb#7F2629&Prime; closed_toggle_text_color=\u00a0\u00bb#FFFFFF\u00a0\u00bb closed_toggle_background_color=\u00a0\u00bb#7F2629&Prime; icon_color=\u00a0\u00bb#E0D0A6&Prime; toggle_icon=\u00a0\u00bb&#x37;||divi||400&Prime; use_icon_font_size=\u00a0\u00bbon\u00a0\u00bb icon_font_size=\u00a0\u00bb30px\u00a0\u00bb open_icon_color=\u00a0\u00bb#FFFFFF\u00a0\u00bb open_toggle_icon=\u00a0\u00bb&#x36;||divi||400&Prime; open_use_icon_font_size=\u00a0\u00bbon\u00a0\u00bb open_icon_font_size=\u00a0\u00bb30px\u00a0\u00bb _builder_version=\u00a0\u00bb4.27.5&Prime; _module_preset=\u00a0\u00bbdefault\u00a0\u00bb global_colors_info=\u00a0\u00bb{}\u00a0\u00bb]<\/p>\n<p><span style=\"color: #ffffff;\">A P\u00e2ques 2025, un groupe de <strong>s\u0153urs des jeunes g\u00e9n\u00e9rations <\/strong>(GMJ), avec S\u0153ur Maria Ant\u00f2nia Gilibets, fera la <strong>Route de l&rsquo;Exil<\/strong>.<\/span><\/p>\n<p><span style=\"color: #ffffff;\">Cet exil fut le dernier des trois que Joaquina v\u00e9cut, avec 14 s\u0153urs, entre le 3 juillet 1840 et le 16 septembre 1843, dans le contexte de la premi\u00e8re guerre carliste.<\/span><\/p>\n<p><span style=\"color: #ffffff;\">L&rsquo;exp\u00e9rience de suivre les pas de Joaquina et de ces s\u0153urs, de Berga \u00e0 Perpignan et de retour \u00e0 Vic en passant par B\u00e9ziers, a \u00e9t\u00e9 tr\u00e8s \u00e9mouvante et profonde.<\/span><\/p>\n<ul>\n<li style=\"list-style-type: none;\">\n<ul>\n<li><span style=\"text-decoration: underline;\"><a href=\"https:\/\/vedruna.org\/fr\/route-de-lexil-douleur-defi-et-deuil\/\"><span style=\"color: #ffffff; text-decoration: underline;\">Nouvelles sur vedruna.org<\/span><\/a><\/span><\/li>\n<\/ul>\n<\/li>\n<\/ul>\n<p>[\/et_pb_toggle][et_pb_toggle title=\u00a0\u00bbVedruna route des sucres \u00e0 S. Fernando\u00a0\u00bb open_toggle_text_color=\u00a0\u00bb#FFFFFF\u00a0\u00bb open_toggle_background_color=\u00a0\u00bb#7F2629&Prime; closed_toggle_text_color=\u00a0\u00bb#FFFFFF\u00a0\u00bb closed_toggle_background_color=\u00a0\u00bb#7F2629&Prime; icon_color=\u00a0\u00bb#E0D0A6&Prime; toggle_icon=\u00a0\u00bb&#x37;||divi||400&Prime; use_icon_font_size=\u00a0\u00bbon\u00a0\u00bb icon_font_size=\u00a0\u00bb30px\u00a0\u00bb open_icon_color=\u00a0\u00bb#FFFFFF\u00a0\u00bb open_toggle_icon=\u00a0\u00bb&#x36;||divi||400&Prime; open_use_icon_font_size=\u00a0\u00bbon\u00a0\u00bb open_icon_font_size=\u00a0\u00bb30px\u00a0\u00bb _builder_version=\u00a0\u00bb4.27.5&Prime; _module_preset=\u00a0\u00bbdefault\u00a0\u00bb global_colors_info=\u00a0\u00bb{}\u00a0\u00bb]<\/p>\n<p><span style=\"color: #ffffff;\">Le coll\u00e8ge Vedruna de San Fernando (Cadix, Espagne), en collaboration avec la mairie de la ville, organise en mai 2025 la Vedruna Sweet Route : un concours gastronomique qui fait partie du programme d&rsquo;activit\u00e9s comm\u00e9moratives du bicentenaire de la Congr\u00e9gation.<\/span><\/p>\n<ul>\n<li style=\"list-style-type: none;\">\n<ul>\n<li><span style=\"text-decoration: underline;\"><a href=\"https:\/\/vedruna.org\/fr\/route-de-la-vedruna-sucree-a-san-fernando-celebrer-le-bicentenaire-avec-douceur\/\"><span style=\"color: #ffffff; text-decoration: underline;\">Nouvelles sur vedruna.org<\/span><\/a><\/span><\/li>\n<\/ul>\n<\/li>\n<\/ul>\n<p>[\/et_pb_toggle][et_pb_toggle title=\u00a0\u00bbRandonn\u00e9e dans la baie de Saint-Ferdinand\u00a0\u00bb open_toggle_text_color=\u00a0\u00bb#FFFFFF\u00a0\u00bb open_toggle_background_color=\u00a0\u00bb#7F2629&Prime; closed_toggle_text_color=\u00a0\u00bb#FFFFFF\u00a0\u00bb closed_toggle_background_color=\u00a0\u00bb#7F2629&Prime; icon_color=\u00a0\u00bb#E0D0A6&Prime; toggle_icon=\u00a0\u00bb&#x37;||divi||400&Prime; use_icon_font_size=\u00a0\u00bbon\u00a0\u00bb icon_font_size=\u00a0\u00bb30px\u00a0\u00bb open_icon_color=\u00a0\u00bb#FFFFFF\u00a0\u00bb open_toggle_icon=\u00a0\u00bb&#x36;||divi||400&Prime; open_use_icon_font_size=\u00a0\u00bbon\u00a0\u00bb open_icon_font_size=\u00a0\u00bb30px\u00a0\u00bb _builder_version=\u00a0\u00bb4.27.5&Prime; _module_preset=\u00a0\u00bbdefault\u00a0\u00bb global_colors_info=\u00a0\u00bb{}\u00a0\u00bb]<\/p>\n<p><span style=\"color: #ffffff;\">Le 25 octobre 2025, \u00e0 l&rsquo;occasion du Bicentenaire, plus de 300 marcheurs ont parcouru le Chemin vert de Vedruna dans la baie de Cadix : un itin\u00e9raire spirituel et symbolique \u00e0 travers les quatre centres de pr\u00e9sence de Vedruna dans la r\u00e9gion.  <\/span><\/p>\n<p><span style=\"color: #ffffff;\">Les p\u00e8lerins ont march\u00e9 sous la devise \u00ab\u00a0200 ans de marche ensemble\u00a0\u00bb, parcourant plus de 40 kilom\u00e8tres sur les chemins existants entre El Puerto de Santa Mar\u00eda, Puerto Real, San Fernando et Cadix. Il s&rsquo;agissait de c\u00e9l\u00e9brer l&rsquo;h\u00e9ritage d&rsquo;amour, de service et de d\u00e9vouement de sainte Joaquina de Vedruna, une femme toujours en mouvement.   <\/span><\/p>\n<ul>\n<li style=\"list-style-type: none;\">\n<ul>\n<li><span style=\"text-decoration: underline; color: #ffffff;\"><a href=\"https:\/\/vedruna.org\/fr\/une-famille-en-chemin-la-baie-de-cadix-celebre-le-bicentenaire\/\" style=\"color: #ffffff; text-decoration: underline;\">Nouvelles sur vedruna.org<\/a><\/span><\/li>\n<\/ul>\n<\/li>\n<\/ul>\n<p>[\/et_pb_toggle][et_pb_text _builder_version=\u00a0\u00bb4.27.5&Prime; text_font=\u00a0\u00bb|300|||||||\u00a0\u00bb text_text_color=\u00a0\u00bb#D64123&Prime; text_font_size=\u00a0\u00bb22px\u00a0\u00bb text_line_height=\u00a0\u00bb1.8em\u00a0\u00bb header_2_font=\u00a0\u00bb|700|||||||\u00a0\u00bb header_2_text_color=\u00a0\u00bb#D64123&Prime; header_2_font_size=\u00a0\u00bb36px\u00a0\u00bb header_2_line_height=\u00a0\u00bb0.8em\u00a0\u00bb header_5_font=\u00a0\u00bb|300|||||||\u00a0\u00bb header_5_text_color=\u00a0\u00bb#7F2629&Prime; header_5_font_size=\u00a0\u00bb21px\u00a0\u00bb text_orientation=\u00a0\u00bbcenter\u00a0\u00bb text_font_size_tablet=\u00a0\u00bb\u00a0\u00bb text_font_size_phone=\u00a0\u00bb14px\u00a0\u00bb text_font_size_last_edited=\u00a0\u00bbon|desktop\u00a0\u00bb global_colors_info=\u00a0\u00bb{}\u00a0\u00bb]<\/p>\n<h2><span style=\"color: #d63449;\">Formations<\/span><\/h2>\n<p>[\/et_pb_text][et_pb_toggle title=\u00a0\u00bbOctobre 2024 &#8211; juin 2025 : Itin\u00e9raire de formation au charisme pour les jeunes agents pastoraux\u00a0\u00bb open_toggle_text_color=\u00a0\u00bb#FFFFFF\u00a0\u00bb open_toggle_background_color=\u00a0\u00bb#7F2629&Prime; closed_toggle_text_color=\u00a0\u00bb#FFFFFF\u00a0\u00bb closed_toggle_background_color=\u00a0\u00bb#7F2629&Prime; icon_color=\u00a0\u00bb#E0D0A6&Prime; toggle_icon=\u00a0\u00bb&#x37;||divi||400&Prime; use_icon_font_size=\u00a0\u00bbon\u00a0\u00bb icon_font_size=\u00a0\u00bb30px\u00a0\u00bb open_icon_color=\u00a0\u00bb#FFFFFF\u00a0\u00bb open_toggle_icon=\u00a0\u00bb&#x36;||divi||400&Prime; open_use_icon_font_size=\u00a0\u00bbon\u00a0\u00bb open_icon_font_size=\u00a0\u00bb30px\u00a0\u00bb _builder_version=\u00a0\u00bb4.27.5&Prime; _module_preset=\u00a0\u00bbdefault\u00a0\u00bb global_colors_info=\u00a0\u00bb{}\u00a0\u00bb]<\/p>\n<p><span style=\"color: #ffffff;\">Formation donn\u00e9e par PJV Vedruna \u00e0 divers agents de Pastoral Vedruna. Avec des r\u00e9unions mensuelles en ligne, les th\u00e8mes abord\u00e9s sont les suivants : <\/span><\/p>\n<ul>\n<li><span style=\"color: #ffffff;\">Introduction. Les charismes dans l&rsquo;\u00c9glise <\/span><\/li>\n<li><span style=\"color: #ffffff;\">Joaquina et son exp\u00e9rience spirituelle : Qui est Dieu pour Joaquina ? <\/span><\/li>\n<li><span style=\"color: #ffffff;\">La croix et la douleur dans la vie de Joaquina<\/span><\/li>\n<li><span style=\"color: #ffffff;\">Joie \u00e0 Joaquina de Vedruna<\/span><\/li>\n<li><span style=\"color: #ffffff;\">La recherche de la volont\u00e9 de Dieu<\/span><\/li>\n<li><span style=\"color: #ffffff;\">Une mani\u00e8re de comprendre l&rsquo;\u00e9ducation : la p\u00e9dagogie de l&rsquo;amour<\/span><\/li>\n<li><span style=\"color: #ffffff;\">Une mani\u00e8re de comprendre la pastorale : accueillir les jeunes<\/span><\/li>\n<\/ul>\n<p>[\/et_pb_toggle][et_pb_toggle title=\u00a0\u00bbSeptembre 2025 : R\u00e9union des \u00e9quipes pastorales, Fundaci\u00f3n Vedruna Educaci\u00f3n\u00a0\u00bb open_toggle_text_color=\u00a0\u00bb#FFFFFF\u00a0\u00bb open_toggle_background_color=\u00a0\u00bb#7F2629&Prime; closed_toggle_text_color=\u00a0\u00bb#FFFFFF\u00a0\u00bb closed_toggle_background_color=\u00a0\u00bb#7F2629&Prime; icon_color=\u00a0\u00bb#E0D0A6&Prime; toggle_icon=\u00a0\u00bb&#x37;||divi||400&Prime; use_icon_font_size=\u00a0\u00bbon\u00a0\u00bb icon_font_size=\u00a0\u00bb30px\u00a0\u00bb open_icon_color=\u00a0\u00bb#FFFFFF\u00a0\u00bb open_toggle_icon=\u00a0\u00bb&#x36;||divi||400&Prime; open_use_icon_font_size=\u00a0\u00bbon\u00a0\u00bb open_icon_font_size=\u00a0\u00bb30px\u00a0\u00bb _builder_version=\u00a0\u00bb4.27.5&Prime; _module_preset=\u00a0\u00bbdefault\u00a0\u00bb global_colors_info=\u00a0\u00bb{}\u00a0\u00bb]<\/p>\n<p><span style=\"color: #ffffff;\">Plus de 130 personnes, dont 11 s\u0153urs qui forment les \u00e9quipes pastorales des 33 \u00e9coles de Vedruna, la Pastorale des Jeunes de Vedruna, le Colegio Mayor, S\u0153ur Dolors Garc\u00eda du Conseil d&rsquo;Administration de FVE et David de Frutos, coordinateur de l&rsquo;\u00c9quipe de Gestion, se sont r\u00e9unies les 5, 6 et 7 septembre \u00e0 Madrid.   <\/span><\/p>\n<ul>\n<li style=\"list-style-type: none;\">\n<ul>\n<li><span style=\"color: #ffffff;\"><a href=\"https:\/\/vedruna.eu\/portfolio-item\/abrazando-el-futuro-encuentro-de-los-equipos-de-pastoral-de-la-fundacion-vedruna-educacion\/\" style=\"color: #ffffff;\">Nouvelles sur vedruna.eu<\/a><\/span><\/li>\n<\/ul>\n<\/li>\n<\/ul>\n<p>[\/et_pb_toggle][\/et_pb_column][\/et_pb_row][\/et_pb_section][et_pb_section fb_built=\u00a0\u00bb1&Prime; _builder_version=\u00a0\u00bb4.27.5&Prime; _module_preset=\u00a0\u00bbdefault\u00a0\u00bb background_color=\u00a0\u00bb#FFFFFF\u00a0\u00bb custom_padding=\u00a0\u00bb6vw||0px||false|false\u00a0\u00bb da_disable_devices=\u00a0\u00bboff|off|off\u00a0\u00bb global_colors_info=\u00a0\u00bb{}\u00a0\u00bb da_is_popup=\u00a0\u00bboff\u00a0\u00bb da_exit_intent=\u00a0\u00bboff\u00a0\u00bb da_has_close=\u00a0\u00bbon\u00a0\u00bb da_alt_close=\u00a0\u00bboff\u00a0\u00bb da_dark_close=\u00a0\u00bboff\u00a0\u00bb da_not_modal=\u00a0\u00bbon\u00a0\u00bb da_is_singular=\u00a0\u00bboff\u00a0\u00bb da_with_loader=\u00a0\u00bboff\u00a0\u00bb da_has_shadow=\u00a0\u00bbon\u00a0\u00bb][et_pb_row module_id=\u00a0\u00bbNoticias\u00a0\u00bb _builder_version=\u00a0\u00bb4.27.4&Prime; _module_preset=\u00a0\u00bbdefault\u00a0\u00bb min_height=\u00a0\u00bb685.8px\u00a0\u00bb global_colors_info=\u00a0\u00bb{}\u00a0\u00bb][et_pb_column type=\u00a0\u00bb4_4&Prime; _builder_version=\u00a0\u00bb4.27.4&Prime; _module_preset=\u00a0\u00bbdefault\u00a0\u00bb global_colors_info=\u00a0\u00bb{}\u00a0\u00bb][et_pb_text _builder_version=\u00a0\u00bb4.27.5&Prime; text_font=\u00a0\u00bb|300|||||||\u00a0\u00bb text_text_color=\u00a0\u00bb#D64123&Prime; text_font_size=\u00a0\u00bb22px\u00a0\u00bb text_line_height=\u00a0\u00bb1.8em\u00a0\u00bb header_2_font=\u00a0\u00bb|700|||||||\u00a0\u00bb header_2_text_color=\u00a0\u00bb#D64123&Prime; header_2_font_size=\u00a0\u00bb36px\u00a0\u00bb header_2_line_height=\u00a0\u00bb0.8em\u00a0\u00bb header_5_font=\u00a0\u00bb|300|||||||\u00a0\u00bb header_5_text_color=\u00a0\u00bb#7F2629&Prime; header_5_font_size=\u00a0\u00bb21px\u00a0\u00bb text_orientation=\u00a0\u00bbcenter\u00a0\u00bb text_font_size_tablet=\u00a0\u00bb\u00a0\u00bb text_font_size_phone=\u00a0\u00bb14px\u00a0\u00bb text_font_size_last_edited=\u00a0\u00bbon|desktop\u00a0\u00bb global_colors_info=\u00a0\u00bb{}\u00a0\u00bb]<\/p>\n<h2><span style=\"color: #d63449;\"><b>Nouvelles du bicentenaire dans la province d&rsquo;Europe<\/b><\/span><\/h2>\n<p><quillbot-extension-portal><\/quillbot-extension-portal><\/p>\n<p>[\/et_pb_text][et_pb_blog fullwidth=\u00a0\u00bboff\u00a0\u00bb posts_number=\u00a0\u00bb3&Prime; include_categories=\u00a0\u00bb166&Prime; meta_date=\u00a0\u00bbd M\u00a0\u00bb excerpt_length=\u00a0\u00bb0&Prime; show_more=\u00a0\u00bbon\u00a0\u00bb show_author=\u00a0\u00bboff\u00a0\u00bb show_pagination=\u00a0\u00bboff\u00a0\u00bb _builder_version=\u00a0\u00bb4.27.5&Prime; _module_preset=\u00a0\u00bbdefault\u00a0\u00bb header_font=\u00a0\u00bb|300|||||||\u00a0\u00bb header_line_height=\u00a0\u00bb1.2em\u00a0\u00bb meta_text_color=\u00a0\u00bb#FFFFFF\u00a0\u00bb read_more_font=\u00a0\u00bb|||on|||||\u00a0\u00bb read_more_text_color=\u00a0\u00bbrgba(0,0,0,0.6)\u00a0\u00bb min_height=\u00a0\u00bb440px\u00a0\u00bb animation_style=\u00a0\u00bbslide\u00a0\u00bb animation_duration=\u00a0\u00bb1500ms\u00a0\u00bb animation_delay=\u00a0\u00bb500ms\u00a0\u00bb border_radii=\u00a0\u00bbon|10px|10px|10px|10px\u00a0\u00bb border_width_all=\u00a0\u00bb2px\u00a0\u00bb border_color_all=\u00a0\u00bbrgba(224,208,166,0.3)\u00a0\u00bb global_colors_info=\u00a0\u00bb{}\u00a0\u00bb][\/et_pb_blog][et_pb_button button_url=\u00a0\u00bbhttps:\/\/vedruna.org\/download-category\/bicentenario-vedruna\/\u00a0\u00bb button_text=\u00a0\u00bbVoir plus d&apos;informations\u00a0\u00bb button_alignment=\u00a0\u00bbcenter\u00a0\u00bb _builder_version=\u00a0\u00bb4.27.4&Prime; _module_preset=\u00a0\u00bbdefault\u00a0\u00bb custom_button=\u00a0\u00bbon\u00a0\u00bb button_text_size=\u00a0\u00bb16px\u00a0\u00bb button_text_color=\u00a0\u00bb#FFFFFF\u00a0\u00bb button_bg_color=\u00a0\u00bb#7F2629&Prime; button_border_width=\u00a0\u00bb0px\u00a0\u00bb button_border_radius=\u00a0\u00bb20px\u00a0\u00bb custom_padding=\u00a0\u00bb|30px||30px|false|true\u00a0\u00bb global_colors_info=\u00a0\u00bb{}\u00a0\u00bb][\/et_pb_button][\/et_pb_column][\/et_pb_row][\/et_pb_section]<\/p>\n","protected":false},"excerpt":{"rendered":"<p>Bicentenaire dans la Province d&rsquo;Europe CibleFaire conna\u00eetre la riche contribution de Sainte Joaquina Vedruna et rendre visible ce que Vedruna a signifi\u00e9 depuis ses origines, le chemin parcouru en 200 ans et l&rsquo;actualisation du charisme, avec une projection dans l&rsquo;avenir. Toutes les propositions sont le r\u00e9sultat du travail conjoint de :2026 C\u00e9l\u00e9bration du bicentenaireLe jour [&hellip;]<\/p>\n","protected":false},"author":2,"featured_media":0,"parent":0,"menu_order":0,"comment_status":"closed","ping_status":"closed","template":"","meta":{"_et_pb_use_builder":"on","_et_pb_old_content":"","_et_gb_content_width":"","pgc_sgb_lightbox_settings":"","footnotes":""},"class_list":["post-32481","page","type-page","status-publish","hentry"],"yoast_head":"<!-- This site is optimized with the Yoast SEO plugin v27.5 - https:\/\/yoast.com\/product\/yoast-seo-wordpress\/ -->\n<title>Bicentenaire Province d&#039;Europe - Carmelitas de la Caridad Vedruna<\/title>\n<meta name=\"robots\" content=\"index, follow, max-snippet:-1, max-image-preview:large, max-video-preview:-1\" \/>\n<link rel=\"canonical\" href=\"https:\/\/vedruna.org\/fr\/bicentenaire-province-europe\/\" \/>\n<meta property=\"og:locale\" content=\"fr_FR\" \/>\n<meta property=\"og:type\" content=\"article\" \/>\n<meta property=\"og:title\" content=\"Bicentenaire Province d&#039;Europe - Carmelitas de la Caridad Vedruna\" \/>\n<meta property=\"og:description\" content=\"Bicentenaire dans la Province d&#039;Europe CibleFaire conna\u00eetre la riche contribution de Sainte Joaquina Vedruna et rendre visible ce que Vedruna a signifi\u00e9 depuis ses origines, le chemin parcouru en 200 ans et l&#039;actualisation du charisme, avec une projection dans l&#039;avenir. Toutes les propositions sont le r\u00e9sultat du travail conjoint de :2026 C\u00e9l\u00e9bration du bicentenaireLe jour [&hellip;]\" \/>\n<meta property=\"og:url\" content=\"https:\/\/vedruna.org\/fr\/bicentenaire-province-europe\/\" \/>\n<meta property=\"og:site_name\" content=\"Carmelitas de la Caridad Vedruna\" \/>\n<meta property=\"article:modified_time\" content=\"2026-04-20T08:42:50+00:00\" \/>\n<meta name=\"twitter:card\" content=\"summary_large_image\" \/>\n<meta name=\"twitter:label1\" content=\"Dur\u00e9e de lecture estim\u00e9e\" \/>\n\t<meta name=\"twitter:data1\" content=\"38 minutes\" \/>\n<script type=\"application\/ld+json\" class=\"yoast-schema-graph\">{\"@context\":\"https:\\\/\\\/schema.org\",\"@graph\":[{\"@type\":\"WebPage\",\"@id\":\"https:\\\/\\\/vedruna.org\\\/fr\\\/bicentenaire-province-europe\\\/\",\"url\":\"https:\\\/\\\/vedruna.org\\\/fr\\\/bicentenaire-province-europe\\\/\",\"name\":\"Bicentenaire Province d'Europe - Carmelitas de la Caridad Vedruna\",\"isPartOf\":{\"@id\":\"https:\\\/\\\/vedruna.org\\\/fr\\\/#website\"},\"datePublished\":\"2026-01-07T13:50:53+00:00\",\"dateModified\":\"2026-04-20T08:42:50+00:00\",\"breadcrumb\":{\"@id\":\"https:\\\/\\\/vedruna.org\\\/fr\\\/bicentenaire-province-europe\\\/#breadcrumb\"},\"inLanguage\":\"fr-FR\",\"potentialAction\":[{\"@type\":\"ReadAction\",\"target\":[\"https:\\\/\\\/vedruna.org\\\/fr\\\/bicentenaire-province-europe\\\/\"]}]},{\"@type\":\"BreadcrumbList\",\"@id\":\"https:\\\/\\\/vedruna.org\\\/fr\\\/bicentenaire-province-europe\\\/#breadcrumb\",\"itemListElement\":[{\"@type\":\"ListItem\",\"position\":1,\"name\":\"Portada\",\"item\":\"https:\\\/\\\/vedruna.org\\\/fr\\\/\"},{\"@type\":\"ListItem\",\"position\":2,\"name\":\"Bicentenaire Province d&rsquo;Europe\"}]},{\"@type\":\"WebSite\",\"@id\":\"https:\\\/\\\/vedruna.org\\\/fr\\\/#website\",\"url\":\"https:\\\/\\\/vedruna.org\\\/fr\\\/\",\"name\":\"Carmelitas de la Caridad Vedruna\",\"description\":\"Carmelitas de la caridad\",\"publisher\":{\"@id\":\"https:\\\/\\\/vedruna.org\\\/fr\\\/#organization\"},\"potentialAction\":[{\"@type\":\"SearchAction\",\"target\":{\"@type\":\"EntryPoint\",\"urlTemplate\":\"https:\\\/\\\/vedruna.org\\\/fr\\\/?s={search_term_string}\"},\"query-input\":{\"@type\":\"PropertyValueSpecification\",\"valueRequired\":true,\"valueName\":\"search_term_string\"}}],\"inLanguage\":\"fr-FR\"},{\"@type\":\"Organization\",\"@id\":\"https:\\\/\\\/vedruna.org\\\/fr\\\/#organization\",\"name\":\"Carmelitas de la caridad Vedruna\",\"url\":\"https:\\\/\\\/vedruna.org\\\/fr\\\/\",\"logo\":{\"@type\":\"ImageObject\",\"inLanguage\":\"fr-FR\",\"@id\":\"https:\\\/\\\/vedruna.org\\\/fr\\\/#\\\/schema\\\/logo\\\/image\\\/\",\"url\":\"https:\\\/\\\/vedruna.org\\\/wp-content\\\/uploads\\\/2022\\\/04\\\/LOGO-VEDRUNA-HORIZONTAL.png\",\"contentUrl\":\"https:\\\/\\\/vedruna.org\\\/wp-content\\\/uploads\\\/2022\\\/04\\\/LOGO-VEDRUNA-HORIZONTAL.png\",\"width\":1200,\"height\":463,\"caption\":\"Carmelitas de la caridad Vedruna\"},\"image\":{\"@id\":\"https:\\\/\\\/vedruna.org\\\/fr\\\/#\\\/schema\\\/logo\\\/image\\\/\"}}]}<\/script>\n<!-- \/ Yoast SEO plugin. -->","yoast_head_json":{"title":"Bicentenaire Province d'Europe - Carmelitas de la Caridad Vedruna","robots":{"index":"index","follow":"follow","max-snippet":"max-snippet:-1","max-image-preview":"max-image-preview:large","max-video-preview":"max-video-preview:-1"},"canonical":"https:\/\/vedruna.org\/fr\/bicentenaire-province-europe\/","og_locale":"fr_FR","og_type":"article","og_title":"Bicentenaire Province d'Europe - Carmelitas de la Caridad Vedruna","og_description":"Bicentenaire dans la Province d'Europe CibleFaire conna\u00eetre la riche contribution de Sainte Joaquina Vedruna et rendre visible ce que Vedruna a signifi\u00e9 depuis ses origines, le chemin parcouru en 200 ans et l'actualisation du charisme, avec une projection dans l'avenir. Toutes les propositions sont le r\u00e9sultat du travail conjoint de :2026 C\u00e9l\u00e9bration du bicentenaireLe jour [&hellip;]","og_url":"https:\/\/vedruna.org\/fr\/bicentenaire-province-europe\/","og_site_name":"Carmelitas de la Caridad Vedruna","article_modified_time":"2026-04-20T08:42:50+00:00","twitter_card":"summary_large_image","twitter_misc":{"Dur\u00e9e de lecture estim\u00e9e":"38 minutes"},"schema":{"@context":"https:\/\/schema.org","@graph":[{"@type":"WebPage","@id":"https:\/\/vedruna.org\/fr\/bicentenaire-province-europe\/","url":"https:\/\/vedruna.org\/fr\/bicentenaire-province-europe\/","name":"Bicentenaire Province d'Europe - Carmelitas de la Caridad Vedruna","isPartOf":{"@id":"https:\/\/vedruna.org\/fr\/#website"},"datePublished":"2026-01-07T13:50:53+00:00","dateModified":"2026-04-20T08:42:50+00:00","breadcrumb":{"@id":"https:\/\/vedruna.org\/fr\/bicentenaire-province-europe\/#breadcrumb"},"inLanguage":"fr-FR","potentialAction":[{"@type":"ReadAction","target":["https:\/\/vedruna.org\/fr\/bicentenaire-province-europe\/"]}]},{"@type":"BreadcrumbList","@id":"https:\/\/vedruna.org\/fr\/bicentenaire-province-europe\/#breadcrumb","itemListElement":[{"@type":"ListItem","position":1,"name":"Portada","item":"https:\/\/vedruna.org\/fr\/"},{"@type":"ListItem","position":2,"name":"Bicentenaire Province d&rsquo;Europe"}]},{"@type":"WebSite","@id":"https:\/\/vedruna.org\/fr\/#website","url":"https:\/\/vedruna.org\/fr\/","name":"Carmelitas de la Caridad Vedruna","description":"Carmelitas de la caridad","publisher":{"@id":"https:\/\/vedruna.org\/fr\/#organization"},"potentialAction":[{"@type":"SearchAction","target":{"@type":"EntryPoint","urlTemplate":"https:\/\/vedruna.org\/fr\/?s={search_term_string}"},"query-input":{"@type":"PropertyValueSpecification","valueRequired":true,"valueName":"search_term_string"}}],"inLanguage":"fr-FR"},{"@type":"Organization","@id":"https:\/\/vedruna.org\/fr\/#organization","name":"Carmelitas de la caridad Vedruna","url":"https:\/\/vedruna.org\/fr\/","logo":{"@type":"ImageObject","inLanguage":"fr-FR","@id":"https:\/\/vedruna.org\/fr\/#\/schema\/logo\/image\/","url":"https:\/\/vedruna.org\/wp-content\/uploads\/2022\/04\/LOGO-VEDRUNA-HORIZONTAL.png","contentUrl":"https:\/\/vedruna.org\/wp-content\/uploads\/2022\/04\/LOGO-VEDRUNA-HORIZONTAL.png","width":1200,"height":463,"caption":"Carmelitas de la caridad Vedruna"},"image":{"@id":"https:\/\/vedruna.org\/fr\/#\/schema\/logo\/image\/"}}]}},"_links":{"self":[{"href":"https:\/\/vedruna.org\/fr\/wp-json\/wp\/v2\/pages\/32481","targetHints":{"allow":["GET"]}}],"collection":[{"href":"https:\/\/vedruna.org\/fr\/wp-json\/wp\/v2\/pages"}],"about":[{"href":"https:\/\/vedruna.org\/fr\/wp-json\/wp\/v2\/types\/page"}],"author":[{"embeddable":true,"href":"https:\/\/vedruna.org\/fr\/wp-json\/wp\/v2\/users\/2"}],"replies":[{"embeddable":true,"href":"https:\/\/vedruna.org\/fr\/wp-json\/wp\/v2\/comments?post=32481"}],"version-history":[{"count":61,"href":"https:\/\/vedruna.org\/fr\/wp-json\/wp\/v2\/pages\/32481\/revisions"}],"predecessor-version":[{"id":35643,"href":"https:\/\/vedruna.org\/fr\/wp-json\/wp\/v2\/pages\/32481\/revisions\/35643"}],"wp:attachment":[{"href":"https:\/\/vedruna.org\/fr\/wp-json\/wp\/v2\/media?parent=32481"}],"curies":[{"name":"wp","href":"https:\/\/api.w.org\/{rel}","templated":true}]}}